{"id":26333,"date":"2025-11-25T14:19:21","date_gmt":"2025-11-25T13:19:21","guid":{"rendered":"https:\/\/www.szentimregyor.hu\/new\/?page_id=26333"},"modified":"2026-01-28T11:33:53","modified_gmt":"2026-01-28T10:33:53","slug":"galeria-2016","status":"publish","type":"page","link":"https:\/\/www.szentimregyor.hu\/new\/galeria\/galeria-2016\/","title":{"rendered":"Gal\u00e9ria 2016"},"content":{"rendered":"\t\t<div data-elementor-type=\"wp-page\" data-elementor-id=\"26333\" class=\"elementor elementor-26333\" data-elementor-post-type=\"page\">\n\t\t\t\t<div class=\"elementor-element elementor-element-6b129bef e-con-full animated-slow e-flex elementor-invisible e-con e-parent\" data-id=\"6b129bef\" data-element_type=\"container\" id=\"header_pop\" data-settings=\"{&quot;sticky&quot;:&quot;top&quot;,&quot;animation&quot;:&quot;fadeIn&quot;,&quot;sticky_on&quot;:[&quot;desktop&quot;,&quot;tablet&quot;,&quot;mobile&quot;],&quot;sticky_offset&quot;:0,&quot;sticky_effects_offset&quot;:0}\">\n\t\t<div class=\"elementor-element elementor-element-183752a7 e-flex e-con-boxed e-con e-child\" data-id=\"183752a7\" data-element_type=\"container\" data-settings=\"{&quot;background_background&quot;:&quot;classic&quot;}\">\n\t\t\t\t\t<div class=\"e-con-inner\">\n\t\t<div class=\"elementor-element elementor-element-41be4a18 elementor-hidden-mobile e-con-full e-flex e-con e-child\" data-id=\"41be4a18\" data-element_type=\"container\">\n\t\t\t\t<div class=\"elementor-element elementor-element-65313f4d elementor-icon-list--layout-inline elementor-align-left elementor-mobile-align-center elementor-list-item-link-full_width elementor-widget elementor-widget-icon-list\" data-id=\"65313f4d\" data-element_type=\"widget\" data-widget_type=\"icon-list.default\">\n\t\t\t\t<div class=\"elementor-widget-container\">\n\t\t\t<link rel=\"stylesheet\" href=\"https:\/\/www.szentimregyor.hu\/new\/wp-content\/plugins\/elementor\/assets\/css\/widget-icon-list.min.css\">\t\t<ul class=\"elementor-icon-list-items elementor-inline-items\">\n\t\t\t\t\t\t\t<li class=\"elementor-icon-list-item elementor-inline-item\">\n\t\t\t\t\t\t\t\t\t\t\t<span class=\"elementor-icon-list-icon\">\n\t\t\t\t\t\t\t<i aria-hidden=\"true\" class=\"fas fa-phone\"><\/i>\t\t\t\t\t\t<\/span>\n\t\t\t\t\t\t\t\t\t\t<span class=\"elementor-icon-list-text\">+36 96 424 443<\/span>\n\t\t\t\t\t\t\t\t\t<\/li>\n\t\t\t\t\t\t\t\t<li class=\"elementor-icon-list-item elementor-inline-item\">\n\t\t\t\t\t\t\t\t\t\t\t<a href=\"http:\/\/gyoriszentimre.iroda@gmail.com\" target=\"_blank\">\n\n\t\t\t\t\t\t\t\t\t\t\t\t<span class=\"elementor-icon-list-icon\">\n\t\t\t\t\t\t\t<i aria-hidden=\"true\" class=\"fas fa-envelope\"><\/i>\t\t\t\t\t\t<\/span>\n\t\t\t\t\t\t\t\t\t\t<span class=\"elementor-icon-list-text\">gyoriszentimre.iroda@gmail.com<\/span>\n\t\t\t\t\t\t\t\t\t\t\t<\/a>\n\t\t\t\t\t\t\t\t\t<\/li>\n\t\t\t\t\t\t\t\t<li class=\"elementor-icon-list-item elementor-inline-item\">\n\t\t\t\t\t\t\t\t\t\t\t<span class=\"elementor-icon-list-icon\">\n\t\t\t\t\t\t\t<i aria-hidden=\"true\" class=\"fas fa-map-marker-alt\"><\/i>\t\t\t\t\t\t<\/span>\n\t\t\t\t\t\t\t\t\t\t<span class=\"elementor-icon-list-text\">9024 GY\u0150R, Szent Imre \u00fat 35.<\/span>\n\t\t\t\t\t\t\t\t\t<\/li>\n\t\t\t\t\t\t<\/ul>\n\t\t\t\t<\/div>\n\t\t\t\t<\/div>\n\t\t\t\t<\/div>\n\t\t<div class=\"elementor-element elementor-element-895aa6a e-con-full e-flex e-con e-child\" data-id=\"895aa6a\" data-element_type=\"container\">\n\t\t\t\t<div class=\"elementor-element elementor-element-1640c48e elementor-search-form--skin-full_screen elementor-widget elementor-widget-search-form\" data-id=\"1640c48e\" data-element_type=\"widget\" data-settings=\"{&quot;skin&quot;:&quot;full_screen&quot;}\" data-widget_type=\"search-form.default\">\n\t\t\t\t<div class=\"elementor-widget-container\">\n\t\t\t<link rel=\"stylesheet\" href=\"https:\/\/www.szentimregyor.hu\/new\/wp-content\/plugins\/elementor-pro\/assets\/css\/widget-theme-elements.min.css\">\t\t<search role=\"search\">\n\t\t\t<form class=\"elementor-search-form\" action=\"https:\/\/www.szentimregyor.hu\/new\" method=\"get\">\n\t\t\t\t\t\t\t\t\t\t\t\t<div class=\"elementor-search-form__toggle\" tabindex=\"0\" role=\"button\">\n\t\t\t\t\t<i aria-hidden=\"true\" class=\"fas fa-search\"><\/i>\t\t\t\t\t<span class=\"elementor-screen-only\">Search<\/span>\n\t\t\t\t<\/div>\n\t\t\t\t\t\t\t\t<div class=\"elementor-search-form__container\">\n\t\t\t\t\t<label class=\"elementor-screen-only\" for=\"elementor-search-form-1640c48e\">Search<\/label>\n\n\t\t\t\t\t\n\t\t\t\t\t<input id=\"elementor-search-form-1640c48e\" placeholder=\"\" class=\"elementor-search-form__input\" type=\"search\" name=\"s\" value=\"\">\n\t\t\t\t\t\n\t\t\t\t\t\n\t\t\t\t\t\t\t\t\t\t<div class=\"dialog-lightbox-close-button dialog-close-button\" role=\"button\" tabindex=\"0\">\n\t\t\t\t\t\t<i aria-hidden=\"true\" class=\"eicon-close\"><\/i>\t\t\t\t\t\t<span class=\"elementor-screen-only\">Close this search box.<\/span>\n\t\t\t\t\t<\/div>\n\t\t\t\t\t\t\t\t\t<\/div>\n\t\t\t<\/form>\n\t\t<\/search>\n\t\t\t\t<\/div>\n\t\t\t\t<\/div>\n\t\t\t\t<div class=\"elementor-element elementor-element-4f903576 elementor-icon-list--layout-inline elementor-align-right elementor-mobile-align-left elementor-list-item-link-full_width elementor-widget elementor-widget-icon-list\" data-id=\"4f903576\" data-element_type=\"widget\" data-widget_type=\"icon-list.default\">\n\t\t\t\t<div class=\"elementor-widget-container\">\n\t\t\t\t\t<ul class=\"elementor-icon-list-items elementor-inline-items\">\n\t\t\t\t\t\t\t<li class=\"elementor-icon-list-item elementor-inline-item\">\n\t\t\t\t\t\t\t\t\t\t\t<a href=\"https:\/\/www.facebook.com\/szentimregyor?locale=hu_HU\" target=\"_blank\">\n\n\t\t\t\t\t\t\t\t\t\t\t\t<span class=\"elementor-icon-list-icon\">\n\t\t\t\t\t\t\t<i aria-hidden=\"true\" class=\"fab fa-facebook-f\"><\/i>\t\t\t\t\t\t<\/span>\n\t\t\t\t\t\t\t\t\t\t<span class=\"elementor-icon-list-text\"><\/span>\n\t\t\t\t\t\t\t\t\t\t\t<\/a>\n\t\t\t\t\t\t\t\t\t<\/li>\n\t\t\t\t\t\t\t\t<li class=\"elementor-icon-list-item elementor-inline-item\">\n\t\t\t\t\t\t\t\t\t\t\t<a href=\"https:\/\/www.youtube.com\/@szentimregyor\" target=\"_blank\">\n\n\t\t\t\t\t\t\t\t\t\t\t\t<span class=\"elementor-icon-list-icon\">\n\t\t\t\t\t\t\t<i aria-hidden=\"true\" class=\"fab fa-youtube\"><\/i>\t\t\t\t\t\t<\/span>\n\t\t\t\t\t\t\t\t\t\t<span class=\"elementor-icon-list-text\"><\/span>\n\t\t\t\t\t\t\t\t\t\t\t<\/a>\n\t\t\t\t\t\t\t\t\t<\/li>\n\t\t\t\t\t\t\t\t<li class=\"elementor-icon-list-item elementor-inline-item\">\n\t\t\t\t\t\t\t\t\t\t\t<a href=\"https:\/\/www.flickr.com\/photos\/99929046@N06\/\" target=\"_blank\">\n\n\t\t\t\t\t\t\t\t\t\t\t\t<span class=\"elementor-icon-list-icon\">\n\t\t\t\t\t\t\t<i aria-hidden=\"true\" class=\"fab fa-flickr\"><\/i>\t\t\t\t\t\t<\/span>\n\t\t\t\t\t\t\t\t\t\t<span class=\"elementor-icon-list-text\"><\/span>\n\t\t\t\t\t\t\t\t\t\t\t<\/a>\n\t\t\t\t\t\t\t\t\t<\/li>\n\t\t\t\t\t\t<\/ul>\n\t\t\t\t<\/div>\n\t\t\t\t<\/div>\n\t\t\t\t<\/div>\n\t\t\t\t\t<\/div>\n\t\t\t\t<\/div>\n\t\t<div class=\"elementor-element elementor-element-22c7a75b e-flex e-con-boxed e-con e-child\" data-id=\"22c7a75b\" data-element_type=\"container\" data-settings=\"{&quot;background_background&quot;:&quot;classic&quot;}\">\n\t\t\t\t\t<div class=\"e-con-inner\">\n\t\t\t\t<div class=\"elementor-element elementor-element-eccbecc elementor-hidden-mobile elementor-widget elementor-widget-spacer\" data-id=\"eccbecc\" data-element_type=\"widget\" data-widget_type=\"spacer.default\">\n\t\t\t\t<div class=\"elementor-widget-container\">\n\t\t\t<style>\/*! elementor - v3.21.0 - 20-05-2024 *\/\n.elementor-column .elementor-spacer-inner{height:var(--spacer-size)}.e-con{--container-widget-width:100%}.e-con-inner>.elementor-widget-spacer,.e-con>.elementor-widget-spacer{width:var(--container-widget-width,var(--spacer-size));--align-self:var(--container-widget-align-self,initial);--flex-shrink:0}.e-con-inner>.elementor-widget-spacer>.elementor-widget-container,.e-con>.elementor-widget-spacer>.elementor-widget-container{height:100%;width:100%}.e-con-inner>.elementor-widget-spacer>.elementor-widget-container>.elementor-spacer,.e-con>.elementor-widget-spacer>.elementor-widget-container>.elementor-spacer{height:100%}.e-con-inner>.elementor-widget-spacer>.elementor-widget-container>.elementor-spacer>.elementor-spacer-inner,.e-con>.elementor-widget-spacer>.elementor-widget-container>.elementor-spacer>.elementor-spacer-inner{height:var(--container-widget-height,var(--spacer-size))}.e-con-inner>.elementor-widget-spacer.elementor-widget-empty,.e-con>.elementor-widget-spacer.elementor-widget-empty{position:relative;min-height:22px;min-width:22px}.e-con-inner>.elementor-widget-spacer.elementor-widget-empty .elementor-widget-empty-icon,.e-con>.elementor-widget-spacer.elementor-widget-empty .elementor-widget-empty-icon{position:absolute;top:0;bottom:0;left:0;right:0;margin:auto;padding:0;width:22px;height:22px}<\/style>\t\t<div class=\"elementor-spacer\">\n\t\t\t<div class=\"elementor-spacer-inner\"><\/div>\n\t\t<\/div>\n\t\t\t\t<\/div>\n\t\t\t\t<\/div>\n\t\t\t\t<div class=\"elementor-element elementor-element-594e8db6 elementor-widget elementor-widget-heading\" data-id=\"594e8db6\" data-element_type=\"widget\" data-settings=\"{&quot;_animation_mobile&quot;:&quot;none&quot;}\" data-widget_type=\"heading.default\">\n\t\t\t\t<div class=\"elementor-widget-container\">\n\t\t\t<style>\/*! elementor - v3.21.0 - 20-05-2024 *\/\n.elementor-heading-title{padding:0;margin:0;line-height:1}.elementor-widget-heading .elementor-heading-title[class*=elementor-size-]>a{color:inherit;font-size:inherit;line-height:inherit}.elementor-widget-heading .elementor-heading-title.elementor-size-small{font-size:15px}.elementor-widget-heading .elementor-heading-title.elementor-size-medium{font-size:19px}.elementor-widget-heading .elementor-heading-title.elementor-size-large{font-size:29px}.elementor-widget-heading .elementor-heading-title.elementor-size-xl{font-size:39px}.elementor-widget-heading .elementor-heading-title.elementor-size-xxl{font-size:59px}<\/style><h2 class=\"elementor-heading-title elementor-size-default\"><a href=\"https:\/\/www.szentimregyor.hu\/new\/\">Szent Imre Pl\u00e9b\u00e1nia<\/a><\/h2>\t\t<\/div>\n\t\t\t\t<\/div>\n\t\t\t\t<div class=\"elementor-element elementor-element-56f079e3 elementor-nav-menu__align-center elementor-nav-menu--stretch elementor-nav-menu__text-align-center elementor-nav-menu--dropdown-tablet elementor-nav-menu--toggle elementor-nav-menu--burger elementor-widget elementor-widget-nav-menu\" data-id=\"56f079e3\" data-element_type=\"widget\" data-settings=\"{&quot;full_width&quot;:&quot;stretch&quot;,&quot;layout&quot;:&quot;horizontal&quot;,&quot;submenu_icon&quot;:{&quot;value&quot;:&quot;&lt;i class=\\&quot;fas fa-caret-down\\&quot;&gt;&lt;\\\/i&gt;&quot;,&quot;library&quot;:&quot;fa-solid&quot;},&quot;toggle&quot;:&quot;burger&quot;}\" data-widget_type=\"nav-menu.default\">\n\t\t\t\t<div class=\"elementor-widget-container\">\n\t\t\t<link rel=\"stylesheet\" href=\"https:\/\/www.szentimregyor.hu\/new\/wp-content\/plugins\/elementor-pro\/assets\/css\/widget-nav-menu.min.css\">\t\t\t<nav class=\"elementor-nav-menu--main elementor-nav-menu__container elementor-nav-menu--layout-horizontal e--pointer-underline e--animation-fade\">\n\t\t\t\t<ul id=\"menu-1-56f079e3\" class=\"elementor-nav-menu\"><li class=\"menu-item menu-item-type-custom menu-item-object-custom menu-item-has-children menu-item-7864\"><a href=\"#\" class=\"elementor-item elementor-item-anchor\">Templomunk<\/a>\n<ul class=\"sub-menu elementor-nav-menu--dropdown\">\n\t<li class=\"menu-item menu-item-type-post_type menu-item-object-page menu-item-748\"><a href=\"https:\/\/www.szentimregyor.hu\/new\/templomunk-tortenete\/\" class=\"elementor-sub-item\">Templomunk t\u00f6rt\u00e9nete<\/a><\/li>\n\t<li class=\"menu-item menu-item-type-post_type menu-item-object-page menu-item-749\"><a href=\"https:\/\/www.szentimregyor.hu\/new\/templomunk-muveszeti-ertekei\/\" class=\"elementor-sub-item\">Templomunk m\u0171v\u00e9szeti \u00e9rt\u00e9kei<\/a><\/li>\n\t<li class=\"menu-item menu-item-type-post_type menu-item-object-page menu-item-2854\"><a href=\"https:\/\/www.szentimregyor.hu\/new\/vedoszentunk-szent-imre\/\" class=\"elementor-sub-item\">V\u00e9d\u0151szent\u00fcnk, Szent Imre<\/a><\/li>\n\t<li class=\"menu-item menu-item-type-post_type menu-item-object-page menu-item-3708\"><a href=\"https:\/\/www.szentimregyor.hu\/new\/templomunk\/boldog-apor-vilmos-templomszentelo-beszede\/\" class=\"elementor-sub-item\">Templomszentel\u0151 besz\u00e9d<\/a><\/li>\n<\/ul>\n<\/li>\n<li class=\"menu-item menu-item-type-custom menu-item-object-custom menu-item-has-children menu-item-7863\"><a href=\"#\" class=\"elementor-item elementor-item-anchor\">H\u00edrek, Napt\u00e1r<\/a>\n<ul class=\"sub-menu elementor-nav-menu--dropdown\">\n\t<li class=\"menu-item menu-item-type-post_type menu-item-object-page menu-item-7862\"><a href=\"https:\/\/www.szentimregyor.hu\/new\/naptar\/\" class=\"elementor-sub-item\">Napt\u00e1r<\/a><\/li>\n\t<li class=\"menu-item menu-item-type-post_type menu-item-object-page menu-item-6263\"><a href=\"https:\/\/www.szentimregyor.hu\/new\/hirdetesek\/\" class=\"elementor-sub-item\">Heti hirdet\u00e9sek<\/a><\/li>\n\t<li class=\"menu-item menu-item-type-post_type menu-item-object-page menu-item-6262\"><a href=\"https:\/\/www.szentimregyor.hu\/new\/hirfolyam\/\" class=\"elementor-sub-item\">H\u00edrfolyam<\/a><\/li>\n<\/ul>\n<\/li>\n<li class=\"menu-item menu-item-type-post_type menu-item-object-page menu-item-121\"><a href=\"https:\/\/www.szentimregyor.hu\/new\/miserend\/\" class=\"elementor-item\">Miserend<\/a><\/li>\n<li class=\"menu-item menu-item-type-post_type menu-item-object-page menu-item-has-children menu-item-130\"><a href=\"https:\/\/www.szentimregyor.hu\/new\/kapcsolat\/\" class=\"elementor-item\">Kapcsolat<\/a>\n<ul class=\"sub-menu elementor-nav-menu--dropdown\">\n\t<li class=\"menu-item menu-item-type-post_type menu-item-object-page menu-item-14288\"><a href=\"https:\/\/www.szentimregyor.hu\/new\/kapcsolat\/iroda\/\" class=\"elementor-sub-item\">Iroda<\/a><\/li>\n\t<li class=\"menu-item menu-item-type-post_type menu-item-object-page menu-item-6301\"><a href=\"https:\/\/www.szentimregyor.hu\/new\/kapcsolat\/hirlevel\/\" class=\"elementor-sub-item\">H\u00edrlev\u00e9l<\/a><\/li>\n\t<li class=\"menu-item menu-item-type-post_type menu-item-object-page menu-item-5988\"><a href=\"https:\/\/www.szentimregyor.hu\/new\/gyori-szent-imre-alapitvany\/\" class=\"elementor-sub-item\">Gy\u0151ri Szent Imre Alap\u00edtv\u00e1ny<\/a><\/li>\n<\/ul>\n<\/li>\n<li class=\"menu-item menu-item-type-post_type menu-item-object-page menu-item-has-children menu-item-139\"><a href=\"https:\/\/www.szentimregyor.hu\/new\/galeria\/\" class=\"elementor-item\">Gal\u00e9ria<\/a>\n<ul class=\"sub-menu elementor-nav-menu--dropdown\">\n\t<li class=\"menu-item menu-item-type-post_type menu-item-object-page menu-item-27314\"><a href=\"https:\/\/www.szentimregyor.hu\/new\/galeria\/galeria-2026\/\" class=\"elementor-sub-item\">2026<\/a><\/li>\n\t<li class=\"menu-item menu-item-type-post_type menu-item-object-page menu-item-21719\"><a href=\"https:\/\/www.szentimregyor.hu\/new\/galeria\/galeria-2025\/\" class=\"elementor-sub-item\">2025<\/a><\/li>\n\t<li class=\"menu-item menu-item-type-post_type menu-item-object-page menu-item-10943\"><a href=\"https:\/\/www.szentimregyor.hu\/new\/galeria\/galeria-2024\/\" class=\"elementor-sub-item\">2024<\/a><\/li>\n\t<li class=\"menu-item menu-item-type-post_type menu-item-object-page menu-item-3734\"><a href=\"https:\/\/www.szentimregyor.hu\/new\/galeria\/galeria-2023\/\" class=\"elementor-sub-item\">2023<\/a><\/li>\n\t<li class=\"menu-item menu-item-type-post_type menu-item-object-page menu-item-6591\"><a href=\"https:\/\/www.szentimregyor.hu\/new\/galeria\/galeria-2022\/\" class=\"elementor-sub-item\">2022<\/a><\/li>\n\t<li class=\"menu-item menu-item-type-post_type menu-item-object-page menu-item-8384\"><a href=\"https:\/\/www.szentimregyor.hu\/new\/galeria\/galeria-2021\/\" class=\"elementor-sub-item\">2021<\/a><\/li>\n\t<li class=\"menu-item menu-item-type-post_type menu-item-object-page menu-item-10837\"><a href=\"https:\/\/www.szentimregyor.hu\/new\/galeria\/galeria-2020\/\" class=\"elementor-sub-item\">2020<\/a><\/li>\n\t<li class=\"menu-item menu-item-type-post_type menu-item-object-page menu-item-11155\"><a href=\"https:\/\/www.szentimregyor.hu\/new\/galeria\/galeria-2019\/\" class=\"elementor-sub-item\">2019<\/a><\/li>\n\t<li class=\"menu-item menu-item-type-post_type menu-item-object-page menu-item-16174\"><a href=\"https:\/\/www.szentimregyor.hu\/new\/galeria\/galeria-2018\/\" class=\"elementor-sub-item\">2018<\/a><\/li>\n\t<li class=\"menu-item menu-item-type-post_type menu-item-object-page menu-item-22065\"><a href=\"https:\/\/www.szentimregyor.hu\/new\/galeria\/galeria-2017\/\" class=\"elementor-sub-item\">2017<\/a><\/li>\n\t<li class=\"menu-item menu-item-type-post_type menu-item-object-page menu-item-26413\"><a href=\"https:\/\/www.szentimregyor.hu\/new\/galeria\/galeria-2016\/\" class=\"elementor-sub-item\">2016<\/a><\/li>\n\t<li class=\"menu-item menu-item-type-post_type menu-item-object-page menu-item-7957\"><a href=\"https:\/\/www.szentimregyor.hu\/new\/galeria\/orgona-galeria\/\" class=\"elementor-sub-item\">Orgona<\/a><\/li>\n<\/ul>\n<\/li>\n<li class=\"menu-item menu-item-type-post_type menu-item-object-page menu-item-has-children menu-item-145\"><a href=\"https:\/\/www.szentimregyor.hu\/new\/egyhazkozseg\/\" class=\"elementor-item\">Egyh\u00e1zk\u00f6zs\u00e9g\u00fcnk<\/a>\n<ul class=\"sub-menu elementor-nav-menu--dropdown\">\n\t<li class=\"menu-item menu-item-type-post_type menu-item-object-page menu-item-6003\"><a href=\"https:\/\/www.szentimregyor.hu\/new\/egyhazkozseg\/lelkipasztorok\/\" class=\"elementor-sub-item\">Lelkip\u00e1sztorok<\/a><\/li>\n\t<li class=\"menu-item menu-item-type-post_type menu-item-object-page menu-item-28653\"><a href=\"https:\/\/www.szentimregyor.hu\/new\/egyhazkozseg\/plebaniai-tanacsado-testulet\/\" class=\"elementor-sub-item\">Pl\u00e9b\u00e1niai Tan\u00e1csad\u00f3 Test\u00fclet<\/a><\/li>\n\t<li class=\"menu-item menu-item-type-post_type menu-item-object-page menu-item-has-children menu-item-6044\"><a href=\"https:\/\/www.szentimregyor.hu\/new\/egyhazkozseg\/egyhazzene\/\" class=\"elementor-sub-item\">Egyh\u00e1zzene<\/a>\n\t<ul class=\"sub-menu elementor-nav-menu--dropdown\">\n\t\t<li class=\"menu-item menu-item-type-post_type menu-item-object-page menu-item-6371\"><a href=\"https:\/\/www.szentimregyor.hu\/new\/egyhazkozseg\/egyhazzene\/kantorok\/\" class=\"elementor-sub-item\">K\u00e1ntorok<\/a><\/li>\n\t\t<li class=\"menu-item menu-item-type-post_type menu-item-object-page menu-item-6372\"><a href=\"https:\/\/www.szentimregyor.hu\/new\/egyhazkozseg\/egyhazzene\/schola\/\" class=\"elementor-sub-item\">Schola Emericana<\/a><\/li>\n\t\t<li class=\"menu-item menu-item-type-post_type menu-item-object-page menu-item-6373\"><a href=\"https:\/\/www.szentimregyor.hu\/new\/egyhazkozseg\/egyhazzene\/orgona\/\" class=\"elementor-sub-item\">Orgona<\/a><\/li>\n\t<\/ul>\n<\/li>\n\t<li class=\"menu-item menu-item-type-post_type menu-item-object-page menu-item-6022\"><a href=\"https:\/\/www.szentimregyor.hu\/new\/egyhazkozseg\/lectio-divina\/\" class=\"elementor-sub-item\">Lectio Divina<\/a><\/li>\n\t<li class=\"menu-item menu-item-type-post_type menu-item-object-page menu-item-6033\"><a href=\"https:\/\/www.szentimregyor.hu\/new\/egyhazkozseg\/bibliakor\/\" class=\"elementor-sub-item\">Bibliak\u00f6r<\/a><\/li>\n\t<li class=\"menu-item menu-item-type-post_type menu-item-object-page menu-item-6068\"><a href=\"https:\/\/www.szentimregyor.hu\/new\/egyhazkozseg\/itt-az-ido\/\" class=\"elementor-sub-item\">Itt az id\u0151<\/a><\/li>\n<\/ul>\n<\/li>\n<\/ul>\t\t\t<\/nav>\n\t\t\t\t\t<div class=\"elementor-menu-toggle\" role=\"button\" tabindex=\"0\" aria-label=\"Menu Toggle\" aria-expanded=\"false\">\n\t\t\t<i aria-hidden=\"true\" role=\"presentation\" class=\"elementor-menu-toggle__icon--open eicon-menu-bar\"><\/i><i aria-hidden=\"true\" role=\"presentation\" class=\"elementor-menu-toggle__icon--close eicon-close\"><\/i>\t\t\t<span class=\"elementor-screen-only\">Menu<\/span>\n\t\t<\/div>\n\t\t\t\t\t<nav class=\"elementor-nav-menu--dropdown elementor-nav-menu__container\" aria-hidden=\"true\">\n\t\t\t\t<ul id=\"menu-2-56f079e3\" class=\"elementor-nav-menu\"><li class=\"menu-item menu-item-type-custom menu-item-object-custom menu-item-has-children menu-item-7864\"><a href=\"#\" class=\"elementor-item elementor-item-anchor\" tabindex=\"-1\">Templomunk<\/a>\n<ul class=\"sub-menu elementor-nav-menu--dropdown\">\n\t<li class=\"menu-item menu-item-type-post_type menu-item-object-page menu-item-748\"><a href=\"https:\/\/www.szentimregyor.hu\/new\/templomunk-tortenete\/\" class=\"elementor-sub-item\" tabindex=\"-1\">Templomunk t\u00f6rt\u00e9nete<\/a><\/li>\n\t<li class=\"menu-item menu-item-type-post_type menu-item-object-page menu-item-749\"><a href=\"https:\/\/www.szentimregyor.hu\/new\/templomunk-muveszeti-ertekei\/\" class=\"elementor-sub-item\" tabindex=\"-1\">Templomunk m\u0171v\u00e9szeti \u00e9rt\u00e9kei<\/a><\/li>\n\t<li class=\"menu-item menu-item-type-post_type menu-item-object-page menu-item-2854\"><a href=\"https:\/\/www.szentimregyor.hu\/new\/vedoszentunk-szent-imre\/\" class=\"elementor-sub-item\" tabindex=\"-1\">V\u00e9d\u0151szent\u00fcnk, Szent Imre<\/a><\/li>\n\t<li class=\"menu-item menu-item-type-post_type menu-item-object-page menu-item-3708\"><a href=\"https:\/\/www.szentimregyor.hu\/new\/templomunk\/boldog-apor-vilmos-templomszentelo-beszede\/\" class=\"elementor-sub-item\" tabindex=\"-1\">Templomszentel\u0151 besz\u00e9d<\/a><\/li>\n<\/ul>\n<\/li>\n<li class=\"menu-item menu-item-type-custom menu-item-object-custom menu-item-has-children menu-item-7863\"><a href=\"#\" class=\"elementor-item elementor-item-anchor\" tabindex=\"-1\">H\u00edrek, Napt\u00e1r<\/a>\n<ul class=\"sub-menu elementor-nav-menu--dropdown\">\n\t<li class=\"menu-item menu-item-type-post_type menu-item-object-page menu-item-7862\"><a href=\"https:\/\/www.szentimregyor.hu\/new\/naptar\/\" class=\"elementor-sub-item\" tabindex=\"-1\">Napt\u00e1r<\/a><\/li>\n\t<li class=\"menu-item menu-item-type-post_type menu-item-object-page menu-item-6263\"><a href=\"https:\/\/www.szentimregyor.hu\/new\/hirdetesek\/\" class=\"elementor-sub-item\" tabindex=\"-1\">Heti hirdet\u00e9sek<\/a><\/li>\n\t<li class=\"menu-item menu-item-type-post_type menu-item-object-page menu-item-6262\"><a href=\"https:\/\/www.szentimregyor.hu\/new\/hirfolyam\/\" class=\"elementor-sub-item\" tabindex=\"-1\">H\u00edrfolyam<\/a><\/li>\n<\/ul>\n<\/li>\n<li class=\"menu-item menu-item-type-post_type menu-item-object-page menu-item-121\"><a href=\"https:\/\/www.szentimregyor.hu\/new\/miserend\/\" class=\"elementor-item\" tabindex=\"-1\">Miserend<\/a><\/li>\n<li class=\"menu-item menu-item-type-post_type menu-item-object-page menu-item-has-children menu-item-130\"><a href=\"https:\/\/www.szentimregyor.hu\/new\/kapcsolat\/\" class=\"elementor-item\" tabindex=\"-1\">Kapcsolat<\/a>\n<ul class=\"sub-menu elementor-nav-menu--dropdown\">\n\t<li class=\"menu-item menu-item-type-post_type menu-item-object-page menu-item-14288\"><a href=\"https:\/\/www.szentimregyor.hu\/new\/kapcsolat\/iroda\/\" class=\"elementor-sub-item\" tabindex=\"-1\">Iroda<\/a><\/li>\n\t<li class=\"menu-item menu-item-type-post_type menu-item-object-page menu-item-6301\"><a href=\"https:\/\/www.szentimregyor.hu\/new\/kapcsolat\/hirlevel\/\" class=\"elementor-sub-item\" tabindex=\"-1\">H\u00edrlev\u00e9l<\/a><\/li>\n\t<li class=\"menu-item menu-item-type-post_type menu-item-object-page menu-item-5988\"><a href=\"https:\/\/www.szentimregyor.hu\/new\/gyori-szent-imre-alapitvany\/\" class=\"elementor-sub-item\" tabindex=\"-1\">Gy\u0151ri Szent Imre Alap\u00edtv\u00e1ny<\/a><\/li>\n<\/ul>\n<\/li>\n<li class=\"menu-item menu-item-type-post_type menu-item-object-page menu-item-has-children menu-item-139\"><a href=\"https:\/\/www.szentimregyor.hu\/new\/galeria\/\" class=\"elementor-item\" tabindex=\"-1\">Gal\u00e9ria<\/a>\n<ul class=\"sub-menu elementor-nav-menu--dropdown\">\n\t<li class=\"menu-item menu-item-type-post_type menu-item-object-page menu-item-27314\"><a href=\"https:\/\/www.szentimregyor.hu\/new\/galeria\/galeria-2026\/\" class=\"elementor-sub-item\" tabindex=\"-1\">2026<\/a><\/li>\n\t<li class=\"menu-item menu-item-type-post_type menu-item-object-page menu-item-21719\"><a href=\"https:\/\/www.szentimregyor.hu\/new\/galeria\/galeria-2025\/\" class=\"elementor-sub-item\" tabindex=\"-1\">2025<\/a><\/li>\n\t<li class=\"menu-item menu-item-type-post_type menu-item-object-page menu-item-10943\"><a href=\"https:\/\/www.szentimregyor.hu\/new\/galeria\/galeria-2024\/\" class=\"elementor-sub-item\" tabindex=\"-1\">2024<\/a><\/li>\n\t<li class=\"menu-item menu-item-type-post_type menu-item-object-page menu-item-3734\"><a href=\"https:\/\/www.szentimregyor.hu\/new\/galeria\/galeria-2023\/\" class=\"elementor-sub-item\" tabindex=\"-1\">2023<\/a><\/li>\n\t<li class=\"menu-item menu-item-type-post_type menu-item-object-page menu-item-6591\"><a href=\"https:\/\/www.szentimregyor.hu\/new\/galeria\/galeria-2022\/\" class=\"elementor-sub-item\" tabindex=\"-1\">2022<\/a><\/li>\n\t<li class=\"menu-item menu-item-type-post_type menu-item-object-page menu-item-8384\"><a href=\"https:\/\/www.szentimregyor.hu\/new\/galeria\/galeria-2021\/\" class=\"elementor-sub-item\" tabindex=\"-1\">2021<\/a><\/li>\n\t<li class=\"menu-item menu-item-type-post_type menu-item-object-page menu-item-10837\"><a href=\"https:\/\/www.szentimregyor.hu\/new\/galeria\/galeria-2020\/\" class=\"elementor-sub-item\" tabindex=\"-1\">2020<\/a><\/li>\n\t<li class=\"menu-item menu-item-type-post_type menu-item-object-page menu-item-11155\"><a href=\"https:\/\/www.szentimregyor.hu\/new\/galeria\/galeria-2019\/\" class=\"elementor-sub-item\" tabindex=\"-1\">2019<\/a><\/li>\n\t<li class=\"menu-item menu-item-type-post_type menu-item-object-page menu-item-16174\"><a href=\"https:\/\/www.szentimregyor.hu\/new\/galeria\/galeria-2018\/\" class=\"elementor-sub-item\" tabindex=\"-1\">2018<\/a><\/li>\n\t<li class=\"menu-item menu-item-type-post_type menu-item-object-page menu-item-22065\"><a href=\"https:\/\/www.szentimregyor.hu\/new\/galeria\/galeria-2017\/\" class=\"elementor-sub-item\" tabindex=\"-1\">2017<\/a><\/li>\n\t<li class=\"menu-item menu-item-type-post_type menu-item-object-page menu-item-26413\"><a href=\"https:\/\/www.szentimregyor.hu\/new\/galeria\/galeria-2016\/\" class=\"elementor-sub-item\" tabindex=\"-1\">2016<\/a><\/li>\n\t<li class=\"menu-item menu-item-type-post_type menu-item-object-page menu-item-7957\"><a href=\"https:\/\/www.szentimregyor.hu\/new\/galeria\/orgona-galeria\/\" class=\"elementor-sub-item\" tabindex=\"-1\">Orgona<\/a><\/li>\n<\/ul>\n<\/li>\n<li class=\"menu-item menu-item-type-post_type menu-item-object-page menu-item-has-children menu-item-145\"><a href=\"https:\/\/www.szentimregyor.hu\/new\/egyhazkozseg\/\" class=\"elementor-item\" tabindex=\"-1\">Egyh\u00e1zk\u00f6zs\u00e9g\u00fcnk<\/a>\n<ul class=\"sub-menu elementor-nav-menu--dropdown\">\n\t<li class=\"menu-item menu-item-type-post_type menu-item-object-page menu-item-6003\"><a href=\"https:\/\/www.szentimregyor.hu\/new\/egyhazkozseg\/lelkipasztorok\/\" class=\"elementor-sub-item\" tabindex=\"-1\">Lelkip\u00e1sztorok<\/a><\/li>\n\t<li class=\"menu-item menu-item-type-post_type menu-item-object-page menu-item-28653\"><a href=\"https:\/\/www.szentimregyor.hu\/new\/egyhazkozseg\/plebaniai-tanacsado-testulet\/\" class=\"elementor-sub-item\" tabindex=\"-1\">Pl\u00e9b\u00e1niai Tan\u00e1csad\u00f3 Test\u00fclet<\/a><\/li>\n\t<li class=\"menu-item menu-item-type-post_type menu-item-object-page menu-item-has-children menu-item-6044\"><a href=\"https:\/\/www.szentimregyor.hu\/new\/egyhazkozseg\/egyhazzene\/\" class=\"elementor-sub-item\" tabindex=\"-1\">Egyh\u00e1zzene<\/a>\n\t<ul class=\"sub-menu elementor-nav-menu--dropdown\">\n\t\t<li class=\"menu-item menu-item-type-post_type menu-item-object-page menu-item-6371\"><a href=\"https:\/\/www.szentimregyor.hu\/new\/egyhazkozseg\/egyhazzene\/kantorok\/\" class=\"elementor-sub-item\" tabindex=\"-1\">K\u00e1ntorok<\/a><\/li>\n\t\t<li class=\"menu-item menu-item-type-post_type menu-item-object-page menu-item-6372\"><a href=\"https:\/\/www.szentimregyor.hu\/new\/egyhazkozseg\/egyhazzene\/schola\/\" class=\"elementor-sub-item\" tabindex=\"-1\">Schola Emericana<\/a><\/li>\n\t\t<li class=\"menu-item menu-item-type-post_type menu-item-object-page menu-item-6373\"><a href=\"https:\/\/www.szentimregyor.hu\/new\/egyhazkozseg\/egyhazzene\/orgona\/\" class=\"elementor-sub-item\" tabindex=\"-1\">Orgona<\/a><\/li>\n\t<\/ul>\n<\/li>\n\t<li class=\"menu-item menu-item-type-post_type menu-item-object-page menu-item-6022\"><a href=\"https:\/\/www.szentimregyor.hu\/new\/egyhazkozseg\/lectio-divina\/\" class=\"elementor-sub-item\" tabindex=\"-1\">Lectio Divina<\/a><\/li>\n\t<li class=\"menu-item menu-item-type-post_type menu-item-object-page menu-item-6033\"><a href=\"https:\/\/www.szentimregyor.hu\/new\/egyhazkozseg\/bibliakor\/\" class=\"elementor-sub-item\" tabindex=\"-1\">Bibliak\u00f6r<\/a><\/li>\n\t<li class=\"menu-item menu-item-type-post_type menu-item-object-page menu-item-6068\"><a href=\"https:\/\/www.szentimregyor.hu\/new\/egyhazkozseg\/itt-az-ido\/\" class=\"elementor-sub-item\" tabindex=\"-1\">Itt az id\u0151<\/a><\/li>\n<\/ul>\n<\/li>\n<\/ul>\t\t\t<\/nav>\n\t\t\t\t<\/div>\n\t\t\t\t<\/div>\n\t\t\t\t\t<\/div>\n\t\t\t\t<\/div>\n\t\t\t\t<\/div>\n\t\t<div class=\"elementor-element elementor-element-62599e19 e-flex e-con-boxed e-con e-parent\" data-id=\"62599e19\" data-element_type=\"container\">\n\t\t\t\t\t<div class=\"e-con-inner\">\n\t\t\t\t<div class=\"elementor-element elementor-element-160c0dc6 elementor-widget elementor-widget-spacer\" data-id=\"160c0dc6\" data-element_type=\"widget\" data-widget_type=\"spacer.default\">\n\t\t\t\t<div class=\"elementor-widget-container\">\n\t\t\t\t\t<div class=\"elementor-spacer\">\n\t\t\t<div class=\"elementor-spacer-inner\"><\/div>\n\t\t<\/div>\n\t\t\t\t<\/div>\n\t\t\t\t<\/div>\n\t\t\t\t\t<\/div>\n\t\t\t\t<\/div>\n\t\t<div class=\"elementor-element elementor-element-429d70d5 e-flex e-con-boxed e-con e-parent\" data-id=\"429d70d5\" data-element_type=\"container\">\n\t\t\t\t\t<div class=\"e-con-inner\">\n\t\t\t\t<div class=\"elementor-element elementor-element-21a72eb4 elementor-invisible elementor-widget elementor-widget-heading\" data-id=\"21a72eb4\" data-element_type=\"widget\" data-settings=\"{&quot;_animation&quot;:&quot;fadeInUp&quot;}\" data-widget_type=\"heading.default\">\n\t\t\t\t<div class=\"elementor-widget-container\">\n\t\t\t<h2 class=\"elementor-heading-title elementor-size-default\">Gal\u00e9ria 2016.<\/h2>\t\t<\/div>\n\t\t\t\t<\/div>\n\t\t\t\t\t<\/div>\n\t\t\t\t<\/div>\n\t\t<div class=\"elementor-element elementor-element-44e986a0 e-flex e-con-boxed e-con e-parent\" data-id=\"44e986a0\" data-element_type=\"container\">\n\t\t\t\t\t<div class=\"e-con-inner\">\n\t\t\t\t<div class=\"elementor-element elementor-element-12c5d7e2 elementor-widget elementor-widget-spacer\" data-id=\"12c5d7e2\" data-element_type=\"widget\" data-widget_type=\"spacer.default\">\n\t\t\t\t<div class=\"elementor-widget-container\">\n\t\t\t\t\t<div class=\"elementor-spacer\">\n\t\t\t<div class=\"elementor-spacer-inner\"><\/div>\n\t\t<\/div>\n\t\t\t\t<\/div>\n\t\t\t\t<\/div>\n\t\t\t\t\t<\/div>\n\t\t\t\t<\/div>\n\t\t<div class=\"elementor-element elementor-element-ebd6a83 e-flex e-con-boxed elementor-invisible e-con e-parent\" data-id=\"ebd6a83\" data-element_type=\"container\" data-settings=\"{&quot;animation&quot;:&quot;fadeInUp&quot;}\">\n\t\t\t\t\t<div class=\"e-con-inner\">\n\t\t\t\t<div class=\"elementor-element elementor-element-4ceea566 elementor-position-top elementor-widget elementor-widget-image-box\" data-id=\"4ceea566\" data-element_type=\"widget\" data-widget_type=\"image-box.default\">\n\t\t\t\t<div class=\"elementor-widget-container\">\n\t\t\t<style>\/*! elementor - v3.21.0 - 20-05-2024 *\/\n.elementor-widget-image-box .elementor-image-box-content{width:100%}@media (min-width:768px){.elementor-widget-image-box.elementor-position-left .elementor-image-box-wrapper,.elementor-widget-image-box.elementor-position-right .elementor-image-box-wrapper{display:flex}.elementor-widget-image-box.elementor-position-right .elementor-image-box-wrapper{text-align:end;flex-direction:row-reverse}.elementor-widget-image-box.elementor-position-left .elementor-image-box-wrapper{text-align:start;flex-direction:row}.elementor-widget-image-box.elementor-position-top .elementor-image-box-img{margin:auto}.elementor-widget-image-box.elementor-vertical-align-top .elementor-image-box-wrapper{align-items:flex-start}.elementor-widget-image-box.elementor-vertical-align-middle .elementor-image-box-wrapper{align-items:center}.elementor-widget-image-box.elementor-vertical-align-bottom .elementor-image-box-wrapper{align-items:flex-end}}@media (max-width:767px){.elementor-widget-image-box .elementor-image-box-img{margin-left:auto!important;margin-right:auto!important;margin-bottom:15px}}.elementor-widget-image-box .elementor-image-box-img{display:inline-block}.elementor-widget-image-box .elementor-image-box-title a{color:inherit}.elementor-widget-image-box .elementor-image-box-wrapper{text-align:center}.elementor-widget-image-box .elementor-image-box-description{margin:0}<\/style><div class=\"elementor-image-box-wrapper\"><figure class=\"elementor-image-box-img\"><a href=\"https:\/\/www.szentimregyor.hu\/new\/galeria\/galeria-2016\/2016-pasztorjatek\/\" tabindex=\"-1\"><img fetchpriority=\"high\" decoding=\"async\" width=\"1800\" height=\"1200\" src=\"https:\/\/www.szentimregyor.hu\/new\/wp-content\/uploads\/2026\/01\/161224pasztorjatek062.jpg\" class=\"attachment-full size-full wp-image-28211\" alt=\"\" srcset=\"https:\/\/www.szentimregyor.hu\/new\/wp-content\/uploads\/2026\/01\/161224pasztorjatek062.jpg 1800w, https:\/\/www.szentimregyor.hu\/new\/wp-content\/uploads\/2026\/01\/161224pasztorjatek062-300x200.jpg 300w, https:\/\/www.szentimregyor.hu\/new\/wp-content\/uploads\/2026\/01\/161224pasztorjatek062-1024x683.jpg 1024w, https:\/\/www.szentimregyor.hu\/new\/wp-content\/uploads\/2026\/01\/161224pasztorjatek062-768x512.jpg 768w, https:\/\/www.szentimregyor.hu\/new\/wp-content\/uploads\/2026\/01\/161224pasztorjatek062-1536x1024.jpg 1536w\" sizes=\"(max-width: 1800px) 100vw, 1800px\" \/><\/a><\/figure><div class=\"elementor-image-box-content\"><h3 class=\"elementor-image-box-title\"><a href=\"https:\/\/www.szentimregyor.hu\/new\/galeria\/galeria-2016\/2016-pasztorjatek\/\"><i>P\u00e1sztorj\u00e1t\u00e9k<\/a><\/h3><p class=\"elementor-image-box-description\"><i>2016. december 24.<br>(Fot\u00f3: Vaday Tam\u00e1s)<\/i><\/p><\/div><\/div>\t\t<\/div>\n\t\t\t\t<\/div>\n\t\t\t\t<div class=\"elementor-element elementor-element-24d6a899 elementor-widget elementor-widget-text-editor\" data-id=\"24d6a899\" data-element_type=\"widget\" data-widget_type=\"text-editor.default\">\n\t\t\t\t<div class=\"elementor-widget-container\">\n\t\t\t<style>\/*! elementor - v3.21.0 - 20-05-2024 *\/\n.elementor-widget-text-editor.elementor-drop-cap-view-stacked .elementor-drop-cap{background-color:#69727d;color:#fff}.elementor-widget-text-editor.elementor-drop-cap-view-framed .elementor-drop-cap{color:#69727d;border:3px solid;background-color:transparent}.elementor-widget-text-editor:not(.elementor-drop-cap-view-default) .elementor-drop-cap{margin-top:8px}.elementor-widget-text-editor:not(.elementor-drop-cap-view-default) .elementor-drop-cap-letter{width:1em;height:1em}.elementor-widget-text-editor .elementor-drop-cap{float:left;text-align:center;line-height:1;font-size:50px}.elementor-widget-text-editor .elementor-drop-cap-letter{display:inline-block}<\/style>\t\t\t\t<p>Szenteste d\u00e9lut\u00e1nj\u00e1n a hagyom\u00e1nyokhoz h\u00edven templomunk ministr\u00e1nsai mutatt\u00e1k be a p\u00e1sztorj\u00e1t\u00e9kot, amelynek forgat\u00f3k\u00f6nyv\u00e9t Pozsgai \u00c1gi n\u00e9ni \u00edrta \u00e9s \u0151 is rendezte az el\u0151ad\u00e1st. J\u00e9zus sz\u00fclet\u00e9s\u00e9nek t\u00f6rt\u00e9net\u00e9t ez\u00fattal is egy keretj\u00e1t\u00e9kba helyezve \u00e9lhett\u00fck \u00e1t. A t\u00f6rt\u00e9netet id\u00e9n a gyermek J\u00e9zus sz\u00fclet\u00e9snapi zs\u00farja keret\u00e9ben l\u00e1thattuk, ahol M\u00e1ria \u00e9s J\u00e9zus mes\u00e9lik egy a vend\u00e9g gyermekeknek J\u00e9zus sz\u00fclet\u00e9s\u00e9nek esem\u00e9nyeit. A k\u00e9pre kattintva az el\u0151ad\u00e1sr\u00f3l k\u00e9sz\u00fclt fot\u00f3kat tekinthetik meg, a vide\u00f3n a teljes el\u0151ad\u00e1st n\u00e9zhetik meg \u00fajra (\u00e9rdemes teljes k\u00e9perny\u0151re nagy\u00edtani).<\/p><p><!--StartFragment --><\/p><p><!--StartFragment --><\/p><p><!--EndFragment --><\/p>\t\t\t\t\t\t<\/div>\n\t\t\t\t<\/div>\n\t\t\t\t<div class=\"elementor-element elementor-element-40e4f499 elementor-widget-divider--view-line elementor-widget elementor-widget-divider\" data-id=\"40e4f499\" data-element_type=\"widget\" data-widget_type=\"divider.default\">\n\t\t\t\t<div class=\"elementor-widget-container\">\n\t\t\t<style>\/*! elementor - v3.21.0 - 20-05-2024 *\/\n.elementor-widget-divider{--divider-border-style:none;--divider-border-width:1px;--divider-color:#0c0d0e;--divider-icon-size:20px;--divider-element-spacing:10px;--divider-pattern-height:24px;--divider-pattern-size:20px;--divider-pattern-url:none;--divider-pattern-repeat:repeat-x}.elementor-widget-divider .elementor-divider{display:flex}.elementor-widget-divider .elementor-divider__text{font-size:15px;line-height:1;max-width:95%}.elementor-widget-divider .elementor-divider__element{margin:0 var(--divider-element-spacing);flex-shrink:0}.elementor-widget-divider .elementor-icon{font-size:var(--divider-icon-size)}.elementor-widget-divider .elementor-divider-separator{display:flex;margin:0;direction:ltr}.elementor-widget-divider--view-line_icon .elementor-divider-separator,.elementor-widget-divider--view-line_text .elementor-divider-separator{align-items:center}.elementor-widget-divider--view-line_icon .elementor-divider-separator:after,.elementor-widget-divider--view-line_icon .elementor-divider-separator:before,.elementor-widget-divider--view-line_text .elementor-divider-separator:after,.elementor-widget-divider--view-line_text .elementor-divider-separator:before{display:block;content:\"\";border-block-end:0;flex-grow:1;border-block-start:var(--divider-border-width) var(--divider-border-style) var(--divider-color)}.elementor-widget-divider--element-align-left .elementor-divider .elementor-divider-separator>.elementor-divider__svg:first-of-type{flex-grow:0;flex-shrink:100}.elementor-widget-divider--element-align-left .elementor-divider-separator:before{content:none}.elementor-widget-divider--element-align-left .elementor-divider__element{margin-left:0}.elementor-widget-divider--element-align-right .elementor-divider .elementor-divider-separator>.elementor-divider__svg:last-of-type{flex-grow:0;flex-shrink:100}.elementor-widget-divider--element-align-right .elementor-divider-separator:after{content:none}.elementor-widget-divider--element-align-right .elementor-divider__element{margin-right:0}.elementor-widget-divider--element-align-start .elementor-divider .elementor-divider-separator>.elementor-divider__svg:first-of-type{flex-grow:0;flex-shrink:100}.elementor-widget-divider--element-align-start .elementor-divider-separator:before{content:none}.elementor-widget-divider--element-align-start .elementor-divider__element{margin-inline-start:0}.elementor-widget-divider--element-align-end .elementor-divider .elementor-divider-separator>.elementor-divider__svg:last-of-type{flex-grow:0;flex-shrink:100}.elementor-widget-divider--element-align-end .elementor-divider-separator:after{content:none}.elementor-widget-divider--element-align-end .elementor-divider__element{margin-inline-end:0}.elementor-widget-divider:not(.elementor-widget-divider--view-line_text):not(.elementor-widget-divider--view-line_icon) .elementor-divider-separator{border-block-start:var(--divider-border-width) var(--divider-border-style) var(--divider-color)}.elementor-widget-divider--separator-type-pattern{--divider-border-style:none}.elementor-widget-divider--separator-type-pattern.elementor-widget-divider--view-line .elementor-divider-separator,.elementor-widget-divider--separator-type-pattern:not(.elementor-widget-divider--view-line) .elementor-divider-separator:after,.elementor-widget-divider--separator-type-pattern:not(.elementor-widget-divider--view-line) .elementor-divider-separator:before,.elementor-widget-divider--separator-type-pattern:not([class*=elementor-widget-divider--view]) .elementor-divider-separator{width:100%;min-height:var(--divider-pattern-height);-webkit-mask-size:var(--divider-pattern-size) 100%;mask-size:var(--divider-pattern-size) 100%;-webkit-mask-repeat:var(--divider-pattern-repeat);mask-repeat:var(--divider-pattern-repeat);background-color:var(--divider-color);-webkit-mask-image:var(--divider-pattern-url);mask-image:var(--divider-pattern-url)}.elementor-widget-divider--no-spacing{--divider-pattern-size:auto}.elementor-widget-divider--bg-round{--divider-pattern-repeat:round}.rtl .elementor-widget-divider .elementor-divider__text{direction:rtl}.e-con-inner>.elementor-widget-divider,.e-con>.elementor-widget-divider{width:var(--container-widget-width,100%);--flex-grow:var(--container-widget-flex-grow)}<\/style>\t\t<div class=\"elementor-divider\">\n\t\t\t<span class=\"elementor-divider-separator\">\n\t\t\t\t\t\t<\/span>\n\t\t<\/div>\n\t\t\t\t<\/div>\n\t\t\t\t<\/div>\n\t\t\t\t<div class=\"elementor-element elementor-element-1307248a elementor-widget elementor-widget-spacer\" data-id=\"1307248a\" data-element_type=\"widget\" data-widget_type=\"spacer.default\">\n\t\t\t\t<div class=\"elementor-widget-container\">\n\t\t\t\t\t<div class=\"elementor-spacer\">\n\t\t\t<div class=\"elementor-spacer-inner\"><\/div>\n\t\t<\/div>\n\t\t\t\t<\/div>\n\t\t\t\t<\/div>\n\t\t\t\t\t<\/div>\n\t\t\t\t<\/div>\n\t\t<div class=\"elementor-element elementor-element-3e9eb51 e-flex e-con-boxed elementor-invisible e-con e-parent\" data-id=\"3e9eb51\" data-element_type=\"container\" data-settings=\"{&quot;animation&quot;:&quot;fadeInUp&quot;}\">\n\t\t\t\t\t<div class=\"e-con-inner\">\n\t\t\t\t<div class=\"elementor-element elementor-element-c983cc1 elementor-position-top elementor-widget elementor-widget-image-box\" data-id=\"c983cc1\" data-element_type=\"widget\" data-widget_type=\"image-box.default\">\n\t\t\t\t<div class=\"elementor-widget-container\">\n\t\t\t<div class=\"elementor-image-box-wrapper\"><figure class=\"elementor-image-box-img\"><a href=\"https:\/\/www.szentimregyor.hu\/new\/galeria\/galeria-2016\/2016-ministrans-delutan\/\" tabindex=\"-1\"><img decoding=\"async\" width=\"1800\" height=\"1012\" src=\"https:\/\/www.szentimregyor.hu\/new\/wp-content\/uploads\/2026\/01\/161210ministrans-delutan001.jpg\" class=\"attachment-full size-full wp-image-28115\" alt=\"\" srcset=\"https:\/\/www.szentimregyor.hu\/new\/wp-content\/uploads\/2026\/01\/161210ministrans-delutan001.jpg 1800w, https:\/\/www.szentimregyor.hu\/new\/wp-content\/uploads\/2026\/01\/161210ministrans-delutan001-300x169.jpg 300w, https:\/\/www.szentimregyor.hu\/new\/wp-content\/uploads\/2026\/01\/161210ministrans-delutan001-1024x576.jpg 1024w, https:\/\/www.szentimregyor.hu\/new\/wp-content\/uploads\/2026\/01\/161210ministrans-delutan001-768x432.jpg 768w, https:\/\/www.szentimregyor.hu\/new\/wp-content\/uploads\/2026\/01\/161210ministrans-delutan001-1536x864.jpg 1536w\" sizes=\"(max-width: 1800px) 100vw, 1800px\" \/><\/a><\/figure><div class=\"elementor-image-box-content\"><h3 class=\"elementor-image-box-title\"><a href=\"https:\/\/www.szentimregyor.hu\/new\/galeria\/galeria-2016\/2016-ministrans-delutan\/\"><i>Ministr\u00e1ns-d\u00e9lut\u00e1n<\/a><\/h3><p class=\"elementor-image-box-description\"><i>2016. december 10.<br>(Fot\u00f3: Ottn\u00e9 Zsuzsa \u00e9s Ott Vikt\u00f3ria)<\/i><\/p><\/div><\/div>\t\t<\/div>\n\t\t\t\t<\/div>\n\t\t\t\t<div class=\"elementor-element elementor-element-0f688ed elementor-widget elementor-widget-text-editor\" data-id=\"0f688ed\" data-element_type=\"widget\" data-widget_type=\"text-editor.default\">\n\t\t\t\t<div class=\"elementor-widget-container\">\n\t\t\t\t\t\t\t<p>A decemberi ministr\u00e1nspr\u00f3ba rendhagy\u00f3 m\u00f3don zajlott. A pr\u00f3b\u00e1n adventi meglepet\u00e9s v\u00e1rta a ministr\u00e1nsokat. A d\u00e9lut\u00e1n folyam\u00e1n mindenkinek lehet\u0151s\u00e9ge volt k\u00e9sz\u00edteni egy m\u00e9zeskal\u00e1csh\u00e1zat, feny\u0151f\u00e1t \u00e9s d\u00edszeket. Hogy a kar\u00e1csonyra val\u00f3 k\u00e9sz\u00fcl\u00e9s illata is meg legyen lehetett m\u00e9zeskal\u00e1cs figur\u00e1kat szaggatni, amit ut\u00e1na ki is s\u00fct\u00f6tt\u00fcnk. A kid\u00edsz\u00edtett m\u00e9zeskal\u00e1csokat term\u00e9szetesen mindenki hazavihette. Mindenki sz\u00e1m\u00e1ra, kicsiknek, nagyoknak egyar\u00e1nt \u00f6r\u00f6m volt ez a program, mely vid\u00e1ms\u00e1gban \u00e9s szeretetben telt. A d\u00e9lut\u00e1n m\u00e9lt\u00f3 lez\u00e1r\u00e1sak\u00e9nt k\u00f6z\u00f6sen r\u00e9szt vett\u00fcnk a gyertyagy\u00fajt\u00e1son, valamint az esti szentmis\u00e9n.<\/p><p><!--StartFragment --><\/p><p><!--StartFragment --><\/p><p><!--EndFragment --><\/p>\t\t\t\t\t\t<\/div>\n\t\t\t\t<\/div>\n\t\t\t\t<div class=\"elementor-element elementor-element-ebb50cc elementor-widget-divider--view-line elementor-widget elementor-widget-divider\" data-id=\"ebb50cc\" data-element_type=\"widget\" data-widget_type=\"divider.default\">\n\t\t\t\t<div class=\"elementor-widget-container\">\n\t\t\t\t\t<div class=\"elementor-divider\">\n\t\t\t<span class=\"elementor-divider-separator\">\n\t\t\t\t\t\t<\/span>\n\t\t<\/div>\n\t\t\t\t<\/div>\n\t\t\t\t<\/div>\n\t\t\t\t<div class=\"elementor-element elementor-element-efbab82 elementor-widget elementor-widget-spacer\" data-id=\"efbab82\" data-element_type=\"widget\" data-widget_type=\"spacer.default\">\n\t\t\t\t<div class=\"elementor-widget-container\">\n\t\t\t\t\t<div class=\"elementor-spacer\">\n\t\t\t<div class=\"elementor-spacer-inner\"><\/div>\n\t\t<\/div>\n\t\t\t\t<\/div>\n\t\t\t\t<\/div>\n\t\t\t\t\t<\/div>\n\t\t\t\t<\/div>\n\t\t<div class=\"elementor-element elementor-element-a133d2d e-flex e-con-boxed elementor-invisible e-con e-parent\" data-id=\"a133d2d\" data-element_type=\"container\" data-settings=\"{&quot;animation&quot;:&quot;fadeInUp&quot;}\">\n\t\t\t\t\t<div class=\"e-con-inner\">\n\t\t\t\t<div class=\"elementor-element elementor-element-7a1700a elementor-position-top elementor-widget elementor-widget-image-box\" data-id=\"7a1700a\" data-element_type=\"widget\" data-widget_type=\"image-box.default\">\n\t\t\t\t<div class=\"elementor-widget-container\">\n\t\t\t<div class=\"elementor-image-box-wrapper\"><figure class=\"elementor-image-box-img\"><a href=\"https:\/\/www.szentimregyor.hu\/new\/galeria\/galeria-2016\/2016-a-mikulas-erkezese\/\" tabindex=\"-1\"><img decoding=\"async\" width=\"1800\" height=\"1196\" src=\"https:\/\/www.szentimregyor.hu\/new\/wp-content\/uploads\/2026\/01\/161209mikulas025.jpg\" class=\"attachment-full size-full wp-image-28105\" alt=\"\" srcset=\"https:\/\/www.szentimregyor.hu\/new\/wp-content\/uploads\/2026\/01\/161209mikulas025.jpg 1800w, https:\/\/www.szentimregyor.hu\/new\/wp-content\/uploads\/2026\/01\/161209mikulas025-300x199.jpg 300w, https:\/\/www.szentimregyor.hu\/new\/wp-content\/uploads\/2026\/01\/161209mikulas025-1024x680.jpg 1024w, https:\/\/www.szentimregyor.hu\/new\/wp-content\/uploads\/2026\/01\/161209mikulas025-768x510.jpg 768w, https:\/\/www.szentimregyor.hu\/new\/wp-content\/uploads\/2026\/01\/161209mikulas025-1536x1021.jpg 1536w\" sizes=\"(max-width: 1800px) 100vw, 1800px\" \/><\/a><\/figure><div class=\"elementor-image-box-content\"><h3 class=\"elementor-image-box-title\"><a href=\"https:\/\/www.szentimregyor.hu\/new\/galeria\/galeria-2016\/2016-a-mikulas-erkezese\/\"><i>A Mikul\u00e1s \u00e9rkez\u00e9se<\/a><\/h3><p class=\"elementor-image-box-description\"><i>2016. december 9.<br>(Fot\u00f3: Farkas D\u00e1vid)<\/i><\/p><\/div><\/div>\t\t<\/div>\n\t\t\t\t<\/div>\n\t\t\t\t<div class=\"elementor-element elementor-element-00bafbc elementor-widget elementor-widget-text-editor\" data-id=\"00bafbc\" data-element_type=\"widget\" data-widget_type=\"text-editor.default\">\n\t\t\t\t<div class=\"elementor-widget-container\">\n\t\t\t\t\t\t\t<p>December 9-\u00e9n, p\u00e9nteken d\u00e9lut\u00e1n \u00e9rkezett meg templomunkba a Mikul\u00e1s. Mikl\u00f3s p\u00fcsp\u00f6k m\u00e9lt\u00f3 fogad\u00e1s\u00e1r\u00f3l imm\u00e1r hagyom\u00e1nyosan a P\u00e9terfy S\u00e1ndor Evang\u00e9likus Gimn\u00e1zium \u00e9s \u00c1ltal\u00e1nos Iskola di\u00e1kjai, ez\u00fattal az 5\/I, 6, 6\/II., 7, \u00e9s 7\/III oszt\u00e1lyos gyerekek gondoskodtak. Tekintse meg fot\u00f3gal\u00e9ri\u00e1nkat a k\u00e9pre kattintva!<\/p><p><!--StartFragment --><\/p><p><!--StartFragment --><\/p><p><!--EndFragment --><\/p>\t\t\t\t\t\t<\/div>\n\t\t\t\t<\/div>\n\t\t\t\t<div class=\"elementor-element elementor-element-1a1ab8d elementor-widget-divider--view-line elementor-widget elementor-widget-divider\" data-id=\"1a1ab8d\" data-element_type=\"widget\" data-widget_type=\"divider.default\">\n\t\t\t\t<div class=\"elementor-widget-container\">\n\t\t\t\t\t<div class=\"elementor-divider\">\n\t\t\t<span class=\"elementor-divider-separator\">\n\t\t\t\t\t\t<\/span>\n\t\t<\/div>\n\t\t\t\t<\/div>\n\t\t\t\t<\/div>\n\t\t\t\t<div class=\"elementor-element elementor-element-5f3cec8 elementor-widget elementor-widget-spacer\" data-id=\"5f3cec8\" data-element_type=\"widget\" data-widget_type=\"spacer.default\">\n\t\t\t\t<div class=\"elementor-widget-container\">\n\t\t\t\t\t<div class=\"elementor-spacer\">\n\t\t\t<div class=\"elementor-spacer-inner\"><\/div>\n\t\t<\/div>\n\t\t\t\t<\/div>\n\t\t\t\t<\/div>\n\t\t\t\t\t<\/div>\n\t\t\t\t<\/div>\n\t\t<div class=\"elementor-element elementor-element-68fe11a e-flex e-con-boxed elementor-invisible e-con e-parent\" data-id=\"68fe11a\" data-element_type=\"container\" data-settings=\"{&quot;animation&quot;:&quot;fadeInUp&quot;}\">\n\t\t\t\t\t<div class=\"e-con-inner\">\n\t\t\t\t<div class=\"elementor-element elementor-element-627b316 elementor-position-top elementor-widget elementor-widget-image-box\" data-id=\"627b316\" data-element_type=\"widget\" data-widget_type=\"image-box.default\">\n\t\t\t\t<div class=\"elementor-widget-container\">\n\t\t\t<div class=\"elementor-image-box-wrapper\"><figure class=\"elementor-image-box-img\"><a href=\"https:\/\/www.szentimregyor.hu\/new\/galeria\/galeria-2016\/2016-harmatozzatok-adventi-zenei-ahitat\/\" tabindex=\"-1\"><img loading=\"lazy\" decoding=\"async\" width=\"1800\" height=\"1200\" src=\"https:\/\/www.szentimregyor.hu\/new\/wp-content\/uploads\/2026\/01\/161204cant-art012.jpg\" class=\"attachment-full size-full wp-image-28019\" alt=\"\" srcset=\"https:\/\/www.szentimregyor.hu\/new\/wp-content\/uploads\/2026\/01\/161204cant-art012.jpg 1800w, https:\/\/www.szentimregyor.hu\/new\/wp-content\/uploads\/2026\/01\/161204cant-art012-300x200.jpg 300w, https:\/\/www.szentimregyor.hu\/new\/wp-content\/uploads\/2026\/01\/161204cant-art012-1024x683.jpg 1024w, https:\/\/www.szentimregyor.hu\/new\/wp-content\/uploads\/2026\/01\/161204cant-art012-768x512.jpg 768w, https:\/\/www.szentimregyor.hu\/new\/wp-content\/uploads\/2026\/01\/161204cant-art012-1536x1024.jpg 1536w\" sizes=\"(max-width: 1800px) 100vw, 1800px\" \/><\/a><\/figure><div class=\"elementor-image-box-content\"><h3 class=\"elementor-image-box-title\"><a href=\"https:\/\/www.szentimregyor.hu\/new\/galeria\/galeria-2016\/2016-harmatozzatok-adventi-zenei-ahitat\/\"><i>\"Harmatozzatok\" - adventi zenei \u00e1h\u00edtat<\/a><\/h3><p class=\"elementor-image-box-description\"><i>2016. december 4.<br>(Fot\u00f3: Dob\u00f3 Bertalan)<\/i><\/p><\/div><\/div>\t\t<\/div>\n\t\t\t\t<\/div>\n\t\t\t\t<div class=\"elementor-element elementor-element-6e218b1 elementor-widget elementor-widget-text-editor\" data-id=\"6e218b1\" data-element_type=\"widget\" data-widget_type=\"text-editor.default\">\n\t\t\t\t<div class=\"elementor-widget-container\">\n\t\t\t\t\t\t\t<p>Advent II. vas\u00e1rnapj\u00e1n az esti szentmise ut\u00e1n tartott adventi zenei \u00e1h\u00edtatot templomunkban a Cant&#8217;Art \u00c9nekegy\u00fcttes Balogh Eszter vezet\u00e9s\u00e9vel, valamint So\u00f3s G\u00e1bor orgonam\u0171v\u00e9sz. A m\u0171sor els\u0151 r\u00e9sz\u00e9ben a Cant&#8217;Art gy\u00f6ny\u00f6rk\u00f6dtette a capella m\u0171vekkel a k\u00f6z\u00f6ns\u00e9get, adventi \u00e9s r\u00e9szben m\u00e1r a kar\u00e1csony megel\u0151legez\u0151 m\u0171vekkel, ezt egy orgonam\u0171vekb\u0151l \u00e1ll\u00f3 blokk k\u00f6vette So\u00f3s G\u00e1bor el\u0151ad\u00e1s\u00e1ban. A zenei \u00e1h\u00edtatot J. S. Bach Magnificat c. m\u0171v\u00e9nek t\u00e9telei z\u00e1rt\u00e1k, amelyet a Cant&#8217;Art orgonak\u00eds\u00e9rettel adott el\u0151, s amelyben az egy\u00fcttes t\u00f6bb tagj\u00e1t sz\u00f3listak\u00e9nt is megcsod\u00e1lhattuk. K\u00f6sz\u00f6nj\u00fck a felv\u00e9teleket Dob\u00f3 Bertalannak!<\/p><p><!--StartFragment --><\/p><p><!--StartFragment --><\/p><p><!--EndFragment --><\/p>\t\t\t\t\t\t<\/div>\n\t\t\t\t<\/div>\n\t\t\t\t<div class=\"elementor-element elementor-element-e8802e4 elementor-widget-divider--view-line elementor-widget elementor-widget-divider\" data-id=\"e8802e4\" data-element_type=\"widget\" data-widget_type=\"divider.default\">\n\t\t\t\t<div class=\"elementor-widget-container\">\n\t\t\t\t\t<div class=\"elementor-divider\">\n\t\t\t<span class=\"elementor-divider-separator\">\n\t\t\t\t\t\t<\/span>\n\t\t<\/div>\n\t\t\t\t<\/div>\n\t\t\t\t<\/div>\n\t\t\t\t<div class=\"elementor-element elementor-element-9d46c5c elementor-widget elementor-widget-spacer\" data-id=\"9d46c5c\" data-element_type=\"widget\" data-widget_type=\"spacer.default\">\n\t\t\t\t<div class=\"elementor-widget-container\">\n\t\t\t\t\t<div class=\"elementor-spacer\">\n\t\t\t<div class=\"elementor-spacer-inner\"><\/div>\n\t\t<\/div>\n\t\t\t\t<\/div>\n\t\t\t\t<\/div>\n\t\t\t\t\t<\/div>\n\t\t\t\t<\/div>\n\t\t<div class=\"elementor-element elementor-element-450c23f e-flex e-con-boxed elementor-invisible e-con e-parent\" data-id=\"450c23f\" data-element_type=\"container\" data-settings=\"{&quot;animation&quot;:&quot;fadeInUp&quot;}\">\n\t\t\t\t\t<div class=\"e-con-inner\">\n\t\t\t\t<div class=\"elementor-element elementor-element-039dc75 elementor-position-top elementor-widget elementor-widget-image-box\" data-id=\"039dc75\" data-element_type=\"widget\" data-widget_type=\"image-box.default\">\n\t\t\t\t<div class=\"elementor-widget-container\">\n\t\t\t<div class=\"elementor-image-box-wrapper\"><figure class=\"elementor-image-box-img\"><a href=\"https:\/\/www.szentimregyor.hu\/new\/galeria\/galeria-2016\/2016-krisztus-kiraly\/\" tabindex=\"-1\"><img loading=\"lazy\" decoding=\"async\" width=\"1800\" height=\"1196\" src=\"https:\/\/www.szentimregyor.hu\/new\/wp-content\/uploads\/2026\/01\/161120krisztuskiraly072.jpg\" class=\"attachment-full size-full wp-image-27997\" alt=\"\" srcset=\"https:\/\/www.szentimregyor.hu\/new\/wp-content\/uploads\/2026\/01\/161120krisztuskiraly072.jpg 1800w, https:\/\/www.szentimregyor.hu\/new\/wp-content\/uploads\/2026\/01\/161120krisztuskiraly072-300x199.jpg 300w, https:\/\/www.szentimregyor.hu\/new\/wp-content\/uploads\/2026\/01\/161120krisztuskiraly072-1024x680.jpg 1024w, https:\/\/www.szentimregyor.hu\/new\/wp-content\/uploads\/2026\/01\/161120krisztuskiraly072-768x510.jpg 768w, https:\/\/www.szentimregyor.hu\/new\/wp-content\/uploads\/2026\/01\/161120krisztuskiraly072-1536x1021.jpg 1536w\" sizes=\"(max-width: 1800px) 100vw, 1800px\" \/><\/a><\/figure><div class=\"elementor-image-box-content\"><h3 class=\"elementor-image-box-title\"><a href=\"https:\/\/www.szentimregyor.hu\/new\/galeria\/galeria-2016\/2016-krisztus-kiraly\/\"><i>Krisztus Kir\u00e1ly f\u0151\u00fcnnepe - ministr\u00e1nsbe\u00f6lt\u00f6z\u00e9s<\/a><\/h3><p class=\"elementor-image-box-description\"><i>2016. november 20.<br>(Fot\u00f3: Farkas D\u00e1vid)<\/i><\/p><\/div><\/div>\t\t<\/div>\n\t\t\t\t<\/div>\n\t\t\t\t<div class=\"elementor-element elementor-element-079b8d8 elementor-widget elementor-widget-text-editor\" data-id=\"079b8d8\" data-element_type=\"widget\" data-widget_type=\"text-editor.default\">\n\t\t\t\t<div class=\"elementor-widget-container\">\n\t\t\t\t\t\t\t<p>A hagyom\u00e1nyoknak megfelel\u0151en az idei \u00e9vben is Krisztus Kir\u00e1ly vas\u00e1rnapj\u00e1n a d\u00e9lel\u0151tt 10 \u00f3rakor kezd\u0151d\u00f6tt \u00fcnnepi szentmis\u00e9n ker\u00fclt sor a ministr\u00e1nsbe\u00f6lt\u00f6z\u00e9sre. N\u00e9gy fiatal \u00f6lt\u00f6tte mag\u00e1ra &#8211; id\u0151sebb t\u00e1rsaik seg\u00edts\u00e9g\u00e9vel &#8211; a megb\u00e9rm\u00e1lt ministr\u00e1nsok \u00f6lt\u00f6zet\u00e9t, hat gyermek pedig ezen a szentmis\u00e9n l\u00e9pett be a Szent Imre Pl\u00e9b\u00e1nia ministr\u00e1nsainak k\u00f6z\u00f6ss\u00e9g\u00e9be. A most be\u00f6lt\u00f6z\u00f6tt gyermekek Tam\u00e1s aty\u00e1t\u00f3l megkapt\u00e1k a szolg\u00e1latukhoz kapcsol\u00f3d\u00f3 liturgikus t\u00e1rgyakat, az olvasm\u00e1nyos k\u00f6nyvet, a h\u00edvek k\u00f6ny\u00f6rg\u00e9seinek k\u00f6nyv\u00e9t, az el\u0151k\u00e9sz\u00edtett \u00e1ldozati adom\u00e1nyokat \u00e9s term\u00e9szetesen a &#8222;mesters\u00e9g\u00fck c\u00edmer\u00e9nek&#8221; is tekinthet\u0151 ministr\u00e1nscseng\u0151t. A be\u00f6lt\u00f6z\u00e9st k\u00f6vet\u0151en az \u00faj ministr\u00e1nsok letett\u00e9k, a t\u00f6bbiek pedig vel\u00fck egy\u00fctt meger\u0151s\u00edtett\u00e9k fogadalmukat.<\/p><p>Isten seg\u00edtse \u0151ket szolg\u00e1latukban!<\/p><p><!--StartFragment --><\/p><p><!--StartFragment --><\/p><p><!--EndFragment --><\/p>\t\t\t\t\t\t<\/div>\n\t\t\t\t<\/div>\n\t\t\t\t<div class=\"elementor-element elementor-element-bd6fb28 elementor-widget-divider--view-line elementor-widget elementor-widget-divider\" data-id=\"bd6fb28\" data-element_type=\"widget\" data-widget_type=\"divider.default\">\n\t\t\t\t<div class=\"elementor-widget-container\">\n\t\t\t\t\t<div class=\"elementor-divider\">\n\t\t\t<span class=\"elementor-divider-separator\">\n\t\t\t\t\t\t<\/span>\n\t\t<\/div>\n\t\t\t\t<\/div>\n\t\t\t\t<\/div>\n\t\t\t\t<div class=\"elementor-element elementor-element-c6b859e elementor-widget elementor-widget-spacer\" data-id=\"c6b859e\" data-element_type=\"widget\" data-widget_type=\"spacer.default\">\n\t\t\t\t<div class=\"elementor-widget-container\">\n\t\t\t\t\t<div class=\"elementor-spacer\">\n\t\t\t<div class=\"elementor-spacer-inner\"><\/div>\n\t\t<\/div>\n\t\t\t\t<\/div>\n\t\t\t\t<\/div>\n\t\t\t\t\t<\/div>\n\t\t\t\t<\/div>\n\t\t<div class=\"elementor-element elementor-element-c2ccecf e-flex e-con-boxed elementor-invisible e-con e-parent\" data-id=\"c2ccecf\" data-element_type=\"container\" data-settings=\"{&quot;animation&quot;:&quot;fadeInUp&quot;}\">\n\t\t\t\t\t<div class=\"e-con-inner\">\n\t\t\t\t<div class=\"elementor-element elementor-element-e8a2f97 elementor-position-top elementor-widget elementor-widget-image-box\" data-id=\"e8a2f97\" data-element_type=\"widget\" data-widget_type=\"image-box.default\">\n\t\t\t\t<div class=\"elementor-widget-container\">\n\t\t\t<div class=\"elementor-image-box-wrapper\"><figure class=\"elementor-image-box-img\"><a href=\"https:\/\/www.szentimregyor.hu\/new\/galeria\/galeria-2016\/2016-ifjusagi-talalkozo\/\" tabindex=\"-1\"><img loading=\"lazy\" decoding=\"async\" width=\"1800\" height=\"1196\" src=\"https:\/\/www.szentimregyor.hu\/new\/wp-content\/uploads\/2026\/01\/161112ifitali020.jpg\" class=\"attachment-full size-full wp-image-27845\" alt=\"\" srcset=\"https:\/\/www.szentimregyor.hu\/new\/wp-content\/uploads\/2026\/01\/161112ifitali020.jpg 1800w, https:\/\/www.szentimregyor.hu\/new\/wp-content\/uploads\/2026\/01\/161112ifitali020-300x199.jpg 300w, https:\/\/www.szentimregyor.hu\/new\/wp-content\/uploads\/2026\/01\/161112ifitali020-1024x680.jpg 1024w, https:\/\/www.szentimregyor.hu\/new\/wp-content\/uploads\/2026\/01\/161112ifitali020-768x510.jpg 768w, https:\/\/www.szentimregyor.hu\/new\/wp-content\/uploads\/2026\/01\/161112ifitali020-1536x1021.jpg 1536w\" sizes=\"(max-width: 1800px) 100vw, 1800px\" \/><\/a><\/figure><div class=\"elementor-image-box-content\"><h3 class=\"elementor-image-box-title\"><a href=\"https:\/\/www.szentimregyor.hu\/new\/galeria\/galeria-2016\/2016-ifjusagi-talalkozo\/\"><i>X. Gy\u0151ri Ifj\u00fas\u00e1gi Tal\u00e1lkoz\u00f3<\/a><\/h3><p class=\"elementor-image-box-description\"><i>2016. november 12.<br>(Fot\u00f3: Farkas D\u00e1vid)<\/i><\/p><\/div><\/div>\t\t<\/div>\n\t\t\t\t<\/div>\n\t\t\t\t<div class=\"elementor-element elementor-element-a33c150 elementor-widget elementor-widget-text-editor\" data-id=\"a33c150\" data-element_type=\"widget\" data-widget_type=\"text-editor.default\">\n\t\t\t\t<div class=\"elementor-widget-container\">\n\t\t\t\t\t\t\t<p>November 12-\u00e9n hagyom\u00e1nyosan imm\u00e1r tizedik alkalommal rendezt\u00fcnk ifj\u00fas\u00e1gi tal\u00e1lkoz\u00f3t a gy\u0151ri Szent Imre-templomban, a v\u00e9d\u0151szent\u00fcnk \u00fcnnep\u00e9t k\u00f6vet\u0151 szombaton.<\/p><p>A t\u00f6bb mint 140 fiatal sz\u00e1m\u00e1ra, akik r\u00e9szt vettek a tal\u00e1lkoz\u00f3n, rengeteg felejthetetlen \u00e9lm\u00e9nyt \u00e9s boldog pillanatokat adott a tal\u00e1lkoz\u00f3. J\u00f3 \u00e9rz\u00e9ssel t\u00f6lt\u00f6tt el valamennyi\u00fcnket, hogy sok \u00faj \u00e9s \u00e9rt\u00e9kes lelki t\u00e1rsat ismerhett\u00fcnk meg. Az eg\u00e9sz napos programsorozat lelki er\u0151t adott, a mindennapi rohan\u00e1sb\u00f3l kimenek\u00edtett, lelki b\u00e9k\u00e9t, megnyugv\u00e1st \u00e9s a felebar\u00e1taink ir\u00e1nti k\u00f6lcs\u00f6n\u00f6s tiszteletet \u00e9s szeretet aj\u00e1nd\u00e9kozott nek\u00fcnk. J\u00f3 \u00e9rz\u00e9s volt \u00f6nmagunkkal, bels\u0151 \u00e9s k\u00fcls\u0151 t\u00fck\u00f6rk\u00e9p\u00fcnkkel szemben\u00e9zni, megl\u00e1tni a val\u00f3t. Winkler Zsolt \u00f6ttev\u00e9nyi pl\u00e9b\u00e1nos atya \u201eT\u00fckr\u00f6m, t\u00fckr\u00f6m, mondd meg n\u00e9kem\u2026\u201d c\u00edm\u0171 el\u0151ad\u00e1sai seg\u00edtettek megv\u00e1laszolni sz\u00e1munkra a k\u00f6vetkez\u0151 k\u00e9t k\u00e9rd\u00e9st: \u201eKi vagyok? Ki lehetek?\u201d Kiv\u00e1l\u00f3 gondolatokat \u00e9bresztettek \u00e9s \u00e9rt\u00e9kes ismeretekkel szolg\u00e1ltak valamennyi r\u00e9sztvev\u0151 sz\u00e1m\u00e1ra.<\/p><p>Az el\u0151ad\u00e1sokat k\u00f6vet\u0151en kiscsoportokban vitathattuk meg az elhangzottakat. K\u00fcl\u00f6nf\u00e9le feladatokat oldhattunk meg a t\u00e9m\u00e1ban. Minden csoport szok\u00e1s szerint egy plak\u00e1ttal k\u00e9sz\u00fclt a szentmis\u00e9t megel\u0151z\u0151 f\u00f3rumra, egy kis csavarral: a plak\u00e1tok egy t\u00fck\u00f6rlapra k\u00e9sz\u00fcltek el. Bemutat\u00e1sukkor m\u00e1r Veres Andr\u00e1s p\u00fcsp\u00f6k atya is bekapcsol\u00f3dott a napi programokba. A t\u00edz csoport t\u00fck\u00f6rplak\u00e1tj\u00e1b\u00f3l pedig \u00f6ssze\u00e1llt az ifj\u00fas\u00e1gi tal\u00e1lkoz\u00f3 t\u00fck\u00f6rkeresztje, amit a szentmise kezdetekor a tabern\u00e1kulum mell\u00e9 helyeztek ki. A szentmis\u00e9t megel\u0151z\u0151 zen\u00e9s \u00e1h\u00edtaton egy\u00fctt im\u00e1dkozhattunk \u00e9s elm\u00e9lkedhett\u00fcnk, k\u00e9sz\u00fclhett\u00fcnk a szentmis\u00e9re.<\/p><p>A fiatalok a k\u00f6z\u00f6s p\u00fcsp\u00f6ki szentmis\u00e9n nagy \u00f6r\u00f6mmel \u00e9s lelkesed\u00e9ssel \u00e9nekelve vettek r\u00e9szt. A szentmise z\u00e1r\u00e1sakor az \u00fcvegkereszt kicsiny\u00edtett m\u00e1s\u00e1val lept\u00fck meg p\u00fcsp\u00f6k aty\u00e1t, a r\u00e9sztvev\u0151 fiatalok pedig egy t\u0151le kapott szentk\u00e9ppel t\u00e1vozhattak.<\/p><p>Az \u00f6r\u00f6mteli nap valamennyi r\u00e9sztvev\u0151t m\u00e9lyen meg\u00e9rintette, v\u00e1rjuk a k\u00f6vetkez\u0151 tal\u00e1lkoz\u00e1st. \u00c9s ahogy Szent P\u00e1l Apostol is \u00edrja a korintusiakhoz \u00edrt els\u0151 lev\u00e9lben \u201ema m\u00e9g csak t\u00fck\u00f6rben, hom\u00e1lyosan l\u00e1tunk, akkor majd sz\u00ednr\u0151l sz\u00ednre\u2026\u201d<\/p><p>A fot\u00f3ra kattintva tekintse meg a tal\u00e1lkoz\u00f3r\u00f3l k\u00e9sz\u00fclt f\u00e9nyk\u00e9pes besz\u00e1mol\u00f3t is!<\/p><p><em>Dani Brigitta \u00e9s Horv\u00e1th Dorina<\/em><\/p><p><!--StartFragment --><\/p><p><!--StartFragment --><\/p><p><!--EndFragment --><\/p>\t\t\t\t\t\t<\/div>\n\t\t\t\t<\/div>\n\t\t\t\t<div class=\"elementor-element elementor-element-baea1e0 elementor-widget-divider--view-line elementor-widget elementor-widget-divider\" data-id=\"baea1e0\" data-element_type=\"widget\" data-widget_type=\"divider.default\">\n\t\t\t\t<div class=\"elementor-widget-container\">\n\t\t\t\t\t<div class=\"elementor-divider\">\n\t\t\t<span class=\"elementor-divider-separator\">\n\t\t\t\t\t\t<\/span>\n\t\t<\/div>\n\t\t\t\t<\/div>\n\t\t\t\t<\/div>\n\t\t\t\t<div class=\"elementor-element elementor-element-4c46288 elementor-widget elementor-widget-spacer\" data-id=\"4c46288\" data-element_type=\"widget\" data-widget_type=\"spacer.default\">\n\t\t\t\t<div class=\"elementor-widget-container\">\n\t\t\t\t\t<div class=\"elementor-spacer\">\n\t\t\t<div class=\"elementor-spacer-inner\"><\/div>\n\t\t<\/div>\n\t\t\t\t<\/div>\n\t\t\t\t<\/div>\n\t\t\t\t\t<\/div>\n\t\t\t\t<\/div>\n\t\t<div class=\"elementor-element elementor-element-c89a75d e-flex e-con-boxed elementor-invisible e-con e-parent\" data-id=\"c89a75d\" data-element_type=\"container\" data-settings=\"{&quot;animation&quot;:&quot;fadeInUp&quot;}\">\n\t\t\t\t\t<div class=\"e-con-inner\">\n\t\t\t\t<div class=\"elementor-element elementor-element-ddffd70 elementor-position-top elementor-widget elementor-widget-image-box\" data-id=\"ddffd70\" data-element_type=\"widget\" data-widget_type=\"image-box.default\">\n\t\t\t\t<div class=\"elementor-widget-container\">\n\t\t\t<div class=\"elementor-image-box-wrapper\"><figure class=\"elementor-image-box-img\"><a href=\"https:\/\/www.szentimregyor.hu\/new\/galeria\/galeria-2016\/2016-szent-imre-unnepe\/\" tabindex=\"-1\"><img loading=\"lazy\" decoding=\"async\" width=\"1800\" height=\"1200\" src=\"https:\/\/www.szentimregyor.hu\/new\/wp-content\/uploads\/2026\/01\/161104-05szentimre035.jpg\" class=\"attachment-full size-full wp-image-27796\" alt=\"\" srcset=\"https:\/\/www.szentimregyor.hu\/new\/wp-content\/uploads\/2026\/01\/161104-05szentimre035.jpg 1800w, https:\/\/www.szentimregyor.hu\/new\/wp-content\/uploads\/2026\/01\/161104-05szentimre035-300x200.jpg 300w, https:\/\/www.szentimregyor.hu\/new\/wp-content\/uploads\/2026\/01\/161104-05szentimre035-1024x683.jpg 1024w, https:\/\/www.szentimregyor.hu\/new\/wp-content\/uploads\/2026\/01\/161104-05szentimre035-768x512.jpg 768w, https:\/\/www.szentimregyor.hu\/new\/wp-content\/uploads\/2026\/01\/161104-05szentimre035-1536x1024.jpg 1536w\" sizes=\"(max-width: 1800px) 100vw, 1800px\" \/><\/a><\/figure><div class=\"elementor-image-box-content\"><h3 class=\"elementor-image-box-title\"><a href=\"https:\/\/www.szentimregyor.hu\/new\/galeria\/galeria-2016\/2016-szent-imre-unnepe\/\"><i>Szent Imre \u00fcnnepe<\/a><\/h3><p class=\"elementor-image-box-description\"><i>2016. november 4-5.<br>(Fot\u00f3: Bogd\u00e1n R\u00e9ka)<\/i><\/p><\/div><\/div>\t\t<\/div>\n\t\t\t\t<\/div>\n\t\t\t\t<div class=\"elementor-element elementor-element-311f7a3 elementor-widget elementor-widget-text-editor\" data-id=\"311f7a3\" data-element_type=\"widget\" data-widget_type=\"text-editor.default\">\n\t\t\t\t<div class=\"elementor-widget-container\">\n\t\t\t\t\t\t\t<p>V\u00e9d\u0151szent\u00fcnk, Szent Imre herceg f\u0151\u00fcnnep\u00e9nek vigili\u00e1j\u00e1n, november 4-\u00e9n, p\u00e9nteken az \u00e9vtizedes hagyom\u00e1nyok szerint ism\u00e9t \u00f6r\u00f6mmel l\u00e1thattuk vend\u00e9g\u00fcl a Gy\u0151ri Hittudom\u00e1nyi F\u0151iskola \u00e9s Papnevel\u0151 Int\u00e9zet el\u00f6lj\u00e1r\u00f3it \u00e9s kispapjait. A szentmis\u00e9t Dr. Luk\u00e1csi Zolt\u00e1n rektor atya mutatta be, az \u00fcnnepi szentbesz\u00e9det Juhos Imre spiritu\u00e1lis atya mondta. A szentmise befejez\u0151 \u00e1ld\u00e1sa ut\u00e1n a templom el\u0151tt \u00e1ll\u00f3 Szent Imre szoborhoz vonultunk, ahol rektor atya Szent Imre herceg \u00e9s Magyarok Nagyasszonya k\u00f6zbenj\u00e1r\u00e1s\u00e1t k\u00e9rte haz\u00e1nk\u00e9rt. Az im\u00e1ds\u00e1g ut\u00e1n mindenki elhelyezett egy m\u00e9csest a szobor talapzat\u00e1n, eml\u00e9kezve a 1956-os forradalom \u00e9s szabads\u00e1gharc \u00e1ldozataira. A megeml\u00e9kez\u00e9st k\u00f6vet\u0151en a templomba visszat\u00e9rve Szent Imre matutinum\u00e1t im\u00e1dkoztuk, \u00e9nekelt\u00fck.<\/p><p>Szombaton a Szent Imre olt\u00e1rn\u00e1l bemutatott szentmise ut\u00e1n eg\u00e9sz napos szents\u00e9gim\u00e1d\u00e1s kez\u0151d\u00f6tt, amelyet d\u00e9lut\u00e1n 5 \u00f3rakor k\u00f6z\u00f6s szent\u00f3ra z\u00e1rt. Az este 6 \u00f3rakor kezd\u0151d\u00f6tt \u00fcnnepi szentmis\u00e9t Kapui Jen\u0151 atya, a mosonmagyar\u00f3v\u00e1ri Nepomuki Szent J\u00e1nos pl\u00e9b\u00e1nia pl\u00e9b\u00e1nosa mutatta be.<\/p><p><!--StartFragment --><\/p><p><!--StartFragment --><\/p><p><!--EndFragment --><\/p>\t\t\t\t\t\t<\/div>\n\t\t\t\t<\/div>\n\t\t\t\t<div class=\"elementor-element elementor-element-5e7ae1e elementor-widget-divider--view-line elementor-widget elementor-widget-divider\" data-id=\"5e7ae1e\" data-element_type=\"widget\" data-widget_type=\"divider.default\">\n\t\t\t\t<div class=\"elementor-widget-container\">\n\t\t\t\t\t<div class=\"elementor-divider\">\n\t\t\t<span class=\"elementor-divider-separator\">\n\t\t\t\t\t\t<\/span>\n\t\t<\/div>\n\t\t\t\t<\/div>\n\t\t\t\t<\/div>\n\t\t\t\t<div class=\"elementor-element elementor-element-99ea89a elementor-widget elementor-widget-spacer\" data-id=\"99ea89a\" data-element_type=\"widget\" data-widget_type=\"spacer.default\">\n\t\t\t\t<div class=\"elementor-widget-container\">\n\t\t\t\t\t<div class=\"elementor-spacer\">\n\t\t\t<div class=\"elementor-spacer-inner\"><\/div>\n\t\t<\/div>\n\t\t\t\t<\/div>\n\t\t\t\t<\/div>\n\t\t\t\t\t<\/div>\n\t\t\t\t<\/div>\n\t\t<div class=\"elementor-element elementor-element-d9ef229 e-flex e-con-boxed elementor-invisible e-con e-parent\" data-id=\"d9ef229\" data-element_type=\"container\" data-settings=\"{&quot;animation&quot;:&quot;fadeInUp&quot;}\">\n\t\t\t\t\t<div class=\"e-con-inner\">\n\t\t\t\t<div class=\"elementor-element elementor-element-34579ba elementor-position-top elementor-widget elementor-widget-image-box\" data-id=\"34579ba\" data-element_type=\"widget\" data-widget_type=\"image-box.default\">\n\t\t\t\t<div class=\"elementor-widget-container\">\n\t\t\t<div class=\"elementor-image-box-wrapper\"><figure class=\"elementor-image-box-img\"><a href=\"https:\/\/www.szentimregyor.hu\/new\/galeria\/galeria-2016\/2016-varadi-kristof-ujmiseje\/\" tabindex=\"-1\"><img loading=\"lazy\" decoding=\"async\" width=\"1800\" height=\"1350\" src=\"https:\/\/www.szentimregyor.hu\/new\/wp-content\/uploads\/2026\/01\/160717varadikristof029.jpg\" class=\"attachment-full size-full wp-image-27653\" alt=\"\" srcset=\"https:\/\/www.szentimregyor.hu\/new\/wp-content\/uploads\/2026\/01\/160717varadikristof029.jpg 1800w, https:\/\/www.szentimregyor.hu\/new\/wp-content\/uploads\/2026\/01\/160717varadikristof029-300x225.jpg 300w, https:\/\/www.szentimregyor.hu\/new\/wp-content\/uploads\/2026\/01\/160717varadikristof029-1024x768.jpg 1024w, https:\/\/www.szentimregyor.hu\/new\/wp-content\/uploads\/2026\/01\/160717varadikristof029-768x576.jpg 768w, https:\/\/www.szentimregyor.hu\/new\/wp-content\/uploads\/2026\/01\/160717varadikristof029-1536x1152.jpg 1536w\" sizes=\"(max-width: 1800px) 100vw, 1800px\" \/><\/a><\/figure><div class=\"elementor-image-box-content\"><h3 class=\"elementor-image-box-title\"><a href=\"https:\/\/www.szentimregyor.hu\/new\/galeria\/galeria-2016\/2016-varadi-kristof-ujmiseje\/\"><i>V\u00e1radi Krist\u00f3f \u00fajmis\u00e9je<\/a><\/h3><p class=\"elementor-image-box-description\"><i>2016. j\u00falius 17.<br>(Fot\u00f3: Vaday Tam\u00e1s)<\/i><\/p><\/div><\/div>\t\t<\/div>\n\t\t\t\t<\/div>\n\t\t\t\t<div class=\"elementor-element elementor-element-38fd684 elementor-widget elementor-widget-text-editor\" data-id=\"38fd684\" data-element_type=\"widget\" data-widget_type=\"text-editor.default\">\n\t\t\t\t<div class=\"elementor-widget-container\">\n\t\t\t\t\t\t\t<p><!--StartFragment --><\/p><p><!--StartFragment --><\/p><p>\u00a0<\/p><p><!--EndFragment --><\/p>\t\t\t\t\t\t<\/div>\n\t\t\t\t<\/div>\n\t\t\t\t<div class=\"elementor-element elementor-element-5ca54d6 elementor-widget-divider--view-line elementor-widget elementor-widget-divider\" data-id=\"5ca54d6\" data-element_type=\"widget\" data-widget_type=\"divider.default\">\n\t\t\t\t<div class=\"elementor-widget-container\">\n\t\t\t\t\t<div class=\"elementor-divider\">\n\t\t\t<span class=\"elementor-divider-separator\">\n\t\t\t\t\t\t<\/span>\n\t\t<\/div>\n\t\t\t\t<\/div>\n\t\t\t\t<\/div>\n\t\t\t\t<div class=\"elementor-element elementor-element-531d43a elementor-widget elementor-widget-spacer\" data-id=\"531d43a\" data-element_type=\"widget\" data-widget_type=\"spacer.default\">\n\t\t\t\t<div class=\"elementor-widget-container\">\n\t\t\t\t\t<div class=\"elementor-spacer\">\n\t\t\t<div class=\"elementor-spacer-inner\"><\/div>\n\t\t<\/div>\n\t\t\t\t<\/div>\n\t\t\t\t<\/div>\n\t\t\t\t\t<\/div>\n\t\t\t\t<\/div>\n\t\t<div class=\"elementor-element elementor-element-2119c2f e-flex e-con-boxed elementor-invisible e-con e-parent\" data-id=\"2119c2f\" data-element_type=\"container\" data-settings=\"{&quot;animation&quot;:&quot;fadeInUp&quot;}\">\n\t\t\t\t\t<div class=\"e-con-inner\">\n\t\t\t\t<div class=\"elementor-element elementor-element-4b3f49b elementor-position-top elementor-widget elementor-widget-image-box\" data-id=\"4b3f49b\" data-element_type=\"widget\" data-widget_type=\"image-box.default\">\n\t\t\t\t<div class=\"elementor-widget-container\">\n\t\t\t<div class=\"elementor-image-box-wrapper\"><figure class=\"elementor-image-box-img\"><a href=\"https:\/\/www.szentimregyor.hu\/new\/galeria\/galeria-2016\/2016-vlaj-mark-atya-ujmiseje\/\" tabindex=\"-1\"><img loading=\"lazy\" decoding=\"async\" width=\"1800\" height=\"1350\" src=\"https:\/\/www.szentimregyor.hu\/new\/wp-content\/uploads\/2026\/01\/160710vlajmark017.jpg\" class=\"attachment-full size-full wp-image-27591\" alt=\"\" srcset=\"https:\/\/www.szentimregyor.hu\/new\/wp-content\/uploads\/2026\/01\/160710vlajmark017.jpg 1800w, https:\/\/www.szentimregyor.hu\/new\/wp-content\/uploads\/2026\/01\/160710vlajmark017-300x225.jpg 300w, https:\/\/www.szentimregyor.hu\/new\/wp-content\/uploads\/2026\/01\/160710vlajmark017-1024x768.jpg 1024w, https:\/\/www.szentimregyor.hu\/new\/wp-content\/uploads\/2026\/01\/160710vlajmark017-768x576.jpg 768w, https:\/\/www.szentimregyor.hu\/new\/wp-content\/uploads\/2026\/01\/160710vlajmark017-1536x1152.jpg 1536w\" sizes=\"(max-width: 1800px) 100vw, 1800px\" \/><\/a><\/figure><div class=\"elementor-image-box-content\"><h3 class=\"elementor-image-box-title\"><a href=\"https:\/\/www.szentimregyor.hu\/new\/galeria\/galeria-2016\/2016-vlaj-mark-atya-ujmiseje\/\"><i>Vlaj M\u00e1rk atya \u00fajmis\u00e9je<\/a><\/h3><p class=\"elementor-image-box-description\"><i>2016. j\u00falius 10.<br>(Fot\u00f3: Vaday Tam\u00e1s, Vid\u00e9ki Zolt\u00e1n)<\/i><\/p><\/div><\/div>\t\t<\/div>\n\t\t\t\t<\/div>\n\t\t\t\t<div class=\"elementor-element elementor-element-67abf28 elementor-widget elementor-widget-text-editor\" data-id=\"67abf28\" data-element_type=\"widget\" data-widget_type=\"text-editor.default\">\n\t\t\t\t<div class=\"elementor-widget-container\">\n\t\t\t\t\t\t\t<p><!--StartFragment --><\/p><p><!--StartFragment --><\/p><p>\u00a0<\/p><p><!--EndFragment --><\/p>\t\t\t\t\t\t<\/div>\n\t\t\t\t<\/div>\n\t\t\t\t<div class=\"elementor-element elementor-element-d60da8a elementor-widget-divider--view-line elementor-widget elementor-widget-divider\" data-id=\"d60da8a\" data-element_type=\"widget\" data-widget_type=\"divider.default\">\n\t\t\t\t<div class=\"elementor-widget-container\">\n\t\t\t\t\t<div class=\"elementor-divider\">\n\t\t\t<span class=\"elementor-divider-separator\">\n\t\t\t\t\t\t<\/span>\n\t\t<\/div>\n\t\t\t\t<\/div>\n\t\t\t\t<\/div>\n\t\t\t\t<div class=\"elementor-element elementor-element-04e3231 elementor-widget elementor-widget-spacer\" data-id=\"04e3231\" data-element_type=\"widget\" data-widget_type=\"spacer.default\">\n\t\t\t\t<div class=\"elementor-widget-container\">\n\t\t\t\t\t<div class=\"elementor-spacer\">\n\t\t\t<div class=\"elementor-spacer-inner\"><\/div>\n\t\t<\/div>\n\t\t\t\t<\/div>\n\t\t\t\t<\/div>\n\t\t\t\t\t<\/div>\n\t\t\t\t<\/div>\n\t\t<div class=\"elementor-element elementor-element-5ab3ba1 e-flex e-con-boxed elementor-invisible e-con e-parent\" data-id=\"5ab3ba1\" data-element_type=\"container\" data-settings=\"{&quot;animation&quot;:&quot;fadeInUp&quot;}\">\n\t\t\t\t\t<div class=\"e-con-inner\">\n\t\t\t\t<div class=\"elementor-element elementor-element-cbb147f elementor-position-top elementor-widget elementor-widget-image-box\" data-id=\"cbb147f\" data-element_type=\"widget\" data-widget_type=\"image-box.default\">\n\t\t\t\t<div class=\"elementor-widget-container\">\n\t\t\t<div class=\"elementor-image-box-wrapper\"><figure class=\"elementor-image-box-img\"><a href=\"https:\/\/www.szentimregyor.hu\/new\/galeria\/galeria-2016\/2016-gitaros-boson\/\" tabindex=\"-1\"><img loading=\"lazy\" decoding=\"async\" width=\"1800\" height=\"1350\" src=\"https:\/\/www.szentimregyor.hu\/new\/wp-content\/uploads\/2026\/01\/160626bos034.jpg\" class=\"attachment-full size-full wp-image-27564\" alt=\"\" srcset=\"https:\/\/www.szentimregyor.hu\/new\/wp-content\/uploads\/2026\/01\/160626bos034.jpg 1800w, https:\/\/www.szentimregyor.hu\/new\/wp-content\/uploads\/2026\/01\/160626bos034-300x225.jpg 300w, https:\/\/www.szentimregyor.hu\/new\/wp-content\/uploads\/2026\/01\/160626bos034-1024x768.jpg 1024w, https:\/\/www.szentimregyor.hu\/new\/wp-content\/uploads\/2026\/01\/160626bos034-768x576.jpg 768w, https:\/\/www.szentimregyor.hu\/new\/wp-content\/uploads\/2026\/01\/160626bos034-1536x1152.jpg 1536w\" sizes=\"(max-width: 1800px) 100vw, 1800px\" \/><\/a><\/figure><div class=\"elementor-image-box-content\"><h3 class=\"elementor-image-box-title\"><a href=\"https:\/\/www.szentimregyor.hu\/new\/galeria\/galeria-2016\/2016-gitaros-boson\/\"><i>Git\u00e1ros \u00e9nek- \u00e9s zenekar B\u0151s\u00f6n<\/a><\/h3><p class=\"elementor-image-box-description\"><i>2016. j\u00fanius 26.<br>(Fot\u00f3: Vaday Tam\u00e1s)<\/i><\/p><\/div><\/div>\t\t<\/div>\n\t\t\t\t<\/div>\n\t\t\t\t<div class=\"elementor-element elementor-element-30a3d97 elementor-widget elementor-widget-text-editor\" data-id=\"30a3d97\" data-element_type=\"widget\" data-widget_type=\"text-editor.default\">\n\t\t\t\t<div class=\"elementor-widget-container\">\n\t\t\t\t\t\t\t<p><!--StartFragment --><\/p><p><!--StartFragment --><\/p><p>J\u00fanius utols\u00f3 vas\u00e1rnapj\u00e1nak szentmis\u00e9j\u00e9n a gy\u0151ri Szent Imre pl\u00e9b\u00e1nia git\u00e1ros \u00e9nek- \u00e9s zenekara szolg\u00e1lt a csall\u00f3k\u00f6zi B\u0151s\u00f6n. A szinte sz\u00e1z sz\u00e1zal\u00e9kban magyar nemzetis\u00e9g\u0171 v\u00e1ros jelenlegi pl\u00e9b\u00e1nos\u00e1nak, Alb\u00e1n J\u00f3zsef atya megh\u00edv\u00e1s\u00e1ra csal\u00e1dtagokkal kib\u0151v\u00fclve \u00e9rkezett a csoport az Antiochiai Szent Margitnak szentelt templomba, hogy a helyi magyar h\u00edvekkel k\u00f6z\u00f6sen vegyen r\u00e9szt a liturgi\u00e1ban. A csoport legkedvesebb \u00e9nekeit hozta \u201eaj\u00e1nd\u00e9kba\u201d a hat\u00e1ron t\u00fali testv\u00e9reknek, akik nagy \u00f6r\u00f6mmel \u00e9s meghatotts\u00e1ggal fogadt\u00e1k a dalba \u00f6nt\u00f6tt sz\u00e9p im\u00e1kat. J\u00f3zsef atya szentbesz\u00e9d\u00e9nek \u00e9rt\u00e9kes \u00fczenetei pedig a csoport sz\u00e1m\u00e1ra jelentettek lelket \u00e9p\u00edt\u0151 aj\u00e1nd\u00e9kot. A napi evang\u00e9liumot elemezve hangs\u00falyt kapott, hogy az Istenhez val\u00f3 viszonyunk \u00e1t kell, hogy hassa \u00e9let\u00fcnk minden szegmens\u00e9t: az anyagi k\u00f6r\u00fclm\u00e9nyeinkhez, az \u00e9let nagy k\u00e9rd\u00e9seihez \u2013 mint \u00e9let \u00e9s hal\u00e1l \u2013, \u00e9s az emberekhez f\u0171z\u0151d\u0151 viszonyunkat egyar\u00e1nt. Fontos \u00fatraval\u00f3k\u00e9nt hangzott el az is, hogy J\u00e9zus k\u00f6vet\u00e9se nem t\u0171r halogat\u00e1st\u2026 E tan\u00edt\u00f3 gondolatokra sz\u00e9pen r\u00edmelt az \u00e9nekkar szentmis\u00e9t z\u00e1r\u00f3, b\u00facs\u00faz\u00f3 dala, mely egyben ak\u00e1r a l\u00e1togat\u00e1s mott\u00f3j\u00e1ul is szolg\u00e1lhatott volna: \u201eJ\u00f6jj\u00f6n a f\u00f6ldre igazi b\u00e9ke orsz\u00e1gok, n\u00e9pek k\u00f6z\u00f6tt, az emberek k\u00f6z\u00f6tt, l\u00e9lek \u00e9s l\u00e9lek k\u00f6z\u00f6tt, az \u00e9g \u00e9s f\u00f6ld k\u00f6z\u00f6tt\u2026!\u201d<\/p><p>Sz\u00e9n\u00e1ssy Judit<\/p><p><!--EndFragment --><\/p>\t\t\t\t\t\t<\/div>\n\t\t\t\t<\/div>\n\t\t\t\t<div class=\"elementor-element elementor-element-95efafd elementor-widget-divider--view-line elementor-widget elementor-widget-divider\" data-id=\"95efafd\" data-element_type=\"widget\" data-widget_type=\"divider.default\">\n\t\t\t\t<div class=\"elementor-widget-container\">\n\t\t\t\t\t<div class=\"elementor-divider\">\n\t\t\t<span class=\"elementor-divider-separator\">\n\t\t\t\t\t\t<\/span>\n\t\t<\/div>\n\t\t\t\t<\/div>\n\t\t\t\t<\/div>\n\t\t\t\t<div class=\"elementor-element elementor-element-dfdc133 elementor-widget elementor-widget-spacer\" data-id=\"dfdc133\" data-element_type=\"widget\" data-widget_type=\"spacer.default\">\n\t\t\t\t<div class=\"elementor-widget-container\">\n\t\t\t\t\t<div class=\"elementor-spacer\">\n\t\t\t<div class=\"elementor-spacer-inner\"><\/div>\n\t\t<\/div>\n\t\t\t\t<\/div>\n\t\t\t\t<\/div>\n\t\t\t\t\t<\/div>\n\t\t\t\t<\/div>\n\t\t<div class=\"elementor-element elementor-element-65aa898 e-flex e-con-boxed elementor-invisible e-con e-parent\" data-id=\"65aa898\" data-element_type=\"container\" data-settings=\"{&quot;animation&quot;:&quot;fadeInUp&quot;}\">\n\t\t\t\t\t<div class=\"e-con-inner\">\n\t\t\t\t<div class=\"elementor-element elementor-element-1d35e41 elementor-position-top elementor-widget elementor-widget-image-box\" data-id=\"1d35e41\" data-element_type=\"widget\" data-widget_type=\"image-box.default\">\n\t\t\t\t<div class=\"elementor-widget-container\">\n\t\t\t<div class=\"elementor-image-box-wrapper\"><figure class=\"elementor-image-box-img\"><a href=\"https:\/\/www.szentimregyor.hu\/new\/galeria\/galeria-2016\/2016-templomszentelesi-evfordulo\/\" tabindex=\"-1\"><img loading=\"lazy\" decoding=\"async\" width=\"1800\" height=\"1350\" src=\"https:\/\/www.szentimregyor.hu\/new\/wp-content\/uploads\/2026\/01\/160603templomszenteles012.jpg\" class=\"attachment-full size-full wp-image-27493\" alt=\"\" srcset=\"https:\/\/www.szentimregyor.hu\/new\/wp-content\/uploads\/2026\/01\/160603templomszenteles012.jpg 1800w, https:\/\/www.szentimregyor.hu\/new\/wp-content\/uploads\/2026\/01\/160603templomszenteles012-300x225.jpg 300w, https:\/\/www.szentimregyor.hu\/new\/wp-content\/uploads\/2026\/01\/160603templomszenteles012-1024x768.jpg 1024w, https:\/\/www.szentimregyor.hu\/new\/wp-content\/uploads\/2026\/01\/160603templomszenteles012-768x576.jpg 768w, https:\/\/www.szentimregyor.hu\/new\/wp-content\/uploads\/2026\/01\/160603templomszenteles012-1536x1152.jpg 1536w\" sizes=\"(max-width: 1800px) 100vw, 1800px\" \/><\/a><\/figure><div class=\"elementor-image-box-content\"><h3 class=\"elementor-image-box-title\"><a href=\"https:\/\/www.szentimregyor.hu\/new\/galeria\/galeria-2016\/2016-templomszentelesi-evfordulo\/\"><i>Templomszentel\u00e9si \u00e9vfordul\u00f3<\/a><\/h3><p class=\"elementor-image-box-description\"><i>2016. j\u00fanius 3.<br>(Fot\u00f3: Bogd\u00e1n R\u00e9ka)<\/i><\/p><\/div><\/div>\t\t<\/div>\n\t\t\t\t<\/div>\n\t\t\t\t<div class=\"elementor-element elementor-element-9ad830c elementor-widget elementor-widget-text-editor\" data-id=\"9ad830c\" data-element_type=\"widget\" data-widget_type=\"text-editor.default\">\n\t\t\t\t<div class=\"elementor-widget-container\">\n\t\t\t\t\t\t\t<p><!--StartFragment --><\/p><p><!--StartFragment --><\/p><p>A Szent Imre templom felszentel\u00e9s\u00e9nek 73. \u00e9vfordul\u00f3j\u00e1n, j\u00fanius 3-\u00e1n este \u00fcnnepi szentmis\u00e9re gy\u0171lt \u00f6ssze a pl\u00e9b\u00e1nia k\u00f6z\u00f6ss\u00e9ge. 1943-ban ezen a napon (akkor \u00c1ldoz\u00f3cs\u00fct\u00f6rt\u00f6k\u00f6n) szentelte fel templomunkat Boldog Apor Vilmos gy\u0151ri megy\u00e9sp\u00fcsp\u00f6k. Az \u00fcnnepi szentmis\u00e9t Dr. N\u00e9meth G\u00e1bor atya, kisb\u00e1csai pl\u00e9b\u00e1nos mutatta be. A szentmis\u00e9t k\u00f6vet\u0151en a hagyom\u00e1nyoknak megfelel\u0151en megkoszor\u00faztuk a templom felszentel\u00e9si eml\u00e9kt\u00e1bl\u00e1j\u00e1t, majd az altemplomba vonulva templom\u00e9p\u00edt\u0151 pl\u00e9b\u00e1nosunk, Dr. Szelestey B\u00e9la atya s\u00edrj\u00e1t, ahol a szertart\u00e1s az \u00e9rte elmondott im\u00e1ds\u00e1ggal fejez\u0151d\u00f6tt be.<\/p><p><!--EndFragment --><\/p>\t\t\t\t\t\t<\/div>\n\t\t\t\t<\/div>\n\t\t\t\t<div class=\"elementor-element elementor-element-614dd4d elementor-widget-divider--view-line elementor-widget elementor-widget-divider\" data-id=\"614dd4d\" data-element_type=\"widget\" data-widget_type=\"divider.default\">\n\t\t\t\t<div class=\"elementor-widget-container\">\n\t\t\t\t\t<div class=\"elementor-divider\">\n\t\t\t<span class=\"elementor-divider-separator\">\n\t\t\t\t\t\t<\/span>\n\t\t<\/div>\n\t\t\t\t<\/div>\n\t\t\t\t<\/div>\n\t\t\t\t<div class=\"elementor-element elementor-element-f75f1a9 elementor-widget elementor-widget-spacer\" data-id=\"f75f1a9\" data-element_type=\"widget\" data-widget_type=\"spacer.default\">\n\t\t\t\t<div class=\"elementor-widget-container\">\n\t\t\t\t\t<div class=\"elementor-spacer\">\n\t\t\t<div class=\"elementor-spacer-inner\"><\/div>\n\t\t<\/div>\n\t\t\t\t<\/div>\n\t\t\t\t<\/div>\n\t\t\t\t\t<\/div>\n\t\t\t\t<\/div>\n\t\t<div class=\"elementor-element elementor-element-db842e1 e-flex e-con-boxed elementor-invisible e-con e-parent\" data-id=\"db842e1\" data-element_type=\"container\" data-settings=\"{&quot;animation&quot;:&quot;fadeInUp&quot;}\">\n\t\t\t\t\t<div class=\"e-con-inner\">\n\t\t\t\t<div class=\"elementor-element elementor-element-57336c9 elementor-position-top elementor-widget elementor-widget-image-box\" data-id=\"57336c9\" data-element_type=\"widget\" data-widget_type=\"image-box.default\">\n\t\t\t\t<div class=\"elementor-widget-container\">\n\t\t\t<div class=\"elementor-image-box-wrapper\"><figure class=\"elementor-image-box-img\"><a href=\"https:\/\/www.szentimregyor.hu\/new\/galeria\/galeria-2016\/2016-urnapja\/\" tabindex=\"-1\"><img loading=\"lazy\" decoding=\"async\" width=\"1800\" height=\"1350\" src=\"https:\/\/www.szentimregyor.hu\/new\/wp-content\/uploads\/2026\/01\/160529urnapja072.jpg\" class=\"attachment-full size-full wp-image-27418\" alt=\"\" srcset=\"https:\/\/www.szentimregyor.hu\/new\/wp-content\/uploads\/2026\/01\/160529urnapja072.jpg 1800w, https:\/\/www.szentimregyor.hu\/new\/wp-content\/uploads\/2026\/01\/160529urnapja072-300x225.jpg 300w, https:\/\/www.szentimregyor.hu\/new\/wp-content\/uploads\/2026\/01\/160529urnapja072-1024x768.jpg 1024w, https:\/\/www.szentimregyor.hu\/new\/wp-content\/uploads\/2026\/01\/160529urnapja072-768x576.jpg 768w, https:\/\/www.szentimregyor.hu\/new\/wp-content\/uploads\/2026\/01\/160529urnapja072-1536x1152.jpg 1536w\" sizes=\"(max-width: 1800px) 100vw, 1800px\" \/><\/a><\/figure><div class=\"elementor-image-box-content\"><h3 class=\"elementor-image-box-title\"><a href=\"https:\/\/www.szentimregyor.hu\/new\/galeria\/galeria-2016\/2016-urnapja\/\"><i>\u00darnapja<\/a><\/h3><p class=\"elementor-image-box-description\"><i>2016. m\u00e1jus 29.<br>(Fot\u00f3: Vaday Tam\u00e1s)<\/i><\/p><\/div><\/div>\t\t<\/div>\n\t\t\t\t<\/div>\n\t\t\t\t<div class=\"elementor-element elementor-element-a041c53 elementor-widget elementor-widget-text-editor\" data-id=\"a041c53\" data-element_type=\"widget\" data-widget_type=\"text-editor.default\">\n\t\t\t\t<div class=\"elementor-widget-container\">\n\t\t\t\t\t\t\t<p><!--StartFragment --><\/p><p><!--StartFragment --><\/p><p>Vas\u00e1rnap \u00fcnnepelt\u00fck \u00darnapj\u00e1t, azaz Krisztus Szent Test\u00e9nek \u00e9s V\u00e9r\u00e9nek f\u0151\u00fcnnep\u00e9t. A 10 \u00f3rakor kezd\u0151d\u00f6tt \u00fcnnepi szentmis\u00e9t az k\u00f6rmenet z\u00e1rta, amely a szok\u00e1sos \u00fatvonalon, az Erzs\u00e9bet-liget s\u00e9ta\u00fatjain haladt v\u00e9gig. A n\u00e9gy olt\u00e1rn\u00e1l n\u00e9gy, az Olt\u00e1riszents\u00e9ghez kapcsol\u00f3d\u00f3 evang\u00e9liumi szakaszt hallgattunk, s minden olt\u00e1rn\u00e1l szents\u00e9gi \u00e1ld\u00e1sban is r\u00e9szes\u00fclt\u00fcnk. A k\u00f6rmeneten az id\u00e9n els\u0151\u00e1ldoz\u00f3 gyermekek hintettek vir\u00e1gszirmokat a Krisztus Test\u00e9t a szents\u00e9gmutat\u00f3ban felmutat\u00f3 pap el\u00e9. A templomba visszat\u00e9rve a Te Deum el\u00e9kl\u00e9s\u00e9vel adtunk h\u00e1l\u00e1t Istennek, majd szents\u00e9gi \u00e1ld\u00e1ssal fejez\u0151d\u00f6tt be az Olt\u00e1riszents\u00e9g \u00fcnnepi szentmis\u00e9je.<\/p><p><!--EndFragment --><\/p>\t\t\t\t\t\t<\/div>\n\t\t\t\t<\/div>\n\t\t\t\t<div class=\"elementor-element elementor-element-a7b3c6c elementor-widget-divider--view-line elementor-widget elementor-widget-divider\" data-id=\"a7b3c6c\" data-element_type=\"widget\" data-widget_type=\"divider.default\">\n\t\t\t\t<div class=\"elementor-widget-container\">\n\t\t\t\t\t<div class=\"elementor-divider\">\n\t\t\t<span class=\"elementor-divider-separator\">\n\t\t\t\t\t\t<\/span>\n\t\t<\/div>\n\t\t\t\t<\/div>\n\t\t\t\t<\/div>\n\t\t\t\t<div class=\"elementor-element elementor-element-a0b0f13 elementor-widget elementor-widget-spacer\" data-id=\"a0b0f13\" data-element_type=\"widget\" data-widget_type=\"spacer.default\">\n\t\t\t\t<div class=\"elementor-widget-container\">\n\t\t\t\t\t<div class=\"elementor-spacer\">\n\t\t\t<div class=\"elementor-spacer-inner\"><\/div>\n\t\t<\/div>\n\t\t\t\t<\/div>\n\t\t\t\t<\/div>\n\t\t\t\t\t<\/div>\n\t\t\t\t<\/div>\n\t\t<div class=\"elementor-element elementor-element-ac5cd1e e-flex e-con-boxed elementor-invisible e-con e-parent\" data-id=\"ac5cd1e\" data-element_type=\"container\" data-settings=\"{&quot;animation&quot;:&quot;fadeInUp&quot;}\">\n\t\t\t\t\t<div class=\"e-con-inner\">\n\t\t\t\t<div class=\"elementor-element elementor-element-0b98dc1 elementor-position-top elementor-widget elementor-widget-image-box\" data-id=\"0b98dc1\" data-element_type=\"widget\" data-widget_type=\"image-box.default\">\n\t\t\t\t<div class=\"elementor-widget-container\">\n\t\t\t<div class=\"elementor-image-box-wrapper\"><figure class=\"elementor-image-box-img\"><a href=\"https:\/\/www.szentimregyor.hu\/new\/galeria\/galeria-2016\/2016-katekumenek-szentsegfelvetele\/\" tabindex=\"-1\"><img loading=\"lazy\" decoding=\"async\" width=\"1800\" height=\"1350\" src=\"https:\/\/www.szentimregyor.hu\/new\/wp-content\/uploads\/2026\/01\/160409katekumen025.jpg\" class=\"attachment-full size-full wp-image-27012\" alt=\"\" srcset=\"https:\/\/www.szentimregyor.hu\/new\/wp-content\/uploads\/2026\/01\/160409katekumen025.jpg 1800w, https:\/\/www.szentimregyor.hu\/new\/wp-content\/uploads\/2026\/01\/160409katekumen025-300x225.jpg 300w, https:\/\/www.szentimregyor.hu\/new\/wp-content\/uploads\/2026\/01\/160409katekumen025-1024x768.jpg 1024w, https:\/\/www.szentimregyor.hu\/new\/wp-content\/uploads\/2026\/01\/160409katekumen025-768x576.jpg 768w, https:\/\/www.szentimregyor.hu\/new\/wp-content\/uploads\/2026\/01\/160409katekumen025-1536x1152.jpg 1536w\" sizes=\"(max-width: 1800px) 100vw, 1800px\" \/><\/a><\/figure><div class=\"elementor-image-box-content\"><h3 class=\"elementor-image-box-title\"><a href=\"https:\/\/www.szentimregyor.hu\/new\/galeria\/galeria-2016\/2016-katekumenek-szentsegfelvetele\/\"><i>Katekumenek szents\u00e9gfelv\u00e9tele<\/a><\/h3><p class=\"elementor-image-box-description\"><i>2016. \u00e1prilis 9.<br>(Fot\u00f3: Vaday Tam\u00e1s)<\/i><\/p><\/div><\/div>\t\t<\/div>\n\t\t\t\t<\/div>\n\t\t\t\t<div class=\"elementor-element elementor-element-34bdbdc elementor-widget elementor-widget-text-editor\" data-id=\"34bdbdc\" data-element_type=\"widget\" data-widget_type=\"text-editor.default\">\n\t\t\t\t<div class=\"elementor-widget-container\">\n\t\t\t\t\t\t\t<p><!--StartFragment --><\/p><p><!--StartFragment --><\/p><p>H\u00fasv\u00e9t harmadik vas\u00e1rnapj\u00e1nak el\u0151est\u00e9j\u00e9n ker\u00fclt sor a katekumenek \u00fcnnep\u00e9lyes szents\u00e9gfelv\u00e9tel\u00e9re. Testv\u00e9reink \u0151sz \u00f3ta folyamatosan k\u00e9sz\u00fcltek a beavat\u00f3 szents\u00e9gek felv\u00e9tel\u00e9re. A szombat esti szentmis\u00e9n 6 feln\u0151tt testv\u00e9r\u00fcnk nyerte el a kereszts\u00e9g \u00e1ltal az istengyermeks\u00e9get \u00e9s v\u00e1lt az egyh\u00e1z tagj\u00e1v\u00e1, vel\u00fck egy\u00fctt 12-en ezen a szentmis\u00e9n lettek els\u0151\u00e1ldoz\u00f3k \u00e9s mind\u00f6sszesen tizenh\u00e1rman r\u00e9szes\u00fcltek a b\u00e9rm\u00e1l\u00e1s szents\u00e9g\u00e9ben. A k\u00e9pre kattintva az esem\u00e9nyr\u0151l k\u00e9sz\u00fclt f\u00e9nyk\u00e9peket tekinthetik meg, a teljes m\u00e9ret\u0171 fot\u00f3k let\u00f6lthet\u0151k a <a href=\"https:\/\/www.flickr.com\/photos\/99929046@N06\/albums\/72157666924308366\/\" target=\"_blank\" rel=\"noopener\">Szent Imre Pl\u00e9b\u00e1nia Flickr-oldal\u00e1r\u00f3l<\/a>.<\/p><p><!--EndFragment --><\/p>\t\t\t\t\t\t<\/div>\n\t\t\t\t<\/div>\n\t\t\t\t<div class=\"elementor-element elementor-element-21915c3 elementor-widget-divider--view-line elementor-widget elementor-widget-divider\" data-id=\"21915c3\" data-element_type=\"widget\" data-widget_type=\"divider.default\">\n\t\t\t\t<div class=\"elementor-widget-container\">\n\t\t\t\t\t<div class=\"elementor-divider\">\n\t\t\t<span class=\"elementor-divider-separator\">\n\t\t\t\t\t\t<\/span>\n\t\t<\/div>\n\t\t\t\t<\/div>\n\t\t\t\t<\/div>\n\t\t\t\t<div class=\"elementor-element elementor-element-66bf9d0 elementor-widget elementor-widget-spacer\" data-id=\"66bf9d0\" data-element_type=\"widget\" data-widget_type=\"spacer.default\">\n\t\t\t\t<div class=\"elementor-widget-container\">\n\t\t\t\t\t<div class=\"elementor-spacer\">\n\t\t\t<div class=\"elementor-spacer-inner\"><\/div>\n\t\t<\/div>\n\t\t\t\t<\/div>\n\t\t\t\t<\/div>\n\t\t\t\t\t<\/div>\n\t\t\t\t<\/div>\n\t\t<div class=\"elementor-element elementor-element-7be2f22 e-flex e-con-boxed elementor-invisible e-con e-parent\" data-id=\"7be2f22\" data-element_type=\"container\" data-settings=\"{&quot;animation&quot;:&quot;fadeInUp&quot;}\">\n\t\t\t\t\t<div class=\"e-con-inner\">\n\t\t\t\t<div class=\"elementor-element elementor-element-01374f3 elementor-position-top elementor-widget elementor-widget-image-box\" data-id=\"01374f3\" data-element_type=\"widget\" data-widget_type=\"image-box.default\">\n\t\t\t\t<div class=\"elementor-widget-container\">\n\t\t\t<div class=\"elementor-image-box-wrapper\"><figure class=\"elementor-image-box-img\"><a href=\"https:\/\/www.szentimregyor.hu\/new\/galeria\/galeria-2016\/2016-husvetvasarnap\/\" tabindex=\"-1\"><img loading=\"lazy\" decoding=\"async\" width=\"1800\" height=\"1350\" src=\"https:\/\/www.szentimregyor.hu\/new\/wp-content\/uploads\/2026\/01\/160327husvet002.jpg\" class=\"attachment-full size-full wp-image-26955\" alt=\"\" srcset=\"https:\/\/www.szentimregyor.hu\/new\/wp-content\/uploads\/2026\/01\/160327husvet002.jpg 1800w, https:\/\/www.szentimregyor.hu\/new\/wp-content\/uploads\/2026\/01\/160327husvet002-300x225.jpg 300w, https:\/\/www.szentimregyor.hu\/new\/wp-content\/uploads\/2026\/01\/160327husvet002-1024x768.jpg 1024w, https:\/\/www.szentimregyor.hu\/new\/wp-content\/uploads\/2026\/01\/160327husvet002-768x576.jpg 768w, https:\/\/www.szentimregyor.hu\/new\/wp-content\/uploads\/2026\/01\/160327husvet002-1536x1152.jpg 1536w\" sizes=\"(max-width: 1800px) 100vw, 1800px\" \/><\/a><\/figure><div class=\"elementor-image-box-content\"><h3 class=\"elementor-image-box-title\"><a href=\"https:\/\/www.szentimregyor.hu\/new\/galeria\/galeria-2016\/2016-husvetvasarnap\/\"><i>H\u00fasv\u00e9tvas\u00e1rnap<\/a><\/h3><p class=\"elementor-image-box-description\"><i>2016. m\u00e1rcius 27.<br>(Fot\u00f3: Vaday Tam\u00e1s)<\/i><\/p><\/div><\/div>\t\t<\/div>\n\t\t\t\t<\/div>\n\t\t\t\t<div class=\"elementor-element elementor-element-4fe7606 elementor-widget elementor-widget-text-editor\" data-id=\"4fe7606\" data-element_type=\"widget\" data-widget_type=\"text-editor.default\">\n\t\t\t\t<div class=\"elementor-widget-container\">\n\t\t\t\t\t\t\t<p><!--StartFragment --><\/p><p><!--StartFragment --><\/p><p>F\u00e9nyk\u00e9pes besz\u00e1mol\u00f3 a felt\u00e1mad\u00e1s \u00fcnnepl\u00e9s\u00e9r\u0151l.<\/p><p><!--EndFragment --><\/p>\t\t\t\t\t\t<\/div>\n\t\t\t\t<\/div>\n\t\t\t\t<div class=\"elementor-element elementor-element-f408e97 elementor-widget-divider--view-line elementor-widget elementor-widget-divider\" data-id=\"f408e97\" data-element_type=\"widget\" data-widget_type=\"divider.default\">\n\t\t\t\t<div class=\"elementor-widget-container\">\n\t\t\t\t\t<div class=\"elementor-divider\">\n\t\t\t<span class=\"elementor-divider-separator\">\n\t\t\t\t\t\t<\/span>\n\t\t<\/div>\n\t\t\t\t<\/div>\n\t\t\t\t<\/div>\n\t\t\t\t<div class=\"elementor-element elementor-element-42283df elementor-widget elementor-widget-spacer\" data-id=\"42283df\" data-element_type=\"widget\" data-widget_type=\"spacer.default\">\n\t\t\t\t<div class=\"elementor-widget-container\">\n\t\t\t\t\t<div class=\"elementor-spacer\">\n\t\t\t<div class=\"elementor-spacer-inner\"><\/div>\n\t\t<\/div>\n\t\t\t\t<\/div>\n\t\t\t\t<\/div>\n\t\t\t\t\t<\/div>\n\t\t\t\t<\/div>\n\t\t<div class=\"elementor-element elementor-element-faa8602 e-flex e-con-boxed elementor-invisible e-con e-parent\" data-id=\"faa8602\" data-element_type=\"container\" data-settings=\"{&quot;animation&quot;:&quot;fadeInUp&quot;}\">\n\t\t\t\t\t<div class=\"e-con-inner\">\n\t\t\t\t<div class=\"elementor-element elementor-element-6304588 elementor-position-top elementor-widget elementor-widget-image-box\" data-id=\"6304588\" data-element_type=\"widget\" data-widget_type=\"image-box.default\">\n\t\t\t\t<div class=\"elementor-widget-container\">\n\t\t\t<div class=\"elementor-image-box-wrapper\"><figure class=\"elementor-image-box-img\"><a href=\"https:\/\/www.szentimregyor.hu\/new\/galeria\/galeria-2016\/2016-husvet-vigiliaja\/\" tabindex=\"-1\"><img loading=\"lazy\" decoding=\"async\" width=\"1800\" height=\"1350\" src=\"https:\/\/www.szentimregyor.hu\/new\/wp-content\/uploads\/2026\/01\/160326vigilia010.jpg\" class=\"attachment-full size-full wp-image-26865\" alt=\"\" srcset=\"https:\/\/www.szentimregyor.hu\/new\/wp-content\/uploads\/2026\/01\/160326vigilia010.jpg 1800w, https:\/\/www.szentimregyor.hu\/new\/wp-content\/uploads\/2026\/01\/160326vigilia010-300x225.jpg 300w, https:\/\/www.szentimregyor.hu\/new\/wp-content\/uploads\/2026\/01\/160326vigilia010-1024x768.jpg 1024w, https:\/\/www.szentimregyor.hu\/new\/wp-content\/uploads\/2026\/01\/160326vigilia010-768x576.jpg 768w, https:\/\/www.szentimregyor.hu\/new\/wp-content\/uploads\/2026\/01\/160326vigilia010-1536x1152.jpg 1536w\" sizes=\"(max-width: 1800px) 100vw, 1800px\" \/><\/a><\/figure><div class=\"elementor-image-box-content\"><h3 class=\"elementor-image-box-title\"><a href=\"https:\/\/www.szentimregyor.hu\/new\/galeria\/galeria-2016\/2016-husvet-vigiliaja\/\"><i>H\u00fasv\u00e9t vig\u00edli\u00e1ja<\/a><\/h3><p class=\"elementor-image-box-description\"><i>2016. m\u00e1rcius 26.<br>(Fot\u00f3: Vaday Tam\u00e1s)<\/i><\/p><\/div><\/div>\t\t<\/div>\n\t\t\t\t<\/div>\n\t\t\t\t<div class=\"elementor-element elementor-element-6ca825e elementor-widget elementor-widget-text-editor\" data-id=\"6ca825e\" data-element_type=\"widget\" data-widget_type=\"text-editor.default\">\n\t\t\t\t<div class=\"elementor-widget-container\">\n\t\t\t\t\t\t\t<p><!--StartFragment --><\/p><p><!--StartFragment --><\/p><p>H\u00fasv\u00e9t vig\u00edli\u00e1j\u00e1nak liturgi\u00e1ja a templomon k\u00edv\u00fcl, a t\u0171zszentel\u00e9ssel \u00e9s a h\u00fasv\u00e9ti gyertya meggy\u00fajt\u00e1s\u00e1val kezd\u0151dik. A templomba \u00e9rve csend\u00fcl fel a h\u00fasv\u00e9ti \u00f6r\u00f6m\u00e9nek. 7 \u00f3sz\u00f6vets\u00e9gi olvasm\u00e1nyban elm\u00e9lkedj\u00fck v\u00e9gig az \u00fcdvt\u00f6rt\u00e9net fontos esem\u00e9nyeit, majd felhangzik az eg\u00e9sz nagyb\u00f6jt sor\u00e1n n\u00e9lk\u00fcl\u00f6z\u00f6tt \u00f6r\u00f6m\u00e9nek, a Gloria, majd a szentlecke ut\u00e1n a k\u00f6z\u00f6ss\u00e9g &#8222;\u00fajratanulja&#8221; az alleluj\u00e1t. A hom\u00edli\u00e1t k\u00f6vet\u0151en ker\u00fcl sor a v\u00edzszentel\u00e9sre, majd a kereszts\u00e9gi fogadalom meg\u00faj\u00edt\u00e1s\u00e1ra. A szentmise a felt\u00e1mad\u00e1si k\u00f6rmenettel \u00e9r v\u00e9get.<\/p><p><!--EndFragment --><\/p>\t\t\t\t\t\t<\/div>\n\t\t\t\t<\/div>\n\t\t\t\t<div class=\"elementor-element elementor-element-86272d1 elementor-widget-divider--view-line elementor-widget elementor-widget-divider\" data-id=\"86272d1\" data-element_type=\"widget\" data-widget_type=\"divider.default\">\n\t\t\t\t<div class=\"elementor-widget-container\">\n\t\t\t\t\t<div class=\"elementor-divider\">\n\t\t\t<span class=\"elementor-divider-separator\">\n\t\t\t\t\t\t<\/span>\n\t\t<\/div>\n\t\t\t\t<\/div>\n\t\t\t\t<\/div>\n\t\t\t\t<div class=\"elementor-element elementor-element-0acf79c elementor-widget elementor-widget-spacer\" data-id=\"0acf79c\" data-element_type=\"widget\" data-widget_type=\"spacer.default\">\n\t\t\t\t<div class=\"elementor-widget-container\">\n\t\t\t\t\t<div class=\"elementor-spacer\">\n\t\t\t<div class=\"elementor-spacer-inner\"><\/div>\n\t\t<\/div>\n\t\t\t\t<\/div>\n\t\t\t\t<\/div>\n\t\t\t\t\t<\/div>\n\t\t\t\t<\/div>\n\t\t<div class=\"elementor-element elementor-element-4f6c361 e-flex e-con-boxed elementor-invisible e-con e-parent\" data-id=\"4f6c361\" data-element_type=\"container\" data-settings=\"{&quot;animation&quot;:&quot;fadeInUp&quot;}\">\n\t\t\t\t\t<div class=\"e-con-inner\">\n\t\t\t\t<div class=\"elementor-element elementor-element-a5a2ff5 elementor-position-top elementor-widget elementor-widget-image-box\" data-id=\"a5a2ff5\" data-element_type=\"widget\" data-widget_type=\"image-box.default\">\n\t\t\t\t<div class=\"elementor-widget-container\">\n\t\t\t<div class=\"elementor-image-box-wrapper\"><figure class=\"elementor-image-box-img\"><a href=\"https:\/\/www.szentimregyor.hu\/new\/galeria\/galeria-2016\/2016-nagypentek\/\" tabindex=\"-1\"><img loading=\"lazy\" decoding=\"async\" width=\"1800\" height=\"1350\" src=\"https:\/\/www.szentimregyor.hu\/new\/wp-content\/uploads\/2025\/12\/160325nagypentek013.jpg\" class=\"attachment-full size-full wp-image-26656\" alt=\"160325nagypentek013\" srcset=\"https:\/\/www.szentimregyor.hu\/new\/wp-content\/uploads\/2025\/12\/160325nagypentek013.jpg 1800w, https:\/\/www.szentimregyor.hu\/new\/wp-content\/uploads\/2025\/12\/160325nagypentek013-300x225.jpg 300w, https:\/\/www.szentimregyor.hu\/new\/wp-content\/uploads\/2025\/12\/160325nagypentek013-1024x768.jpg 1024w, https:\/\/www.szentimregyor.hu\/new\/wp-content\/uploads\/2025\/12\/160325nagypentek013-768x576.jpg 768w, https:\/\/www.szentimregyor.hu\/new\/wp-content\/uploads\/2025\/12\/160325nagypentek013-1536x1152.jpg 1536w\" sizes=\"(max-width: 1800px) 100vw, 1800px\" \/><\/a><\/figure><div class=\"elementor-image-box-content\"><h3 class=\"elementor-image-box-title\"><a href=\"https:\/\/www.szentimregyor.hu\/new\/galeria\/galeria-2016\/2016-nagypentek\/\"><i>Nagyp\u00e9ntek<\/a><\/h3><p class=\"elementor-image-box-description\"><i>2016. m\u00e1rcius 25.<br>(Fot\u00f3: Vaday Tam\u00e1s)<\/i><\/p><\/div><\/div>\t\t<\/div>\n\t\t\t\t<\/div>\n\t\t\t\t<div class=\"elementor-element elementor-element-062915d elementor-widget elementor-widget-text-editor\" data-id=\"062915d\" data-element_type=\"widget\" data-widget_type=\"text-editor.default\">\n\t\t\t\t<div class=\"elementor-widget-container\">\n\t\t\t\t\t\t\t<p><!--StartFragment --><\/p><p><!--StartFragment --><\/p><p>Nagyp\u00e9nteken J\u00e9zus kereszthal\u00e1ra eml\u00e9kezik, s\u0151t J\u00e9zus kereszthal\u00e1l\u00e1t \u00fcnnepli az Egyh\u00e1z. A liturgia a pap \u00e9s az asszisztencia n\u00e9ma bevonul\u00e1s\u00e1val majd leborul\u00e1s\u00e1val kezd\u0151dik. Az olvasm\u00e1nyok ut\u00e1n a J\u00e1nos-passi\u00f3t \u00e9nekelte a schola. Az egyetemes k\u00f6ny\u00f6rg\u00e9sek ut\u00e1n hozt\u00e1k be a ministr\u00e1nsok a keresztet, majd annak leleplez\u00e9se ut\u00e1n k\u00f6vetkezett a kereszth\u00f3dolat. A szent\u00e1ldoz\u00e1st k\u00f6vet\u0151 k\u00f6ny\u00f6rg\u00e9s ut\u00e1n ism\u00e9t csendben is s\u00f6t\u00e9tben t\u00f6rt\u00e9nt a kivonul\u00e1s.<\/p><p><!--EndFragment --><\/p>\t\t\t\t\t\t<\/div>\n\t\t\t\t<\/div>\n\t\t\t\t<div class=\"elementor-element elementor-element-ee53069 elementor-widget-divider--view-line elementor-widget elementor-widget-divider\" data-id=\"ee53069\" data-element_type=\"widget\" data-widget_type=\"divider.default\">\n\t\t\t\t<div class=\"elementor-widget-container\">\n\t\t\t\t\t<div class=\"elementor-divider\">\n\t\t\t<span class=\"elementor-divider-separator\">\n\t\t\t\t\t\t<\/span>\n\t\t<\/div>\n\t\t\t\t<\/div>\n\t\t\t\t<\/div>\n\t\t\t\t<div class=\"elementor-element elementor-element-baf0c2a elementor-widget elementor-widget-spacer\" data-id=\"baf0c2a\" data-element_type=\"widget\" data-widget_type=\"spacer.default\">\n\t\t\t\t<div class=\"elementor-widget-container\">\n\t\t\t\t\t<div class=\"elementor-spacer\">\n\t\t\t<div class=\"elementor-spacer-inner\"><\/div>\n\t\t<\/div>\n\t\t\t\t<\/div>\n\t\t\t\t<\/div>\n\t\t\t\t\t<\/div>\n\t\t\t\t<\/div>\n\t\t<div class=\"elementor-element elementor-element-b817be5 e-flex e-con-boxed elementor-invisible e-con e-parent\" data-id=\"b817be5\" data-element_type=\"container\" data-settings=\"{&quot;animation&quot;:&quot;fadeInUp&quot;}\">\n\t\t\t\t\t<div class=\"e-con-inner\">\n\t\t\t\t<div class=\"elementor-element elementor-element-946b65d elementor-position-top elementor-widget elementor-widget-image-box\" data-id=\"946b65d\" data-element_type=\"widget\" data-widget_type=\"image-box.default\">\n\t\t\t\t<div class=\"elementor-widget-container\">\n\t\t\t<div class=\"elementor-image-box-wrapper\"><figure class=\"elementor-image-box-img\"><a href=\"https:\/\/www.szentimregyor.hu\/new\/galeria\/galeria-2016\/2016-nagycsutortok\/\" tabindex=\"-1\"><img loading=\"lazy\" decoding=\"async\" width=\"1800\" height=\"1350\" src=\"https:\/\/www.szentimregyor.hu\/new\/wp-content\/uploads\/2025\/12\/160324nagycsutortok036.jpg\" class=\"attachment-full size-full wp-image-26585\" alt=\"\" srcset=\"https:\/\/www.szentimregyor.hu\/new\/wp-content\/uploads\/2025\/12\/160324nagycsutortok036.jpg 1800w, https:\/\/www.szentimregyor.hu\/new\/wp-content\/uploads\/2025\/12\/160324nagycsutortok036-300x225.jpg 300w, https:\/\/www.szentimregyor.hu\/new\/wp-content\/uploads\/2025\/12\/160324nagycsutortok036-1024x768.jpg 1024w, https:\/\/www.szentimregyor.hu\/new\/wp-content\/uploads\/2025\/12\/160324nagycsutortok036-768x576.jpg 768w, https:\/\/www.szentimregyor.hu\/new\/wp-content\/uploads\/2025\/12\/160324nagycsutortok036-1536x1152.jpg 1536w\" sizes=\"(max-width: 1800px) 100vw, 1800px\" \/><\/a><\/figure><div class=\"elementor-image-box-content\"><h3 class=\"elementor-image-box-title\"><a href=\"https:\/\/www.szentimregyor.hu\/new\/galeria\/galeria-2016\/2016-nagycsutortok\/\"><i>Nagycs\u00fct\u00f6rt\u00f6k<\/a><\/h3><p class=\"elementor-image-box-description\"><i>2016. m\u00e1rcius 24.<br>(Fot\u00f3: Bogd\u00e1n R\u00e9ka)<\/i><\/p><\/div><\/div>\t\t<\/div>\n\t\t\t\t<\/div>\n\t\t\t\t<div class=\"elementor-element elementor-element-ee9d6b8 elementor-widget elementor-widget-text-editor\" data-id=\"ee9d6b8\" data-element_type=\"widget\" data-widget_type=\"text-editor.default\">\n\t\t\t\t<div class=\"elementor-widget-container\">\n\t\t\t\t\t\t\t<p><!--StartFragment --><\/p><p><!--StartFragment --><\/p><p>Nagycs\u00fct\u00f6rt\u00f6k est\u00e9j\u00e9n az Utols\u00f3 vacsor\u00e1ra eml\u00e9kezt\u00fcnk. Az \u00fcnnepi szentmis\u00e9n m\u00e9g egyszer \u00fcnnep\u00e9lyesen megsz\u00f3lalt az orgona, a harangok, hogy azt\u00e1n a felt\u00e1mad\u00e1si szertart\u00e1sig eln\u00e9muljanak. A szentmis\u00e9n Tam\u00e1s atya J\u00e9zus p\u00e9ld\u00e1j\u00e1t k\u00f6vetve mosta meg 12 h\u00edv\u0151 l\u00e1b\u00e1t. A szentmise az olt\u00e1rfoszt\u00e1ssal fejez\u0151d\u00f6tt be, az est\u00e9re m\u00e1r nagyp\u00e9ntek s\u00f6t\u00e9ts\u00e9ge borul&#8230;<\/p><p><!--EndFragment --><\/p>\t\t\t\t\t\t<\/div>\n\t\t\t\t<\/div>\n\t\t\t\t<div class=\"elementor-element elementor-element-621df23 elementor-widget-divider--view-line elementor-widget elementor-widget-divider\" data-id=\"621df23\" data-element_type=\"widget\" data-widget_type=\"divider.default\">\n\t\t\t\t<div class=\"elementor-widget-container\">\n\t\t\t\t\t<div class=\"elementor-divider\">\n\t\t\t<span class=\"elementor-divider-separator\">\n\t\t\t\t\t\t<\/span>\n\t\t<\/div>\n\t\t\t\t<\/div>\n\t\t\t\t<\/div>\n\t\t\t\t<div class=\"elementor-element elementor-element-58197da elementor-widget elementor-widget-spacer\" data-id=\"58197da\" data-element_type=\"widget\" data-widget_type=\"spacer.default\">\n\t\t\t\t<div class=\"elementor-widget-container\">\n\t\t\t\t\t<div class=\"elementor-spacer\">\n\t\t\t<div class=\"elementor-spacer-inner\"><\/div>\n\t\t<\/div>\n\t\t\t\t<\/div>\n\t\t\t\t<\/div>\n\t\t\t\t\t<\/div>\n\t\t\t\t<\/div>\n\t\t<div class=\"elementor-element elementor-element-52ffd11 e-flex e-con-boxed elementor-invisible e-con e-parent\" data-id=\"52ffd11\" data-element_type=\"container\" data-settings=\"{&quot;animation&quot;:&quot;fadeInUp&quot;}\">\n\t\t\t\t\t<div class=\"e-con-inner\">\n\t\t\t\t<div class=\"elementor-element elementor-element-c956123 elementor-position-top elementor-widget elementor-widget-image-box\" data-id=\"c956123\" data-element_type=\"widget\" data-widget_type=\"image-box.default\">\n\t\t\t\t<div class=\"elementor-widget-container\">\n\t\t\t<div class=\"elementor-image-box-wrapper\"><figure class=\"elementor-image-box-img\"><a href=\"https:\/\/www.szentimregyor.hu\/new\/galeria\/galeria-2016\/2016-viragvasarnap\/\" tabindex=\"-1\"><img loading=\"lazy\" decoding=\"async\" width=\"1600\" height=\"1200\" src=\"https:\/\/www.szentimregyor.hu\/new\/wp-content\/uploads\/2025\/11\/160320viragvasarnap024.jpg\" class=\"attachment-full size-full wp-image-26444\" alt=\"\" srcset=\"https:\/\/www.szentimregyor.hu\/new\/wp-content\/uploads\/2025\/11\/160320viragvasarnap024.jpg 1600w, https:\/\/www.szentimregyor.hu\/new\/wp-content\/uploads\/2025\/11\/160320viragvasarnap024-300x225.jpg 300w, https:\/\/www.szentimregyor.hu\/new\/wp-content\/uploads\/2025\/11\/160320viragvasarnap024-1024x768.jpg 1024w, https:\/\/www.szentimregyor.hu\/new\/wp-content\/uploads\/2025\/11\/160320viragvasarnap024-768x576.jpg 768w, https:\/\/www.szentimregyor.hu\/new\/wp-content\/uploads\/2025\/11\/160320viragvasarnap024-1536x1152.jpg 1536w\" sizes=\"(max-width: 1600px) 100vw, 1600px\" \/><\/a><\/figure><div class=\"elementor-image-box-content\"><h3 class=\"elementor-image-box-title\"><a href=\"https:\/\/www.szentimregyor.hu\/new\/galeria\/galeria-2016\/2016-viragvasarnap\/\"><i>Vir\u00e1gvas\u00e1rnap<\/a><\/h3><p class=\"elementor-image-box-description\"><i>2016. m\u00e1rcius 20.<br>(Fot\u00f3: Vaday Tam\u00e1s)<\/i><\/p><\/div><\/div>\t\t<\/div>\n\t\t\t\t<\/div>\n\t\t\t\t<div class=\"elementor-element elementor-element-275f1f7 elementor-widget elementor-widget-text-editor\" data-id=\"275f1f7\" data-element_type=\"widget\" data-widget_type=\"text-editor.default\">\n\t\t\t\t<div class=\"elementor-widget-container\">\n\t\t\t\t\t\t\t<p><!--StartFragment --><\/p><p><!--StartFragment --><\/p><p>Vir\u00e1gvas\u00e1rnappal megkezd\u0151d\u00f6tt a nagyh\u00e9t. Az urnakertben J\u00e9zus jeruzs\u00e1lemi bevonul\u00e1s\u00e1nak evang\u00e9lium\u00e1t hallgattuk meg, amelyhez kedves vend\u00e9g\u00fcnk, Bellovics G\u00e1bor f\u0171z\u00f6tt n\u00e9h\u00e1ny szem\u00e9lyes gondolatot. A megszentelt barka\u00e1gakkal \u00e9s leter\u00edtett ruh\u00e1kkal megjelen\u00edtett jeruzs\u00e1lemi bevonul\u00e1s ut\u00e1n a kereszt el\u0151tt hangzott fel a h\u00f3dolat \u00e9neke (Dics\u0151s\u00e9g \u00e9s dics\u00e9ret Ten\u00e9ked&#8230;). A szenved\u00e9st\u00f6rt\u00e9netet Luk\u00e1cs evang\u00e9lium\u00e1b\u00f3l hallgattuk meg a schola el\u0151ad\u00e1s\u00e1ban. Az \u00fcnnepr\u0151l k\u00e9sz\u00fclt fot\u00f3kat a k\u00e9pre kattintva tekinthetik meg.<\/p><p><!--EndFragment --><\/p>\t\t\t\t\t\t<\/div>\n\t\t\t\t<\/div>\n\t\t\t\t<div class=\"elementor-element elementor-element-6664b31 elementor-widget-divider--view-line elementor-widget elementor-widget-divider\" data-id=\"6664b31\" data-element_type=\"widget\" data-widget_type=\"divider.default\">\n\t\t\t\t<div class=\"elementor-widget-container\">\n\t\t\t\t\t<div class=\"elementor-divider\">\n\t\t\t<span class=\"elementor-divider-separator\">\n\t\t\t\t\t\t<\/span>\n\t\t<\/div>\n\t\t\t\t<\/div>\n\t\t\t\t<\/div>\n\t\t\t\t<div class=\"elementor-element elementor-element-da50b93 elementor-widget elementor-widget-spacer\" data-id=\"da50b93\" data-element_type=\"widget\" data-widget_type=\"spacer.default\">\n\t\t\t\t<div class=\"elementor-widget-container\">\n\t\t\t\t\t<div class=\"elementor-spacer\">\n\t\t\t<div class=\"elementor-spacer-inner\"><\/div>\n\t\t<\/div>\n\t\t\t\t<\/div>\n\t\t\t\t<\/div>\n\t\t\t\t\t<\/div>\n\t\t\t\t<\/div>\n\t\t<div class=\"elementor-element elementor-element-3eb9603 e-flex e-con-boxed elementor-invisible e-con e-parent\" data-id=\"3eb9603\" data-element_type=\"container\" data-settings=\"{&quot;animation&quot;:&quot;fadeInUp&quot;}\">\n\t\t\t\t\t<div class=\"e-con-inner\">\n\t\t\t\t<div class=\"elementor-element elementor-element-485cfc8 elementor-position-top elementor-widget elementor-widget-image-box\" data-id=\"485cfc8\" data-element_type=\"widget\" data-widget_type=\"image-box.default\">\n\t\t\t\t<div class=\"elementor-widget-container\">\n\t\t\t<div class=\"elementor-image-box-wrapper\"><figure class=\"elementor-image-box-img\"><a href=\"https:\/\/www.szentimregyor.hu\/new\/2016-szekesegyhazi-zarandoklat\/\" tabindex=\"-1\"><img loading=\"lazy\" decoding=\"async\" width=\"1728\" height=\"1152\" src=\"https:\/\/www.szentimregyor.hu\/new\/wp-content\/uploads\/2025\/11\/160304Bazilika002.jpg\" class=\"attachment-full size-full wp-image-26345\" alt=\"160304Bazilika002\" srcset=\"https:\/\/www.szentimregyor.hu\/new\/wp-content\/uploads\/2025\/11\/160304Bazilika002.jpg 1728w, https:\/\/www.szentimregyor.hu\/new\/wp-content\/uploads\/2025\/11\/160304Bazilika002-300x200.jpg 300w, https:\/\/www.szentimregyor.hu\/new\/wp-content\/uploads\/2025\/11\/160304Bazilika002-1024x683.jpg 1024w, https:\/\/www.szentimregyor.hu\/new\/wp-content\/uploads\/2025\/11\/160304Bazilika002-768x512.jpg 768w, https:\/\/www.szentimregyor.hu\/new\/wp-content\/uploads\/2025\/11\/160304Bazilika002-1536x1024.jpg 1536w\" sizes=\"(max-width: 1728px) 100vw, 1728px\" \/><\/a><\/figure><div class=\"elementor-image-box-content\"><h3 class=\"elementor-image-box-title\"><a href=\"https:\/\/www.szentimregyor.hu\/new\/2016-szekesegyhazi-zarandoklat\/\"><i>Sz\u00e9kesegyh\u00e1zi zar\u00e1ndoklat<\/a><\/h3><p class=\"elementor-image-box-description\"><i>2016. m\u00e1rcius 4.<br>(Fot\u00f3: \u00c1cs Tam\u00e1s)<\/i><\/p><\/div><\/div>\t\t<\/div>\n\t\t\t\t<\/div>\n\t\t\t\t<div class=\"elementor-element elementor-element-ad2a33b elementor-widget elementor-widget-text-editor\" data-id=\"ad2a33b\" data-element_type=\"widget\" data-widget_type=\"text-editor.default\">\n\t\t\t\t<div class=\"elementor-widget-container\">\n\t\t\t\t\t\t\t<p><!--StartFragment --><\/p><p><!--StartFragment --><\/p><p>Nagyb\u00f6jt harmadik het\u00e9nek p\u00e9ntek\u00e9n ker\u00fclt sor egyh\u00e1zk\u00f6zs\u00e9g\u00fcnk \u00e9vente visszat\u00e9r\u0151 zar\u00e1ndoklat\u00e1ra a gy\u0151ri Sz\u00e9kesegyh\u00e1zba. A zar\u00e1ndoklat programja este f\u00e9l 6-kor keresz\u00fati \u00e1jtatoss\u00e1ggal kezd\u0151d\u00f6tt, amelyet Tam\u00e1s atya vezetett. 6 \u00f3rakor kezd\u0151d\u00f6tt a p\u00fcsp\u00f6ki szentmise. A szentmis\u00e9n templomunk ministr\u00e1nsai teljes\u00edtettek szolg\u00e1latot, az \u00e9neket pedig a Szent Imre schola vezette, Simonn\u00e9 Braun Ildik\u00f3 vezet\u00e9s\u00e9vel, Czigl\u00e9nyi L\u00e1szl\u00f3 orgonam\u0171v\u00e9sz k\u00eds\u00e9ret\u00e9vel. A fot\u00f3kat k\u00f6sz\u00f6nj\u00fck \u00c1cs Tam\u00e1snak.<\/p><p><!--EndFragment --><\/p>\t\t\t\t\t\t<\/div>\n\t\t\t\t<\/div>\n\t\t\t\t<div class=\"elementor-element elementor-element-6971491 elementor-widget-divider--view-line elementor-widget elementor-widget-divider\" data-id=\"6971491\" data-element_type=\"widget\" data-widget_type=\"divider.default\">\n\t\t\t\t<div class=\"elementor-widget-container\">\n\t\t\t\t\t<div class=\"elementor-divider\">\n\t\t\t<span class=\"elementor-divider-separator\">\n\t\t\t\t\t\t<\/span>\n\t\t<\/div>\n\t\t\t\t<\/div>\n\t\t\t\t<\/div>\n\t\t\t\t<div class=\"elementor-element elementor-element-7e9df77 elementor-widget elementor-widget-spacer\" data-id=\"7e9df77\" data-element_type=\"widget\" data-widget_type=\"spacer.default\">\n\t\t\t\t<div class=\"elementor-widget-container\">\n\t\t\t\t\t<div class=\"elementor-spacer\">\n\t\t\t<div class=\"elementor-spacer-inner\"><\/div>\n\t\t<\/div>\n\t\t\t\t<\/div>\n\t\t\t\t<\/div>\n\t\t\t\t\t<\/div>\n\t\t\t\t<\/div>\n\t\t<div class=\"elementor-element elementor-element-7c47ecff e-flex e-con-boxed e-con e-parent\" data-id=\"7c47ecff\" data-element_type=\"container\">\n\t\t\t\t\t<div class=\"e-con-inner\">\n\t\t\t\t<div class=\"elementor-element elementor-element-52056727 elementor-align-center elementor-invisible elementor-widget elementor-widget-button\" data-id=\"52056727\" data-element_type=\"widget\" data-settings=\"{&quot;_animation&quot;:&quot;fadeInUp&quot;}\" data-widget_type=\"button.default\">\n\t\t\t\t<div class=\"elementor-widget-container\">\n\t\t\t\t\t<div class=\"elementor-button-wrapper\">\n\t\t\t<a class=\"elementor-button elementor-button-link elementor-size-sm elementor-animation-grow\" href=\"https:\/\/www.szentimregyor.hu\/new\/galeria\/\">\n\t\t\t\t\t\t<span class=\"elementor-button-content-wrapper\">\n\t\t\t\t\t\t<span class=\"elementor-button-icon elementor-align-icon-left\">\n\t\t\t\t<i aria-hidden=\"true\" class=\"fas fa-backward\"><\/i>\t\t\t<\/span>\n\t\t\t\t\t\t\t\t\t<span class=\"elementor-button-text\">Gal\u00e9ria<\/span>\n\t\t\t\t\t<\/span>\n\t\t\t\t\t<\/a>\n\t\t<\/div>\n\t\t\t\t<\/div>\n\t\t\t\t<\/div>\n\t\t\t\t\t<\/div>\n\t\t\t\t<\/div>\n\t\t<div class=\"elementor-element elementor-element-72cfb23c e-flex e-con-boxed e-con e-parent\" data-id=\"72cfb23c\" data-element_type=\"container\">\n\t\t\t\t\t<div class=\"e-con-inner\">\n\t\t\t\t<div class=\"elementor-element elementor-element-dad54bb elementor-widget elementor-widget-spacer\" data-id=\"dad54bb\" data-element_type=\"widget\" data-widget_type=\"spacer.default\">\n\t\t\t\t<div class=\"elementor-widget-container\">\n\t\t\t\t\t<div class=\"elementor-spacer\">\n\t\t\t<div class=\"elementor-spacer-inner\"><\/div>\n\t\t<\/div>\n\t\t\t\t<\/div>\n\t\t\t\t<\/div>\n\t\t\t\t\t<\/div>\n\t\t\t\t<\/div>\n\t\t<div class=\"elementor-element elementor-element-56e49b35 animated-slow e-flex e-con-boxed elementor-invisible e-con e-parent\" data-id=\"56e49b35\" data-element_type=\"container\" data-settings=\"{&quot;background_background&quot;:&quot;gradient&quot;,&quot;animation&quot;:&quot;fadeIn&quot;}\">\n\t\t\t\t\t<div class=\"e-con-inner\">\n\t\t<div class=\"elementor-element elementor-element-4e0c20df e-con-full e-flex e-con e-child\" data-id=\"4e0c20df\" data-element_type=\"container\">\n\t\t\t\t<div class=\"elementor-element elementor-element-22eadd58 elementor-widget__width-initial elementor-position-top elementor-widget elementor-widget-image-box\" data-id=\"22eadd58\" data-element_type=\"widget\" data-widget_type=\"image-box.default\">\n\t\t\t\t<div class=\"elementor-widget-container\">\n\t\t\t<div class=\"elementor-image-box-wrapper\"><figure class=\"elementor-image-box-img\"><img loading=\"lazy\" decoding=\"async\" width=\"299\" height=\"240\" src=\"https:\/\/www.szentimregyor.hu\/new\/wp-content\/uploads\/2023\/10\/imre_honlap.png\" class=\"attachment-full size-full wp-image-47\" alt=\"\" \/><\/figure><\/div>\t\t<\/div>\n\t\t\t\t<\/div>\n\t\t\t\t<div class=\"elementor-element elementor-element-f28a37 e-grid-align-left e-grid-align-tablet-left e-grid-align-mobile-center elementor-shape-rounded elementor-grid-0 elementor-widget elementor-widget-social-icons\" data-id=\"f28a37\" data-element_type=\"widget\" data-widget_type=\"social-icons.default\">\n\t\t\t\t<div class=\"elementor-widget-container\">\n\t\t\t<style>\/*! elementor - v3.21.0 - 20-05-2024 *\/\n.elementor-widget-social-icons.elementor-grid-0 .elementor-widget-container,.elementor-widget-social-icons.elementor-grid-mobile-0 .elementor-widget-container,.elementor-widget-social-icons.elementor-grid-tablet-0 .elementor-widget-container{line-height:1;font-size:0}.elementor-widget-social-icons:not(.elementor-grid-0):not(.elementor-grid-tablet-0):not(.elementor-grid-mobile-0) .elementor-grid{display:inline-grid}.elementor-widget-social-icons .elementor-grid{grid-column-gap:var(--grid-column-gap,5px);grid-row-gap:var(--grid-row-gap,5px);grid-template-columns:var(--grid-template-columns);justify-content:var(--justify-content,center);justify-items:var(--justify-content,center)}.elementor-icon.elementor-social-icon{font-size:var(--icon-size,25px);line-height:var(--icon-size,25px);width:calc(var(--icon-size, 25px) + 2 * var(--icon-padding, .5em));height:calc(var(--icon-size, 25px) + 2 * var(--icon-padding, .5em))}.elementor-social-icon{--e-social-icon-icon-color:#fff;display:inline-flex;background-color:#69727d;align-items:center;justify-content:center;text-align:center;cursor:pointer}.elementor-social-icon i{color:var(--e-social-icon-icon-color)}.elementor-social-icon svg{fill:var(--e-social-icon-icon-color)}.elementor-social-icon:last-child{margin:0}.elementor-social-icon:hover{opacity:.9;color:#fff}.elementor-social-icon-android{background-color:#a4c639}.elementor-social-icon-apple{background-color:#999}.elementor-social-icon-behance{background-color:#1769ff}.elementor-social-icon-bitbucket{background-color:#205081}.elementor-social-icon-codepen{background-color:#000}.elementor-social-icon-delicious{background-color:#39f}.elementor-social-icon-deviantart{background-color:#05cc47}.elementor-social-icon-digg{background-color:#005be2}.elementor-social-icon-dribbble{background-color:#ea4c89}.elementor-social-icon-elementor{background-color:#d30c5c}.elementor-social-icon-envelope{background-color:#ea4335}.elementor-social-icon-facebook,.elementor-social-icon-facebook-f{background-color:#3b5998}.elementor-social-icon-flickr{background-color:#0063dc}.elementor-social-icon-foursquare{background-color:#2d5be3}.elementor-social-icon-free-code-camp,.elementor-social-icon-freecodecamp{background-color:#006400}.elementor-social-icon-github{background-color:#333}.elementor-social-icon-gitlab{background-color:#e24329}.elementor-social-icon-globe{background-color:#69727d}.elementor-social-icon-google-plus,.elementor-social-icon-google-plus-g{background-color:#dd4b39}.elementor-social-icon-houzz{background-color:#7ac142}.elementor-social-icon-instagram{background-color:#262626}.elementor-social-icon-jsfiddle{background-color:#487aa2}.elementor-social-icon-link{background-color:#818a91}.elementor-social-icon-linkedin,.elementor-social-icon-linkedin-in{background-color:#0077b5}.elementor-social-icon-medium{background-color:#00ab6b}.elementor-social-icon-meetup{background-color:#ec1c40}.elementor-social-icon-mixcloud{background-color:#273a4b}.elementor-social-icon-odnoklassniki{background-color:#f4731c}.elementor-social-icon-pinterest{background-color:#bd081c}.elementor-social-icon-product-hunt{background-color:#da552f}.elementor-social-icon-reddit{background-color:#ff4500}.elementor-social-icon-rss{background-color:#f26522}.elementor-social-icon-shopping-cart{background-color:#4caf50}.elementor-social-icon-skype{background-color:#00aff0}.elementor-social-icon-slideshare{background-color:#0077b5}.elementor-social-icon-snapchat{background-color:#fffc00}.elementor-social-icon-soundcloud{background-color:#f80}.elementor-social-icon-spotify{background-color:#2ebd59}.elementor-social-icon-stack-overflow{background-color:#fe7a15}.elementor-social-icon-steam{background-color:#00adee}.elementor-social-icon-stumbleupon{background-color:#eb4924}.elementor-social-icon-telegram{background-color:#2ca5e0}.elementor-social-icon-threads{background-color:#000}.elementor-social-icon-thumb-tack{background-color:#1aa1d8}.elementor-social-icon-tripadvisor{background-color:#589442}.elementor-social-icon-tumblr{background-color:#35465c}.elementor-social-icon-twitch{background-color:#6441a5}.elementor-social-icon-twitter{background-color:#1da1f2}.elementor-social-icon-viber{background-color:#665cac}.elementor-social-icon-vimeo{background-color:#1ab7ea}.elementor-social-icon-vk{background-color:#45668e}.elementor-social-icon-weibo{background-color:#dd2430}.elementor-social-icon-weixin{background-color:#31a918}.elementor-social-icon-whatsapp{background-color:#25d366}.elementor-social-icon-wordpress{background-color:#21759b}.elementor-social-icon-x-twitter{background-color:#000}.elementor-social-icon-xing{background-color:#026466}.elementor-social-icon-yelp{background-color:#af0606}.elementor-social-icon-youtube{background-color:#cd201f}.elementor-social-icon-500px{background-color:#0099e5}.elementor-shape-rounded .elementor-icon.elementor-social-icon{border-radius:10%}.elementor-shape-circle .elementor-icon.elementor-social-icon{border-radius:50%}<\/style>\t\t<div class=\"elementor-social-icons-wrapper elementor-grid\">\n\t\t\t\t\t\t\t<span class=\"elementor-grid-item\">\n\t\t\t\t\t<a class=\"elementor-icon elementor-social-icon elementor-social-icon-facebook-f elementor-repeater-item-3f1b7ac\" href=\"https:\/\/www.facebook.com\/szentimregyor?locale=hu_HU\" target=\"_blank\">\n\t\t\t\t\t\t<span class=\"elementor-screen-only\">Facebook-f<\/span>\n\t\t\t\t\t\t<i class=\"fab fa-facebook-f\"><\/i>\t\t\t\t\t<\/a>\n\t\t\t\t<\/span>\n\t\t\t\t\t\t\t<span class=\"elementor-grid-item\">\n\t\t\t\t\t<a class=\"elementor-icon elementor-social-icon elementor-social-icon-youtube-square elementor-repeater-item-4e6a400\" href=\"https:\/\/www.youtube.com\/@szentimregyor\" target=\"_blank\">\n\t\t\t\t\t\t<span class=\"elementor-screen-only\">Youtube-square<\/span>\n\t\t\t\t\t\t<i class=\"fab fa-youtube-square\"><\/i>\t\t\t\t\t<\/a>\n\t\t\t\t<\/span>\n\t\t\t\t\t\t\t<span class=\"elementor-grid-item\">\n\t\t\t\t\t<a class=\"elementor-icon elementor-social-icon elementor-social-icon-flickr elementor-repeater-item-2b48c2f\" href=\"https:\/\/www.flickr.com\/photos\/99929046@N06\/\" target=\"_blank\">\n\t\t\t\t\t\t<span class=\"elementor-screen-only\">Flickr<\/span>\n\t\t\t\t\t\t<i class=\"fab fa-flickr\"><\/i>\t\t\t\t\t<\/a>\n\t\t\t\t<\/span>\n\t\t\t\t\t<\/div>\n\t\t\t\t<\/div>\n\t\t\t\t<\/div>\n\t\t\t\t<\/div>\n\t\t<div class=\"elementor-element elementor-element-68634ed6 e-con-full e-flex e-con e-child\" data-id=\"68634ed6\" data-element_type=\"container\">\n\t\t\t\t<div class=\"elementor-element elementor-element-48dfcee8 elementor-widget elementor-widget-heading\" data-id=\"48dfcee8\" data-element_type=\"widget\" data-widget_type=\"heading.default\">\n\t\t\t\t<div class=\"elementor-widget-container\">\n\t\t\t<h6 class=\"elementor-heading-title elementor-size-default\">Men\u00fc<\/h6>\t\t<\/div>\n\t\t\t\t<\/div>\n\t\t\t\t<div class=\"elementor-element elementor-element-534e3741 elementor-nav-menu--dropdown-none elementor-nav-menu__align-start elementor-widget elementor-widget-nav-menu\" data-id=\"534e3741\" data-element_type=\"widget\" data-settings=\"{&quot;layout&quot;:&quot;vertical&quot;,&quot;submenu_icon&quot;:{&quot;value&quot;:&quot;&lt;i class=\\&quot;fas fa-caret-down\\&quot;&gt;&lt;\\\/i&gt;&quot;,&quot;library&quot;:&quot;fa-solid&quot;}}\" data-widget_type=\"nav-menu.default\">\n\t\t\t\t<div class=\"elementor-widget-container\">\n\t\t\t\t\t\t<nav class=\"elementor-nav-menu--main elementor-nav-menu__container elementor-nav-menu--layout-vertical e--pointer-none\">\n\t\t\t\t<ul id=\"menu-1-534e3741\" class=\"elementor-nav-menu sm-vertical\"><li class=\"menu-item menu-item-type-custom menu-item-object-custom menu-item-has-children menu-item-7864\"><a href=\"#\" class=\"elementor-item elementor-item-anchor\">Templomunk<\/a>\n<ul class=\"sub-menu elementor-nav-menu--dropdown\">\n\t<li class=\"menu-item menu-item-type-post_type menu-item-object-page menu-item-748\"><a href=\"https:\/\/www.szentimregyor.hu\/new\/templomunk-tortenete\/\" class=\"elementor-sub-item\">Templomunk t\u00f6rt\u00e9nete<\/a><\/li>\n\t<li class=\"menu-item menu-item-type-post_type menu-item-object-page menu-item-749\"><a href=\"https:\/\/www.szentimregyor.hu\/new\/templomunk-muveszeti-ertekei\/\" class=\"elementor-sub-item\">Templomunk m\u0171v\u00e9szeti \u00e9rt\u00e9kei<\/a><\/li>\n\t<li class=\"menu-item menu-item-type-post_type menu-item-object-page menu-item-2854\"><a href=\"https:\/\/www.szentimregyor.hu\/new\/vedoszentunk-szent-imre\/\" class=\"elementor-sub-item\">V\u00e9d\u0151szent\u00fcnk, Szent Imre<\/a><\/li>\n\t<li class=\"menu-item menu-item-type-post_type menu-item-object-page menu-item-3708\"><a href=\"https:\/\/www.szentimregyor.hu\/new\/templomunk\/boldog-apor-vilmos-templomszentelo-beszede\/\" class=\"elementor-sub-item\">Templomszentel\u0151 besz\u00e9d<\/a><\/li>\n<\/ul>\n<\/li>\n<li class=\"menu-item menu-item-type-custom menu-item-object-custom menu-item-has-children menu-item-7863\"><a href=\"#\" class=\"elementor-item elementor-item-anchor\">H\u00edrek, Napt\u00e1r<\/a>\n<ul class=\"sub-menu elementor-nav-menu--dropdown\">\n\t<li class=\"menu-item menu-item-type-post_type menu-item-object-page menu-item-7862\"><a href=\"https:\/\/www.szentimregyor.hu\/new\/naptar\/\" class=\"elementor-sub-item\">Napt\u00e1r<\/a><\/li>\n\t<li class=\"menu-item menu-item-type-post_type menu-item-object-page menu-item-6263\"><a href=\"https:\/\/www.szentimregyor.hu\/new\/hirdetesek\/\" class=\"elementor-sub-item\">Heti hirdet\u00e9sek<\/a><\/li>\n\t<li class=\"menu-item menu-item-type-post_type menu-item-object-page menu-item-6262\"><a href=\"https:\/\/www.szentimregyor.hu\/new\/hirfolyam\/\" class=\"elementor-sub-item\">H\u00edrfolyam<\/a><\/li>\n<\/ul>\n<\/li>\n<li class=\"menu-item menu-item-type-post_type menu-item-object-page menu-item-121\"><a href=\"https:\/\/www.szentimregyor.hu\/new\/miserend\/\" class=\"elementor-item\">Miserend<\/a><\/li>\n<li class=\"menu-item menu-item-type-post_type menu-item-object-page menu-item-has-children menu-item-130\"><a href=\"https:\/\/www.szentimregyor.hu\/new\/kapcsolat\/\" class=\"elementor-item\">Kapcsolat<\/a>\n<ul class=\"sub-menu elementor-nav-menu--dropdown\">\n\t<li class=\"menu-item menu-item-type-post_type menu-item-object-page menu-item-14288\"><a href=\"https:\/\/www.szentimregyor.hu\/new\/kapcsolat\/iroda\/\" class=\"elementor-sub-item\">Iroda<\/a><\/li>\n\t<li class=\"menu-item menu-item-type-post_type menu-item-object-page menu-item-6301\"><a href=\"https:\/\/www.szentimregyor.hu\/new\/kapcsolat\/hirlevel\/\" class=\"elementor-sub-item\">H\u00edrlev\u00e9l<\/a><\/li>\n\t<li class=\"menu-item menu-item-type-post_type menu-item-object-page menu-item-5988\"><a href=\"https:\/\/www.szentimregyor.hu\/new\/gyori-szent-imre-alapitvany\/\" class=\"elementor-sub-item\">Gy\u0151ri Szent Imre Alap\u00edtv\u00e1ny<\/a><\/li>\n<\/ul>\n<\/li>\n<li class=\"menu-item menu-item-type-post_type menu-item-object-page menu-item-has-children menu-item-139\"><a href=\"https:\/\/www.szentimregyor.hu\/new\/galeria\/\" class=\"elementor-item\">Gal\u00e9ria<\/a>\n<ul class=\"sub-menu elementor-nav-menu--dropdown\">\n\t<li class=\"menu-item menu-item-type-post_type menu-item-object-page menu-item-27314\"><a href=\"https:\/\/www.szentimregyor.hu\/new\/galeria\/galeria-2026\/\" class=\"elementor-sub-item\">2026<\/a><\/li>\n\t<li class=\"menu-item menu-item-type-post_type menu-item-object-page menu-item-21719\"><a href=\"https:\/\/www.szentimregyor.hu\/new\/galeria\/galeria-2025\/\" class=\"elementor-sub-item\">2025<\/a><\/li>\n\t<li class=\"menu-item menu-item-type-post_type menu-item-object-page menu-item-10943\"><a href=\"https:\/\/www.szentimregyor.hu\/new\/galeria\/galeria-2024\/\" class=\"elementor-sub-item\">2024<\/a><\/li>\n\t<li class=\"menu-item menu-item-type-post_type menu-item-object-page menu-item-3734\"><a href=\"https:\/\/www.szentimregyor.hu\/new\/galeria\/galeria-2023\/\" class=\"elementor-sub-item\">2023<\/a><\/li>\n\t<li class=\"menu-item menu-item-type-post_type menu-item-object-page menu-item-6591\"><a href=\"https:\/\/www.szentimregyor.hu\/new\/galeria\/galeria-2022\/\" class=\"elementor-sub-item\">2022<\/a><\/li>\n\t<li class=\"menu-item menu-item-type-post_type menu-item-object-page menu-item-8384\"><a href=\"https:\/\/www.szentimregyor.hu\/new\/galeria\/galeria-2021\/\" class=\"elementor-sub-item\">2021<\/a><\/li>\n\t<li class=\"menu-item menu-item-type-post_type menu-item-object-page menu-item-10837\"><a href=\"https:\/\/www.szentimregyor.hu\/new\/galeria\/galeria-2020\/\" class=\"elementor-sub-item\">2020<\/a><\/li>\n\t<li class=\"menu-item menu-item-type-post_type menu-item-object-page menu-item-11155\"><a href=\"https:\/\/www.szentimregyor.hu\/new\/galeria\/galeria-2019\/\" class=\"elementor-sub-item\">2019<\/a><\/li>\n\t<li class=\"menu-item menu-item-type-post_type menu-item-object-page menu-item-16174\"><a href=\"https:\/\/www.szentimregyor.hu\/new\/galeria\/galeria-2018\/\" class=\"elementor-sub-item\">2018<\/a><\/li>\n\t<li class=\"menu-item menu-item-type-post_type menu-item-object-page menu-item-22065\"><a href=\"https:\/\/www.szentimregyor.hu\/new\/galeria\/galeria-2017\/\" class=\"elementor-sub-item\">2017<\/a><\/li>\n\t<li class=\"menu-item menu-item-type-post_type menu-item-object-page menu-item-26413\"><a href=\"https:\/\/www.szentimregyor.hu\/new\/galeria\/galeria-2016\/\" class=\"elementor-sub-item\">2016<\/a><\/li>\n\t<li class=\"menu-item menu-item-type-post_type menu-item-object-page menu-item-7957\"><a href=\"https:\/\/www.szentimregyor.hu\/new\/galeria\/orgona-galeria\/\" class=\"elementor-sub-item\">Orgona<\/a><\/li>\n<\/ul>\n<\/li>\n<li class=\"menu-item menu-item-type-post_type menu-item-object-page menu-item-has-children menu-item-145\"><a href=\"https:\/\/www.szentimregyor.hu\/new\/egyhazkozseg\/\" class=\"elementor-item\">Egyh\u00e1zk\u00f6zs\u00e9g\u00fcnk<\/a>\n<ul class=\"sub-menu elementor-nav-menu--dropdown\">\n\t<li class=\"menu-item menu-item-type-post_type menu-item-object-page menu-item-6003\"><a href=\"https:\/\/www.szentimregyor.hu\/new\/egyhazkozseg\/lelkipasztorok\/\" class=\"elementor-sub-item\">Lelkip\u00e1sztorok<\/a><\/li>\n\t<li class=\"menu-item menu-item-type-post_type menu-item-object-page menu-item-28653\"><a href=\"https:\/\/www.szentimregyor.hu\/new\/egyhazkozseg\/plebaniai-tanacsado-testulet\/\" class=\"elementor-sub-item\">Pl\u00e9b\u00e1niai Tan\u00e1csad\u00f3 Test\u00fclet<\/a><\/li>\n\t<li class=\"menu-item menu-item-type-post_type menu-item-object-page menu-item-has-children menu-item-6044\"><a href=\"https:\/\/www.szentimregyor.hu\/new\/egyhazkozseg\/egyhazzene\/\" class=\"elementor-sub-item\">Egyh\u00e1zzene<\/a>\n\t<ul class=\"sub-menu elementor-nav-menu--dropdown\">\n\t\t<li class=\"menu-item menu-item-type-post_type menu-item-object-page menu-item-6371\"><a href=\"https:\/\/www.szentimregyor.hu\/new\/egyhazkozseg\/egyhazzene\/kantorok\/\" class=\"elementor-sub-item\">K\u00e1ntorok<\/a><\/li>\n\t\t<li class=\"menu-item menu-item-type-post_type menu-item-object-page menu-item-6372\"><a href=\"https:\/\/www.szentimregyor.hu\/new\/egyhazkozseg\/egyhazzene\/schola\/\" class=\"elementor-sub-item\">Schola Emericana<\/a><\/li>\n\t\t<li class=\"menu-item menu-item-type-post_type menu-item-object-page menu-item-6373\"><a href=\"https:\/\/www.szentimregyor.hu\/new\/egyhazkozseg\/egyhazzene\/orgona\/\" class=\"elementor-sub-item\">Orgona<\/a><\/li>\n\t<\/ul>\n<\/li>\n\t<li class=\"menu-item menu-item-type-post_type menu-item-object-page menu-item-6022\"><a href=\"https:\/\/www.szentimregyor.hu\/new\/egyhazkozseg\/lectio-divina\/\" class=\"elementor-sub-item\">Lectio Divina<\/a><\/li>\n\t<li class=\"menu-item menu-item-type-post_type menu-item-object-page menu-item-6033\"><a href=\"https:\/\/www.szentimregyor.hu\/new\/egyhazkozseg\/bibliakor\/\" class=\"elementor-sub-item\">Bibliak\u00f6r<\/a><\/li>\n\t<li class=\"menu-item menu-item-type-post_type menu-item-object-page menu-item-6068\"><a href=\"https:\/\/www.szentimregyor.hu\/new\/egyhazkozseg\/itt-az-ido\/\" class=\"elementor-sub-item\">Itt az id\u0151<\/a><\/li>\n<\/ul>\n<\/li>\n<\/ul>\t\t\t<\/nav>\n\t\t\t\t\t\t<nav class=\"elementor-nav-menu--dropdown elementor-nav-menu__container\" aria-hidden=\"true\">\n\t\t\t\t<ul id=\"menu-2-534e3741\" class=\"elementor-nav-menu sm-vertical\"><li class=\"menu-item menu-item-type-custom menu-item-object-custom menu-item-has-children menu-item-7864\"><a href=\"#\" class=\"elementor-item elementor-item-anchor\" tabindex=\"-1\">Templomunk<\/a>\n<ul class=\"sub-menu elementor-nav-menu--dropdown\">\n\t<li class=\"menu-item menu-item-type-post_type menu-item-object-page menu-item-748\"><a href=\"https:\/\/www.szentimregyor.hu\/new\/templomunk-tortenete\/\" class=\"elementor-sub-item\" tabindex=\"-1\">Templomunk t\u00f6rt\u00e9nete<\/a><\/li>\n\t<li class=\"menu-item menu-item-type-post_type menu-item-object-page menu-item-749\"><a href=\"https:\/\/www.szentimregyor.hu\/new\/templomunk-muveszeti-ertekei\/\" class=\"elementor-sub-item\" tabindex=\"-1\">Templomunk m\u0171v\u00e9szeti \u00e9rt\u00e9kei<\/a><\/li>\n\t<li class=\"menu-item menu-item-type-post_type menu-item-object-page menu-item-2854\"><a href=\"https:\/\/www.szentimregyor.hu\/new\/vedoszentunk-szent-imre\/\" class=\"elementor-sub-item\" tabindex=\"-1\">V\u00e9d\u0151szent\u00fcnk, Szent Imre<\/a><\/li>\n\t<li class=\"menu-item menu-item-type-post_type menu-item-object-page menu-item-3708\"><a href=\"https:\/\/www.szentimregyor.hu\/new\/templomunk\/boldog-apor-vilmos-templomszentelo-beszede\/\" class=\"elementor-sub-item\" tabindex=\"-1\">Templomszentel\u0151 besz\u00e9d<\/a><\/li>\n<\/ul>\n<\/li>\n<li class=\"menu-item menu-item-type-custom menu-item-object-custom menu-item-has-children menu-item-7863\"><a href=\"#\" class=\"elementor-item elementor-item-anchor\" tabindex=\"-1\">H\u00edrek, Napt\u00e1r<\/a>\n<ul class=\"sub-menu elementor-nav-menu--dropdown\">\n\t<li class=\"menu-item menu-item-type-post_type menu-item-object-page menu-item-7862\"><a href=\"https:\/\/www.szentimregyor.hu\/new\/naptar\/\" class=\"elementor-sub-item\" tabindex=\"-1\">Napt\u00e1r<\/a><\/li>\n\t<li class=\"menu-item menu-item-type-post_type menu-item-object-page menu-item-6263\"><a href=\"https:\/\/www.szentimregyor.hu\/new\/hirdetesek\/\" class=\"elementor-sub-item\" tabindex=\"-1\">Heti hirdet\u00e9sek<\/a><\/li>\n\t<li class=\"menu-item menu-item-type-post_type menu-item-object-page menu-item-6262\"><a href=\"https:\/\/www.szentimregyor.hu\/new\/hirfolyam\/\" class=\"elementor-sub-item\" tabindex=\"-1\">H\u00edrfolyam<\/a><\/li>\n<\/ul>\n<\/li>\n<li class=\"menu-item menu-item-type-post_type menu-item-object-page menu-item-121\"><a href=\"https:\/\/www.szentimregyor.hu\/new\/miserend\/\" class=\"elementor-item\" tabindex=\"-1\">Miserend<\/a><\/li>\n<li class=\"menu-item menu-item-type-post_type menu-item-object-page menu-item-has-children menu-item-130\"><a href=\"https:\/\/www.szentimregyor.hu\/new\/kapcsolat\/\" class=\"elementor-item\" tabindex=\"-1\">Kapcsolat<\/a>\n<ul class=\"sub-menu elementor-nav-menu--dropdown\">\n\t<li class=\"menu-item menu-item-type-post_type menu-item-object-page menu-item-14288\"><a href=\"https:\/\/www.szentimregyor.hu\/new\/kapcsolat\/iroda\/\" class=\"elementor-sub-item\" tabindex=\"-1\">Iroda<\/a><\/li>\n\t<li class=\"menu-item menu-item-type-post_type menu-item-object-page menu-item-6301\"><a href=\"https:\/\/www.szentimregyor.hu\/new\/kapcsolat\/hirlevel\/\" class=\"elementor-sub-item\" tabindex=\"-1\">H\u00edrlev\u00e9l<\/a><\/li>\n\t<li class=\"menu-item menu-item-type-post_type menu-item-object-page menu-item-5988\"><a href=\"https:\/\/www.szentimregyor.hu\/new\/gyori-szent-imre-alapitvany\/\" class=\"elementor-sub-item\" tabindex=\"-1\">Gy\u0151ri Szent Imre Alap\u00edtv\u00e1ny<\/a><\/li>\n<\/ul>\n<\/li>\n<li class=\"menu-item menu-item-type-post_type menu-item-object-page menu-item-has-children menu-item-139\"><a href=\"https:\/\/www.szentimregyor.hu\/new\/galeria\/\" class=\"elementor-item\" tabindex=\"-1\">Gal\u00e9ria<\/a>\n<ul class=\"sub-menu elementor-nav-menu--dropdown\">\n\t<li class=\"menu-item menu-item-type-post_type menu-item-object-page menu-item-27314\"><a href=\"https:\/\/www.szentimregyor.hu\/new\/galeria\/galeria-2026\/\" class=\"elementor-sub-item\" tabindex=\"-1\">2026<\/a><\/li>\n\t<li class=\"menu-item menu-item-type-post_type menu-item-object-page menu-item-21719\"><a href=\"https:\/\/www.szentimregyor.hu\/new\/galeria\/galeria-2025\/\" class=\"elementor-sub-item\" tabindex=\"-1\">2025<\/a><\/li>\n\t<li class=\"menu-item menu-item-type-post_type menu-item-object-page menu-item-10943\"><a href=\"https:\/\/www.szentimregyor.hu\/new\/galeria\/galeria-2024\/\" class=\"elementor-sub-item\" tabindex=\"-1\">2024<\/a><\/li>\n\t<li class=\"menu-item menu-item-type-post_type menu-item-object-page menu-item-3734\"><a href=\"https:\/\/www.szentimregyor.hu\/new\/galeria\/galeria-2023\/\" class=\"elementor-sub-item\" tabindex=\"-1\">2023<\/a><\/li>\n\t<li class=\"menu-item menu-item-type-post_type menu-item-object-page menu-item-6591\"><a href=\"https:\/\/www.szentimregyor.hu\/new\/galeria\/galeria-2022\/\" class=\"elementor-sub-item\" tabindex=\"-1\">2022<\/a><\/li>\n\t<li class=\"menu-item menu-item-type-post_type menu-item-object-page menu-item-8384\"><a href=\"https:\/\/www.szentimregyor.hu\/new\/galeria\/galeria-2021\/\" class=\"elementor-sub-item\" tabindex=\"-1\">2021<\/a><\/li>\n\t<li class=\"menu-item menu-item-type-post_type menu-item-object-page menu-item-10837\"><a href=\"https:\/\/www.szentimregyor.hu\/new\/galeria\/galeria-2020\/\" class=\"elementor-sub-item\" tabindex=\"-1\">2020<\/a><\/li>\n\t<li class=\"menu-item menu-item-type-post_type menu-item-object-page menu-item-11155\"><a href=\"https:\/\/www.szentimregyor.hu\/new\/galeria\/galeria-2019\/\" class=\"elementor-sub-item\" tabindex=\"-1\">2019<\/a><\/li>\n\t<li class=\"menu-item menu-item-type-post_type menu-item-object-page menu-item-16174\"><a href=\"https:\/\/www.szentimregyor.hu\/new\/galeria\/galeria-2018\/\" class=\"elementor-sub-item\" tabindex=\"-1\">2018<\/a><\/li>\n\t<li class=\"menu-item menu-item-type-post_type menu-item-object-page menu-item-22065\"><a href=\"https:\/\/www.szentimregyor.hu\/new\/galeria\/galeria-2017\/\" class=\"elementor-sub-item\" tabindex=\"-1\">2017<\/a><\/li>\n\t<li class=\"menu-item menu-item-type-post_type menu-item-object-page menu-item-26413\"><a href=\"https:\/\/www.szentimregyor.hu\/new\/galeria\/galeria-2016\/\" class=\"elementor-sub-item\" tabindex=\"-1\">2016<\/a><\/li>\n\t<li class=\"menu-item menu-item-type-post_type menu-item-object-page menu-item-7957\"><a href=\"https:\/\/www.szentimregyor.hu\/new\/galeria\/orgona-galeria\/\" class=\"elementor-sub-item\" tabindex=\"-1\">Orgona<\/a><\/li>\n<\/ul>\n<\/li>\n<li class=\"menu-item menu-item-type-post_type menu-item-object-page menu-item-has-children menu-item-145\"><a href=\"https:\/\/www.szentimregyor.hu\/new\/egyhazkozseg\/\" class=\"elementor-item\" tabindex=\"-1\">Egyh\u00e1zk\u00f6zs\u00e9g\u00fcnk<\/a>\n<ul class=\"sub-menu elementor-nav-menu--dropdown\">\n\t<li class=\"menu-item menu-item-type-post_type menu-item-object-page menu-item-6003\"><a href=\"https:\/\/www.szentimregyor.hu\/new\/egyhazkozseg\/lelkipasztorok\/\" class=\"elementor-sub-item\" tabindex=\"-1\">Lelkip\u00e1sztorok<\/a><\/li>\n\t<li class=\"menu-item menu-item-type-post_type menu-item-object-page menu-item-28653\"><a href=\"https:\/\/www.szentimregyor.hu\/new\/egyhazkozseg\/plebaniai-tanacsado-testulet\/\" class=\"elementor-sub-item\" tabindex=\"-1\">Pl\u00e9b\u00e1niai Tan\u00e1csad\u00f3 Test\u00fclet<\/a><\/li>\n\t<li class=\"menu-item menu-item-type-post_type menu-item-object-page menu-item-has-children menu-item-6044\"><a href=\"https:\/\/www.szentimregyor.hu\/new\/egyhazkozseg\/egyhazzene\/\" class=\"elementor-sub-item\" tabindex=\"-1\">Egyh\u00e1zzene<\/a>\n\t<ul class=\"sub-menu elementor-nav-menu--dropdown\">\n\t\t<li class=\"menu-item menu-item-type-post_type menu-item-object-page menu-item-6371\"><a href=\"https:\/\/www.szentimregyor.hu\/new\/egyhazkozseg\/egyhazzene\/kantorok\/\" class=\"elementor-sub-item\" tabindex=\"-1\">K\u00e1ntorok<\/a><\/li>\n\t\t<li class=\"menu-item menu-item-type-post_type menu-item-object-page menu-item-6372\"><a href=\"https:\/\/www.szentimregyor.hu\/new\/egyhazkozseg\/egyhazzene\/schola\/\" class=\"elementor-sub-item\" tabindex=\"-1\">Schola Emericana<\/a><\/li>\n\t\t<li class=\"menu-item menu-item-type-post_type menu-item-object-page menu-item-6373\"><a href=\"https:\/\/www.szentimregyor.hu\/new\/egyhazkozseg\/egyhazzene\/orgona\/\" class=\"elementor-sub-item\" tabindex=\"-1\">Orgona<\/a><\/li>\n\t<\/ul>\n<\/li>\n\t<li class=\"menu-item menu-item-type-post_type menu-item-object-page menu-item-6022\"><a href=\"https:\/\/www.szentimregyor.hu\/new\/egyhazkozseg\/lectio-divina\/\" class=\"elementor-sub-item\" tabindex=\"-1\">Lectio Divina<\/a><\/li>\n\t<li class=\"menu-item menu-item-type-post_type menu-item-object-page menu-item-6033\"><a href=\"https:\/\/www.szentimregyor.hu\/new\/egyhazkozseg\/bibliakor\/\" class=\"elementor-sub-item\" tabindex=\"-1\">Bibliak\u00f6r<\/a><\/li>\n\t<li class=\"menu-item menu-item-type-post_type menu-item-object-page menu-item-6068\"><a href=\"https:\/\/www.szentimregyor.hu\/new\/egyhazkozseg\/itt-az-ido\/\" class=\"elementor-sub-item\" tabindex=\"-1\">Itt az id\u0151<\/a><\/li>\n<\/ul>\n<\/li>\n<\/ul>\t\t\t<\/nav>\n\t\t\t\t<\/div>\n\t\t\t\t<\/div>\n\t\t\t\t<\/div>\n\t\t<div class=\"elementor-element elementor-element-1306da21 e-con-full e-flex e-con e-child\" data-id=\"1306da21\" data-element_type=\"container\">\n\t\t\t\t<div class=\"elementor-element elementor-element-1476c7d0 elementor-widget elementor-widget-heading\" data-id=\"1476c7d0\" data-element_type=\"widget\" data-widget_type=\"heading.default\">\n\t\t\t\t<div class=\"elementor-widget-container\">\n\t\t\t<h6 class=\"elementor-heading-title elementor-size-default\"><a href=\"https:\/\/www.szentimregyor.hu\/new\/kapcsolat\/\">Kapcsolat<\/a><\/h6>\t\t<\/div>\n\t\t\t\t<\/div>\n\t\t\t\t<div class=\"elementor-element elementor-element-54a59af7 elementor-align-left elementor-icon-list--layout-traditional elementor-list-item-link-full_width elementor-widget elementor-widget-icon-list\" data-id=\"54a59af7\" data-element_type=\"widget\" data-widget_type=\"icon-list.default\">\n\t\t\t\t<div class=\"elementor-widget-container\">\n\t\t\t\t\t<ul class=\"elementor-icon-list-items\">\n\t\t\t\t\t\t\t<li class=\"elementor-icon-list-item\">\n\t\t\t\t\t\t\t\t\t\t\t<a href=\"mailto:contact@mysite.com\">\n\n\t\t\t\t\t\t\t\t\t\t\t<span class=\"elementor-icon-list-text\">gyoriszentimre.iroda@gmail.com<\/span>\n\t\t\t\t\t\t\t\t\t\t\t<\/a>\n\t\t\t\t\t\t\t\t\t<\/li>\n\t\t\t\t\t\t\t\t<li class=\"elementor-icon-list-item\">\n\t\t\t\t\t\t\t\t\t\t\t<a href=\"tel:123-456-7890\">\n\n\t\t\t\t\t\t\t\t\t\t\t<span class=\"elementor-icon-list-text\">+36 96 424 443<\/span>\n\t\t\t\t\t\t\t\t\t\t\t<\/a>\n\t\t\t\t\t\t\t\t\t<\/li>\n\t\t\t\t\t\t<\/ul>\n\t\t\t\t<\/div>\n\t\t\t\t<\/div>\n\t\t\t\t<\/div>\n\t\t<div class=\"elementor-element elementor-element-56db32c7 e-con-full e-flex e-con e-child\" data-id=\"56db32c7\" data-element_type=\"container\">\n\t\t\t\t<div class=\"elementor-element elementor-element-6aadf709 elementor-widget elementor-widget-google_maps\" data-id=\"6aadf709\" data-element_type=\"widget\" data-widget_type=\"google_maps.default\">\n\t\t\t\t<div class=\"elementor-widget-container\">\n\t\t\t<style>\/*! elementor - v3.21.0 - 20-05-2024 *\/\n.elementor-widget-google_maps .elementor-widget-container{overflow:hidden}.elementor-widget-google_maps .elementor-custom-embed{line-height:0}.elementor-widget-google_maps iframe{height:300px}<\/style>\t\t<div class=\"elementor-custom-embed\">\n\t\t\t<iframe loading=\"lazy\"\n\t\t\t\t\tsrc=\"https:\/\/maps.google.com\/maps?q=gy%C5%91ri%20szent%20imre%20pl%C3%A9b%C3%A1nia&#038;t=m&#038;z=15&#038;output=embed&#038;iwloc=near\"\n\t\t\t\t\ttitle=\"gy\u0151ri szent imre pl\u00e9b\u00e1nia\"\n\t\t\t\t\taria-label=\"gy\u0151ri szent imre pl\u00e9b\u00e1nia\"\n\t\t\t><\/iframe>\n\t\t<\/div>\n\t\t\t\t<\/div>\n\t\t\t\t<\/div>\n\t\t\t\t<\/div>\n\t\t\t\t\t<\/div>\n\t\t\t\t<\/div>\n\t\t<div class=\"elementor-element elementor-element-6e905ecf animated-slow e-flex e-con-boxed elementor-invisible e-con e-parent\" data-id=\"6e905ecf\" data-element_type=\"container\" data-settings=\"{&quot;background_background&quot;:&quot;gradient&quot;,&quot;animation&quot;:&quot;fadeIn&quot;}\">\n\t\t\t\t\t<div class=\"e-con-inner\">\n\t\t\t\t<div class=\"elementor-element elementor-element-5fe069f elementor-widget elementor-widget-heading\" data-id=\"5fe069f\" data-element_type=\"widget\" data-widget_type=\"heading.default\">\n\t\t\t\t<div class=\"elementor-widget-container\">\n\t\t\t<p class=\"elementor-heading-title elementor-size-default\"><a href=\"https:\/\/www.facebook.com\/people\/So%C3%B3s-G%C3%A1bor-webfejleszt%C5%91\/100091969894228\/\" target=\"_blank\">\u00a9 Szent Imre Pl\u00e9b\u00e1nia, Gy\u0151r<br>So\u00f3s G\u00e1bor webfejleszt\u0151<\/a><\/p>\t\t<\/div>\n\t\t\t\t<\/div>\n\t\t\t\t\t<\/div>\n\t\t\t\t<\/div>\n\t\t\t\t<\/div>\n\t\t","protected":false},"excerpt":{"rendered":"<p>+36 96 424 443 gyoriszentimre.iroda@gmail.com 9024 GY\u0150R, Szent Imre \u00fat 35. Szent Imre Pl\u00e9b\u00e1nia Gal\u00e9ria 2016. P\u00e1sztorj\u00e1t\u00e9k 2016. december 24.(Fot\u00f3: Vaday Tam\u00e1s) Szenteste d\u00e9lut\u00e1nj\u00e1n a hagyom\u00e1nyokhoz h\u00edven templomunk ministr\u00e1nsai mutatt\u00e1k be a p\u00e1sztorj\u00e1t\u00e9kot, amelynek forgat\u00f3k\u00f6nyv\u00e9t Pozsgai \u00c1gi n\u00e9ni \u00edrta \u00e9s \u0151 is rendezte az el\u0151ad\u00e1st. J\u00e9zus sz\u00fclet\u00e9s\u00e9nek t\u00f6rt\u00e9net\u00e9t ez\u00fattal is egy keretj\u00e1t\u00e9kba helyezve \u00e9lhett\u00fck \u00e1t. [&hellip;]<\/p>\n","protected":false},"author":1,"featured_media":0,"parent":134,"menu_order":0,"comment_status":"closed","ping_status":"closed","template":"elementor_canvas","meta":{"footnotes":""},"_links":{"self":[{"href":"https:\/\/www.szentimregyor.hu\/new\/wp-json\/wp\/v2\/pages\/26333"}],"collection":[{"href":"https:\/\/www.szentimregyor.hu\/new\/wp-json\/wp\/v2\/pages"}],"about":[{"href":"https:\/\/www.szentimregyor.hu\/new\/wp-json\/wp\/v2\/types\/page"}],"author":[{"embeddable":true,"href":"https:\/\/www.szentimregyor.hu\/new\/wp-json\/wp\/v2\/users\/1"}],"replies":[{"embeddable":true,"href":"https:\/\/www.szentimregyor.hu\/new\/wp-json\/wp\/v2\/comments?post=26333"}],"version-history":[{"count":67,"href":"https:\/\/www.szentimregyor.hu\/new\/wp-json\/wp\/v2\/pages\/26333\/revisions"}],"predecessor-version":[{"id":28220,"href":"https:\/\/www.szentimregyor.hu\/new\/wp-json\/wp\/v2\/pages\/26333\/revisions\/28220"}],"up":[{"embeddable":true,"href":"https:\/\/www.szentimregyor.hu\/new\/wp-json\/wp\/v2\/pages\/134"}],"wp:attachment":[{"href":"https:\/\/www.szentimregyor.hu\/new\/wp-json\/wp\/v2\/media?parent=26333"}],"curies":[{"name":"wp","href":"https:\/\/api.w.org\/{rel}","templated":true}]}}