{"id":21917,"date":"2025-01-27T20:08:31","date_gmt":"2025-01-27T19:08:31","guid":{"rendered":"https:\/\/www.szentimregyor.hu\/new\/?page_id=21917"},"modified":"2025-02-16T19:31:42","modified_gmt":"2025-02-16T18:31:42","slug":"galeria-2017","status":"publish","type":"page","link":"https:\/\/www.szentimregyor.hu\/new\/galeria\/galeria-2017\/","title":{"rendered":"Gal\u00e9ria 2017"},"content":{"rendered":"\t\t<div data-elementor-type=\"wp-page\" data-elementor-id=\"21917\" class=\"elementor elementor-21917\" data-elementor-post-type=\"page\">\n\t\t\t\t<div class=\"elementor-element elementor-element-72b52c5 e-con-full animated-slow e-flex elementor-invisible e-con e-parent\" data-id=\"72b52c5\" data-element_type=\"container\" id=\"header_pop\" data-settings=\"{&quot;sticky&quot;:&quot;top&quot;,&quot;animation&quot;:&quot;fadeIn&quot;,&quot;sticky_on&quot;:[&quot;desktop&quot;,&quot;tablet&quot;,&quot;mobile&quot;],&quot;sticky_offset&quot;:0,&quot;sticky_effects_offset&quot;:0}\">\n\t\t<div class=\"elementor-element elementor-element-7e5b019 e-flex e-con-boxed e-con e-child\" data-id=\"7e5b019\" data-element_type=\"container\" data-settings=\"{&quot;background_background&quot;:&quot;classic&quot;}\">\n\t\t\t\t\t<div class=\"e-con-inner\">\n\t\t<div class=\"elementor-element elementor-element-4982639c elementor-hidden-mobile e-con-full e-flex e-con e-child\" data-id=\"4982639c\" data-element_type=\"container\">\n\t\t\t\t<div class=\"elementor-element elementor-element-490316e9 elementor-icon-list--layout-inline elementor-align-left elementor-mobile-align-center elementor-list-item-link-full_width elementor-widget elementor-widget-icon-list\" data-id=\"490316e9\" data-element_type=\"widget\" data-widget_type=\"icon-list.default\">\n\t\t\t\t<div class=\"elementor-widget-container\">\n\t\t\t<link rel=\"stylesheet\" href=\"https:\/\/www.szentimregyor.hu\/new\/wp-content\/plugins\/elementor\/assets\/css\/widget-icon-list.min.css\">\t\t<ul class=\"elementor-icon-list-items elementor-inline-items\">\n\t\t\t\t\t\t\t<li class=\"elementor-icon-list-item elementor-inline-item\">\n\t\t\t\t\t\t\t\t\t\t\t<span class=\"elementor-icon-list-icon\">\n\t\t\t\t\t\t\t<i aria-hidden=\"true\" class=\"fas fa-phone\"><\/i>\t\t\t\t\t\t<\/span>\n\t\t\t\t\t\t\t\t\t\t<span class=\"elementor-icon-list-text\">+36 96 424 443<\/span>\n\t\t\t\t\t\t\t\t\t<\/li>\n\t\t\t\t\t\t\t\t<li class=\"elementor-icon-list-item elementor-inline-item\">\n\t\t\t\t\t\t\t\t\t\t\t<a href=\"http:\/\/gyoriszentimre.iroda@gmail.com\" target=\"_blank\">\n\n\t\t\t\t\t\t\t\t\t\t\t\t<span class=\"elementor-icon-list-icon\">\n\t\t\t\t\t\t\t<i aria-hidden=\"true\" class=\"fas fa-envelope\"><\/i>\t\t\t\t\t\t<\/span>\n\t\t\t\t\t\t\t\t\t\t<span class=\"elementor-icon-list-text\">gyoriszentimre.iroda@gmail.com<\/span>\n\t\t\t\t\t\t\t\t\t\t\t<\/a>\n\t\t\t\t\t\t\t\t\t<\/li>\n\t\t\t\t\t\t\t\t<li class=\"elementor-icon-list-item elementor-inline-item\">\n\t\t\t\t\t\t\t\t\t\t\t<span class=\"elementor-icon-list-icon\">\n\t\t\t\t\t\t\t<i aria-hidden=\"true\" class=\"fas fa-map-marker-alt\"><\/i>\t\t\t\t\t\t<\/span>\n\t\t\t\t\t\t\t\t\t\t<span class=\"elementor-icon-list-text\">9024 GY\u0150R, Szent Imre \u00fat 35.<\/span>\n\t\t\t\t\t\t\t\t\t<\/li>\n\t\t\t\t\t\t<\/ul>\n\t\t\t\t<\/div>\n\t\t\t\t<\/div>\n\t\t\t\t<\/div>\n\t\t<div class=\"elementor-element elementor-element-5a22e86f e-con-full e-flex e-con e-child\" data-id=\"5a22e86f\" data-element_type=\"container\">\n\t\t\t\t<div class=\"elementor-element elementor-element-4c22e62f elementor-search-form--skin-full_screen elementor-widget elementor-widget-search-form\" data-id=\"4c22e62f\" data-element_type=\"widget\" data-settings=\"{&quot;skin&quot;:&quot;full_screen&quot;}\" data-widget_type=\"search-form.default\">\n\t\t\t\t<div class=\"elementor-widget-container\">\n\t\t\t<link rel=\"stylesheet\" href=\"https:\/\/www.szentimregyor.hu\/new\/wp-content\/plugins\/elementor-pro\/assets\/css\/widget-theme-elements.min.css\">\t\t<search role=\"search\">\n\t\t\t<form class=\"elementor-search-form\" action=\"https:\/\/www.szentimregyor.hu\/new\" method=\"get\">\n\t\t\t\t\t\t\t\t\t\t\t\t<div class=\"elementor-search-form__toggle\" tabindex=\"0\" role=\"button\">\n\t\t\t\t\t<i aria-hidden=\"true\" class=\"fas fa-search\"><\/i>\t\t\t\t\t<span class=\"elementor-screen-only\">Search<\/span>\n\t\t\t\t<\/div>\n\t\t\t\t\t\t\t\t<div class=\"elementor-search-form__container\">\n\t\t\t\t\t<label class=\"elementor-screen-only\" for=\"elementor-search-form-4c22e62f\">Search<\/label>\n\n\t\t\t\t\t\n\t\t\t\t\t<input id=\"elementor-search-form-4c22e62f\" placeholder=\"\" class=\"elementor-search-form__input\" type=\"search\" name=\"s\" value=\"\">\n\t\t\t\t\t\n\t\t\t\t\t\n\t\t\t\t\t\t\t\t\t\t<div class=\"dialog-lightbox-close-button dialog-close-button\" role=\"button\" tabindex=\"0\">\n\t\t\t\t\t\t<i aria-hidden=\"true\" class=\"eicon-close\"><\/i>\t\t\t\t\t\t<span class=\"elementor-screen-only\">Close this search box.<\/span>\n\t\t\t\t\t<\/div>\n\t\t\t\t\t\t\t\t\t<\/div>\n\t\t\t<\/form>\n\t\t<\/search>\n\t\t\t\t<\/div>\n\t\t\t\t<\/div>\n\t\t\t\t<div class=\"elementor-element elementor-element-b5be39b elementor-icon-list--layout-inline elementor-align-right elementor-mobile-align-left elementor-list-item-link-full_width elementor-widget elementor-widget-icon-list\" data-id=\"b5be39b\" data-element_type=\"widget\" data-widget_type=\"icon-list.default\">\n\t\t\t\t<div class=\"elementor-widget-container\">\n\t\t\t\t\t<ul class=\"elementor-icon-list-items elementor-inline-items\">\n\t\t\t\t\t\t\t<li class=\"elementor-icon-list-item elementor-inline-item\">\n\t\t\t\t\t\t\t\t\t\t\t<a href=\"https:\/\/www.facebook.com\/szentimregyor?locale=hu_HU\" target=\"_blank\">\n\n\t\t\t\t\t\t\t\t\t\t\t\t<span class=\"elementor-icon-list-icon\">\n\t\t\t\t\t\t\t<i aria-hidden=\"true\" class=\"fab fa-facebook-f\"><\/i>\t\t\t\t\t\t<\/span>\n\t\t\t\t\t\t\t\t\t\t<span class=\"elementor-icon-list-text\"><\/span>\n\t\t\t\t\t\t\t\t\t\t\t<\/a>\n\t\t\t\t\t\t\t\t\t<\/li>\n\t\t\t\t\t\t\t\t<li class=\"elementor-icon-list-item elementor-inline-item\">\n\t\t\t\t\t\t\t\t\t\t\t<a href=\"https:\/\/www.youtube.com\/@szentimregyor\" target=\"_blank\">\n\n\t\t\t\t\t\t\t\t\t\t\t\t<span class=\"elementor-icon-list-icon\">\n\t\t\t\t\t\t\t<i aria-hidden=\"true\" class=\"fab fa-youtube\"><\/i>\t\t\t\t\t\t<\/span>\n\t\t\t\t\t\t\t\t\t\t<span class=\"elementor-icon-list-text\"><\/span>\n\t\t\t\t\t\t\t\t\t\t\t<\/a>\n\t\t\t\t\t\t\t\t\t<\/li>\n\t\t\t\t\t\t\t\t<li class=\"elementor-icon-list-item elementor-inline-item\">\n\t\t\t\t\t\t\t\t\t\t\t<a href=\"https:\/\/www.flickr.com\/photos\/99929046@N06\/\" target=\"_blank\">\n\n\t\t\t\t\t\t\t\t\t\t\t\t<span class=\"elementor-icon-list-icon\">\n\t\t\t\t\t\t\t<i aria-hidden=\"true\" class=\"fab fa-flickr\"><\/i>\t\t\t\t\t\t<\/span>\n\t\t\t\t\t\t\t\t\t\t<span class=\"elementor-icon-list-text\"><\/span>\n\t\t\t\t\t\t\t\t\t\t\t<\/a>\n\t\t\t\t\t\t\t\t\t<\/li>\n\t\t\t\t\t\t<\/ul>\n\t\t\t\t<\/div>\n\t\t\t\t<\/div>\n\t\t\t\t<\/div>\n\t\t\t\t\t<\/div>\n\t\t\t\t<\/div>\n\t\t<div class=\"elementor-element elementor-element-3f83e2d0 e-flex e-con-boxed e-con e-child\" data-id=\"3f83e2d0\" data-element_type=\"container\" data-settings=\"{&quot;background_background&quot;:&quot;classic&quot;}\">\n\t\t\t\t\t<div class=\"e-con-inner\">\n\t\t\t\t<div class=\"elementor-element elementor-element-7cad32d9 elementor-hidden-mobile elementor-widget elementor-widget-spacer\" data-id=\"7cad32d9\" data-element_type=\"widget\" data-widget_type=\"spacer.default\">\n\t\t\t\t<div class=\"elementor-widget-container\">\n\t\t\t<style>\/*! elementor - v3.21.0 - 20-05-2024 *\/\n.elementor-column .elementor-spacer-inner{height:var(--spacer-size)}.e-con{--container-widget-width:100%}.e-con-inner>.elementor-widget-spacer,.e-con>.elementor-widget-spacer{width:var(--container-widget-width,var(--spacer-size));--align-self:var(--container-widget-align-self,initial);--flex-shrink:0}.e-con-inner>.elementor-widget-spacer>.elementor-widget-container,.e-con>.elementor-widget-spacer>.elementor-widget-container{height:100%;width:100%}.e-con-inner>.elementor-widget-spacer>.elementor-widget-container>.elementor-spacer,.e-con>.elementor-widget-spacer>.elementor-widget-container>.elementor-spacer{height:100%}.e-con-inner>.elementor-widget-spacer>.elementor-widget-container>.elementor-spacer>.elementor-spacer-inner,.e-con>.elementor-widget-spacer>.elementor-widget-container>.elementor-spacer>.elementor-spacer-inner{height:var(--container-widget-height,var(--spacer-size))}.e-con-inner>.elementor-widget-spacer.elementor-widget-empty,.e-con>.elementor-widget-spacer.elementor-widget-empty{position:relative;min-height:22px;min-width:22px}.e-con-inner>.elementor-widget-spacer.elementor-widget-empty .elementor-widget-empty-icon,.e-con>.elementor-widget-spacer.elementor-widget-empty .elementor-widget-empty-icon{position:absolute;top:0;bottom:0;left:0;right:0;margin:auto;padding:0;width:22px;height:22px}<\/style>\t\t<div class=\"elementor-spacer\">\n\t\t\t<div class=\"elementor-spacer-inner\"><\/div>\n\t\t<\/div>\n\t\t\t\t<\/div>\n\t\t\t\t<\/div>\n\t\t\t\t<div class=\"elementor-element elementor-element-735c80d7 elementor-widget elementor-widget-heading\" data-id=\"735c80d7\" data-element_type=\"widget\" data-settings=\"{&quot;_animation_mobile&quot;:&quot;none&quot;}\" data-widget_type=\"heading.default\">\n\t\t\t\t<div class=\"elementor-widget-container\">\n\t\t\t<style>\/*! elementor - v3.21.0 - 20-05-2024 *\/\n.elementor-heading-title{padding:0;margin:0;line-height:1}.elementor-widget-heading .elementor-heading-title[class*=elementor-size-]>a{color:inherit;font-size:inherit;line-height:inherit}.elementor-widget-heading .elementor-heading-title.elementor-size-small{font-size:15px}.elementor-widget-heading .elementor-heading-title.elementor-size-medium{font-size:19px}.elementor-widget-heading .elementor-heading-title.elementor-size-large{font-size:29px}.elementor-widget-heading .elementor-heading-title.elementor-size-xl{font-size:39px}.elementor-widget-heading .elementor-heading-title.elementor-size-xxl{font-size:59px}<\/style><h2 class=\"elementor-heading-title elementor-size-default\"><a href=\"https:\/\/www.szentimregyor.hu\/new\/\">Szent Imre Pl\u00e9b\u00e1nia<\/a><\/h2>\t\t<\/div>\n\t\t\t\t<\/div>\n\t\t\t\t<div class=\"elementor-element elementor-element-a830b5d elementor-nav-menu__align-center elementor-nav-menu--stretch elementor-nav-menu__text-align-center elementor-nav-menu--dropdown-tablet elementor-nav-menu--toggle elementor-nav-menu--burger elementor-widget elementor-widget-nav-menu\" data-id=\"a830b5d\" data-element_type=\"widget\" data-settings=\"{&quot;full_width&quot;:&quot;stretch&quot;,&quot;layout&quot;:&quot;horizontal&quot;,&quot;submenu_icon&quot;:{&quot;value&quot;:&quot;&lt;i class=\\&quot;fas fa-caret-down\\&quot;&gt;&lt;\\\/i&gt;&quot;,&quot;library&quot;:&quot;fa-solid&quot;},&quot;toggle&quot;:&quot;burger&quot;}\" data-widget_type=\"nav-menu.default\">\n\t\t\t\t<div class=\"elementor-widget-container\">\n\t\t\t<link rel=\"stylesheet\" href=\"https:\/\/www.szentimregyor.hu\/new\/wp-content\/plugins\/elementor-pro\/assets\/css\/widget-nav-menu.min.css\">\t\t\t<nav class=\"elementor-nav-menu--main elementor-nav-menu__container elementor-nav-menu--layout-horizontal e--pointer-underline e--animation-fade\">\n\t\t\t\t<ul id=\"menu-1-a830b5d\" class=\"elementor-nav-menu\"><li class=\"menu-item menu-item-type-custom menu-item-object-custom menu-item-has-children menu-item-7864\"><a href=\"#\" class=\"elementor-item elementor-item-anchor\">Templomunk<\/a>\n<ul class=\"sub-menu elementor-nav-menu--dropdown\">\n\t<li class=\"menu-item menu-item-type-post_type menu-item-object-page menu-item-748\"><a href=\"https:\/\/www.szentimregyor.hu\/new\/templomunk-tortenete\/\" class=\"elementor-sub-item\">Templomunk t\u00f6rt\u00e9nete<\/a><\/li>\n\t<li class=\"menu-item menu-item-type-post_type menu-item-object-page menu-item-749\"><a href=\"https:\/\/www.szentimregyor.hu\/new\/templomunk-muveszeti-ertekei\/\" class=\"elementor-sub-item\">Templomunk m\u0171v\u00e9szeti \u00e9rt\u00e9kei<\/a><\/li>\n\t<li class=\"menu-item menu-item-type-post_type menu-item-object-page menu-item-2854\"><a href=\"https:\/\/www.szentimregyor.hu\/new\/vedoszentunk-szent-imre\/\" class=\"elementor-sub-item\">V\u00e9d\u0151szent\u00fcnk, Szent Imre<\/a><\/li>\n\t<li class=\"menu-item menu-item-type-post_type menu-item-object-page menu-item-3708\"><a href=\"https:\/\/www.szentimregyor.hu\/new\/templomunk\/boldog-apor-vilmos-templomszentelo-beszede\/\" class=\"elementor-sub-item\">Templomszentel\u0151 besz\u00e9d<\/a><\/li>\n\t<li class=\"menu-item menu-item-type-post_type menu-item-object-page menu-item-29511\"><a href=\"https:\/\/www.szentimregyor.hu\/new\/altemplom-urnakert\/\" class=\"elementor-sub-item\">Altemplom, Urnakert<\/a><\/li>\n<\/ul>\n<\/li>\n<li class=\"menu-item menu-item-type-custom menu-item-object-custom menu-item-has-children menu-item-7863\"><a href=\"#\" class=\"elementor-item elementor-item-anchor\">H\u00edrek, Napt\u00e1r<\/a>\n<ul class=\"sub-menu elementor-nav-menu--dropdown\">\n\t<li class=\"menu-item menu-item-type-post_type menu-item-object-page menu-item-7862\"><a href=\"https:\/\/www.szentimregyor.hu\/new\/naptar\/\" class=\"elementor-sub-item\">Napt\u00e1r<\/a><\/li>\n\t<li class=\"menu-item menu-item-type-post_type menu-item-object-page menu-item-6263\"><a href=\"https:\/\/www.szentimregyor.hu\/new\/hirdetesek\/\" class=\"elementor-sub-item\">Heti hirdet\u00e9sek<\/a><\/li>\n\t<li class=\"menu-item menu-item-type-post_type menu-item-object-page menu-item-6262\"><a href=\"https:\/\/www.szentimregyor.hu\/new\/hirfolyam\/\" class=\"elementor-sub-item\">H\u00edrfolyam<\/a><\/li>\n<\/ul>\n<\/li>\n<li class=\"menu-item menu-item-type-post_type menu-item-object-page menu-item-121\"><a href=\"https:\/\/www.szentimregyor.hu\/new\/miserend\/\" class=\"elementor-item\">Miserend<\/a><\/li>\n<li class=\"menu-item menu-item-type-post_type menu-item-object-page menu-item-has-children menu-item-130\"><a href=\"https:\/\/www.szentimregyor.hu\/new\/kapcsolat\/\" class=\"elementor-item\">Kapcsolat<\/a>\n<ul class=\"sub-menu elementor-nav-menu--dropdown\">\n\t<li class=\"menu-item menu-item-type-post_type menu-item-object-page menu-item-14288\"><a href=\"https:\/\/www.szentimregyor.hu\/new\/kapcsolat\/iroda\/\" class=\"elementor-sub-item\">Iroda<\/a><\/li>\n\t<li class=\"menu-item menu-item-type-post_type menu-item-object-page menu-item-6301\"><a href=\"https:\/\/www.szentimregyor.hu\/new\/kapcsolat\/hirlevel\/\" class=\"elementor-sub-item\">H\u00edrlev\u00e9l<\/a><\/li>\n\t<li class=\"menu-item menu-item-type-post_type menu-item-object-page menu-item-5988\"><a href=\"https:\/\/www.szentimregyor.hu\/new\/gyori-szent-imre-alapitvany\/\" class=\"elementor-sub-item\">Gy\u0151ri Szent Imre Alap\u00edtv\u00e1ny<\/a><\/li>\n<\/ul>\n<\/li>\n<li class=\"menu-item menu-item-type-post_type menu-item-object-page menu-item-has-children menu-item-139\"><a href=\"https:\/\/www.szentimregyor.hu\/new\/galeria\/\" class=\"elementor-item\">Gal\u00e9ria<\/a>\n<ul class=\"sub-menu elementor-nav-menu--dropdown\">\n\t<li class=\"menu-item menu-item-type-post_type menu-item-object-page menu-item-27314\"><a href=\"https:\/\/www.szentimregyor.hu\/new\/galeria\/galeria-2026\/\" class=\"elementor-sub-item\">2026<\/a><\/li>\n\t<li class=\"menu-item menu-item-type-post_type menu-item-object-page menu-item-21719\"><a href=\"https:\/\/www.szentimregyor.hu\/new\/galeria\/galeria-2025\/\" class=\"elementor-sub-item\">2025<\/a><\/li>\n\t<li class=\"menu-item menu-item-type-post_type menu-item-object-page menu-item-10943\"><a href=\"https:\/\/www.szentimregyor.hu\/new\/galeria\/galeria-2024\/\" class=\"elementor-sub-item\">2024<\/a><\/li>\n\t<li class=\"menu-item menu-item-type-post_type menu-item-object-page menu-item-3734\"><a href=\"https:\/\/www.szentimregyor.hu\/new\/galeria\/galeria-2023\/\" class=\"elementor-sub-item\">2023<\/a><\/li>\n\t<li class=\"menu-item menu-item-type-post_type menu-item-object-page menu-item-6591\"><a href=\"https:\/\/www.szentimregyor.hu\/new\/galeria\/galeria-2022\/\" class=\"elementor-sub-item\">2022<\/a><\/li>\n\t<li class=\"menu-item menu-item-type-post_type menu-item-object-page menu-item-8384\"><a href=\"https:\/\/www.szentimregyor.hu\/new\/galeria\/galeria-2021\/\" class=\"elementor-sub-item\">2021<\/a><\/li>\n\t<li class=\"menu-item menu-item-type-post_type menu-item-object-page menu-item-10837\"><a href=\"https:\/\/www.szentimregyor.hu\/new\/galeria\/galeria-2020\/\" class=\"elementor-sub-item\">2020<\/a><\/li>\n\t<li class=\"menu-item menu-item-type-post_type menu-item-object-page menu-item-11155\"><a href=\"https:\/\/www.szentimregyor.hu\/new\/galeria\/galeria-2019\/\" class=\"elementor-sub-item\">2019<\/a><\/li>\n\t<li class=\"menu-item menu-item-type-post_type menu-item-object-page menu-item-16174\"><a href=\"https:\/\/www.szentimregyor.hu\/new\/galeria\/galeria-2018\/\" class=\"elementor-sub-item\">2018<\/a><\/li>\n\t<li class=\"menu-item menu-item-type-post_type menu-item-object-page menu-item-22065\"><a href=\"https:\/\/www.szentimregyor.hu\/new\/galeria\/galeria-2017\/\" class=\"elementor-sub-item\">2017<\/a><\/li>\n\t<li class=\"menu-item menu-item-type-post_type menu-item-object-page menu-item-26413\"><a href=\"https:\/\/www.szentimregyor.hu\/new\/galeria\/galeria-2016\/\" class=\"elementor-sub-item\">2016<\/a><\/li>\n\t<li class=\"menu-item menu-item-type-post_type menu-item-object-page menu-item-7957\"><a href=\"https:\/\/www.szentimregyor.hu\/new\/galeria\/orgona-galeria\/\" class=\"elementor-sub-item\">Orgona<\/a><\/li>\n<\/ul>\n<\/li>\n<li class=\"menu-item menu-item-type-post_type menu-item-object-page menu-item-has-children menu-item-145\"><a href=\"https:\/\/www.szentimregyor.hu\/new\/egyhazkozseg\/\" class=\"elementor-item\">Egyh\u00e1zk\u00f6zs\u00e9g\u00fcnk<\/a>\n<ul class=\"sub-menu elementor-nav-menu--dropdown\">\n\t<li class=\"menu-item menu-item-type-post_type menu-item-object-page menu-item-6003\"><a href=\"https:\/\/www.szentimregyor.hu\/new\/egyhazkozseg\/lelkipasztorok\/\" class=\"elementor-sub-item\">Lelkip\u00e1sztorok<\/a><\/li>\n\t<li class=\"menu-item menu-item-type-post_type menu-item-object-page menu-item-28653\"><a href=\"https:\/\/www.szentimregyor.hu\/new\/egyhazkozseg\/plebaniai-tanacsado-testulet\/\" class=\"elementor-sub-item\">Pl\u00e9b\u00e1niai Tan\u00e1csad\u00f3 Test\u00fclet<\/a><\/li>\n\t<li class=\"menu-item menu-item-type-post_type menu-item-object-page menu-item-has-children menu-item-6044\"><a href=\"https:\/\/www.szentimregyor.hu\/new\/egyhazkozseg\/egyhazzene\/\" class=\"elementor-sub-item\">Egyh\u00e1zzene<\/a>\n\t<ul class=\"sub-menu elementor-nav-menu--dropdown\">\n\t\t<li class=\"menu-item menu-item-type-post_type menu-item-object-page menu-item-6371\"><a href=\"https:\/\/www.szentimregyor.hu\/new\/egyhazkozseg\/egyhazzene\/kantorok\/\" class=\"elementor-sub-item\">K\u00e1ntorok<\/a><\/li>\n\t\t<li class=\"menu-item menu-item-type-post_type menu-item-object-page menu-item-6372\"><a href=\"https:\/\/www.szentimregyor.hu\/new\/egyhazkozseg\/egyhazzene\/schola\/\" class=\"elementor-sub-item\">Schola Emericana<\/a><\/li>\n\t\t<li class=\"menu-item menu-item-type-post_type menu-item-object-page menu-item-6373\"><a href=\"https:\/\/www.szentimregyor.hu\/new\/egyhazkozseg\/egyhazzene\/orgona\/\" class=\"elementor-sub-item\">Orgona<\/a><\/li>\n\t<\/ul>\n<\/li>\n\t<li class=\"menu-item menu-item-type-post_type menu-item-object-page menu-item-6022\"><a href=\"https:\/\/www.szentimregyor.hu\/new\/egyhazkozseg\/lectio-divina\/\" class=\"elementor-sub-item\">Lectio Divina<\/a><\/li>\n\t<li class=\"menu-item menu-item-type-post_type menu-item-object-page menu-item-6033\"><a href=\"https:\/\/www.szentimregyor.hu\/new\/egyhazkozseg\/bibliakor\/\" class=\"elementor-sub-item\">Bibliak\u00f6r<\/a><\/li>\n\t<li class=\"menu-item menu-item-type-post_type menu-item-object-page menu-item-6068\"><a href=\"https:\/\/www.szentimregyor.hu\/new\/egyhazkozseg\/itt-az-ido\/\" class=\"elementor-sub-item\">Itt az id\u0151<\/a><\/li>\n<\/ul>\n<\/li>\n<\/ul>\t\t\t<\/nav>\n\t\t\t\t\t<div class=\"elementor-menu-toggle\" role=\"button\" tabindex=\"0\" aria-label=\"Menu Toggle\" aria-expanded=\"false\">\n\t\t\t<i aria-hidden=\"true\" role=\"presentation\" class=\"elementor-menu-toggle__icon--open eicon-menu-bar\"><\/i><i aria-hidden=\"true\" role=\"presentation\" class=\"elementor-menu-toggle__icon--close eicon-close\"><\/i>\t\t\t<span class=\"elementor-screen-only\">Menu<\/span>\n\t\t<\/div>\n\t\t\t\t\t<nav class=\"elementor-nav-menu--dropdown elementor-nav-menu__container\" aria-hidden=\"true\">\n\t\t\t\t<ul id=\"menu-2-a830b5d\" class=\"elementor-nav-menu\"><li class=\"menu-item menu-item-type-custom menu-item-object-custom menu-item-has-children menu-item-7864\"><a href=\"#\" class=\"elementor-item elementor-item-anchor\" tabindex=\"-1\">Templomunk<\/a>\n<ul class=\"sub-menu elementor-nav-menu--dropdown\">\n\t<li class=\"menu-item menu-item-type-post_type menu-item-object-page menu-item-748\"><a href=\"https:\/\/www.szentimregyor.hu\/new\/templomunk-tortenete\/\" class=\"elementor-sub-item\" tabindex=\"-1\">Templomunk t\u00f6rt\u00e9nete<\/a><\/li>\n\t<li class=\"menu-item menu-item-type-post_type menu-item-object-page menu-item-749\"><a href=\"https:\/\/www.szentimregyor.hu\/new\/templomunk-muveszeti-ertekei\/\" class=\"elementor-sub-item\" tabindex=\"-1\">Templomunk m\u0171v\u00e9szeti \u00e9rt\u00e9kei<\/a><\/li>\n\t<li class=\"menu-item menu-item-type-post_type menu-item-object-page menu-item-2854\"><a href=\"https:\/\/www.szentimregyor.hu\/new\/vedoszentunk-szent-imre\/\" class=\"elementor-sub-item\" tabindex=\"-1\">V\u00e9d\u0151szent\u00fcnk, Szent Imre<\/a><\/li>\n\t<li class=\"menu-item menu-item-type-post_type menu-item-object-page menu-item-3708\"><a href=\"https:\/\/www.szentimregyor.hu\/new\/templomunk\/boldog-apor-vilmos-templomszentelo-beszede\/\" class=\"elementor-sub-item\" tabindex=\"-1\">Templomszentel\u0151 besz\u00e9d<\/a><\/li>\n\t<li class=\"menu-item menu-item-type-post_type menu-item-object-page menu-item-29511\"><a href=\"https:\/\/www.szentimregyor.hu\/new\/altemplom-urnakert\/\" class=\"elementor-sub-item\" tabindex=\"-1\">Altemplom, Urnakert<\/a><\/li>\n<\/ul>\n<\/li>\n<li class=\"menu-item menu-item-type-custom menu-item-object-custom menu-item-has-children menu-item-7863\"><a href=\"#\" class=\"elementor-item elementor-item-anchor\" tabindex=\"-1\">H\u00edrek, Napt\u00e1r<\/a>\n<ul class=\"sub-menu elementor-nav-menu--dropdown\">\n\t<li class=\"menu-item menu-item-type-post_type menu-item-object-page menu-item-7862\"><a href=\"https:\/\/www.szentimregyor.hu\/new\/naptar\/\" class=\"elementor-sub-item\" tabindex=\"-1\">Napt\u00e1r<\/a><\/li>\n\t<li class=\"menu-item menu-item-type-post_type menu-item-object-page menu-item-6263\"><a href=\"https:\/\/www.szentimregyor.hu\/new\/hirdetesek\/\" class=\"elementor-sub-item\" tabindex=\"-1\">Heti hirdet\u00e9sek<\/a><\/li>\n\t<li class=\"menu-item menu-item-type-post_type menu-item-object-page menu-item-6262\"><a href=\"https:\/\/www.szentimregyor.hu\/new\/hirfolyam\/\" class=\"elementor-sub-item\" tabindex=\"-1\">H\u00edrfolyam<\/a><\/li>\n<\/ul>\n<\/li>\n<li class=\"menu-item menu-item-type-post_type menu-item-object-page menu-item-121\"><a href=\"https:\/\/www.szentimregyor.hu\/new\/miserend\/\" class=\"elementor-item\" tabindex=\"-1\">Miserend<\/a><\/li>\n<li class=\"menu-item menu-item-type-post_type menu-item-object-page menu-item-has-children menu-item-130\"><a href=\"https:\/\/www.szentimregyor.hu\/new\/kapcsolat\/\" class=\"elementor-item\" tabindex=\"-1\">Kapcsolat<\/a>\n<ul class=\"sub-menu elementor-nav-menu--dropdown\">\n\t<li class=\"menu-item menu-item-type-post_type menu-item-object-page menu-item-14288\"><a href=\"https:\/\/www.szentimregyor.hu\/new\/kapcsolat\/iroda\/\" class=\"elementor-sub-item\" tabindex=\"-1\">Iroda<\/a><\/li>\n\t<li class=\"menu-item menu-item-type-post_type menu-item-object-page menu-item-6301\"><a href=\"https:\/\/www.szentimregyor.hu\/new\/kapcsolat\/hirlevel\/\" class=\"elementor-sub-item\" tabindex=\"-1\">H\u00edrlev\u00e9l<\/a><\/li>\n\t<li class=\"menu-item menu-item-type-post_type menu-item-object-page menu-item-5988\"><a href=\"https:\/\/www.szentimregyor.hu\/new\/gyori-szent-imre-alapitvany\/\" class=\"elementor-sub-item\" tabindex=\"-1\">Gy\u0151ri Szent Imre Alap\u00edtv\u00e1ny<\/a><\/li>\n<\/ul>\n<\/li>\n<li class=\"menu-item menu-item-type-post_type menu-item-object-page menu-item-has-children menu-item-139\"><a href=\"https:\/\/www.szentimregyor.hu\/new\/galeria\/\" class=\"elementor-item\" tabindex=\"-1\">Gal\u00e9ria<\/a>\n<ul class=\"sub-menu elementor-nav-menu--dropdown\">\n\t<li class=\"menu-item menu-item-type-post_type menu-item-object-page menu-item-27314\"><a href=\"https:\/\/www.szentimregyor.hu\/new\/galeria\/galeria-2026\/\" class=\"elementor-sub-item\" tabindex=\"-1\">2026<\/a><\/li>\n\t<li class=\"menu-item menu-item-type-post_type menu-item-object-page menu-item-21719\"><a href=\"https:\/\/www.szentimregyor.hu\/new\/galeria\/galeria-2025\/\" class=\"elementor-sub-item\" tabindex=\"-1\">2025<\/a><\/li>\n\t<li class=\"menu-item menu-item-type-post_type menu-item-object-page menu-item-10943\"><a href=\"https:\/\/www.szentimregyor.hu\/new\/galeria\/galeria-2024\/\" class=\"elementor-sub-item\" tabindex=\"-1\">2024<\/a><\/li>\n\t<li class=\"menu-item menu-item-type-post_type menu-item-object-page menu-item-3734\"><a href=\"https:\/\/www.szentimregyor.hu\/new\/galeria\/galeria-2023\/\" class=\"elementor-sub-item\" tabindex=\"-1\">2023<\/a><\/li>\n\t<li class=\"menu-item menu-item-type-post_type menu-item-object-page menu-item-6591\"><a href=\"https:\/\/www.szentimregyor.hu\/new\/galeria\/galeria-2022\/\" class=\"elementor-sub-item\" tabindex=\"-1\">2022<\/a><\/li>\n\t<li class=\"menu-item menu-item-type-post_type menu-item-object-page menu-item-8384\"><a href=\"https:\/\/www.szentimregyor.hu\/new\/galeria\/galeria-2021\/\" class=\"elementor-sub-item\" tabindex=\"-1\">2021<\/a><\/li>\n\t<li class=\"menu-item menu-item-type-post_type menu-item-object-page menu-item-10837\"><a href=\"https:\/\/www.szentimregyor.hu\/new\/galeria\/galeria-2020\/\" class=\"elementor-sub-item\" tabindex=\"-1\">2020<\/a><\/li>\n\t<li class=\"menu-item menu-item-type-post_type menu-item-object-page menu-item-11155\"><a href=\"https:\/\/www.szentimregyor.hu\/new\/galeria\/galeria-2019\/\" class=\"elementor-sub-item\" tabindex=\"-1\">2019<\/a><\/li>\n\t<li class=\"menu-item menu-item-type-post_type menu-item-object-page menu-item-16174\"><a href=\"https:\/\/www.szentimregyor.hu\/new\/galeria\/galeria-2018\/\" class=\"elementor-sub-item\" tabindex=\"-1\">2018<\/a><\/li>\n\t<li class=\"menu-item menu-item-type-post_type menu-item-object-page menu-item-22065\"><a href=\"https:\/\/www.szentimregyor.hu\/new\/galeria\/galeria-2017\/\" class=\"elementor-sub-item\" tabindex=\"-1\">2017<\/a><\/li>\n\t<li class=\"menu-item menu-item-type-post_type menu-item-object-page menu-item-26413\"><a href=\"https:\/\/www.szentimregyor.hu\/new\/galeria\/galeria-2016\/\" class=\"elementor-sub-item\" tabindex=\"-1\">2016<\/a><\/li>\n\t<li class=\"menu-item menu-item-type-post_type menu-item-object-page menu-item-7957\"><a href=\"https:\/\/www.szentimregyor.hu\/new\/galeria\/orgona-galeria\/\" class=\"elementor-sub-item\" tabindex=\"-1\">Orgona<\/a><\/li>\n<\/ul>\n<\/li>\n<li class=\"menu-item menu-item-type-post_type menu-item-object-page menu-item-has-children menu-item-145\"><a href=\"https:\/\/www.szentimregyor.hu\/new\/egyhazkozseg\/\" class=\"elementor-item\" tabindex=\"-1\">Egyh\u00e1zk\u00f6zs\u00e9g\u00fcnk<\/a>\n<ul class=\"sub-menu elementor-nav-menu--dropdown\">\n\t<li class=\"menu-item menu-item-type-post_type menu-item-object-page menu-item-6003\"><a href=\"https:\/\/www.szentimregyor.hu\/new\/egyhazkozseg\/lelkipasztorok\/\" class=\"elementor-sub-item\" tabindex=\"-1\">Lelkip\u00e1sztorok<\/a><\/li>\n\t<li class=\"menu-item menu-item-type-post_type menu-item-object-page menu-item-28653\"><a href=\"https:\/\/www.szentimregyor.hu\/new\/egyhazkozseg\/plebaniai-tanacsado-testulet\/\" class=\"elementor-sub-item\" tabindex=\"-1\">Pl\u00e9b\u00e1niai Tan\u00e1csad\u00f3 Test\u00fclet<\/a><\/li>\n\t<li class=\"menu-item menu-item-type-post_type menu-item-object-page menu-item-has-children menu-item-6044\"><a href=\"https:\/\/www.szentimregyor.hu\/new\/egyhazkozseg\/egyhazzene\/\" class=\"elementor-sub-item\" tabindex=\"-1\">Egyh\u00e1zzene<\/a>\n\t<ul class=\"sub-menu elementor-nav-menu--dropdown\">\n\t\t<li class=\"menu-item menu-item-type-post_type menu-item-object-page menu-item-6371\"><a href=\"https:\/\/www.szentimregyor.hu\/new\/egyhazkozseg\/egyhazzene\/kantorok\/\" class=\"elementor-sub-item\" tabindex=\"-1\">K\u00e1ntorok<\/a><\/li>\n\t\t<li class=\"menu-item menu-item-type-post_type menu-item-object-page menu-item-6372\"><a href=\"https:\/\/www.szentimregyor.hu\/new\/egyhazkozseg\/egyhazzene\/schola\/\" class=\"elementor-sub-item\" tabindex=\"-1\">Schola Emericana<\/a><\/li>\n\t\t<li class=\"menu-item menu-item-type-post_type menu-item-object-page menu-item-6373\"><a href=\"https:\/\/www.szentimregyor.hu\/new\/egyhazkozseg\/egyhazzene\/orgona\/\" class=\"elementor-sub-item\" tabindex=\"-1\">Orgona<\/a><\/li>\n\t<\/ul>\n<\/li>\n\t<li class=\"menu-item menu-item-type-post_type menu-item-object-page menu-item-6022\"><a href=\"https:\/\/www.szentimregyor.hu\/new\/egyhazkozseg\/lectio-divina\/\" class=\"elementor-sub-item\" tabindex=\"-1\">Lectio Divina<\/a><\/li>\n\t<li class=\"menu-item menu-item-type-post_type menu-item-object-page menu-item-6033\"><a href=\"https:\/\/www.szentimregyor.hu\/new\/egyhazkozseg\/bibliakor\/\" class=\"elementor-sub-item\" tabindex=\"-1\">Bibliak\u00f6r<\/a><\/li>\n\t<li class=\"menu-item menu-item-type-post_type menu-item-object-page menu-item-6068\"><a href=\"https:\/\/www.szentimregyor.hu\/new\/egyhazkozseg\/itt-az-ido\/\" class=\"elementor-sub-item\" tabindex=\"-1\">Itt az id\u0151<\/a><\/li>\n<\/ul>\n<\/li>\n<\/ul>\t\t\t<\/nav>\n\t\t\t\t<\/div>\n\t\t\t\t<\/div>\n\t\t\t\t\t<\/div>\n\t\t\t\t<\/div>\n\t\t\t\t<\/div>\n\t\t<div class=\"elementor-element elementor-element-54d7d552 e-flex e-con-boxed e-con e-parent\" data-id=\"54d7d552\" data-element_type=\"container\">\n\t\t\t\t\t<div class=\"e-con-inner\">\n\t\t\t\t<div class=\"elementor-element elementor-element-13a21982 elementor-widget elementor-widget-spacer\" data-id=\"13a21982\" data-element_type=\"widget\" data-widget_type=\"spacer.default\">\n\t\t\t\t<div class=\"elementor-widget-container\">\n\t\t\t\t\t<div class=\"elementor-spacer\">\n\t\t\t<div class=\"elementor-spacer-inner\"><\/div>\n\t\t<\/div>\n\t\t\t\t<\/div>\n\t\t\t\t<\/div>\n\t\t\t\t\t<\/div>\n\t\t\t\t<\/div>\n\t\t<div class=\"elementor-element elementor-element-3d89ba38 e-flex e-con-boxed e-con e-parent\" data-id=\"3d89ba38\" data-element_type=\"container\">\n\t\t\t\t\t<div class=\"e-con-inner\">\n\t\t\t\t<div class=\"elementor-element elementor-element-5468d481 elementor-invisible elementor-widget elementor-widget-heading\" data-id=\"5468d481\" data-element_type=\"widget\" data-settings=\"{&quot;_animation&quot;:&quot;fadeInUp&quot;}\" data-widget_type=\"heading.default\">\n\t\t\t\t<div class=\"elementor-widget-container\">\n\t\t\t<h2 class=\"elementor-heading-title elementor-size-default\">Gal\u00e9ria 2017.<\/h2>\t\t<\/div>\n\t\t\t\t<\/div>\n\t\t\t\t\t<\/div>\n\t\t\t\t<\/div>\n\t\t<div class=\"elementor-element elementor-element-2bf767bb e-flex e-con-boxed e-con e-parent\" data-id=\"2bf767bb\" data-element_type=\"container\">\n\t\t\t\t\t<div class=\"e-con-inner\">\n\t\t\t\t<div class=\"elementor-element elementor-element-58fe0a6 elementor-widget elementor-widget-spacer\" data-id=\"58fe0a6\" data-element_type=\"widget\" data-widget_type=\"spacer.default\">\n\t\t\t\t<div class=\"elementor-widget-container\">\n\t\t\t\t\t<div class=\"elementor-spacer\">\n\t\t\t<div class=\"elementor-spacer-inner\"><\/div>\n\t\t<\/div>\n\t\t\t\t<\/div>\n\t\t\t\t<\/div>\n\t\t\t\t\t<\/div>\n\t\t\t\t<\/div>\n\t\t<div class=\"elementor-element elementor-element-6f4611bf e-flex e-con-boxed elementor-invisible e-con e-parent\" data-id=\"6f4611bf\" data-element_type=\"container\" data-settings=\"{&quot;animation&quot;:&quot;fadeInUp&quot;}\">\n\t\t\t\t\t<div class=\"e-con-inner\">\n\t\t\t\t<div class=\"elementor-element elementor-element-31b7e78 elementor-position-top elementor-widget elementor-widget-image-box\" data-id=\"31b7e78\" data-element_type=\"widget\" data-widget_type=\"image-box.default\">\n\t\t\t\t<div class=\"elementor-widget-container\">\n\t\t\t<style>\/*! elementor - v3.21.0 - 20-05-2024 *\/\n.elementor-widget-image-box .elementor-image-box-content{width:100%}@media (min-width:768px){.elementor-widget-image-box.elementor-position-left .elementor-image-box-wrapper,.elementor-widget-image-box.elementor-position-right .elementor-image-box-wrapper{display:flex}.elementor-widget-image-box.elementor-position-right .elementor-image-box-wrapper{text-align:end;flex-direction:row-reverse}.elementor-widget-image-box.elementor-position-left .elementor-image-box-wrapper{text-align:start;flex-direction:row}.elementor-widget-image-box.elementor-position-top .elementor-image-box-img{margin:auto}.elementor-widget-image-box.elementor-vertical-align-top .elementor-image-box-wrapper{align-items:flex-start}.elementor-widget-image-box.elementor-vertical-align-middle .elementor-image-box-wrapper{align-items:center}.elementor-widget-image-box.elementor-vertical-align-bottom .elementor-image-box-wrapper{align-items:flex-end}}@media (max-width:767px){.elementor-widget-image-box .elementor-image-box-img{margin-left:auto!important;margin-right:auto!important;margin-bottom:15px}}.elementor-widget-image-box .elementor-image-box-img{display:inline-block}.elementor-widget-image-box .elementor-image-box-title a{color:inherit}.elementor-widget-image-box .elementor-image-box-wrapper{text-align:center}.elementor-widget-image-box .elementor-image-box-description{margin:0}<\/style><div class=\"elementor-image-box-wrapper\"><figure class=\"elementor-image-box-img\"><a href=\"https:\/\/www.szentimregyor.hu\/new\/galeria\/galeria-2017\/2017-pasztorjatek\/\" tabindex=\"-1\"><img fetchpriority=\"high\" decoding=\"async\" width=\"1800\" height=\"1200\" src=\"https:\/\/www.szentimregyor.hu\/new\/wp-content\/uploads\/2025\/02\/171224pasztorjatek064.jpg\" class=\"attachment-full size-full wp-image-23504\" alt=\"171224pasztorjatek064\" srcset=\"https:\/\/www.szentimregyor.hu\/new\/wp-content\/uploads\/2025\/02\/171224pasztorjatek064.jpg 1800w, https:\/\/www.szentimregyor.hu\/new\/wp-content\/uploads\/2025\/02\/171224pasztorjatek064-300x200.jpg 300w, https:\/\/www.szentimregyor.hu\/new\/wp-content\/uploads\/2025\/02\/171224pasztorjatek064-1024x683.jpg 1024w, https:\/\/www.szentimregyor.hu\/new\/wp-content\/uploads\/2025\/02\/171224pasztorjatek064-768x512.jpg 768w, https:\/\/www.szentimregyor.hu\/new\/wp-content\/uploads\/2025\/02\/171224pasztorjatek064-1536x1024.jpg 1536w\" sizes=\"(max-width: 1800px) 100vw, 1800px\" \/><\/a><\/figure><div class=\"elementor-image-box-content\"><h3 class=\"elementor-image-box-title\"><a href=\"https:\/\/www.szentimregyor.hu\/new\/galeria\/galeria-2017\/2017-pasztorjatek\/\"><i>P\u00e1sztorj\u00e1t\u00e9k<\/a><\/h3><p class=\"elementor-image-box-description\"><i>2017. december 24.<br>(Fot\u00f3: Vaday Tam\u00e1s)<\/i><\/p><\/div><\/div>\t\t<\/div>\n\t\t\t\t<\/div>\n\t\t\t\t<div class=\"elementor-element elementor-element-4267e1b elementor-widget elementor-widget-text-editor\" data-id=\"4267e1b\" data-element_type=\"widget\" data-widget_type=\"text-editor.default\">\n\t\t\t\t<div class=\"elementor-widget-container\">\n\t\t\t<style>\/*! elementor - v3.21.0 - 20-05-2024 *\/\n.elementor-widget-text-editor.elementor-drop-cap-view-stacked .elementor-drop-cap{background-color:#69727d;color:#fff}.elementor-widget-text-editor.elementor-drop-cap-view-framed .elementor-drop-cap{color:#69727d;border:3px solid;background-color:transparent}.elementor-widget-text-editor:not(.elementor-drop-cap-view-default) .elementor-drop-cap{margin-top:8px}.elementor-widget-text-editor:not(.elementor-drop-cap-view-default) .elementor-drop-cap-letter{width:1em;height:1em}.elementor-widget-text-editor .elementor-drop-cap{float:left;text-align:center;line-height:1;font-size:50px}.elementor-widget-text-editor .elementor-drop-cap-letter{display:inline-block}<\/style>\t\t\t\t<p>Szenteste d\u00e9lut\u00e1nj\u00e1n a hagyom\u00e1nyokhoz h\u00edven templomunk ministr\u00e1nsai mutatt\u00e1k be a p\u00e1sztorj\u00e1t\u00e9kot, amelynek forgat\u00f3k\u00f6nyv\u00e9t id\u00e9n is Pozsgai \u00c1gi n\u00e9ni \u00edrta \u00e9s \u0151 is rendezte az el\u0151ad\u00e1st. J\u00e9zus sz\u00fclet\u00e9s\u00e9nek t\u00f6rt\u00e9net\u00e9t ez\u00fattal is egy keretj\u00e1t\u00e9kba helyezve \u00e9lhett\u00fck \u00e1t. H\u00e1rom feny\u0151fa v\u00e1rakozik az erd\u0151n \u00e9s rem\u00e9li, hogy kar\u00e1csonyf\u00e1nak v\u00e1lasztj\u00e1k. Egy kis angyal k\u00e9r mened\u00e9ket t\u0151l\u00fck, azt\u00e1n egyik\u00fcknek el is mes\u00e9li a kar\u00e1csony t\u00f6rt\u00e9net\u00e9t&#8230; A k\u00e9pre kattintva az el\u0151ad\u00e1sr\u00f3l k\u00e9sz\u00fclt fot\u00f3kat tekinthetik meg, a vide\u00f3n a teljes el\u0151ad\u00e1st n\u00e9zhetik meg \u00fajra.<\/p>\t\t\t\t\t\t<\/div>\n\t\t\t\t<\/div>\n\t\t\t\t<div class=\"elementor-element elementor-element-a1d143c elementor-widget-divider--view-line elementor-widget elementor-widget-divider\" data-id=\"a1d143c\" data-element_type=\"widget\" data-widget_type=\"divider.default\">\n\t\t\t\t<div class=\"elementor-widget-container\">\n\t\t\t<style>\/*! elementor - v3.21.0 - 20-05-2024 *\/\n.elementor-widget-divider{--divider-border-style:none;--divider-border-width:1px;--divider-color:#0c0d0e;--divider-icon-size:20px;--divider-element-spacing:10px;--divider-pattern-height:24px;--divider-pattern-size:20px;--divider-pattern-url:none;--divider-pattern-repeat:repeat-x}.elementor-widget-divider .elementor-divider{display:flex}.elementor-widget-divider .elementor-divider__text{font-size:15px;line-height:1;max-width:95%}.elementor-widget-divider .elementor-divider__element{margin:0 var(--divider-element-spacing);flex-shrink:0}.elementor-widget-divider .elementor-icon{font-size:var(--divider-icon-size)}.elementor-widget-divider .elementor-divider-separator{display:flex;margin:0;direction:ltr}.elementor-widget-divider--view-line_icon .elementor-divider-separator,.elementor-widget-divider--view-line_text .elementor-divider-separator{align-items:center}.elementor-widget-divider--view-line_icon .elementor-divider-separator:after,.elementor-widget-divider--view-line_icon .elementor-divider-separator:before,.elementor-widget-divider--view-line_text .elementor-divider-separator:after,.elementor-widget-divider--view-line_text .elementor-divider-separator:before{display:block;content:\"\";border-block-end:0;flex-grow:1;border-block-start:var(--divider-border-width) var(--divider-border-style) var(--divider-color)}.elementor-widget-divider--element-align-left .elementor-divider .elementor-divider-separator>.elementor-divider__svg:first-of-type{flex-grow:0;flex-shrink:100}.elementor-widget-divider--element-align-left .elementor-divider-separator:before{content:none}.elementor-widget-divider--element-align-left .elementor-divider__element{margin-left:0}.elementor-widget-divider--element-align-right .elementor-divider .elementor-divider-separator>.elementor-divider__svg:last-of-type{flex-grow:0;flex-shrink:100}.elementor-widget-divider--element-align-right .elementor-divider-separator:after{content:none}.elementor-widget-divider--element-align-right .elementor-divider__element{margin-right:0}.elementor-widget-divider--element-align-start .elementor-divider .elementor-divider-separator>.elementor-divider__svg:first-of-type{flex-grow:0;flex-shrink:100}.elementor-widget-divider--element-align-start .elementor-divider-separator:before{content:none}.elementor-widget-divider--element-align-start .elementor-divider__element{margin-inline-start:0}.elementor-widget-divider--element-align-end .elementor-divider .elementor-divider-separator>.elementor-divider__svg:last-of-type{flex-grow:0;flex-shrink:100}.elementor-widget-divider--element-align-end .elementor-divider-separator:after{content:none}.elementor-widget-divider--element-align-end .elementor-divider__element{margin-inline-end:0}.elementor-widget-divider:not(.elementor-widget-divider--view-line_text):not(.elementor-widget-divider--view-line_icon) .elementor-divider-separator{border-block-start:var(--divider-border-width) var(--divider-border-style) var(--divider-color)}.elementor-widget-divider--separator-type-pattern{--divider-border-style:none}.elementor-widget-divider--separator-type-pattern.elementor-widget-divider--view-line .elementor-divider-separator,.elementor-widget-divider--separator-type-pattern:not(.elementor-widget-divider--view-line) .elementor-divider-separator:after,.elementor-widget-divider--separator-type-pattern:not(.elementor-widget-divider--view-line) .elementor-divider-separator:before,.elementor-widget-divider--separator-type-pattern:not([class*=elementor-widget-divider--view]) .elementor-divider-separator{width:100%;min-height:var(--divider-pattern-height);-webkit-mask-size:var(--divider-pattern-size) 100%;mask-size:var(--divider-pattern-size) 100%;-webkit-mask-repeat:var(--divider-pattern-repeat);mask-repeat:var(--divider-pattern-repeat);background-color:var(--divider-color);-webkit-mask-image:var(--divider-pattern-url);mask-image:var(--divider-pattern-url)}.elementor-widget-divider--no-spacing{--divider-pattern-size:auto}.elementor-widget-divider--bg-round{--divider-pattern-repeat:round}.rtl .elementor-widget-divider .elementor-divider__text{direction:rtl}.e-con-inner>.elementor-widget-divider,.e-con>.elementor-widget-divider{width:var(--container-widget-width,100%);--flex-grow:var(--container-widget-flex-grow)}<\/style>\t\t<div class=\"elementor-divider\">\n\t\t\t<span class=\"elementor-divider-separator\">\n\t\t\t\t\t\t<\/span>\n\t\t<\/div>\n\t\t\t\t<\/div>\n\t\t\t\t<\/div>\n\t\t\t\t<div class=\"elementor-element elementor-element-3e0949f7 elementor-widget elementor-widget-spacer\" data-id=\"3e0949f7\" data-element_type=\"widget\" data-widget_type=\"spacer.default\">\n\t\t\t\t<div class=\"elementor-widget-container\">\n\t\t\t\t\t<div class=\"elementor-spacer\">\n\t\t\t<div class=\"elementor-spacer-inner\"><\/div>\n\t\t<\/div>\n\t\t\t\t<\/div>\n\t\t\t\t<\/div>\n\t\t\t\t\t<\/div>\n\t\t\t\t<\/div>\n\t\t<div class=\"elementor-element elementor-element-616871c e-flex e-con-boxed elementor-invisible e-con e-parent\" data-id=\"616871c\" data-element_type=\"container\" data-settings=\"{&quot;animation&quot;:&quot;fadeInUp&quot;}\">\n\t\t\t\t\t<div class=\"e-con-inner\">\n\t\t\t\t<div class=\"elementor-element elementor-element-6179c9b elementor-position-top elementor-widget elementor-widget-image-box\" data-id=\"6179c9b\" data-element_type=\"widget\" data-widget_type=\"image-box.default\">\n\t\t\t\t<div class=\"elementor-widget-container\">\n\t\t\t<div class=\"elementor-image-box-wrapper\"><figure class=\"elementor-image-box-img\"><a href=\"https:\/\/www.szentimregyor.hu\/new\/galeria\/galeria-2017\/2017-puspoki-szentmise-ot-korussal\/\" tabindex=\"-1\"><img decoding=\"async\" width=\"1800\" height=\"1200\" src=\"https:\/\/www.szentimregyor.hu\/new\/wp-content\/uploads\/2025\/02\/171201Gigamise018.jpg\" class=\"attachment-full size-full wp-image-23345\" alt=\"\" srcset=\"https:\/\/www.szentimregyor.hu\/new\/wp-content\/uploads\/2025\/02\/171201Gigamise018.jpg 1800w, https:\/\/www.szentimregyor.hu\/new\/wp-content\/uploads\/2025\/02\/171201Gigamise018-300x200.jpg 300w, https:\/\/www.szentimregyor.hu\/new\/wp-content\/uploads\/2025\/02\/171201Gigamise018-1024x683.jpg 1024w, https:\/\/www.szentimregyor.hu\/new\/wp-content\/uploads\/2025\/02\/171201Gigamise018-768x512.jpg 768w, https:\/\/www.szentimregyor.hu\/new\/wp-content\/uploads\/2025\/02\/171201Gigamise018-1536x1024.jpg 1536w\" sizes=\"(max-width: 1800px) 100vw, 1800px\" \/><\/a><\/figure><div class=\"elementor-image-box-content\"><h3 class=\"elementor-image-box-title\"><a href=\"https:\/\/www.szentimregyor.hu\/new\/galeria\/galeria-2017\/2017-puspoki-szentmise-ot-korussal\/\"><i>Adventi gyertyagy\u00fajt\u00e1s \u00e9s p\u00fcsp\u00f6ki szentmise<\/a><\/h3><p class=\"elementor-image-box-description\"><i>2017. december 2.<br>(Fot\u00f3: Vaday Tam\u00e1s)<\/i><\/p><\/div><\/div>\t\t<\/div>\n\t\t\t\t<\/div>\n\t\t\t\t<div class=\"elementor-element elementor-element-6de66cd elementor-widget elementor-widget-text-editor\" data-id=\"6de66cd\" data-element_type=\"widget\" data-widget_type=\"text-editor.default\">\n\t\t\t\t<div class=\"elementor-widget-container\">\n\t\t\t\t\t\t\t<p>A Szent Imre templom adventi koszor\u00faj\u00e1t december 2-\u00e1n Veres Andr\u00e1s gy\u0151ri megy\u00e9sp\u00fcsp\u00f6k \u00e1ldotta meg, \u00e9s ezut\u00e1n ker\u00fclt sor az \u00fcnnep\u00e9lyes gyertyagy\u00fajt\u00e1sra. A szentmise elej\u00e9n P\u00fcsp\u00f6k atya felh\u00edvta a figyelmet arra, hogy az adventi k\u00e9sz\u00fcl\u0151d\u00e9shez hozz\u00e1 tartozik, hogy a csal\u00e1dok asztal\u00e1n is jelen legyen f\u00e9ny\u00e9vel az adventi koszor\u00fa, mely a Krisztus v\u00e1r\u00e1s jelk\u00e9pe.<\/p><p>A p\u00fcsp\u00f6ki szentmis\u00e9n n\u00e9gy templom k\u00f3rusa \u00e9nekelt, a Szentl\u00e9lek Templom ifj\u00fas\u00e1gi \u00e9s feln\u0151tt k\u00f3rusa \u00e9s zenekara, a Szent Imre Templom git\u00e1ros \u00e9nekkara, a K\u00e1rmelita templom kamarak\u00f3rusa \u00e9s a V\u00e1mosi Testv\u00e9rek. A k\u00f3rusokat felk\u00e9sz\u00edtette \u00e9s vez\u00e9nyelte Sz\u0171cs Istv\u00e1n. A mis\u00e9n t\u00f6bbsz\u00f3lam\u00fa dalok hangzottak fel zenekari k\u00eds\u00e9rettel. Az els\u0151 adventi gyertyagy\u00fajt\u00e1s \u00f6r\u00f6me \u00e1thatotta a sz\u00edveket \u00e9s ez a f\u00e9ny a zenei szolg\u00e1latban is megnyilv\u00e1nult \u00e9s kiteljesedett.<\/p><p>P\u00fcsp\u00f6k atya arr\u00f3l besz\u00e9lt hom\u00edli\u00e1j\u00e1ban, hogy az adventi id\u0151 figyelmeztet benn\u00fcnket, hogy \u00f6lts\u00fck fel menyegz\u0151i ruh\u00e1nkat, \u00e9s adjunk helyet sz\u00edv\u00fcnkben az Isten fi\u00e1nak. J\u00e9zus minden emberhez j\u00f6n. Mindenkivel szeretne tal\u00e1lkozni. Nem csak k\u00f6z\u00f6ss\u00e9gben, de egy\u00e9nileg is.<\/p><p>Amilyen a kapcsolatunk ma Istennel, olyan lesz majd az id\u0151k v\u00e9gezet\u00e9n is. Ez\u00e9rt mondja az Evang\u00e9lium: Virrasszatok! Ez sz\u00e1munkra azt jelenti, hogy az im\u00e1ds\u00e1gban, a b\u00f6jtben \u00e9s j\u00f3t\u00e9konys\u00e1gban k\u00e9sz\u00fcl\u00fcnk Urunk elj\u00f6vetel\u00e9re. A mise v\u00e9g\u00e9n a gyerekek aj\u00e1nd\u00e9kot kaptak P\u00fcsp\u00f6k aty\u00e1t\u00f3l \u00e9s ezut\u00e1n agap\u00e9 v\u00e1rta a h\u00edveket a hittan termekben. J\u00f6jj el, j\u00f6jj el Emm\u00e1nuel!<\/p><p><em>(Csizmadia Gertr\u00fad)<\/em><\/p><p>A fot\u00f3ra kattintva a szentmis\u00e9r\u0151l k\u00e9sz\u00fclt tov\u00e1bbi k\u00e9peket tekinthetik meg. A vide\u00f3n a szentmise bevonul\u00e1si \u00e9nek\u00e9t hallgathatjuk meg, a szentmise tov\u00e1bbi zenei t\u00e9telei a k\u00f6vetkez\u0151 linken \u00e9rhet\u0151k el, a felv\u00e9teleket Papp G\u00e1bor k\u00e9sz\u00edtette.<\/p>\t\t\t\t\t\t<\/div>\n\t\t\t\t<\/div>\n\t\t\t\t<div class=\"elementor-element elementor-element-c5de979 elementor-widget-divider--view-line elementor-widget elementor-widget-divider\" data-id=\"c5de979\" data-element_type=\"widget\" data-widget_type=\"divider.default\">\n\t\t\t\t<div class=\"elementor-widget-container\">\n\t\t\t\t\t<div class=\"elementor-divider\">\n\t\t\t<span class=\"elementor-divider-separator\">\n\t\t\t\t\t\t<\/span>\n\t\t<\/div>\n\t\t\t\t<\/div>\n\t\t\t\t<\/div>\n\t\t\t\t<div class=\"elementor-element elementor-element-e746849 elementor-widget elementor-widget-spacer\" data-id=\"e746849\" data-element_type=\"widget\" data-widget_type=\"spacer.default\">\n\t\t\t\t<div class=\"elementor-widget-container\">\n\t\t\t\t\t<div class=\"elementor-spacer\">\n\t\t\t<div class=\"elementor-spacer-inner\"><\/div>\n\t\t<\/div>\n\t\t\t\t<\/div>\n\t\t\t\t<\/div>\n\t\t\t\t\t<\/div>\n\t\t\t\t<\/div>\n\t\t<div class=\"elementor-element elementor-element-47c56ea e-flex e-con-boxed elementor-invisible e-con e-parent\" data-id=\"47c56ea\" data-element_type=\"container\" data-settings=\"{&quot;animation&quot;:&quot;fadeInUp&quot;}\">\n\t\t\t\t\t<div class=\"e-con-inner\">\n\t\t\t\t<div class=\"elementor-element elementor-element-f2d4802 elementor-position-top elementor-widget elementor-widget-image-box\" data-id=\"f2d4802\" data-element_type=\"widget\" data-widget_type=\"image-box.default\">\n\t\t\t\t<div class=\"elementor-widget-container\">\n\t\t\t<div class=\"elementor-image-box-wrapper\"><figure class=\"elementor-image-box-img\"><a href=\"https:\/\/www.szentimregyor.hu\/new\/galeria\/galeria-2017\/2017-krisztus-kiraly-ministransbeoltozes\/\" tabindex=\"-1\"><img decoding=\"async\" width=\"1543\" height=\"1024\" src=\"https:\/\/www.szentimregyor.hu\/new\/wp-content\/uploads\/2025\/02\/171126KrisztusKiraly-ministransbeoltozes056.jpg\" class=\"attachment-full size-full wp-image-23298\" alt=\"\" srcset=\"https:\/\/www.szentimregyor.hu\/new\/wp-content\/uploads\/2025\/02\/171126KrisztusKiraly-ministransbeoltozes056.jpg 1543w, https:\/\/www.szentimregyor.hu\/new\/wp-content\/uploads\/2025\/02\/171126KrisztusKiraly-ministransbeoltozes056-300x199.jpg 300w, https:\/\/www.szentimregyor.hu\/new\/wp-content\/uploads\/2025\/02\/171126KrisztusKiraly-ministransbeoltozes056-1024x680.jpg 1024w, https:\/\/www.szentimregyor.hu\/new\/wp-content\/uploads\/2025\/02\/171126KrisztusKiraly-ministransbeoltozes056-768x510.jpg 768w, https:\/\/www.szentimregyor.hu\/new\/wp-content\/uploads\/2025\/02\/171126KrisztusKiraly-ministransbeoltozes056-1536x1019.jpg 1536w\" sizes=\"(max-width: 1543px) 100vw, 1543px\" \/><\/a><\/figure><div class=\"elementor-image-box-content\"><h3 class=\"elementor-image-box-title\"><a href=\"https:\/\/www.szentimregyor.hu\/new\/galeria\/galeria-2017\/2017-krisztus-kiraly-ministransbeoltozes\/\"><i>Krisztus Kir\u00e1ly - ministr\u00e1nsbe\u00f6lt\u00f6z\u00e9s<\/a><\/h3><p class=\"elementor-image-box-description\"><i>2017. november 26.<br>(Fot\u00f3: Bogd\u00e1n R\u00e9ka)<\/i><\/p><\/div><\/div>\t\t<\/div>\n\t\t\t\t<\/div>\n\t\t\t\t<div class=\"elementor-element elementor-element-0147d96 elementor-widget elementor-widget-text-editor\" data-id=\"0147d96\" data-element_type=\"widget\" data-widget_type=\"text-editor.default\">\n\t\t\t\t<div class=\"elementor-widget-container\">\n\t\t\t\t\t\t\t<p>A hagyom\u00e1nyoknak megfelel\u0151en az egyh\u00e1zi \u00e9v utols\u00f3 vas\u00e1rnapj\u00e1n, Krisztus Kir\u00e1ly \u00fcnnep\u00e9n ker\u00fclt sor az \u00faj ministr\u00e1nsok be\u00f6lt\u00f6z\u00e9s\u00e9re \u00e9s a f\u0151ministr\u00e1nsok fogadalomt\u00e9tel\u00e9re. A papszentel\u00e9shez kicsit hasonl\u00f3 szertart\u00e1son 5 gyermek \u00f6lt\u00f6tte mag\u00e1ra a ministr\u00e1nsruh\u00e1t, miut\u00e1n Tam\u00e1s atya k\u00e9rd\u00e9seire v\u00e1laszoltak \u00e9s meger\u0151s\u00edtett\u00e9k sz\u00e1nd\u00e9kukat az olt\u00e1rszolg\u00e1latra. Az \u00f6t \u00faj ministr\u00e1ns (D\u00e9nes R\u00e9ka, Laposa Andr\u00e1s, Laposa N\u00f3ra , Piukovics N\u00e1ndor, Hajm\u00e1si Dorottya) ezut\u00e1n megkapta Tam\u00e1s aty\u00e1t\u00f3l a ministr\u00e1ns szolg\u00e1lat eszk\u00f6zeit, majd letett\u00e9k fogadalmukat. A kicsik ut\u00e1n h\u00e1rom k\u00f6z\u00e9piskol\u00e1s fiatal kezdte meg f\u0151ministr\u00e1nsk\u00e9nt szolg\u00e1lat\u00e1t (Lampert Lizett, D\u00e9nes M\u00e1t\u00e9 \u00e9s Decsi Dominik). A szentmise v\u00e9g\u00e9n jelentette be Tam\u00e1s atya, hogy a ministr\u00e1nsok vezet\u00e9s\u00e9vel Dani Brigitt\u00e1t b\u00edzta meg. A szentmise \u00e9s a k\u00f6z\u00f6s fot\u00f3 ut\u00e1n a ministr\u00e1nsokat egy k\u00f6z\u00f6s eb\u00e9dre l\u00e1tta vend\u00e9g\u00fcl a pl\u00e9b\u00e1nia. Tekintse meg az \u00fcnnepr\u0151l k\u00e9sz\u00fclt fot\u00f3kat a k\u00e9pre kattintva!<\/p><p>Az al\u00e1bbiakban a f\u0151ministr\u00e1nsi szolg\u00e1lat\u00e1t megkezdett Lampert Lizett szem\u00e9lyes hang\u00fa besz\u00e1mol\u00f3j\u00e1t olvashatjuk:<\/p><p><strong>Be\u00f6lt\u00f6z\u00e9sem<\/strong><\/p><p>Ha valaki elkezd ministr\u00e1lni, az lesz a c\u00e9lja, hogy egy nap \u0151 is nagy feh\u00e9r ruh\u00e1t kaphasson. Hossz\u00fa \u00e9veken \u00e1t szolg\u00e1lja az olt\u00e1rt \u00e9s mikor r\u00e1ker\u00fcl a sor, hogy f\u0151 ministr\u00e1ns legyen, az le\u00edrhatatlan \u00e9rz\u00e9s.<\/p><p>Szombat este nem b\u00edrtam elaludni. Olyan volt, mint amikor a kisgyerek m\u00e1r annyira v\u00e1rja a sz\u00fclinapj\u00e1t vagy a kar\u00e1csonyt, hogy egyszer\u0171en nem j\u00f6n \u00e1lom a szem\u00e9re. Azt\u00e1n siker\u00fclt elaludom \u00e9s m\u00e1snap felkeltem, m\u00e1r nem is izgultam. Kipihentem magam, elk\u00e9sz\u00fcltem \u00e9s be\u00fcltem kocsiba. S miut\u00e1n az aut\u00f3 elindult, \u00e9s k\u00f6zeled\u00fcnk a templomhoz egyre jobban dobogott a sz\u00edvem. Kisz\u00e1lltam a kocsib\u00f3l \u00e9s bementem. Mindenki ott volt, \u00e9ppen k\u00e9sz\u00fcl\u0151dtek. Miut\u00e1n k\u00e9szen \u00e1lltunk, felsorakoztunk. Elkezd\u0151d\u00f6tt a bevonul\u00e1s, megsz\u00f3lalt az orgona, \u00e9s elfogott az az \u00e9rz\u00e9s hogy az \u00e1lom v\u00e9gre val\u00f3ra v\u00e1lt. A mise is kezdet\u00e9t vette, kih\u00edvtak minket n\u00e9v szerint, \u00e9s r\u00e1nk adt\u00e1k a ruh\u00e1t. Majd visszament\u00fcnk a hely\u00fcnkre. De eg\u00e9szen m\u00e1r \u00e9rz\u00e9s volt f\u0151ministr\u00e1nsk\u00e9nt az olt\u00e1r k\u00f6r\u00fcl \u00e1llni. Egyr\u00e9szt nagyon j\u00f3 volt, mert sokat jelentett, hogy el\u00e9rtem a c\u00e9lom. De ezzel nagy felel\u0151ss\u00e9g is j\u00e1r. P\u00e9ld\u00e1t kell mutatni a kicsiknek \u00e9s m\u00e1r komolyabb feladatokat is r\u00e1nk b\u00edznak. Igaz\u00e1b\u00f3l ez sem rossz dolog, s\u0151t j\u00f3 \u00e9rz\u00e9s hogy valaki feln\u00e9z r\u00e1nk.<\/p><p>\u00dagy gondolom, hogy felejthetetlen \u00e9lm\u00e9ny az, ha az ember ministr\u00e1ns lesz, de ha m\u00e1r f\u0151ministr\u00e1ns, az fel\u00fclm\u00fal minden v\u00e1rakoz\u00e1st.<\/p>\t\t\t\t\t\t<\/div>\n\t\t\t\t<\/div>\n\t\t\t\t<div class=\"elementor-element elementor-element-e5acde2 elementor-widget-divider--view-line elementor-widget elementor-widget-divider\" data-id=\"e5acde2\" data-element_type=\"widget\" data-widget_type=\"divider.default\">\n\t\t\t\t<div class=\"elementor-widget-container\">\n\t\t\t\t\t<div class=\"elementor-divider\">\n\t\t\t<span class=\"elementor-divider-separator\">\n\t\t\t\t\t\t<\/span>\n\t\t<\/div>\n\t\t\t\t<\/div>\n\t\t\t\t<\/div>\n\t\t\t\t<div class=\"elementor-element elementor-element-7c2a7f3 elementor-widget elementor-widget-spacer\" data-id=\"7c2a7f3\" data-element_type=\"widget\" data-widget_type=\"spacer.default\">\n\t\t\t\t<div class=\"elementor-widget-container\">\n\t\t\t\t\t<div class=\"elementor-spacer\">\n\t\t\t<div class=\"elementor-spacer-inner\"><\/div>\n\t\t<\/div>\n\t\t\t\t<\/div>\n\t\t\t\t<\/div>\n\t\t\t\t\t<\/div>\n\t\t\t\t<\/div>\n\t\t<div class=\"elementor-element elementor-element-6569d52 e-flex e-con-boxed elementor-invisible e-con e-parent\" data-id=\"6569d52\" data-element_type=\"container\" data-settings=\"{&quot;animation&quot;:&quot;fadeInUp&quot;}\">\n\t\t\t\t\t<div class=\"e-con-inner\">\n\t\t\t\t<div class=\"elementor-element elementor-element-8a39bdc elementor-position-top elementor-widget elementor-widget-image-box\" data-id=\"8a39bdc\" data-element_type=\"widget\" data-widget_type=\"image-box.default\">\n\t\t\t\t<div class=\"elementor-widget-container\">\n\t\t\t<div class=\"elementor-image-box-wrapper\"><figure class=\"elementor-image-box-img\"><a href=\"https:\/\/www.szentimregyor.hu\/new\/galeria\/galeria-2017\/2017-bellovics-gabor-sj-ujmiseje\/\" tabindex=\"-1\"><img loading=\"lazy\" decoding=\"async\" width=\"1536\" height=\"1024\" src=\"https:\/\/www.szentimregyor.hu\/new\/wp-content\/uploads\/2025\/02\/171105BellovicsGabor018.jpg\" class=\"attachment-full size-full wp-image-23213\" alt=\"\" srcset=\"https:\/\/www.szentimregyor.hu\/new\/wp-content\/uploads\/2025\/02\/171105BellovicsGabor018.jpg 1536w, https:\/\/www.szentimregyor.hu\/new\/wp-content\/uploads\/2025\/02\/171105BellovicsGabor018-300x200.jpg 300w, https:\/\/www.szentimregyor.hu\/new\/wp-content\/uploads\/2025\/02\/171105BellovicsGabor018-1024x683.jpg 1024w, https:\/\/www.szentimregyor.hu\/new\/wp-content\/uploads\/2025\/02\/171105BellovicsGabor018-768x512.jpg 768w\" sizes=\"(max-width: 1536px) 100vw, 1536px\" \/><\/a><\/figure><div class=\"elementor-image-box-content\"><h3 class=\"elementor-image-box-title\"><a href=\"https:\/\/www.szentimregyor.hu\/new\/galeria\/galeria-2017\/2017-bellovics-gabor-sj-ujmiseje\/\"><i>Bellovics G\u00e1bor SJ \u00fajmis\u00e9je Szent Imre \u00fcnnep\u00e9n<\/a><\/h3><p class=\"elementor-image-box-description\"><i>2017. november 5.<br>(Fot\u00f3: Bogd\u00e1n R\u00e9ka)<\/i><\/p><\/div><\/div>\t\t<\/div>\n\t\t\t\t<\/div>\n\t\t\t\t<div class=\"elementor-element elementor-element-8d310ac elementor-widget elementor-widget-text-editor\" data-id=\"8d310ac\" data-element_type=\"widget\" data-widget_type=\"text-editor.default\">\n\t\t\t\t<div class=\"elementor-widget-container\">\n\t\t\t\t\t\t\t<p>November \u00f6t\u00f6dik\u00e9t mindig is jelent\u0151s \u00fcnnepk\u00e9nt tartottuk sz\u00e1mon templomunkban, hiszen ezen a napon \u00fcnnepelj\u00fck v\u00e9d\u0151szent\u00fcnket, Szent Imre herceget. Az idei \u00e9vben igaz\u00e1n eml\u00e9kezetess\u00e9 tette ezt a napot, hogy ekkor mutatta be templomunkban els\u0151 szentmis\u00e9j\u00e9t Bellovics G\u00e1bor jezsuita atya. G\u00e1bor kispapk\u00e9nt 2010\/11-ben egy eg\u00e9sz \u00e9vet t\u00f6lt\u00f6tt n\u00e1lunk lelkip\u00e1sztori gyakorlaton \u00e9s az\u00f3ta is sokszor megfordult n\u00e1lunk, \u00edgy a r\u00e9g nem l\u00e1tott csal\u00e1dtagot k\u00f6sz\u00f6nthett\u00fck ezen a szentmis\u00e9n \u00e9s ahogy elmondta, \u0151 is otthon \u00e9rezte mag\u00e1t a sok ismer\u0151s arcot l\u00e1tva. G\u00e1bor aty\u00e1t okt\u00f3ber 21-\u00e9n szentelte \u00e1ldoz\u00f3papp\u00e1 Dr. Veres Andr\u00e1s gy\u0151ri megy\u00e9s p\u00fcsp\u00f6k a budapesti J\u00e9zus Sz\u00edve Jezsuita Templomban, ahol a szentel\u00e9si mis\u00e9n nagy sz\u00e1m\u00fa szentimr\u00e9s zar\u00e1ndok is egy\u00fctt \u00fcnnepelhetett vele. Megtelt a templom az \u00fajmis\u00e9re is, amelyet G\u00e1bor atya Tam\u00e1s aty\u00e1val egy\u00fctt mutatott be. K\u00f6zvetlen hangv\u00e9tel\u0171 szentbesz\u00e9d\u00e9ben kereszt\u00e9nys\u00e9g\u00fcnk l\u00e9nyegi von\u00e1sait emelte ki, amint ezt a szentmis\u00e9r\u0151l k\u00e9sz\u00fclt vide\u00f3felv\u00e9telen \u00fajra meg is hallgathatjuk. A szentmise v\u00e9g\u00e9n \u00fajmis\u00e9s \u00e1ld\u00e1sban r\u00e9szes\u00edtette a h\u00edveket, majd az \u00fcnnep a templomkertben folytat\u00f3dott a novemberi naps\u00fct\u00e9sben, ahol mindenkinek alkalma ny\u00edlt besz\u00e9lgetni az \u00fajmis\u00e9s G\u00e1bor aty\u00e1val, szem\u00e9lyesen is \u00fajmis\u00e9s \u00e1ld\u00e1st k\u00e9rni vagy \u00e9ppen dedik\u00e1ltatni a szentk\u00e9pet, amit az \u00fajmise eml\u00e9k\u00e9re kaptunk.<\/p><p>Ezzel a nappal kezd\u0151d\u00f6tt meg templomunk felszentel\u00e9s\u00e9nek 75 \u00e9ves jubileum\u00e1ra val\u00f3 felk\u00e9sz\u00fcl\u00e9s esztendeje.Tekintse meg fot\u00f3gal\u00e9ri\u00e1nkat is a k\u00e9pre kattintva!<\/p>\t\t\t\t\t\t<\/div>\n\t\t\t\t<\/div>\n\t\t\t\t<div class=\"elementor-element elementor-element-9fcb613 elementor-widget-divider--view-line elementor-widget elementor-widget-divider\" data-id=\"9fcb613\" data-element_type=\"widget\" data-widget_type=\"divider.default\">\n\t\t\t\t<div class=\"elementor-widget-container\">\n\t\t\t\t\t<div class=\"elementor-divider\">\n\t\t\t<span class=\"elementor-divider-separator\">\n\t\t\t\t\t\t<\/span>\n\t\t<\/div>\n\t\t\t\t<\/div>\n\t\t\t\t<\/div>\n\t\t\t\t<div class=\"elementor-element elementor-element-ba65255 elementor-widget elementor-widget-spacer\" data-id=\"ba65255\" data-element_type=\"widget\" data-widget_type=\"spacer.default\">\n\t\t\t\t<div class=\"elementor-widget-container\">\n\t\t\t\t\t<div class=\"elementor-spacer\">\n\t\t\t<div class=\"elementor-spacer-inner\"><\/div>\n\t\t<\/div>\n\t\t\t\t<\/div>\n\t\t\t\t<\/div>\n\t\t\t\t\t<\/div>\n\t\t\t\t<\/div>\n\t\t<div class=\"elementor-element elementor-element-0931763 e-flex e-con-boxed elementor-invisible e-con e-parent\" data-id=\"0931763\" data-element_type=\"container\" data-settings=\"{&quot;animation&quot;:&quot;fadeInUp&quot;}\">\n\t\t\t\t\t<div class=\"e-con-inner\">\n\t\t\t\t<div class=\"elementor-element elementor-element-7a32347 elementor-position-top elementor-widget elementor-widget-image-box\" data-id=\"7a32347\" data-element_type=\"widget\" data-widget_type=\"image-box.default\">\n\t\t\t\t<div class=\"elementor-widget-container\">\n\t\t\t<div class=\"elementor-image-box-wrapper\"><figure class=\"elementor-image-box-img\"><a href=\"https:\/\/www.szentimregyor.hu\/new\/galeria\/galeria-2017\/2017-szent-imre-vigiliaja\/\" tabindex=\"-1\"><img loading=\"lazy\" decoding=\"async\" width=\"1536\" height=\"1024\" src=\"https:\/\/www.szentimregyor.hu\/new\/wp-content\/uploads\/2025\/02\/171104SzentImrevigilia010.jpg\" class=\"attachment-full size-full wp-image-23157\" alt=\"\" srcset=\"https:\/\/www.szentimregyor.hu\/new\/wp-content\/uploads\/2025\/02\/171104SzentImrevigilia010.jpg 1536w, https:\/\/www.szentimregyor.hu\/new\/wp-content\/uploads\/2025\/02\/171104SzentImrevigilia010-300x200.jpg 300w, https:\/\/www.szentimregyor.hu\/new\/wp-content\/uploads\/2025\/02\/171104SzentImrevigilia010-1024x683.jpg 1024w, https:\/\/www.szentimregyor.hu\/new\/wp-content\/uploads\/2025\/02\/171104SzentImrevigilia010-768x512.jpg 768w\" sizes=\"(max-width: 1536px) 100vw, 1536px\" \/><\/a><\/figure><div class=\"elementor-image-box-content\"><h3 class=\"elementor-image-box-title\"><a href=\"https:\/\/www.szentimregyor.hu\/new\/galeria\/galeria-2017\/2017-szent-imre-vigiliaja\/\"><i>Szent Imre vig\u00edli\u00e1ja<\/a><\/h3><p class=\"elementor-image-box-description\"><i>2017. november 4.<br>(Fot\u00f3: Bogd\u00e1n R\u00e9ka \u00e9s Vaday Tam\u00e1s)<\/i><\/p><\/div><\/div>\t\t<\/div>\n\t\t\t\t<\/div>\n\t\t\t\t<div class=\"elementor-element elementor-element-043be2e elementor-widget elementor-widget-text-editor\" data-id=\"043be2e\" data-element_type=\"widget\" data-widget_type=\"text-editor.default\">\n\t\t\t\t<div class=\"elementor-widget-container\">\n\t\t\t\t\t\t\t<p>November 4-\u00e9n este hagyom\u00e1nyosan a Gy\u0151ri Hittudom\u00e1nyi F\u0151iskola \u00e9s Papnevel\u0151 Int\u00e9zet el\u00f6lj\u00e1r\u00f3ival \u00e9s n\u00f6vend\u00e9keivel \u00fcnnepelt\u00fck templomunk v\u00e9d\u0151szentj\u00e9nek el\u0151esti szentmis\u00e9j\u00e9t. A szentmise f\u0151celebr\u00e1nsa Juhos Imre spiritu\u00e1lis atya volt, a pr\u00e9dik\u00e1ci\u00f3ban dr. Martos Levente Bal\u00e1zs atya sz\u00f3lt hozz\u00e1nk. Bal\u00e1zs atya hom\u00edli\u00e1j\u00e1ban &#8211; az \u00f3kori filoz\u00f3fushoz hasonl\u00f3an, aki l\u00e1mp\u00e1s\u00e1val egy igaz ember keresett, &#8211; k\u00e9pzeletbeli l\u00e1mp\u00e1s\u00e1val fiatalokat keresett. Olyan l\u00e9lekben fiatal embereket, akik Szent Imre herceg p\u00e9ld\u00e1j\u00e1ra \u00e9l benn\u00fck a tanul\u00e1si v\u00e1gy, mernek \u00e1ldozatot hozni, s ak\u00e1r az \u00e9let\u00fcket is oda tudj\u00e1k adni. Ahhoz, hogy ilyen fiatalokat tal\u00e1ljanak a l\u00e1mp\u00e1sokkal k\u00f3sz\u00e1l\u00f3 emberek, sz\u00fcks\u00e9g\u00fcnk van arra, hogy mer\u00e9szen egym\u00e1s szem\u00e9be tudjunk n\u00e9zni. Aki fiatal, keresi a tekinteteket, keresi a mestert, akit\u0151l tanulhat, akivel egy\u00fctt tan\u00edthatj\u00e1k egym\u00e1st.<\/p><p>A szentmis\u00e9t k\u00f6vet\u0151en Bal\u00e1zs atya vezet\u00e9s\u00e9vel, a kispapokka \u00e9sl a h\u00edvek sz\u00e9p sz\u00e1mmal egy\u00fctt marad\u00f3 k\u00f6z\u00f6ss\u00e9g\u00e9ben im\u00e1dkoztuk, \u00e9nekelt\u00fck k\u00f6z\u00f6sen Szent Imre matutinum\u00e1t, virraszt\u00f3 zsolozsm\u00e1j\u00e1t. A zsolozsma \u00e9nekeit a schola vezette, az olvasm\u00e1nyokat a kispapok olvast\u00e1k Sir\u00e1k fia k\u00f6nyv\u00e9b\u0151l, Szent Istv\u00e1n Intelmeib\u0151l \u00e9s Proh\u00e1szka Ottok\u00e1r p\u00fcsp\u00f6k Szent imre p\u00e9ld\u00e1j\u00e1r\u00f3l \u00edrott gondolataib\u00f3l.<\/p><p>A k\u00e9pre kattintva tekints\u00e9k meg gal\u00e9ri\u00e1nkat az \u00fcnnepr\u0151l.<\/p>\t\t\t\t\t\t<\/div>\n\t\t\t\t<\/div>\n\t\t\t\t<div class=\"elementor-element elementor-element-c3f5b57 elementor-widget-divider--view-line elementor-widget elementor-widget-divider\" data-id=\"c3f5b57\" data-element_type=\"widget\" data-widget_type=\"divider.default\">\n\t\t\t\t<div class=\"elementor-widget-container\">\n\t\t\t\t\t<div class=\"elementor-divider\">\n\t\t\t<span class=\"elementor-divider-separator\">\n\t\t\t\t\t\t<\/span>\n\t\t<\/div>\n\t\t\t\t<\/div>\n\t\t\t\t<\/div>\n\t\t\t\t<div class=\"elementor-element elementor-element-150917a elementor-widget elementor-widget-spacer\" data-id=\"150917a\" data-element_type=\"widget\" data-widget_type=\"spacer.default\">\n\t\t\t\t<div class=\"elementor-widget-container\">\n\t\t\t\t\t<div class=\"elementor-spacer\">\n\t\t\t<div class=\"elementor-spacer-inner\"><\/div>\n\t\t<\/div>\n\t\t\t\t<\/div>\n\t\t\t\t<\/div>\n\t\t\t\t\t<\/div>\n\t\t\t\t<\/div>\n\t\t<div class=\"elementor-element elementor-element-f91480b e-flex e-con-boxed elementor-invisible e-con e-parent\" data-id=\"f91480b\" data-element_type=\"container\" data-settings=\"{&quot;animation&quot;:&quot;fadeInUp&quot;}\">\n\t\t\t\t\t<div class=\"e-con-inner\">\n\t\t\t\t<div class=\"elementor-element elementor-element-f000d8f elementor-position-top elementor-widget elementor-widget-image-box\" data-id=\"f000d8f\" data-element_type=\"widget\" data-widget_type=\"image-box.default\">\n\t\t\t\t<div class=\"elementor-widget-container\">\n\t\t\t<div class=\"elementor-image-box-wrapper\"><figure class=\"elementor-image-box-img\"><a href=\"https:\/\/www.szentimregyor.hu\/new\/galeria\/galeria-2017\/2017-szent-istvan-kiraly\/\" tabindex=\"-1\"><img loading=\"lazy\" decoding=\"async\" width=\"1536\" height=\"1024\" src=\"https:\/\/www.szentimregyor.hu\/new\/wp-content\/uploads\/2025\/02\/170820SzentIstvan020.jpg\" class=\"attachment-full size-full wp-image-23113\" alt=\"\" srcset=\"https:\/\/www.szentimregyor.hu\/new\/wp-content\/uploads\/2025\/02\/170820SzentIstvan020.jpg 1536w, https:\/\/www.szentimregyor.hu\/new\/wp-content\/uploads\/2025\/02\/170820SzentIstvan020-300x200.jpg 300w, https:\/\/www.szentimregyor.hu\/new\/wp-content\/uploads\/2025\/02\/170820SzentIstvan020-1024x683.jpg 1024w, https:\/\/www.szentimregyor.hu\/new\/wp-content\/uploads\/2025\/02\/170820SzentIstvan020-768x512.jpg 768w\" sizes=\"(max-width: 1536px) 100vw, 1536px\" \/><\/a><\/figure><div class=\"elementor-image-box-content\"><h3 class=\"elementor-image-box-title\"><a href=\"https:\/\/www.szentimregyor.hu\/new\/galeria\/galeria-2017\/2017-szent-istvan-kiraly\/\"><i>Szent Istv\u00e1n kir\u00e1ly<\/a><\/h3><p class=\"elementor-image-box-description\"><i>2017. augusztus 20.<br>(Fot\u00f3: Bogd\u00e1n R\u00e9ka)<\/i><\/p><\/div><\/div>\t\t<\/div>\n\t\t\t\t<\/div>\n\t\t\t\t<div class=\"elementor-element elementor-element-ae38494 elementor-widget elementor-widget-text-editor\" data-id=\"ae38494\" data-element_type=\"widget\" data-widget_type=\"text-editor.default\">\n\t\t\t\t<div class=\"elementor-widget-container\">\n\t\t\t\t\t\t\t<p>Vas\u00e1rnap \u00fcnnepelt\u00fck \u00e1llamalap\u00edt\u00f3 Szent Istv\u00e1n kir\u00e1ly f\u0151\u00fcnnep\u00e9t. A 10 \u00f3rakor kezd\u0151d\u00f6tt \u00fcnnepi szentmis\u00e9t Tam\u00e1s atya mutatta be. R\u00e9g nem l\u00e1tott &#8222;ismer\u0151sk\u00e9nt&#8221; l\u00e1ttuk viszont az olt\u00e1r szolg\u00e1lat\u00e1ban H\u00e9ray M\u00e1rtont, aki id\u00e9n \u00e1prilisban tett fogadalmat a Krisztus \u00dcgye Lelki Csal\u00e1d k\u00f6z\u00f6ss\u00e9g\u00e9ben. A szentmise v\u00e9g\u00e9n Tam\u00e1s atya \u00fcnnep\u00e9lyesen meg\u00e1ldotta az \u00faj kenyeret, amelyet az \u00fcnnepi szertart\u00e1s ut\u00e1n a templomkertben agap\u00e9 keret\u00e9ben el is fogysztottak a h\u00edvek, s ez sok besz\u00e9lget\u00e9sre is alkalmat ny\u00fajtott, hiszen b\u0151ven elm\u00falt d\u00e9l is, mire mindenki hazaindult az \u00fcnnepi d\u00e9lel\u0151ttr\u0151l. A k\u00e9pre kattintva tekintse meg az \u00fcnnepr\u0151l k\u00e9sz\u00fclt tov\u00e1bbi fot\u00f3kat is!<\/p>\t\t\t\t\t\t<\/div>\n\t\t\t\t<\/div>\n\t\t\t\t<div class=\"elementor-element elementor-element-4ba2c42 elementor-widget-divider--view-line elementor-widget elementor-widget-divider\" data-id=\"4ba2c42\" data-element_type=\"widget\" data-widget_type=\"divider.default\">\n\t\t\t\t<div class=\"elementor-widget-container\">\n\t\t\t\t\t<div class=\"elementor-divider\">\n\t\t\t<span class=\"elementor-divider-separator\">\n\t\t\t\t\t\t<\/span>\n\t\t<\/div>\n\t\t\t\t<\/div>\n\t\t\t\t<\/div>\n\t\t\t\t<div class=\"elementor-element elementor-element-af7f669 elementor-widget elementor-widget-spacer\" data-id=\"af7f669\" data-element_type=\"widget\" data-widget_type=\"spacer.default\">\n\t\t\t\t<div class=\"elementor-widget-container\">\n\t\t\t\t\t<div class=\"elementor-spacer\">\n\t\t\t<div class=\"elementor-spacer-inner\"><\/div>\n\t\t<\/div>\n\t\t\t\t<\/div>\n\t\t\t\t<\/div>\n\t\t\t\t\t<\/div>\n\t\t\t\t<\/div>\n\t\t<div class=\"elementor-element elementor-element-a8a7e37 e-flex e-con-boxed elementor-invisible e-con e-parent\" data-id=\"a8a7e37\" data-element_type=\"container\" data-settings=\"{&quot;animation&quot;:&quot;fadeInUp&quot;}\">\n\t\t\t\t\t<div class=\"e-con-inner\">\n\t\t\t\t<div class=\"elementor-element elementor-element-233aec5 elementor-position-top elementor-widget elementor-widget-image-box\" data-id=\"233aec5\" data-element_type=\"widget\" data-widget_type=\"image-box.default\">\n\t\t\t\t<div class=\"elementor-widget-container\">\n\t\t\t<div class=\"elementor-image-box-wrapper\"><figure class=\"elementor-image-box-img\"><a href=\"https:\/\/www.szentimregyor.hu\/new\/galeria\/galeria-2017\/2017-a-80-eves-nagy-jozsef-atya-koszontese\/\" tabindex=\"-1\"><img loading=\"lazy\" decoding=\"async\" width=\"1800\" height=\"1200\" src=\"https:\/\/www.szentimregyor.hu\/new\/wp-content\/uploads\/2025\/02\/170716NagyJozsef80_013.jpg\" class=\"attachment-full size-full wp-image-23077\" alt=\"\" srcset=\"https:\/\/www.szentimregyor.hu\/new\/wp-content\/uploads\/2025\/02\/170716NagyJozsef80_013.jpg 1800w, https:\/\/www.szentimregyor.hu\/new\/wp-content\/uploads\/2025\/02\/170716NagyJozsef80_013-300x200.jpg 300w, https:\/\/www.szentimregyor.hu\/new\/wp-content\/uploads\/2025\/02\/170716NagyJozsef80_013-1024x683.jpg 1024w, https:\/\/www.szentimregyor.hu\/new\/wp-content\/uploads\/2025\/02\/170716NagyJozsef80_013-768x512.jpg 768w, https:\/\/www.szentimregyor.hu\/new\/wp-content\/uploads\/2025\/02\/170716NagyJozsef80_013-1536x1024.jpg 1536w\" sizes=\"(max-width: 1800px) 100vw, 1800px\" \/><\/a><\/figure><div class=\"elementor-image-box-content\"><h3 class=\"elementor-image-box-title\"><a href=\"https:\/\/www.szentimregyor.hu\/new\/galeria\/galeria-2017\/2017-a-80-eves-nagy-jozsef-atya-koszontese\/\"><i>A 80 esztend\u0151s Nagy J\u00f3zsef atya k\u00f6sz\u00f6nt\u00e9se<\/a><\/h3><p class=\"elementor-image-box-description\"><i>2017. j\u00falius 16.<br>(Fot\u00f3: Vaday Tam\u00e1s)<\/i><\/p><\/div><\/div>\t\t<\/div>\n\t\t\t\t<\/div>\n\t\t\t\t<div class=\"elementor-element elementor-element-76a1b7f elementor-widget elementor-widget-text-editor\" data-id=\"76a1b7f\" data-element_type=\"widget\" data-widget_type=\"text-editor.default\">\n\t\t\t\t<div class=\"elementor-widget-container\">\n\t\t\t\t\t\t\t<p>Kedden t\u00f6lt\u00f6tte be 80. \u00e9let\u00e9v\u00e9t Nagy J\u00f3zsef atya, aki 1970-79 k\u00f6z\u00f6tt k\u00e1pl\u00e1nk\u00e9nt szolg\u00e1lt a Szent Imre templomban, majd nyugd\u00edjba vonul\u00e1sa \u00f3ta rendszeresen szolg\u00e1l templomunkban, gy\u00f3ntat, k\u00e9szs\u00e9ggel helyettes\u00edti Tam\u00e1s aty\u00e1t \u00e9s rendszeresen \u0151 mondja a vas\u00e1rnap esti szentmis\u00e9t. K\u00f6sz\u00f6nt\u00e9s\u00e9re is a vas\u00e1rnap esti szentmis\u00e9n ker\u00fclt sor, amelyet &#8211; mint m\u00e1skor &#8211; J\u00f3zsef atya mutatott be. A szentmise v\u00e9g\u00e9n Tam\u00e1s atya k\u00f6sz\u00f6nt\u00f6tte a sz\u00fclet\u00e9snapos J\u00f3zsef aty\u00e1t, feleleven\u00edtve szolg\u00e1lat\u00e1nak \u00e1llom\u00e1sait \u00e9s megk\u00f6sz\u00f6nve munk\u00e1j\u00e1t &#8211; egyben a tov\u00e1bbiakban is seg\u00edts\u00e9g\u00e9t k\u00e9rte, hiszen a gyirm\u00f3ti pl\u00e9b\u00e1nia ell\u00e1t\u00e1s\u00e1val feladatai tov\u00e1bb b\u0151v\u00fclnek \u00edgy tov\u00e1bbra is nagy seg\u00edts\u00e9get jelent J\u00f3zsef atya rendszeres szolg\u00e1lata. Tam\u00e1s atya egy Sz\u0171z M\u00e1ri\u00e1t \u00e1br\u00e1zol\u00f3 k\u00e9pet aj\u00e1nd\u00e9kozott a 80 esztend\u0151s J\u00f3zsef aty\u00e1nak, aki megk\u00f6sz\u00f6nte a megeml\u00e9kez\u00e9st \u00e9s az aj\u00e1nd\u00e9kot \u00e9s Isten \u00e1ld\u00e1s\u00e1t k\u00e9rte Tam\u00e1s atya pl\u00e9b\u00e1nosi tev\u00e9kenys\u00e9g\u00e9re. A h\u00edv\u0151 k\u00f6z\u00f6ss\u00e9g tapssal \u00e9s \u00e9nekkel k\u00f6sz\u00f6nt\u00f6tte a sz\u00fclet\u00e9snapj\u00e1t \u00fcnnepl\u0151 J\u00f3zsef aty\u00e1t. A k\u00e9pre kattintva tekintse meg f\u00e9nyk\u00e9pes besz\u00e1mol\u00f3nkat!<\/p>\t\t\t\t\t\t<\/div>\n\t\t\t\t<\/div>\n\t\t\t\t<div class=\"elementor-element elementor-element-9374838 elementor-widget-divider--view-line elementor-widget elementor-widget-divider\" data-id=\"9374838\" data-element_type=\"widget\" data-widget_type=\"divider.default\">\n\t\t\t\t<div class=\"elementor-widget-container\">\n\t\t\t\t\t<div class=\"elementor-divider\">\n\t\t\t<span class=\"elementor-divider-separator\">\n\t\t\t\t\t\t<\/span>\n\t\t<\/div>\n\t\t\t\t<\/div>\n\t\t\t\t<\/div>\n\t\t\t\t<div class=\"elementor-element elementor-element-4cb6f75 elementor-widget elementor-widget-spacer\" data-id=\"4cb6f75\" data-element_type=\"widget\" data-widget_type=\"spacer.default\">\n\t\t\t\t<div class=\"elementor-widget-container\">\n\t\t\t\t\t<div class=\"elementor-spacer\">\n\t\t\t<div class=\"elementor-spacer-inner\"><\/div>\n\t\t<\/div>\n\t\t\t\t<\/div>\n\t\t\t\t<\/div>\n\t\t\t\t\t<\/div>\n\t\t\t\t<\/div>\n\t\t<div class=\"elementor-element elementor-element-f12c33e e-flex e-con-boxed elementor-invisible e-con e-parent\" data-id=\"f12c33e\" data-element_type=\"container\" data-settings=\"{&quot;animation&quot;:&quot;fadeInUp&quot;}\">\n\t\t\t\t\t<div class=\"e-con-inner\">\n\t\t\t\t<div class=\"elementor-element elementor-element-c341529 elementor-position-top elementor-widget elementor-widget-image-box\" data-id=\"c341529\" data-element_type=\"widget\" data-widget_type=\"image-box.default\">\n\t\t\t\t<div class=\"elementor-widget-container\">\n\t\t\t<div class=\"elementor-image-box-wrapper\"><figure class=\"elementor-image-box-img\"><a href=\"https:\/\/www.szentimregyor.hu\/new\/galeria\/galeria-2017\/2017-magyaros-laszlo-ujmiseje\/\" tabindex=\"-1\"><img loading=\"lazy\" decoding=\"async\" width=\"1800\" height=\"1200\" src=\"https:\/\/www.szentimregyor.hu\/new\/wp-content\/uploads\/2025\/02\/170709MagyarosLaszloUjmise007.jpg\" class=\"attachment-full size-full wp-image-23021\" alt=\"\" srcset=\"https:\/\/www.szentimregyor.hu\/new\/wp-content\/uploads\/2025\/02\/170709MagyarosLaszloUjmise007.jpg 1800w, https:\/\/www.szentimregyor.hu\/new\/wp-content\/uploads\/2025\/02\/170709MagyarosLaszloUjmise007-300x200.jpg 300w, https:\/\/www.szentimregyor.hu\/new\/wp-content\/uploads\/2025\/02\/170709MagyarosLaszloUjmise007-1024x683.jpg 1024w, https:\/\/www.szentimregyor.hu\/new\/wp-content\/uploads\/2025\/02\/170709MagyarosLaszloUjmise007-768x512.jpg 768w, https:\/\/www.szentimregyor.hu\/new\/wp-content\/uploads\/2025\/02\/170709MagyarosLaszloUjmise007-1536x1024.jpg 1536w\" sizes=\"(max-width: 1800px) 100vw, 1800px\" \/><\/a><\/figure><div class=\"elementor-image-box-content\"><h3 class=\"elementor-image-box-title\"><a href=\"https:\/\/www.szentimregyor.hu\/new\/galeria\/galeria-2017\/2017-magyaros-laszlo-ujmiseje\/\"><i>Magyaros L\u00e1szl\u00f3 \u00fajmis\u00e9je<\/a><\/h3><p class=\"elementor-image-box-description\"><i>2017. j\u00falius 9.<br>(Fot\u00f3: Vaday Tam\u00e1s)<\/i><\/p><\/div><\/div>\t\t<\/div>\n\t\t\t\t<\/div>\n\t\t\t\t<div class=\"elementor-element elementor-element-505f12c elementor-widget elementor-widget-text-editor\" data-id=\"505f12c\" data-element_type=\"widget\" data-widget_type=\"text-editor.default\">\n\t\t\t\t<div class=\"elementor-widget-container\">\n\t\t\t\t\t\t\t<p>A vas\u00e1rnap esti szentmis\u00e9t Magyaros L\u00e1szl\u00f3 atya mutatta be, akit nemr\u00e9g szentelt papp\u00e1 Dr. Veres Andr\u00e1s megy\u00e9sp\u00fcsp\u00f6k. L\u00e1szl\u00f3 aty\u00e1t j\u00f3l ismeri a Szent Imre h\u00edv\u0151 k\u00f6z\u00f6ss\u00e9ge, hiszen az elm\u00falt \u00e9vben sokszor tal\u00e1lkozhattunk vele, amikor lelkip\u00e1sztori gyakorlat\u00e1t pl\u00e9b\u00e1ni\u00e1nkon t\u00f6lt\u00f6tte. Az \u00fajmis\u00e9s aty\u00e1t T\u00f3th Imre, a Pl\u00e9b\u00e1niai Tan\u00e1csad\u00f3 Test\u00fclet eln\u00f6ke k\u00f6sz\u00f6nt\u00f6tte a szentmise elej\u00e9n. Hom\u00edli\u00e1j\u00e1ban L\u00e1szl\u00f3 atya t\u00f6bbek k\u00f6z\u00f6tt jelmondat\u00e1r\u00f3l, annak kiv\u00e1laszt\u00e1s\u00e1r\u00f3l besz\u00e9lt, amely \u00edgy hangzik: &#8222;Szeretni tettel \u00e9s igazs\u00e1ggal&#8221; (1Jn 3,18). A szentmise v\u00e9g\u00e9n L\u00e1szl\u00f3 atya \u00fajmis\u00e9s \u00e1ld\u00e1sban r\u00e9szes\u00edtette a h\u00e9ten 80. sz\u00fclet\u00e9snapj\u00e1t \u00fcnnepl\u0151 Nagy J\u00f3zsef aty\u00e1t, majd a szentmis\u00e9n r\u00e9szt vett h\u00edveket, akiket egy szentk\u00e9ppel is megaj\u00e1nd\u00e9kozott, hogy eml\u00e9keztessen benn\u00fcnket k\u00e9r\u00e9s\u00e9re: im\u00e1dkozzunk \u00e9rte! L\u00e1szl\u00f3 atya auguszus 1-t\u0151l a gy\u0151ri Sz\u00e9kesegyh\u00e1z seg\u00e9dlelk\u00e9szek\u00e9nt kezdi meg szolg\u00e1lat\u00e1t a Gy\u0151ri Egyh\u00e1zmegy\u00e9ben. A k\u00e9pre kattintva tekintse meg az \u00fcnnepi szentmis\u00e9r\u0151l k\u00e9sz\u00fclt f\u00e9nyk\u00e9palbumunkat!<\/p>\t\t\t\t\t\t<\/div>\n\t\t\t\t<\/div>\n\t\t\t\t<div class=\"elementor-element elementor-element-e1f3f8e elementor-widget-divider--view-line elementor-widget elementor-widget-divider\" data-id=\"e1f3f8e\" data-element_type=\"widget\" data-widget_type=\"divider.default\">\n\t\t\t\t<div class=\"elementor-widget-container\">\n\t\t\t\t\t<div class=\"elementor-divider\">\n\t\t\t<span class=\"elementor-divider-separator\">\n\t\t\t\t\t\t<\/span>\n\t\t<\/div>\n\t\t\t\t<\/div>\n\t\t\t\t<\/div>\n\t\t\t\t<div class=\"elementor-element elementor-element-609b65a elementor-widget elementor-widget-spacer\" data-id=\"609b65a\" data-element_type=\"widget\" data-widget_type=\"spacer.default\">\n\t\t\t\t<div class=\"elementor-widget-container\">\n\t\t\t\t\t<div class=\"elementor-spacer\">\n\t\t\t<div class=\"elementor-spacer-inner\"><\/div>\n\t\t<\/div>\n\t\t\t\t<\/div>\n\t\t\t\t<\/div>\n\t\t\t\t\t<\/div>\n\t\t\t\t<\/div>\n\t\t<div class=\"elementor-element elementor-element-94e41de e-flex e-con-boxed elementor-invisible e-con e-parent\" data-id=\"94e41de\" data-element_type=\"container\" data-settings=\"{&quot;animation&quot;:&quot;fadeInUp&quot;}\">\n\t\t\t\t\t<div class=\"e-con-inner\">\n\t\t\t\t<div class=\"elementor-element elementor-element-c9b9f9a elementor-position-top elementor-widget elementor-widget-image-box\" data-id=\"c9b9f9a\" data-element_type=\"widget\" data-widget_type=\"image-box.default\">\n\t\t\t\t<div class=\"elementor-widget-container\">\n\t\t\t<div class=\"elementor-image-box-wrapper\"><figure class=\"elementor-image-box-img\"><a href=\"https:\/\/www.szentimregyor.hu\/new\/galeria\/galeria-2017\/2017-urnapja\/\" tabindex=\"-1\"><img loading=\"lazy\" decoding=\"async\" width=\"1800\" height=\"1200\" src=\"https:\/\/www.szentimregyor.hu\/new\/wp-content\/uploads\/2025\/02\/170618urnapja107.jpg\" class=\"attachment-full size-full wp-image-22994\" alt=\"\" srcset=\"https:\/\/www.szentimregyor.hu\/new\/wp-content\/uploads\/2025\/02\/170618urnapja107.jpg 1800w, https:\/\/www.szentimregyor.hu\/new\/wp-content\/uploads\/2025\/02\/170618urnapja107-300x200.jpg 300w, https:\/\/www.szentimregyor.hu\/new\/wp-content\/uploads\/2025\/02\/170618urnapja107-1024x683.jpg 1024w, https:\/\/www.szentimregyor.hu\/new\/wp-content\/uploads\/2025\/02\/170618urnapja107-768x512.jpg 768w, https:\/\/www.szentimregyor.hu\/new\/wp-content\/uploads\/2025\/02\/170618urnapja107-1536x1024.jpg 1536w\" sizes=\"(max-width: 1800px) 100vw, 1800px\" \/><\/a><\/figure><div class=\"elementor-image-box-content\"><h3 class=\"elementor-image-box-title\"><a href=\"https:\/\/www.szentimregyor.hu\/new\/galeria\/galeria-2017\/2017-urnapja\/\"><i>\u00darnapja<\/a><\/h3><p class=\"elementor-image-box-description\"><i>2017. j\u00fanius 18.<br>(Fot\u00f3: Vaday Tam\u00e1s)<\/i><\/p><\/div><\/div>\t\t<\/div>\n\t\t\t\t<\/div>\n\t\t\t\t<div class=\"elementor-element elementor-element-053e7eb elementor-widget elementor-widget-text-editor\" data-id=\"053e7eb\" data-element_type=\"widget\" data-widget_type=\"text-editor.default\">\n\t\t\t\t<div class=\"elementor-widget-container\">\n\t\t\t\t\t\t\t<p>Krisztus Test\u00e9nek \u00e9s V\u00e9r\u00e9nek f\u0151\u00fcnnep\u00e9n, \u00darnapj\u00e1n Tam\u00e1s atya mutatta be az \u00fcnnepi szentmis\u00e9t, amelyen felolvasta a MKPK k\u00f6rlevel\u00e9t a Nemzetk\u00f6zi Eucharisztikus Kongresszus el\u0151k\u00e9sz\u00fcleteir\u0151l. A szentmise v\u00e9g\u00e9n k\u00f6z\u00f6sen im\u00e1dkoztuk az Eucharisztikus Kongresszus el\u0151k\u00e9sz\u00edt\u0151 im\u00e1ds\u00e1g\u00e1t. Az \u00fcnnepi szentmis\u00e9t k\u00f6vet\u0151en a szok\u00e1sos \u00fatvonalon, az Erzs\u00e9bet-ligetben tartottuk meg az \u00farnapi k\u00f6rmenetet a ragyog\u00f3, kiss\u00e9 szeles kora ny\u00e1ri id\u0151ben, ahol n\u00e9gy feld\u00edsz\u00edtett olt\u00e1r v\u00e1rta, hogy n\u00e9h\u00e1ny percre az Olt\u00e1riszents\u00e9get fogadhassa. A k\u00f6rmeneten az els\u0151\u00e1ldoz\u00f3 gyermekek hintettek vir\u00e1got az Olt\u00e1riszents\u00e9g el\u0151tt. A templomba visszat\u00e9rve a Te Deum h\u00e1lad\u00e1sa ut\u00e1n szents\u00e9gi \u00e1ld\u00e1ssal \u00e9rt v\u00e9get az \u00fcnnepi szertart\u00e1s.<\/p>\t\t\t\t\t\t<\/div>\n\t\t\t\t<\/div>\n\t\t\t\t<div class=\"elementor-element elementor-element-2ff161c elementor-widget-divider--view-line elementor-widget elementor-widget-divider\" data-id=\"2ff161c\" data-element_type=\"widget\" data-widget_type=\"divider.default\">\n\t\t\t\t<div class=\"elementor-widget-container\">\n\t\t\t\t\t<div class=\"elementor-divider\">\n\t\t\t<span class=\"elementor-divider-separator\">\n\t\t\t\t\t\t<\/span>\n\t\t<\/div>\n\t\t\t\t<\/div>\n\t\t\t\t<\/div>\n\t\t\t\t<div class=\"elementor-element elementor-element-0b0bd44 elementor-widget elementor-widget-spacer\" data-id=\"0b0bd44\" data-element_type=\"widget\" data-widget_type=\"spacer.default\">\n\t\t\t\t<div class=\"elementor-widget-container\">\n\t\t\t\t\t<div class=\"elementor-spacer\">\n\t\t\t<div class=\"elementor-spacer-inner\"><\/div>\n\t\t<\/div>\n\t\t\t\t<\/div>\n\t\t\t\t<\/div>\n\t\t\t\t\t<\/div>\n\t\t\t\t<\/div>\n\t\t<div class=\"elementor-element elementor-element-cdfe116 e-flex e-con-boxed elementor-invisible e-con e-parent\" data-id=\"cdfe116\" data-element_type=\"container\" data-settings=\"{&quot;animation&quot;:&quot;fadeInUp&quot;}\">\n\t\t\t\t\t<div class=\"e-con-inner\">\n\t\t\t\t<div class=\"elementor-element elementor-element-9c400d5 elementor-position-top elementor-widget elementor-widget-image-box\" data-id=\"9c400d5\" data-element_type=\"widget\" data-widget_type=\"image-box.default\">\n\t\t\t\t<div class=\"elementor-widget-container\">\n\t\t\t<div class=\"elementor-image-box-wrapper\"><figure class=\"elementor-image-box-img\"><a href=\"https:\/\/www.szentimregyor.hu\/new\/galeria\/galeria-2017\/2017-templomszenteles-74-evforduloja\/\" tabindex=\"-1\"><img loading=\"lazy\" decoding=\"async\" width=\"1800\" height=\"1200\" src=\"https:\/\/www.szentimregyor.hu\/new\/wp-content\/uploads\/2025\/02\/170603templomszenteles077.jpg\" class=\"attachment-full size-full wp-image-22877\" alt=\"\" srcset=\"https:\/\/www.szentimregyor.hu\/new\/wp-content\/uploads\/2025\/02\/170603templomszenteles077.jpg 1800w, https:\/\/www.szentimregyor.hu\/new\/wp-content\/uploads\/2025\/02\/170603templomszenteles077-300x200.jpg 300w, https:\/\/www.szentimregyor.hu\/new\/wp-content\/uploads\/2025\/02\/170603templomszenteles077-1024x683.jpg 1024w, https:\/\/www.szentimregyor.hu\/new\/wp-content\/uploads\/2025\/02\/170603templomszenteles077-768x512.jpg 768w, https:\/\/www.szentimregyor.hu\/new\/wp-content\/uploads\/2025\/02\/170603templomszenteles077-1536x1024.jpg 1536w\" sizes=\"(max-width: 1800px) 100vw, 1800px\" \/><\/a><\/figure><div class=\"elementor-image-box-content\"><h3 class=\"elementor-image-box-title\"><a href=\"https:\/\/www.szentimregyor.hu\/new\/galeria\/galeria-2017\/2017-templomszenteles-74-evforduloja\/\"><i>Templomszentel\u00e9s 74. \u00e9vfordul\u00f3ja<\/a><\/h3><p class=\"elementor-image-box-description\"><i>2017. j\u00fanius 3.<br>(Fot\u00f3: Vaday Tam\u00e1s)<\/i><\/p><\/div><\/div>\t\t<\/div>\n\t\t\t\t<\/div>\n\t\t\t\t<div class=\"elementor-element elementor-element-34b922c elementor-widget elementor-widget-text-editor\" data-id=\"34b922c\" data-element_type=\"widget\" data-widget_type=\"text-editor.default\">\n\t\t\t\t<div class=\"elementor-widget-container\">\n\t\t\t\t\t\t\t<p>Templomunk felszentel\u00e9s\u00e9nek 74. \u00e9vfordul\u00f3ja k\u00fcl\u00f6nleges meglepet\u00e9ssel is szolg\u00e1lt, de ne kezdj\u00fck m\u00e1ris ezzel.<\/p><p>Az \u00fcnnepi szentmis\u00e9t este 6 \u00f3rakor \u00c1rus-Kov\u00e1cs G\u00e1bor, nemesszal\u00f3ki pl\u00e9b\u00e1nos mutatta be, aki &#8211; ahogy a szentbesz\u00e9dben Radn\u00f3tit id\u00e9zve eml\u00e9keztetett is r\u00e1 &#8211; hazaj\u00f6tt a Szent Imr\u00e9be, hiszen itt n\u0151tt fel, itt ministr\u00e1lt \u00e9s innen h\u00edvta el szolg\u00e1ltat\u00e1ba az \u00dar, s els\u0151 szentmis\u00e9j\u00e9t is e falak k\u00f6z\u00f6tt mutatta be. A k\u00fcl\u00f6nleges meglepet\u00e9s az volt, hogy G\u00e1bor atya abban a miseruh\u00e1ban mutatta be a szentmis\u00e9t, amelyet Boldog Apor Vilmos p\u00fcsp\u00f6k viselt a szentel\u00e9si szentmis\u00e9n. \u00c9rdemes m\u00e1r ez\u00e9rt is megn\u00e9zni a k\u00e9peket, mert a v\u00e9g\u00e9n G\u00e1bor atya v\u00e1llalta, hogy mintegy modellk\u00e9nt bemutatja ezt a csod\u00e1latos, szinte ereklye-\u00e9rt\u00e9k\u0171 miseruh\u00e1t.<\/p><p>Szentbesz\u00e9d\u00e9ben G\u00e1bor atya a 74 \u00e9v\u00e9rt adott h\u00e1l\u00e1t \u00e9s eml\u00e9keztetett benn\u00fcnket a h\u00e1laad\u00e1sra. Felid\u00e9zett egy r\u00e9gi k\u00e9pet, amelynek felirata szerint ecce tabernaculum Dei cum hominibus, \u201e\u00edme, Isten hajl\u00e9ka az emberek k\u00f6z\u00f6tt\u201d(Jel 21. 3.), besz\u00e9lt templomunkr\u00f3l, amely b\u00e1r alacsonyabb Adyv\u00e1ros t\u00edzemeletesein\u00e9l, Isten hajl\u00e9kak\u00e9nt m\u00e9gis f\u00f6l\u00e9b\u00fck magasodik. Eml\u00e9keztetett a tabern\u00e1kulum J\u00f3 P\u00e1sztor \u00e1br\u00e1zol\u00e1s\u00e1ra, aki mindig vezette \u00e9s vezeti ny\u00e1j\u00e1t, v\u00e9g\u00fcl &#8211; P\u00fcnk\u00f6sd vig\u00edli\u00e1j\u00e1hoz is kapcsol\u00f3dva &#8211; arr\u00f3l a hivat\u00e1sunkr\u00f3l besz\u00e9lt, amellyel el kell vinn\u00fcnk az \u00d6r\u00f6mh\u00edrt az itt lak\u00f3knak.<\/p><p>A szentmise ut\u00e1n a templomszentel\u00e9st meg\u00f6r\u00f6k\u00edt\u0151 k\u00e9phez vonultunk \u00e9s most ker\u00fclt sor els\u0151 \u00edzben annak megkoszor\u00faz\u00e1s\u00e1ra a templomszentel\u00e9s \u00e9vfordul\u00f3j\u00e1ra \u00edrt im\u00e1ds\u00e1g elim\u00e1dkoz\u00e1sa ut\u00e1n, majd az altemplomba vonultunk, ahol im\u00e1dkoztunk Szelestey B\u00e9la templomalap\u00edt\u00f3 pl\u00e9b\u00e1nosunk\u00e9rt \u00e9s koszor\u00fat helyezt\u00fcnk el s\u00edrj\u00e1n\u00e1l.<\/p>\t\t\t\t\t\t<\/div>\n\t\t\t\t<\/div>\n\t\t\t\t<div class=\"elementor-element elementor-element-6d5a2f8 elementor-widget-divider--view-line elementor-widget elementor-widget-divider\" data-id=\"6d5a2f8\" data-element_type=\"widget\" data-widget_type=\"divider.default\">\n\t\t\t\t<div class=\"elementor-widget-container\">\n\t\t\t\t\t<div class=\"elementor-divider\">\n\t\t\t<span class=\"elementor-divider-separator\">\n\t\t\t\t\t\t<\/span>\n\t\t<\/div>\n\t\t\t\t<\/div>\n\t\t\t\t<\/div>\n\t\t\t\t<div class=\"elementor-element elementor-element-37ca0cd elementor-widget elementor-widget-spacer\" data-id=\"37ca0cd\" data-element_type=\"widget\" data-widget_type=\"spacer.default\">\n\t\t\t\t<div class=\"elementor-widget-container\">\n\t\t\t\t\t<div class=\"elementor-spacer\">\n\t\t\t<div class=\"elementor-spacer-inner\"><\/div>\n\t\t<\/div>\n\t\t\t\t<\/div>\n\t\t\t\t<\/div>\n\t\t\t\t\t<\/div>\n\t\t\t\t<\/div>\n\t\t<div class=\"elementor-element elementor-element-ce79ba9 e-flex e-con-boxed elementor-invisible e-con e-parent\" data-id=\"ce79ba9\" data-element_type=\"container\" data-settings=\"{&quot;animation&quot;:&quot;fadeInUp&quot;}\">\n\t\t\t\t\t<div class=\"e-con-inner\">\n\t\t\t\t<div class=\"elementor-element elementor-element-bf02c5b elementor-position-top elementor-widget elementor-widget-image-box\" data-id=\"bf02c5b\" data-element_type=\"widget\" data-widget_type=\"image-box.default\">\n\t\t\t\t<div class=\"elementor-widget-container\">\n\t\t\t<div class=\"elementor-image-box-wrapper\"><figure class=\"elementor-image-box-img\"><a href=\"https:\/\/www.szentimregyor.hu\/new\/galeria\/galeria-2017\/2017-elsoaldozas-majus-28\/\" tabindex=\"-1\"><img loading=\"lazy\" decoding=\"async\" width=\"1800\" height=\"1200\" src=\"https:\/\/www.szentimregyor.hu\/new\/wp-content\/uploads\/2025\/02\/170528elsoaldozas077.jpg\" class=\"attachment-full size-full wp-image-22791\" alt=\"\" srcset=\"https:\/\/www.szentimregyor.hu\/new\/wp-content\/uploads\/2025\/02\/170528elsoaldozas077.jpg 1800w, https:\/\/www.szentimregyor.hu\/new\/wp-content\/uploads\/2025\/02\/170528elsoaldozas077-300x200.jpg 300w, https:\/\/www.szentimregyor.hu\/new\/wp-content\/uploads\/2025\/02\/170528elsoaldozas077-1024x683.jpg 1024w, https:\/\/www.szentimregyor.hu\/new\/wp-content\/uploads\/2025\/02\/170528elsoaldozas077-768x512.jpg 768w, https:\/\/www.szentimregyor.hu\/new\/wp-content\/uploads\/2025\/02\/170528elsoaldozas077-1536x1024.jpg 1536w\" sizes=\"(max-width: 1800px) 100vw, 1800px\" \/><\/a><\/figure><div class=\"elementor-image-box-content\"><h3 class=\"elementor-image-box-title\"><a href=\"https:\/\/www.szentimregyor.hu\/new\/galeria\/galeria-2017\/2017-elsoaldozas-majus-28\/\"><i>Els\u0151\u00e1ldoz\u00e1s, m\u00e1jus 28.<\/a><\/h3><p class=\"elementor-image-box-description\"><i>2017. m\u00e1jus 23.<br>(Fot\u00f3: Vaday Tam\u00e1s)<\/i><\/p><\/div><\/div>\t\t<\/div>\n\t\t\t\t<\/div>\n\t\t\t\t<div class=\"elementor-element elementor-element-3ef3c69 elementor-widget elementor-widget-text-editor\" data-id=\"3ef3c69\" data-element_type=\"widget\" data-widget_type=\"text-editor.default\">\n\t\t\t\t<div class=\"elementor-widget-container\">\n\t\t\t\t\t\t\t<p>M\u00e1jus 28-\u00e1n, vas\u00e1rnap d\u00e9lel\u0151tt 10 \u00f3rakor a K\u00f6lcsey Ferenc \u00c1ltal\u00e1nos Iskola II. sz\u00e1m\u00fa csoportja (Patakin\u00e9 T\u00f3th Szilvia n\u00e9ni 3. oszt\u00e1lyos hittanosai), valamint a M\u00f3ra Ferenc \u00c1ltal\u00e1nos Iskola \u00e9s Gimn\u00e1zium 3. oszt\u00e1lyos csoportja (Haraszti Levente b\u00e1csi hittanosai) j\u00e1rultak el\u0151sz\u00f6r szent\u00e1ldoz\u00e1shoz. Ezen a vas\u00e1rnapon, a mennybemenetel \u00fcnnep\u00e9n z\u00e1rult le az els\u0151\u00e1ldoz\u00e1si szentmis\u00e9k sora az idei \u00e9vben.<\/p>\t\t\t\t\t\t<\/div>\n\t\t\t\t<\/div>\n\t\t\t\t<div class=\"elementor-element elementor-element-f87ff6f elementor-widget-divider--view-line elementor-widget elementor-widget-divider\" data-id=\"f87ff6f\" data-element_type=\"widget\" data-widget_type=\"divider.default\">\n\t\t\t\t<div class=\"elementor-widget-container\">\n\t\t\t\t\t<div class=\"elementor-divider\">\n\t\t\t<span class=\"elementor-divider-separator\">\n\t\t\t\t\t\t<\/span>\n\t\t<\/div>\n\t\t\t\t<\/div>\n\t\t\t\t<\/div>\n\t\t\t\t<div class=\"elementor-element elementor-element-a2bedcc elementor-widget elementor-widget-spacer\" data-id=\"a2bedcc\" data-element_type=\"widget\" data-widget_type=\"spacer.default\">\n\t\t\t\t<div class=\"elementor-widget-container\">\n\t\t\t\t\t<div class=\"elementor-spacer\">\n\t\t\t<div class=\"elementor-spacer-inner\"><\/div>\n\t\t<\/div>\n\t\t\t\t<\/div>\n\t\t\t\t<\/div>\n\t\t\t\t\t<\/div>\n\t\t\t\t<\/div>\n\t\t<div class=\"elementor-element elementor-element-c5c0af3 e-flex e-con-boxed elementor-invisible e-con e-parent\" data-id=\"c5c0af3\" data-element_type=\"container\" data-settings=\"{&quot;animation&quot;:&quot;fadeInUp&quot;}\">\n\t\t\t\t\t<div class=\"e-con-inner\">\n\t\t\t\t<div class=\"elementor-element elementor-element-aad147f elementor-position-top elementor-widget elementor-widget-image-box\" data-id=\"aad147f\" data-element_type=\"widget\" data-widget_type=\"image-box.default\">\n\t\t\t\t<div class=\"elementor-widget-container\">\n\t\t\t<div class=\"elementor-image-box-wrapper\"><figure class=\"elementor-image-box-img\"><a href=\"https:\/\/www.szentimregyor.hu\/new\/galeria\/galeria-2017\/2017-apor-vilmos-emleknapja\/\" tabindex=\"-1\"><img loading=\"lazy\" decoding=\"async\" width=\"1800\" height=\"1200\" src=\"https:\/\/www.szentimregyor.hu\/new\/wp-content\/uploads\/2025\/02\/170523apor046.jpg\" class=\"attachment-full size-full wp-image-22685\" alt=\"\" srcset=\"https:\/\/www.szentimregyor.hu\/new\/wp-content\/uploads\/2025\/02\/170523apor046.jpg 1800w, https:\/\/www.szentimregyor.hu\/new\/wp-content\/uploads\/2025\/02\/170523apor046-300x200.jpg 300w, https:\/\/www.szentimregyor.hu\/new\/wp-content\/uploads\/2025\/02\/170523apor046-1024x683.jpg 1024w, https:\/\/www.szentimregyor.hu\/new\/wp-content\/uploads\/2025\/02\/170523apor046-768x512.jpg 768w, https:\/\/www.szentimregyor.hu\/new\/wp-content\/uploads\/2025\/02\/170523apor046-1536x1024.jpg 1536w\" sizes=\"(max-width: 1800px) 100vw, 1800px\" \/><\/a><\/figure><div class=\"elementor-image-box-content\"><h3 class=\"elementor-image-box-title\"><a href=\"https:\/\/www.szentimregyor.hu\/new\/galeria\/galeria-2017\/2017-apor-vilmos-emleknapja\/\"><i>Apor Vilmos eml\u00e9knapja<\/a><\/h3><p class=\"elementor-image-box-description\"><i>2017. m\u00e1jus 23.<br>(Fot\u00f3: Vaday Tam\u00e1s)<\/i><\/p><\/div><\/div>\t\t<\/div>\n\t\t\t\t<\/div>\n\t\t\t\t<div class=\"elementor-element elementor-element-1a54d4e elementor-widget elementor-widget-text-editor\" data-id=\"1a54d4e\" data-element_type=\"widget\" data-widget_type=\"text-editor.default\">\n\t\t\t\t<div class=\"elementor-widget-container\">\n\t\t\t\t\t\t\t<p>2017. m\u00e1jus 23-\u00e1n templomszentel\u0151 p\u00fcsp\u00f6k\u00fcnk, Boldog Apor Vilmos eml\u00e9knapj\u00e1n a reggeli szentmis\u00e9t k\u00f6vet\u0151en eg\u00e9sz napos szents\u00e9gim\u00e1d\u00e1s volt templomunkban \u00e9s tiszteletad\u00e1sra kihelyez\u00e9sre ker\u00fclt Boldog Apor Vilmos erekly\u00e9je is. A szents\u00e9gim\u00e1d\u00e1st szent\u00f3ra z\u00e1rta N\u00e9meth Istv\u00e1n atya vezet\u00e9s\u00e9vel.<\/p><p>Este 6 \u00f3rakor kezd\u0151d\u00f6tt az \u00fcnnepi szentmise, amelyet Dr. Veres Andr\u00e1s megy\u00e9sp\u00fcsp\u00f6k atya mutatott be, Mogyor\u00f3si M\u00e1rk, Benkovich Ferenc, N\u00e9meth Istv\u00e1n, Nagy J\u00f3zsef \u00e9s Cs\u00f3ka G\u00e1sp\u00e1r OSB aty\u00e1kkal, valamint Dr. Bal\u00e1zs Tam\u00e1s pl\u00e9b\u00e1nossal. P\u00fcsp\u00f6k atya hom\u00edli\u00e1j\u00e1ban a J\u00f3 P\u00e1sztor p\u00e9ld\u00e1j\u00e1t \u00e1ll\u00edtotta el\u00e9nk. A szentmise v\u00e9g\u00e9n a jelenlev\u0151k k\u00f6z\u00f6sen elim\u00e1dkozt\u00e1k az Apor Vilmos Imasz\u00f6vets\u00e9g im\u00e1ds\u00e1g\u00e1t \u00faj papi hivat\u00e1sok\u00e9rt.<\/p><p>A szentmise ut\u00e1n ker\u00fclt sor a templom homlokzat\u00e1n elhelyezett ker\u00e1mia alkot\u00e1s leleplez\u00e9s\u00e9re \u00e9s meg\u00e1ld\u00e1s\u00e1ra. A templomszentel\u00e9st meg\u00f6r\u00f6k\u00edt\u0151 alkot\u00e1s S\u00e1ndor J\u00f3zsef P\u00e9ter Alkot\u00e1sz \u00e9s Samu Eszter keramikus m\u0171v\u00e9sz h\u00e1zasp\u00e1r munk\u00e1ja. K\u00fcl\u00f6n\u00f6s egybees\u00e9s, hogy az alkot\u00f3k azt a jelenetet \u00f6r\u00f6k\u00edtett\u00e9k meg, amikor Apor Vilmos az asszisztenci\u00e1val vonul a templom el\u0151tti ter\u00fcleten, a n\u00e9p eserny\u0151vel k\u00f6veti az esem\u00e9nyeket \u00e9s a k\u00e9p a vizes k\u00f6vezeten t\u00fckr\u00f6z\u0151dik, teh\u00e1t a szentel\u00e9skor is esett az es\u0151, s most \u00e9ppen akkor z\u00fadult hatalmas z\u00e1por a k\u00f6rny\u00e9kre, amikor az \u00fcnnepl\u0151k kivonultak a k\u00e9p meg\u00e1ld\u00e1s\u00e1ra.<\/p><p>A k\u00e9p elhelyez\u00e9s\u00e9nek aktualit\u00e1s\u00e1t adta, hogy ebben az \u00e9vben \u00fcnnepelj\u00fck Boldog Apor Vilmos v\u00e9rtan\u00fa p\u00fcsp\u00f6k sz\u00fclet\u00e9s\u00e9nek 125., boldogg\u00e1 avat\u00e1s\u00e1nak 20. \u00e9vfordul\u00f3j\u00e1t, valamint a Szent Imre Pl\u00e9b\u00e1nia alap\u00edt\u00e1s\u00e1nak 80. \u00e9vfordul\u00f3j\u00e1t.<\/p>\t\t\t\t\t\t<\/div>\n\t\t\t\t<\/div>\n\t\t\t\t<div class=\"elementor-element elementor-element-6c8a8db elementor-widget-divider--view-line elementor-widget elementor-widget-divider\" data-id=\"6c8a8db\" data-element_type=\"widget\" data-widget_type=\"divider.default\">\n\t\t\t\t<div class=\"elementor-widget-container\">\n\t\t\t\t\t<div class=\"elementor-divider\">\n\t\t\t<span class=\"elementor-divider-separator\">\n\t\t\t\t\t\t<\/span>\n\t\t<\/div>\n\t\t\t\t<\/div>\n\t\t\t\t<\/div>\n\t\t\t\t<div class=\"elementor-element elementor-element-daa1775 elementor-widget elementor-widget-spacer\" data-id=\"daa1775\" data-element_type=\"widget\" data-widget_type=\"spacer.default\">\n\t\t\t\t<div class=\"elementor-widget-container\">\n\t\t\t\t\t<div class=\"elementor-spacer\">\n\t\t\t<div class=\"elementor-spacer-inner\"><\/div>\n\t\t<\/div>\n\t\t\t\t<\/div>\n\t\t\t\t<\/div>\n\t\t\t\t\t<\/div>\n\t\t\t\t<\/div>\n\t\t<div class=\"elementor-element elementor-element-46d31cd e-flex e-con-boxed elementor-invisible e-con e-parent\" data-id=\"46d31cd\" data-element_type=\"container\" data-settings=\"{&quot;animation&quot;:&quot;fadeInUp&quot;}\">\n\t\t\t\t\t<div class=\"e-con-inner\">\n\t\t\t\t<div class=\"elementor-element elementor-element-c02e8ed elementor-position-top elementor-widget elementor-widget-image-box\" data-id=\"c02e8ed\" data-element_type=\"widget\" data-widget_type=\"image-box.default\">\n\t\t\t\t<div class=\"elementor-widget-container\">\n\t\t\t<div class=\"elementor-image-box-wrapper\"><figure class=\"elementor-image-box-img\"><a href=\"https:\/\/www.szentimregyor.hu\/new\/galeria\/galeria-2017\/2017-elsoaldozas-majus-21\/\" tabindex=\"-1\"><img loading=\"lazy\" decoding=\"async\" width=\"1800\" height=\"1200\" src=\"https:\/\/www.szentimregyor.hu\/new\/wp-content\/uploads\/2025\/02\/170521elsoaldozas067.jpg\" class=\"attachment-full size-full wp-image-22630\" alt=\"170521elsoaldozas067\" srcset=\"https:\/\/www.szentimregyor.hu\/new\/wp-content\/uploads\/2025\/02\/170521elsoaldozas067.jpg 1800w, https:\/\/www.szentimregyor.hu\/new\/wp-content\/uploads\/2025\/02\/170521elsoaldozas067-300x200.jpg 300w, https:\/\/www.szentimregyor.hu\/new\/wp-content\/uploads\/2025\/02\/170521elsoaldozas067-1024x683.jpg 1024w, https:\/\/www.szentimregyor.hu\/new\/wp-content\/uploads\/2025\/02\/170521elsoaldozas067-768x512.jpg 768w, https:\/\/www.szentimregyor.hu\/new\/wp-content\/uploads\/2025\/02\/170521elsoaldozas067-1536x1024.jpg 1536w\" sizes=\"(max-width: 1800px) 100vw, 1800px\" \/><\/a><\/figure><div class=\"elementor-image-box-content\"><h3 class=\"elementor-image-box-title\"><a href=\"https:\/\/www.szentimregyor.hu\/new\/galeria\/galeria-2017\/2017-elsoaldozas-majus-21\/\"><i>Els\u0151\u00e1ldoz\u00e1s, m\u00e1jus 21.<\/a><\/h3><p class=\"elementor-image-box-description\"><i>2017. m\u00e1jus 21.<br>(Fot\u00f3: Vaday Tam\u00e1s)<\/i><\/p><\/div><\/div>\t\t<\/div>\n\t\t\t\t<\/div>\n\t\t\t\t<div class=\"elementor-element elementor-element-4b63b19 elementor-widget elementor-widget-text-editor\" data-id=\"4b63b19\" data-element_type=\"widget\" data-widget_type=\"text-editor.default\">\n\t\t\t\t<div class=\"elementor-widget-container\">\n\t\t\t\t\t\t\t<p>M\u00e1jus 21-\u00e9n, vas\u00e1rnap d\u00e9lel\u0151tt 10 \u00f3rakor a Fekete Istv\u00e1n \u00c1ltal\u00e1nos Iskola 3. oszt\u00e1lyos tanul\u00f3inak hittancsoportja, valamint a T\u00e1nc- \u00e9s K\u00e9pz\u0151m\u0171v\u00e9szeti iskola 3. oszt\u00e1lyos tanul\u00f3inak hittancsoportja (Haraszti Levente b\u00e1csi csoportjai) j\u00e1rultak el\u0151sz\u00f6r szent\u00e1ldoz\u00e1shoz templomunkban.<\/p>\t\t\t\t\t\t<\/div>\n\t\t\t\t<\/div>\n\t\t\t\t<div class=\"elementor-element elementor-element-ec772ac elementor-widget-divider--view-line elementor-widget elementor-widget-divider\" data-id=\"ec772ac\" data-element_type=\"widget\" data-widget_type=\"divider.default\">\n\t\t\t\t<div class=\"elementor-widget-container\">\n\t\t\t\t\t<div class=\"elementor-divider\">\n\t\t\t<span class=\"elementor-divider-separator\">\n\t\t\t\t\t\t<\/span>\n\t\t<\/div>\n\t\t\t\t<\/div>\n\t\t\t\t<\/div>\n\t\t\t\t<div class=\"elementor-element elementor-element-8b59645 elementor-widget elementor-widget-spacer\" data-id=\"8b59645\" data-element_type=\"widget\" data-widget_type=\"spacer.default\">\n\t\t\t\t<div class=\"elementor-widget-container\">\n\t\t\t\t\t<div class=\"elementor-spacer\">\n\t\t\t<div class=\"elementor-spacer-inner\"><\/div>\n\t\t<\/div>\n\t\t\t\t<\/div>\n\t\t\t\t<\/div>\n\t\t\t\t\t<\/div>\n\t\t\t\t<\/div>\n\t\t<div class=\"elementor-element elementor-element-5b4b663 e-flex e-con-boxed elementor-invisible e-con e-parent\" data-id=\"5b4b663\" data-element_type=\"container\" data-settings=\"{&quot;animation&quot;:&quot;fadeInUp&quot;}\">\n\t\t\t\t\t<div class=\"e-con-inner\">\n\t\t\t\t<div class=\"elementor-element elementor-element-39c4521 elementor-position-top elementor-widget elementor-widget-image-box\" data-id=\"39c4521\" data-element_type=\"widget\" data-widget_type=\"image-box.default\">\n\t\t\t\t<div class=\"elementor-widget-container\">\n\t\t\t<div class=\"elementor-image-box-wrapper\"><figure class=\"elementor-image-box-img\"><a href=\"https:\/\/www.szentimregyor.hu\/new\/galeria\/galeria-2017\/2017-bermalas\/\" tabindex=\"-1\"><img loading=\"lazy\" decoding=\"async\" width=\"1800\" height=\"1200\" src=\"https:\/\/www.szentimregyor.hu\/new\/wp-content\/uploads\/2025\/02\/170513bermalas034.jpg\" class=\"attachment-full size-full wp-image-22552\" alt=\"170513bermalas034\" srcset=\"https:\/\/www.szentimregyor.hu\/new\/wp-content\/uploads\/2025\/02\/170513bermalas034.jpg 1800w, https:\/\/www.szentimregyor.hu\/new\/wp-content\/uploads\/2025\/02\/170513bermalas034-300x200.jpg 300w, https:\/\/www.szentimregyor.hu\/new\/wp-content\/uploads\/2025\/02\/170513bermalas034-1024x683.jpg 1024w, https:\/\/www.szentimregyor.hu\/new\/wp-content\/uploads\/2025\/02\/170513bermalas034-768x512.jpg 768w, https:\/\/www.szentimregyor.hu\/new\/wp-content\/uploads\/2025\/02\/170513bermalas034-1536x1024.jpg 1536w\" sizes=\"(max-width: 1800px) 100vw, 1800px\" \/><\/a><\/figure><div class=\"elementor-image-box-content\"><h3 class=\"elementor-image-box-title\"><a href=\"https:\/\/www.szentimregyor.hu\/new\/galeria\/galeria-2017\/2017-bermalas\/\"><i>B\u00e9rm\u00e1l\u00e1s<\/a><\/h3><p class=\"elementor-image-box-description\"><i>2017. m\u00e1jus 13.<br>(Fot\u00f3: Vaday Tam\u00e1s)<\/i><\/p><\/div><\/div>\t\t<\/div>\n\t\t\t\t<\/div>\n\t\t\t\t<div class=\"elementor-element elementor-element-da709d7 elementor-widget elementor-widget-text-editor\" data-id=\"da709d7\" data-element_type=\"widget\" data-widget_type=\"text-editor.default\">\n\t\t\t\t<div class=\"elementor-widget-container\">\n\t\t\t\t\t\t\t<p>M\u00e1jus 13-\u00e1n, szombaton d\u00e9lel\u0151tt 10 \u00f3rakor volt templomunkban a b\u00e9rm\u00e1l\u00e1s. A b\u00e9rm\u00e1l\u00e1s szents\u00e9g\u00e9t Dr. P\u00e1pai Lajos nyugalmazott gy\u0151ri p\u00fcsp\u00f6k atya kiszolg\u00e1ltatta ki fiataljainknak. A szentmis\u00e9n a Szent Imre Pl\u00e9b\u00e1nia hittanosai mellett a P\u00e9terfy S\u00e1ndor Evang\u00e9likus Gimn\u00e1zium, \u00c1ltal\u00e1nos Iskola \u00e9s \u00d3voda tanul\u00f3i \u00e9s a szabadhegyi Szent Anna Pl\u00e9b\u00e1nia hittanosai kapt\u00e1k meg a Szentl\u00e9lek aj\u00e1nd\u00e9kait. Im\u00e1dkozzunk \u00e9rt\u00fck!<\/p>\t\t\t\t\t\t<\/div>\n\t\t\t\t<\/div>\n\t\t\t\t<div class=\"elementor-element elementor-element-0e272bd elementor-widget-divider--view-line elementor-widget elementor-widget-divider\" data-id=\"0e272bd\" data-element_type=\"widget\" data-widget_type=\"divider.default\">\n\t\t\t\t<div class=\"elementor-widget-container\">\n\t\t\t\t\t<div class=\"elementor-divider\">\n\t\t\t<span class=\"elementor-divider-separator\">\n\t\t\t\t\t\t<\/span>\n\t\t<\/div>\n\t\t\t\t<\/div>\n\t\t\t\t<\/div>\n\t\t\t\t<div class=\"elementor-element elementor-element-dd01541 elementor-widget elementor-widget-spacer\" data-id=\"dd01541\" data-element_type=\"widget\" data-widget_type=\"spacer.default\">\n\t\t\t\t<div class=\"elementor-widget-container\">\n\t\t\t\t\t<div class=\"elementor-spacer\">\n\t\t\t<div class=\"elementor-spacer-inner\"><\/div>\n\t\t<\/div>\n\t\t\t\t<\/div>\n\t\t\t\t<\/div>\n\t\t\t\t\t<\/div>\n\t\t\t\t<\/div>\n\t\t<div class=\"elementor-element elementor-element-f47f77a e-flex e-con-boxed elementor-invisible e-con e-parent\" data-id=\"f47f77a\" data-element_type=\"container\" data-settings=\"{&quot;animation&quot;:&quot;fadeInUp&quot;}\">\n\t\t\t\t\t<div class=\"e-con-inner\">\n\t\t\t\t<div class=\"elementor-element elementor-element-be9ae1b elementor-position-top elementor-widget elementor-widget-image-box\" data-id=\"be9ae1b\" data-element_type=\"widget\" data-widget_type=\"image-box.default\">\n\t\t\t\t<div class=\"elementor-widget-container\">\n\t\t\t<div class=\"elementor-image-box-wrapper\"><figure class=\"elementor-image-box-img\"><a href=\"https:\/\/www.szentimregyor.hu\/new\/galeria\/galeria-2017\/2017-elsoaldozas-majus-7\/\" tabindex=\"-1\"><img loading=\"lazy\" decoding=\"async\" width=\"1800\" height=\"1200\" src=\"https:\/\/www.szentimregyor.hu\/new\/wp-content\/uploads\/2025\/01\/170507elsoaldozas063.jpg\" class=\"attachment-full size-full wp-image-22404\" alt=\"170507elsoaldozas063\" srcset=\"https:\/\/www.szentimregyor.hu\/new\/wp-content\/uploads\/2025\/01\/170507elsoaldozas063.jpg 1800w, https:\/\/www.szentimregyor.hu\/new\/wp-content\/uploads\/2025\/01\/170507elsoaldozas063-300x200.jpg 300w, https:\/\/www.szentimregyor.hu\/new\/wp-content\/uploads\/2025\/01\/170507elsoaldozas063-1024x683.jpg 1024w, https:\/\/www.szentimregyor.hu\/new\/wp-content\/uploads\/2025\/01\/170507elsoaldozas063-768x512.jpg 768w, https:\/\/www.szentimregyor.hu\/new\/wp-content\/uploads\/2025\/01\/170507elsoaldozas063-1536x1024.jpg 1536w\" sizes=\"(max-width: 1800px) 100vw, 1800px\" \/><\/a><\/figure><div class=\"elementor-image-box-content\"><h3 class=\"elementor-image-box-title\"><a href=\"https:\/\/www.szentimregyor.hu\/new\/galeria\/galeria-2017\/2017-elsoaldozas-majus-7\/\"><i>Els\u0151\u00e1ldoz\u00e1s, m\u00e1jus 7.<\/a><\/h3><p class=\"elementor-image-box-description\"><i>2017. m\u00e1jus 7.<br>(Fot\u00f3: Vaday Tam\u00e1s)<\/i><\/p><\/div><\/div>\t\t<\/div>\n\t\t\t\t<\/div>\n\t\t\t\t<div class=\"elementor-element elementor-element-e466a35 elementor-widget elementor-widget-text-editor\" data-id=\"e466a35\" data-element_type=\"widget\" data-widget_type=\"text-editor.default\">\n\t\t\t\t<div class=\"elementor-widget-container\">\n\t\t\t\t\t\t\t<p>M\u00e1jus 7-\u00e9n, vas\u00e1rnap d\u00e9lel\u0151tt 10 \u00f3rakor a K\u00f6lcsey Ferenc \u00c1ltal\u00e1nos iskola 3. oszt\u00e1lyos tanul\u00f3inak I. hittancsoportja (Csizmadia Gergelyn\u00e9, Marika n\u00e9ni csoportja), valamint Harasztin\u00e9 B\u00e1rsonyosi \u00c1gi n\u00e9ni tanul\u00f3i j\u00e1rulnak el\u0151sz\u00f6r szent\u00e1ldoz\u00e1shoz.<\/p>\t\t\t\t\t\t<\/div>\n\t\t\t\t<\/div>\n\t\t\t\t<div class=\"elementor-element elementor-element-6e4f466 elementor-widget-divider--view-line elementor-widget elementor-widget-divider\" data-id=\"6e4f466\" data-element_type=\"widget\" data-widget_type=\"divider.default\">\n\t\t\t\t<div class=\"elementor-widget-container\">\n\t\t\t\t\t<div class=\"elementor-divider\">\n\t\t\t<span class=\"elementor-divider-separator\">\n\t\t\t\t\t\t<\/span>\n\t\t<\/div>\n\t\t\t\t<\/div>\n\t\t\t\t<\/div>\n\t\t\t\t<div class=\"elementor-element elementor-element-7884ffe elementor-widget elementor-widget-spacer\" data-id=\"7884ffe\" data-element_type=\"widget\" data-widget_type=\"spacer.default\">\n\t\t\t\t<div class=\"elementor-widget-container\">\n\t\t\t\t\t<div class=\"elementor-spacer\">\n\t\t\t<div class=\"elementor-spacer-inner\"><\/div>\n\t\t<\/div>\n\t\t\t\t<\/div>\n\t\t\t\t<\/div>\n\t\t\t\t\t<\/div>\n\t\t\t\t<\/div>\n\t\t<div class=\"elementor-element elementor-element-05d8966 e-flex e-con-boxed elementor-invisible e-con e-parent\" data-id=\"05d8966\" data-element_type=\"container\" data-settings=\"{&quot;animation&quot;:&quot;fadeInUp&quot;}\">\n\t\t\t\t\t<div class=\"e-con-inner\">\n\t\t\t\t<div class=\"elementor-element elementor-element-bd1b21f elementor-position-top elementor-widget elementor-widget-image-box\" data-id=\"bd1b21f\" data-element_type=\"widget\" data-widget_type=\"image-box.default\">\n\t\t\t\t<div class=\"elementor-widget-container\">\n\t\t\t<div class=\"elementor-image-box-wrapper\"><figure class=\"elementor-image-box-img\"><a href=\"https:\/\/www.szentimregyor.hu\/new\/galeria\/galeria-2017\/2017-elsoaldozas-aprilis-30\/\" tabindex=\"-1\"><img loading=\"lazy\" decoding=\"async\" width=\"1800\" height=\"1200\" src=\"https:\/\/www.szentimregyor.hu\/new\/wp-content\/uploads\/2025\/01\/170430elsoaldozas059.jpg\" class=\"attachment-full size-full wp-image-22325\" alt=\"170430elsoaldozas059\" srcset=\"https:\/\/www.szentimregyor.hu\/new\/wp-content\/uploads\/2025\/01\/170430elsoaldozas059.jpg 1800w, https:\/\/www.szentimregyor.hu\/new\/wp-content\/uploads\/2025\/01\/170430elsoaldozas059-300x200.jpg 300w, https:\/\/www.szentimregyor.hu\/new\/wp-content\/uploads\/2025\/01\/170430elsoaldozas059-1024x683.jpg 1024w, https:\/\/www.szentimregyor.hu\/new\/wp-content\/uploads\/2025\/01\/170430elsoaldozas059-768x512.jpg 768w, https:\/\/www.szentimregyor.hu\/new\/wp-content\/uploads\/2025\/01\/170430elsoaldozas059-1536x1024.jpg 1536w\" sizes=\"(max-width: 1800px) 100vw, 1800px\" \/><\/a><\/figure><div class=\"elementor-image-box-content\"><h3 class=\"elementor-image-box-title\"><a href=\"https:\/\/www.szentimregyor.hu\/new\/galeria\/galeria-2017\/2017-elsoaldozas-aprilis-30\/\"><i>Els\u0151\u00e1ldoz\u00e1s, \u00e1prilis 30.<\/a><\/h3><p class=\"elementor-image-box-description\"><i>2017. \u00e1prilis 30.<br>(Fot\u00f3: Vaday Tam\u00e1s)<\/i><\/p><\/div><\/div>\t\t<\/div>\n\t\t\t\t<\/div>\n\t\t\t\t<div class=\"elementor-element elementor-element-7ac0958 elementor-widget elementor-widget-text-editor\" data-id=\"7ac0958\" data-element_type=\"widget\" data-widget_type=\"text-editor.default\">\n\t\t\t\t<div class=\"elementor-widget-container\">\n\t\t\t\t\t\t\t<p>H\u00fasv\u00e9t 3. vas\u00e1rnapj\u00e1val megkezdtek templomunkban az els\u0151\u00e1ldoz\u00e1sok. \u00c1prilis 30-\u00e1n a d\u00e9lel\u0151tt 10 \u00f3rakor kezd\u0151d\u00f6tt szentmis\u00e9n a P\u00e9terfy S\u00e1ndor Evang\u00e9likus Iskola harmadik oszt\u00e1lyos tanul\u00f3i vett\u00e9k el\u0151sz\u00f6r magukhoz Krisztus Test\u00e9t, akik a versek \u00e9s im\u00e1ds\u00e1gok mellett \u00e9nek- \u00e9s zenesz\u00f3val is k\u00f6zrem\u0171k\u00f6dtek a szentmis\u00e9n.<\/p>\t\t\t\t\t\t<\/div>\n\t\t\t\t<\/div>\n\t\t\t\t<div class=\"elementor-element elementor-element-eafd805 elementor-widget-divider--view-line elementor-widget elementor-widget-divider\" data-id=\"eafd805\" data-element_type=\"widget\" data-widget_type=\"divider.default\">\n\t\t\t\t<div class=\"elementor-widget-container\">\n\t\t\t\t\t<div class=\"elementor-divider\">\n\t\t\t<span class=\"elementor-divider-separator\">\n\t\t\t\t\t\t<\/span>\n\t\t<\/div>\n\t\t\t\t<\/div>\n\t\t\t\t<\/div>\n\t\t\t\t<div class=\"elementor-element elementor-element-e7483ae elementor-widget elementor-widget-spacer\" data-id=\"e7483ae\" data-element_type=\"widget\" data-widget_type=\"spacer.default\">\n\t\t\t\t<div class=\"elementor-widget-container\">\n\t\t\t\t\t<div class=\"elementor-spacer\">\n\t\t\t<div class=\"elementor-spacer-inner\"><\/div>\n\t\t<\/div>\n\t\t\t\t<\/div>\n\t\t\t\t<\/div>\n\t\t\t\t\t<\/div>\n\t\t\t\t<\/div>\n\t\t<div class=\"elementor-element elementor-element-ac2ff75 e-flex e-con-boxed elementor-invisible e-con e-parent\" data-id=\"ac2ff75\" data-element_type=\"container\" data-settings=\"{&quot;animation&quot;:&quot;fadeInUp&quot;}\">\n\t\t\t\t\t<div class=\"e-con-inner\">\n\t\t\t\t<div class=\"elementor-element elementor-element-aac7202 elementor-position-top elementor-widget elementor-widget-image-box\" data-id=\"aac7202\" data-element_type=\"widget\" data-widget_type=\"image-box.default\">\n\t\t\t\t<div class=\"elementor-widget-container\">\n\t\t\t<div class=\"elementor-image-box-wrapper\"><figure class=\"elementor-image-box-img\"><a href=\"https:\/\/www.szentimregyor.hu\/new\/galeria\/galeria-2017\/2017-husvet-vigiliaja\/\" tabindex=\"-1\"><img loading=\"lazy\" decoding=\"async\" width=\"1800\" height=\"1200\" src=\"https:\/\/www.szentimregyor.hu\/new\/wp-content\/uploads\/2025\/01\/170415huvetivigilia007.jpg\" class=\"attachment-full size-full wp-image-22175\" alt=\"\" srcset=\"https:\/\/www.szentimregyor.hu\/new\/wp-content\/uploads\/2025\/01\/170415huvetivigilia007.jpg 1800w, https:\/\/www.szentimregyor.hu\/new\/wp-content\/uploads\/2025\/01\/170415huvetivigilia007-300x200.jpg 300w, https:\/\/www.szentimregyor.hu\/new\/wp-content\/uploads\/2025\/01\/170415huvetivigilia007-1024x683.jpg 1024w, https:\/\/www.szentimregyor.hu\/new\/wp-content\/uploads\/2025\/01\/170415huvetivigilia007-768x512.jpg 768w, https:\/\/www.szentimregyor.hu\/new\/wp-content\/uploads\/2025\/01\/170415huvetivigilia007-1536x1024.jpg 1536w\" sizes=\"(max-width: 1800px) 100vw, 1800px\" \/><\/a><\/figure><div class=\"elementor-image-box-content\"><h3 class=\"elementor-image-box-title\"><a href=\"https:\/\/www.szentimregyor.hu\/new\/galeria\/galeria-2017\/2017-husvet-vigiliaja\/\"><i>H\u00fasv\u00e9t vig\u00edli\u00e1ja<\/a><\/h3><p class=\"elementor-image-box-description\"><i>2017. \u00e1prilis 15.<br>(Fot\u00f3: Vaday Tam\u00e1s \u00e9s Vid\u00e9ki Zolt\u00e1n \/31.\/)<\/i><\/p><\/div><\/div>\t\t<\/div>\n\t\t\t\t<\/div>\n\t\t\t\t<div class=\"elementor-element elementor-element-146e802 elementor-widget elementor-widget-text-editor\" data-id=\"146e802\" data-element_type=\"widget\" data-widget_type=\"text-editor.default\">\n\t\t\t\t<div class=\"elementor-widget-container\">\n\t\t\t\t\t\t\t<p>Nagyszombaton este 8 \u00f3rakor az \u00faj t\u0171z megszentel\u00e9s\u00e9vel \u00e9s a h\u00fasv\u00e9ti gyertya meggy\u00fajt\u00e1s\u00e1val kezd\u0151d\u00f6tt H\u00fasv\u00e9t vig\u00edli\u00e1j\u00e1nak liturgi\u00e1ja. Miut\u00e1n a templombe \u00e9rkez\u0151 h\u00fasv\u00e9ti gyerty\u00e1r\u00f3l mindenki meggy\u00fajtotta gyerty\u00e1j\u00e1t, a gyertyaf\u00e9nyben \u00fasz\u00f3 templomban hangzott fel az Exultet, a h\u00fasv\u00e9ti \u00f6r\u00f6m\u00e9nek, amelyet h\u00e9t \u00f3sz\u00f6vets\u00e9gi olvasm\u00e1ny k\u00f6vetett. Az olvasm\u00e1nyok ut\u00e1n egy el\u0151\u00e9nekes &#8222;visszak\u00e9rte&#8221; a Gl\u00f3ri\u00e1t a mis\u00e9z\u0151 papt\u00f3l, aki \u00fcnnep\u00e9lyesen, a templom k\u00f6zep\u00e9re \u00e1llva inton\u00e1lta az &#8222;\u00f6rvendez\u00e9snek \u00e9nek\u00e9t&#8221;. A szentlecke ut\u00e1n a gy\u00fclekezet mintegy \u00fajra megtanulta az alleluj\u00e1t \u00e9s ezut\u00e1n hangzott fel a felt\u00e1mad\u00e1s evang\u00e9liuma. Tam\u00e1s atya szentbesz\u00e9de ut\u00e1n meg\u00e1ldotta a keresztkutat \u00e9s a szenteltvizet, amellyel a kereszts\u00e9gi fogadalom ut\u00e1n meg is hintette a jelenlev\u0151ket. A felaj\u00e1nl\u00e1ssal folytat\u00f3d\u00f3 szentmise v\u00e9g\u00e9n ker\u00fclt sor a Szents\u00edr megnyit\u00e1s\u00e1ra, amelyet k\u00f6vet\u0151en megindult a felt\u00e1mad\u00e1si k\u00f6rmenet a k\u00f6rnyez\u0151 utc\u00e1kon. A templomba visszat\u00e9rve a Te Deum ut\u00e1n szents\u00e9gi \u00e1ld\u00e1st kaptunk, majd ezt k\u00f6vet\u0151en ker\u00fclt sor a h\u00fasv\u00e9ti \u00e9telek meg\u00e1ld\u00e1s\u00e1ra, melyekb\u0151l mintegy \u00edzel\u00edt\u0151\u00fcl mindenki kapott egy szelet kal\u00e1csot.<\/p>\t\t\t\t\t\t<\/div>\n\t\t\t\t<\/div>\n\t\t\t\t<div class=\"elementor-element elementor-element-a6b4523 elementor-widget-divider--view-line elementor-widget elementor-widget-divider\" data-id=\"a6b4523\" data-element_type=\"widget\" data-widget_type=\"divider.default\">\n\t\t\t\t<div class=\"elementor-widget-container\">\n\t\t\t\t\t<div class=\"elementor-divider\">\n\t\t\t<span class=\"elementor-divider-separator\">\n\t\t\t\t\t\t<\/span>\n\t\t<\/div>\n\t\t\t\t<\/div>\n\t\t\t\t<\/div>\n\t\t\t\t<div class=\"elementor-element elementor-element-b00e6c0 elementor-widget elementor-widget-spacer\" data-id=\"b00e6c0\" data-element_type=\"widget\" data-widget_type=\"spacer.default\">\n\t\t\t\t<div class=\"elementor-widget-container\">\n\t\t\t\t\t<div class=\"elementor-spacer\">\n\t\t\t<div class=\"elementor-spacer-inner\"><\/div>\n\t\t<\/div>\n\t\t\t\t<\/div>\n\t\t\t\t<\/div>\n\t\t\t\t\t<\/div>\n\t\t\t\t<\/div>\n\t\t<div class=\"elementor-element elementor-element-c143896 e-flex e-con-boxed elementor-invisible e-con e-parent\" data-id=\"c143896\" data-element_type=\"container\" data-settings=\"{&quot;animation&quot;:&quot;fadeInUp&quot;}\">\n\t\t\t\t\t<div class=\"e-con-inner\">\n\t\t\t\t<div class=\"elementor-element elementor-element-31b25f2 elementor-position-top elementor-widget elementor-widget-image-box\" data-id=\"31b25f2\" data-element_type=\"widget\" data-widget_type=\"image-box.default\">\n\t\t\t\t<div class=\"elementor-widget-container\">\n\t\t\t<div class=\"elementor-image-box-wrapper\"><figure class=\"elementor-image-box-img\"><a href=\"https:\/\/www.szentimregyor.hu\/new\/galeria\/galeria-2017\/2017-nagypentek\/\" tabindex=\"-1\"><img loading=\"lazy\" decoding=\"async\" width=\"1800\" height=\"1200\" src=\"https:\/\/www.szentimregyor.hu\/new\/wp-content\/uploads\/2025\/01\/170414nagypentek008.jpg\" class=\"attachment-full size-full wp-image-22127\" alt=\"\" srcset=\"https:\/\/www.szentimregyor.hu\/new\/wp-content\/uploads\/2025\/01\/170414nagypentek008.jpg 1800w, https:\/\/www.szentimregyor.hu\/new\/wp-content\/uploads\/2025\/01\/170414nagypentek008-300x200.jpg 300w, https:\/\/www.szentimregyor.hu\/new\/wp-content\/uploads\/2025\/01\/170414nagypentek008-1024x683.jpg 1024w, https:\/\/www.szentimregyor.hu\/new\/wp-content\/uploads\/2025\/01\/170414nagypentek008-768x512.jpg 768w, https:\/\/www.szentimregyor.hu\/new\/wp-content\/uploads\/2025\/01\/170414nagypentek008-1536x1024.jpg 1536w\" sizes=\"(max-width: 1800px) 100vw, 1800px\" \/><\/a><\/figure><div class=\"elementor-image-box-content\"><h3 class=\"elementor-image-box-title\"><a href=\"https:\/\/www.szentimregyor.hu\/new\/galeria\/galeria-2017\/2017-nagypentek\/\"><i>Nagyp\u00e9ntek<\/a><\/h3><p class=\"elementor-image-box-description\"><i>2017. \u00e1prilis 14.<br>(Fot\u00f3: Vaday Tam\u00e1s)<\/i><\/p><\/div><\/div>\t\t<\/div>\n\t\t\t\t<\/div>\n\t\t\t\t<div class=\"elementor-element elementor-element-f10e4c0 elementor-widget elementor-widget-text-editor\" data-id=\"f10e4c0\" data-element_type=\"widget\" data-widget_type=\"text-editor.default\">\n\t\t\t\t<div class=\"elementor-widget-container\">\n\t\t\t\t\t\t\t<p>Nagyp\u00e9ntek J\u00e9zus kereszthal\u00e1l\u00e1nak a napja, \u00fcnnepe. Ezen a napon nem mutat be szentmis\u00e9t az Egyh\u00e1z. Az \u00fcnnepi liturgia az olvasm\u00e1nyokb\u00f3l (bele\u00e9rtve a J\u00e1nos-passi\u00f3t), az egyetemes k\u00f6ny\u00f6rg\u00e9sek ut\u00e1n a kereszt behozatal\u00e1b\u00f3l, leleplez\u00e9s\u00e9b\u0151l \u00e9s a kereszt el\u0151tti h\u00f3dolatb\u00f3l \u00e9s szent\u00e1ldoz\u00e1sb\u00f3l. Tekintse meg f\u00e9nyk\u00e9pes besz\u00e1mol\u00f3nkat!<\/p>\t\t\t\t\t\t<\/div>\n\t\t\t\t<\/div>\n\t\t\t\t<div class=\"elementor-element elementor-element-68b10d5 elementor-widget-divider--view-line elementor-widget elementor-widget-divider\" data-id=\"68b10d5\" data-element_type=\"widget\" data-widget_type=\"divider.default\">\n\t\t\t\t<div class=\"elementor-widget-container\">\n\t\t\t\t\t<div class=\"elementor-divider\">\n\t\t\t<span class=\"elementor-divider-separator\">\n\t\t\t\t\t\t<\/span>\n\t\t<\/div>\n\t\t\t\t<\/div>\n\t\t\t\t<\/div>\n\t\t\t\t<div class=\"elementor-element elementor-element-58ffd58 elementor-widget elementor-widget-spacer\" data-id=\"58ffd58\" data-element_type=\"widget\" data-widget_type=\"spacer.default\">\n\t\t\t\t<div class=\"elementor-widget-container\">\n\t\t\t\t\t<div class=\"elementor-spacer\">\n\t\t\t<div class=\"elementor-spacer-inner\"><\/div>\n\t\t<\/div>\n\t\t\t\t<\/div>\n\t\t\t\t<\/div>\n\t\t\t\t\t<\/div>\n\t\t\t\t<\/div>\n\t\t<div class=\"elementor-element elementor-element-4845ef1 e-flex e-con-boxed elementor-invisible e-con e-parent\" data-id=\"4845ef1\" data-element_type=\"container\" data-settings=\"{&quot;animation&quot;:&quot;fadeInUp&quot;}\">\n\t\t\t\t\t<div class=\"e-con-inner\">\n\t\t\t\t<div class=\"elementor-element elementor-element-5b6fe18 elementor-position-top elementor-widget elementor-widget-image-box\" data-id=\"5b6fe18\" data-element_type=\"widget\" data-widget_type=\"image-box.default\">\n\t\t\t\t<div class=\"elementor-widget-container\">\n\t\t\t<div class=\"elementor-image-box-wrapper\"><figure class=\"elementor-image-box-img\"><a href=\"https:\/\/www.szentimregyor.hu\/new\/galeria\/galeria-2017\/2017-nagycsutortok\/\" tabindex=\"-1\"><img loading=\"lazy\" decoding=\"async\" width=\"1800\" height=\"1200\" src=\"https:\/\/www.szentimregyor.hu\/new\/wp-content\/uploads\/2025\/01\/170413nagycsutortok014.jpg\" class=\"attachment-full size-full wp-image-22083\" alt=\"\" srcset=\"https:\/\/www.szentimregyor.hu\/new\/wp-content\/uploads\/2025\/01\/170413nagycsutortok014.jpg 1800w, https:\/\/www.szentimregyor.hu\/new\/wp-content\/uploads\/2025\/01\/170413nagycsutortok014-300x200.jpg 300w, https:\/\/www.szentimregyor.hu\/new\/wp-content\/uploads\/2025\/01\/170413nagycsutortok014-1024x683.jpg 1024w, https:\/\/www.szentimregyor.hu\/new\/wp-content\/uploads\/2025\/01\/170413nagycsutortok014-768x512.jpg 768w, https:\/\/www.szentimregyor.hu\/new\/wp-content\/uploads\/2025\/01\/170413nagycsutortok014-1536x1024.jpg 1536w\" sizes=\"(max-width: 1800px) 100vw, 1800px\" \/><\/a><\/figure><div class=\"elementor-image-box-content\"><h3 class=\"elementor-image-box-title\"><a href=\"https:\/\/www.szentimregyor.hu\/new\/galeria\/galeria-2017\/2017-nagycsutortok\/\"><i>Nagycs\u00fct\u00f6rt\u00f6k<\/a><\/h3><p class=\"elementor-image-box-description\"><i>2017. \u00e1prilis 13.<br>(Fot\u00f3: Vaday Tam\u00e1s)<\/i><\/p><\/div><\/div>\t\t<\/div>\n\t\t\t\t<\/div>\n\t\t\t\t<div class=\"elementor-element elementor-element-24fec86 elementor-widget-divider--view-line elementor-widget elementor-widget-divider\" data-id=\"24fec86\" data-element_type=\"widget\" data-widget_type=\"divider.default\">\n\t\t\t\t<div class=\"elementor-widget-container\">\n\t\t\t\t\t<div class=\"elementor-divider\">\n\t\t\t<span class=\"elementor-divider-separator\">\n\t\t\t\t\t\t<\/span>\n\t\t<\/div>\n\t\t\t\t<\/div>\n\t\t\t\t<\/div>\n\t\t\t\t<div class=\"elementor-element elementor-element-4099207 elementor-widget elementor-widget-spacer\" data-id=\"4099207\" data-element_type=\"widget\" data-widget_type=\"spacer.default\">\n\t\t\t\t<div class=\"elementor-widget-container\">\n\t\t\t\t\t<div class=\"elementor-spacer\">\n\t\t\t<div class=\"elementor-spacer-inner\"><\/div>\n\t\t<\/div>\n\t\t\t\t<\/div>\n\t\t\t\t<\/div>\n\t\t\t\t\t<\/div>\n\t\t\t\t<\/div>\n\t\t<div class=\"elementor-element elementor-element-5052359 e-flex e-con-boxed elementor-invisible e-con e-parent\" data-id=\"5052359\" data-element_type=\"container\" data-settings=\"{&quot;animation&quot;:&quot;fadeInUp&quot;}\">\n\t\t\t\t\t<div class=\"e-con-inner\">\n\t\t\t\t<div class=\"elementor-element elementor-element-7e25bfd elementor-position-top elementor-widget elementor-widget-image-box\" data-id=\"7e25bfd\" data-element_type=\"widget\" data-widget_type=\"image-box.default\">\n\t\t\t\t<div class=\"elementor-widget-container\">\n\t\t\t<div class=\"elementor-image-box-wrapper\"><figure class=\"elementor-image-box-img\"><a href=\"https:\/\/www.szentimregyor.hu\/new\/galeria\/galeria-2017\/2017-viragvasarnap\/\" tabindex=\"-1\"><img loading=\"lazy\" decoding=\"async\" width=\"1800\" height=\"1200\" src=\"https:\/\/www.szentimregyor.hu\/new\/wp-content\/uploads\/2025\/01\/170409viragvasarnap031.jpg\" class=\"attachment-full size-full wp-image-22023\" alt=\"\" srcset=\"https:\/\/www.szentimregyor.hu\/new\/wp-content\/uploads\/2025\/01\/170409viragvasarnap031.jpg 1800w, https:\/\/www.szentimregyor.hu\/new\/wp-content\/uploads\/2025\/01\/170409viragvasarnap031-300x200.jpg 300w, https:\/\/www.szentimregyor.hu\/new\/wp-content\/uploads\/2025\/01\/170409viragvasarnap031-1024x683.jpg 1024w, https:\/\/www.szentimregyor.hu\/new\/wp-content\/uploads\/2025\/01\/170409viragvasarnap031-768x512.jpg 768w, https:\/\/www.szentimregyor.hu\/new\/wp-content\/uploads\/2025\/01\/170409viragvasarnap031-1536x1024.jpg 1536w\" sizes=\"(max-width: 1800px) 100vw, 1800px\" \/><\/a><\/figure><div class=\"elementor-image-box-content\"><h3 class=\"elementor-image-box-title\"><a href=\"https:\/\/www.szentimregyor.hu\/new\/galeria\/galeria-2017\/2017-viragvasarnap\/\"><i>Vir\u00e1gvas\u00e1rnap<\/a><\/h3><p class=\"elementor-image-box-description\"><i>2017. \u00e1prilis 9.<br>(Fot\u00f3: Vaday Tam\u00e1s)<\/i><\/p><\/div><\/div>\t\t<\/div>\n\t\t\t\t<\/div>\n\t\t\t\t<div class=\"elementor-element elementor-element-b6b9c93 elementor-widget elementor-widget-text-editor\" data-id=\"b6b9c93\" data-element_type=\"widget\" data-widget_type=\"text-editor.default\">\n\t\t\t\t<div class=\"elementor-widget-container\">\n\t\t\t\t\t\t\t<p>Kellemes tavaszi id\u0151ben vonultunk ki vir\u00e1gvas\u00e1rnap d\u00e9lel\u0151tt a ministr\u00e1nsok, a pl\u00e9b\u00e1niai tan\u00e1csad\u00f3 test\u00fclet \u00e9s Tam\u00e1s atya ut\u00e1n az urnakertbe. Az itteni olt\u00e1rn\u00e1l kezd\u0151d\u00f6tt a vir\u00e1gvas\u00e1rnapi szentmise, a jeruzs\u00e1lemi bevonul\u00e1s evang\u00e9lium\u00e1val, a p\u00e1lma\u00e1gakat helyettes\u00edt\u0151 bark\u00e1k meg\u00e1ld\u00e1s\u00e1val, majd a templomba t\u00f6rt\u00e9n\u0151 \u00fcnnep\u00e9lyes bevonul\u00e1ssal, ahol a ministr\u00e1nsok megjelen\u00edtett\u00e9k az \u00e1gak \u00e9s a ruh\u00e1k J\u00e9zus el\u00e9 ter\u00edt\u00e9s\u00e9nek t\u00f6rt\u00e9net\u00e9t. A templomba \u00e9rve hangzott fel a Gloria laus et honor h\u00f3dolati \u00e9neke a kereszt el\u0151tt. Az olvasm\u00e1nyok ut\u00e1n \u00e9nekelve hangzott fel J\u00e9zus szenved\u00e9st\u00f6rt\u00e9nete Szent M\u00e1t\u00e9 evag\u00e9lista \u00edr\u00e1sa szerint.<\/p>\t\t\t\t\t\t<\/div>\n\t\t\t\t<\/div>\n\t\t\t\t<div class=\"elementor-element elementor-element-5b8c132 elementor-widget-divider--view-line elementor-widget elementor-widget-divider\" data-id=\"5b8c132\" data-element_type=\"widget\" data-widget_type=\"divider.default\">\n\t\t\t\t<div class=\"elementor-widget-container\">\n\t\t\t\t\t<div class=\"elementor-divider\">\n\t\t\t<span class=\"elementor-divider-separator\">\n\t\t\t\t\t\t<\/span>\n\t\t<\/div>\n\t\t\t\t<\/div>\n\t\t\t\t<\/div>\n\t\t\t\t<div class=\"elementor-element elementor-element-19a4dde elementor-widget elementor-widget-spacer\" data-id=\"19a4dde\" data-element_type=\"widget\" data-widget_type=\"spacer.default\">\n\t\t\t\t<div class=\"elementor-widget-container\">\n\t\t\t\t\t<div class=\"elementor-spacer\">\n\t\t\t<div class=\"elementor-spacer-inner\"><\/div>\n\t\t<\/div>\n\t\t\t\t<\/div>\n\t\t\t\t<\/div>\n\t\t\t\t\t<\/div>\n\t\t\t\t<\/div>\n\t\t<div class=\"elementor-element elementor-element-872145c e-flex e-con-boxed elementor-invisible e-con e-parent\" data-id=\"872145c\" data-element_type=\"container\" data-settings=\"{&quot;animation&quot;:&quot;fadeInUp&quot;}\">\n\t\t\t\t\t<div class=\"e-con-inner\">\n\t\t\t\t<div class=\"elementor-element elementor-element-b490acb elementor-position-top elementor-widget elementor-widget-image-box\" data-id=\"b490acb\" data-element_type=\"widget\" data-widget_type=\"image-box.default\">\n\t\t\t\t<div class=\"elementor-widget-container\">\n\t\t\t<div class=\"elementor-image-box-wrapper\"><figure class=\"elementor-image-box-img\"><a href=\"https:\/\/www.szentimregyor.hu\/new\/galeria\/galeria-2017\/2017-zarandoklat\/\" tabindex=\"-1\"><img loading=\"lazy\" decoding=\"async\" width=\"1800\" height=\"1197\" src=\"https:\/\/www.szentimregyor.hu\/new\/wp-content\/uploads\/2025\/01\/170324zarandoklat045.jpg\" class=\"attachment-full size-full wp-image-21969\" alt=\"170324zarandoklat045\" srcset=\"https:\/\/www.szentimregyor.hu\/new\/wp-content\/uploads\/2025\/01\/170324zarandoklat045.jpg 1800w, https:\/\/www.szentimregyor.hu\/new\/wp-content\/uploads\/2025\/01\/170324zarandoklat045-300x200.jpg 300w, https:\/\/www.szentimregyor.hu\/new\/wp-content\/uploads\/2025\/01\/170324zarandoklat045-1024x681.jpg 1024w, https:\/\/www.szentimregyor.hu\/new\/wp-content\/uploads\/2025\/01\/170324zarandoklat045-768x511.jpg 768w, https:\/\/www.szentimregyor.hu\/new\/wp-content\/uploads\/2025\/01\/170324zarandoklat045-1536x1021.jpg 1536w\" sizes=\"(max-width: 1800px) 100vw, 1800px\" \/><\/a><\/figure><div class=\"elementor-image-box-content\"><h3 class=\"elementor-image-box-title\"><a href=\"https:\/\/www.szentimregyor.hu\/new\/galeria\/galeria-2017\/2017-zarandoklat\/\"><i>Zar\u00e1ndoklat<\/a><\/h3><p class=\"elementor-image-box-description\"><i>2017. m\u00e1rcius 24.<br>(Fot\u00f3: Nagy Lajos - Gy\u0151rfot\u00f3)<\/i><\/p><\/div><\/div>\t\t<\/div>\n\t\t\t\t<\/div>\n\t\t\t\t<div class=\"elementor-element elementor-element-3e77a61 elementor-widget elementor-widget-text-editor\" data-id=\"3e77a61\" data-element_type=\"widget\" data-widget_type=\"text-editor.default\">\n\t\t\t\t<div class=\"elementor-widget-container\">\n\t\t\t\t\t\t\t<p>M\u00e1rcius 24-\u00e9n, Gy\u00fcm\u00f6lcsolt\u00f3 Boldogasszony \u00fcnnep\u00e9nek vig\u00edli\u00e1j\u00e1n, a nagyb\u00f6jt p\u00e9ntekjeire Gy\u0151rben meghirdetett zar\u00e1ndoklatok negyedik \u00e1llom\u00e1sa a Szent Imre-templomban volt. A zar\u00e1ndoklat keret\u00e9ben Dr. Bal\u00e1zs Tam\u00e1s, a Szent Imre-templom pl\u00e9b\u00e1nosa keresztutat vezetett a pl\u00e9b\u00e1niai tan\u00e1csad\u00f3 test\u00fclet tagjaival. A keresztutat k\u00f6vet\u0151 szentmis\u00e9t Veres Andr\u00e1s gy\u0151ri megy\u00e9sp\u00fcsp\u00f6k, a Magyar Katolikus P\u00fcsp\u00f6ki Konferencia eln\u00f6ke mutatta be. A szentmis\u00e9n koncelebr\u00e1lt Bal\u00e1zs Tam\u00e1s pl\u00e9b\u00e1nos, N\u00e9meth L\u00e1szl\u00f3 \u00e1ltal\u00e1nos p\u00fcsp\u00f6ki helyn\u00f6k, Nagy J\u00f3zsef kanonok, nyugalmazott magyar\u00f3v\u00e1ri pl\u00e9b\u00e1nos \u00e9s Mogyor\u00f3si M\u00e1rk p\u00fcsp\u00f6ki titk\u00e1r.<\/p>\n<p>Veres Andr\u00e1s pr\u00e9dik\u00e1ci\u00f3ja elej\u00e9n a napi szent\u00edr\u00e1si szakaszt id\u00e9zve tette fel a k\u00e9rd\u00e9st: melyik az els\u0151 a parancsok k\u00f6z\u00f6tt, melyik az a t\u00f6rv\u00e9ny, amit mindenk\u00e9ppen teljes\u00edteni kell? J\u00e9zus nem hagy k\u00e9ts\u00e9get afel\u0151l, hogy ez a szeretet kett\u0151s parancsa: szeresd Uradat teljes sz\u00edvedb\u0151l, teljes lelkedb\u0151l, minden er\u0151db\u0151l, \u00e9s szeresd felebar\u00e1todat. A f\u0151p\u00e1sztor r\u00e1mutatott arra, hogy ez a k\u00e9t parancs elv\u00e1laszthatatlan egym\u00e1st\u00f3l: mert csak az az ember \u00e9lhet boldogan a f\u00f6ld\u00f6n, aki Istennel \u00e9s embert\u00e1rs\u00e1val szemben is megval\u00f3s\u00edtja a szeretet parancs\u00e1t.<\/p>\n<p>A gy\u0151ri megy\u00e9sp\u00fcsp\u00f6k kiemelte, hogy a szeretet nem egy \u00e9rzelem; aj\u00e1nd\u00e9k, ha \u00e9rzelem is t\u00e1rsul hozz\u00e1. \u201eA szeretet egy akarati \u00e1ll\u00e1sfoglal\u00e1s, egy \u00e1lland\u00f3 j\u00f3sz\u00e1nd\u00e9k, j\u00f3akarat a m\u00e1sik ember ir\u00e1nt. Ez\u00e9rt sem mondhatjuk azt, hogy valakivel kapcsolatban k\u00e9ptelen vagyok a szeretetre. Mert ha ez akarati magatart\u00e1s, akkor mindenkivel szemben gyakorolhatom.\u201d Veres Andr\u00e1s r\u00e1mutatott arra, hogy mindenkivel szemben a szeretet t\u00f6rv\u00e9nyei szerint cselekedn\u00fcnk. Azonban ett\u0151l az \u00e9rz\u00e9seink \u00e9s a b\u0171neink is visszah\u00fazhatnak. Hogy ez ne t\u00f6rt\u00e9njen meg, sz\u00fcks\u00e9g van arra, hogy meg\u00fajuljunk J\u00e9zus Krisztus \u00e1ltal. J\u00e9zust\u00f3l kell k\u00e9rn\u00fcnk, hogy \u201ek\u00e9pesek \u00e9s k\u00e9szek legy\u00fcnk mindenkit \u00e9s minden \u00e9lethelyzetben szeretni.\u201d Komolyan kell venn\u00fcnk J\u00e9zus figyelmeztet\u00e9s\u00e9t: Isten Orsz\u00e1g\u00e1ban nincs helye annak, aki nem szereti embert\u00e1rs\u00e1t. K\u00f6z\u00f6tt\u00fcnk sem val\u00f3sulhat meg Isten Orsz\u00e1ga mindaddig, am\u00edg erre \u0151szint\u00e9n, teljes elk\u00f6telez\u0151d\u00e9sb\u0151l nem t\u00f6reksz\u00fcnk. Az igyekezet\u00fcnk aj\u00e1nd\u00e9ka t\u00f6bb boldog h\u00e1zass\u00e1g, t\u00f6bb boldog csal\u00e1d, b\u00e9k\u00e9sebb szomsz\u00e9dkapcsolatok \u00e9s b\u00e9k\u00e9sebb t\u00e1rsadalom lesz. Veres Andr\u00e1s szentbesz\u00e9d\u00e9t S\u00edk S\u00e1ndor soraival z\u00e1rta: <i>\u201eNe hagyj Uram, meg\u00fclepednem, \/ Sem eszm\u00e9ben, sem k\u00e9nyelemben. \/ Ne t\u0171rj meg\u00e1llni az ostoba van-n\u00e1l, \/ S nem v\u00e1gyni t\u00f6bbre kis m\u00e1i magamn\u00e1l.\u201d<\/i> A versb\u0151l kiindulva arra b\u00e1tor\u00edtott mindannyiunkat, hogy ne t\u0171rj\u00fck a megalkuv\u00e1st \u00f6nmagunkban sem, hanem \u0151szint\u00e9n t\u00f6rekedj\u00fcnk az Isten- \u00e9s emberszeretetre.<\/p>\n<p>A szentmise befejez\u0151 \u00e1ld\u00e1sa ut\u00e1n Veres Andr\u00e1s a koncelebr\u00e1l\u00f3kkal egy\u00fctt im\u00e1dkozott a Szent Imre-templom M\u00e1ria-olt\u00e1r\u00e1n\u00e1l, ahol agy\u0151ri K\u00f6nnyez\u0151 Sz\u0171zanya kegyk\u00e9p\u00e9nek hiteles m\u00e1solat\u00e1t \u0151rzik. A kegyk\u00e9p m\u00e1solata el\u00e9 kihelyezt\u00e9k tiszteletad\u00e1sra azt az ez\u00fcst ereklyetart\u00f3ban \u0151rz\u00f6tt kend\u0151t, amellyel a Sz\u0171zanya v\u00e9res k\u00f6nnyeit felitatt\u00e1k 320 \u00e9vvel ezel\u0151tt, 1697. m\u00e1rcius 17-\u00e9n.<\/p>\n<p><em>(Pozsgai \u00c1gnes \/ Forr\u00e1s: a Gy\u0151ri Egyh\u00e1zmegye honlapja)<\/em><\/p>\t\t\t\t\t\t<\/div>\n\t\t\t\t<\/div>\n\t\t\t\t<div class=\"elementor-element elementor-element-f64c9af elementor-widget-divider--view-line elementor-widget elementor-widget-divider\" data-id=\"f64c9af\" data-element_type=\"widget\" data-widget_type=\"divider.default\">\n\t\t\t\t<div class=\"elementor-widget-container\">\n\t\t\t\t\t<div class=\"elementor-divider\">\n\t\t\t<span class=\"elementor-divider-separator\">\n\t\t\t\t\t\t<\/span>\n\t\t<\/div>\n\t\t\t\t<\/div>\n\t\t\t\t<\/div>\n\t\t\t\t<div class=\"elementor-element elementor-element-851af89 elementor-widget elementor-widget-spacer\" data-id=\"851af89\" data-element_type=\"widget\" data-widget_type=\"spacer.default\">\n\t\t\t\t<div class=\"elementor-widget-container\">\n\t\t\t\t\t<div class=\"elementor-spacer\">\n\t\t\t<div class=\"elementor-spacer-inner\"><\/div>\n\t\t<\/div>\n\t\t\t\t<\/div>\n\t\t\t\t<\/div>\n\t\t\t\t\t<\/div>\n\t\t\t\t<\/div>\n\t\t<div class=\"elementor-element elementor-element-58ebca5 e-flex e-con-boxed e-con e-parent\" data-id=\"58ebca5\" data-element_type=\"container\">\n\t\t\t\t\t<div class=\"e-con-inner\">\n\t\t\t\t<div class=\"elementor-element elementor-element-18ac230e elementor-align-center elementor-invisible elementor-widget elementor-widget-button\" data-id=\"18ac230e\" data-element_type=\"widget\" data-settings=\"{&quot;_animation&quot;:&quot;fadeInUp&quot;}\" data-widget_type=\"button.default\">\n\t\t\t\t<div class=\"elementor-widget-container\">\n\t\t\t\t\t<div class=\"elementor-button-wrapper\">\n\t\t\t<a class=\"elementor-button elementor-button-link elementor-size-sm elementor-animation-grow\" href=\"https:\/\/www.szentimregyor.hu\/new\/galeria\/\">\n\t\t\t\t\t\t<span class=\"elementor-button-content-wrapper\">\n\t\t\t\t\t\t<span class=\"elementor-button-icon elementor-align-icon-left\">\n\t\t\t\t<i aria-hidden=\"true\" class=\"fas fa-backward\"><\/i>\t\t\t<\/span>\n\t\t\t\t\t\t\t\t\t<span class=\"elementor-button-text\">Gal\u00e9ria<\/span>\n\t\t\t\t\t<\/span>\n\t\t\t\t\t<\/a>\n\t\t<\/div>\n\t\t\t\t<\/div>\n\t\t\t\t<\/div>\n\t\t\t\t\t<\/div>\n\t\t\t\t<\/div>\n\t\t<div class=\"elementor-element elementor-element-6c6e5ef6 e-flex e-con-boxed e-con e-parent\" data-id=\"6c6e5ef6\" data-element_type=\"container\">\n\t\t\t\t\t<div class=\"e-con-inner\">\n\t\t\t\t<div class=\"elementor-element elementor-element-5d9ba44d elementor-widget elementor-widget-spacer\" data-id=\"5d9ba44d\" data-element_type=\"widget\" data-widget_type=\"spacer.default\">\n\t\t\t\t<div class=\"elementor-widget-container\">\n\t\t\t\t\t<div class=\"elementor-spacer\">\n\t\t\t<div class=\"elementor-spacer-inner\"><\/div>\n\t\t<\/div>\n\t\t\t\t<\/div>\n\t\t\t\t<\/div>\n\t\t\t\t\t<\/div>\n\t\t\t\t<\/div>\n\t\t<div class=\"elementor-element elementor-element-569e0985 animated-slow e-flex e-con-boxed elementor-invisible e-con e-parent\" data-id=\"569e0985\" data-element_type=\"container\" data-settings=\"{&quot;background_background&quot;:&quot;gradient&quot;,&quot;animation&quot;:&quot;fadeIn&quot;}\">\n\t\t\t\t\t<div class=\"e-con-inner\">\n\t\t<div class=\"elementor-element elementor-element-1707921d e-con-full e-flex e-con e-child\" data-id=\"1707921d\" data-element_type=\"container\">\n\t\t\t\t<div class=\"elementor-element elementor-element-1e736381 elementor-widget__width-initial elementor-position-top elementor-widget elementor-widget-image-box\" data-id=\"1e736381\" data-element_type=\"widget\" data-widget_type=\"image-box.default\">\n\t\t\t\t<div class=\"elementor-widget-container\">\n\t\t\t<div class=\"elementor-image-box-wrapper\"><figure class=\"elementor-image-box-img\"><img loading=\"lazy\" decoding=\"async\" width=\"299\" height=\"240\" src=\"https:\/\/www.szentimregyor.hu\/new\/wp-content\/uploads\/2023\/10\/imre_honlap.png\" class=\"attachment-full size-full wp-image-47\" alt=\"\" \/><\/figure><\/div>\t\t<\/div>\n\t\t\t\t<\/div>\n\t\t\t\t<div class=\"elementor-element elementor-element-3bad2391 e-grid-align-left e-grid-align-tablet-left e-grid-align-mobile-center elementor-shape-rounded elementor-grid-0 elementor-widget elementor-widget-social-icons\" data-id=\"3bad2391\" data-element_type=\"widget\" data-widget_type=\"social-icons.default\">\n\t\t\t\t<div class=\"elementor-widget-container\">\n\t\t\t<style>\/*! elementor - v3.21.0 - 20-05-2024 *\/\n.elementor-widget-social-icons.elementor-grid-0 .elementor-widget-container,.elementor-widget-social-icons.elementor-grid-mobile-0 .elementor-widget-container,.elementor-widget-social-icons.elementor-grid-tablet-0 .elementor-widget-container{line-height:1;font-size:0}.elementor-widget-social-icons:not(.elementor-grid-0):not(.elementor-grid-tablet-0):not(.elementor-grid-mobile-0) .elementor-grid{display:inline-grid}.elementor-widget-social-icons .elementor-grid{grid-column-gap:var(--grid-column-gap,5px);grid-row-gap:var(--grid-row-gap,5px);grid-template-columns:var(--grid-template-columns);justify-content:var(--justify-content,center);justify-items:var(--justify-content,center)}.elementor-icon.elementor-social-icon{font-size:var(--icon-size,25px);line-height:var(--icon-size,25px);width:calc(var(--icon-size, 25px) + 2 * var(--icon-padding, .5em));height:calc(var(--icon-size, 25px) + 2 * var(--icon-padding, .5em))}.elementor-social-icon{--e-social-icon-icon-color:#fff;display:inline-flex;background-color:#69727d;align-items:center;justify-content:center;text-align:center;cursor:pointer}.elementor-social-icon i{color:var(--e-social-icon-icon-color)}.elementor-social-icon svg{fill:var(--e-social-icon-icon-color)}.elementor-social-icon:last-child{margin:0}.elementor-social-icon:hover{opacity:.9;color:#fff}.elementor-social-icon-android{background-color:#a4c639}.elementor-social-icon-apple{background-color:#999}.elementor-social-icon-behance{background-color:#1769ff}.elementor-social-icon-bitbucket{background-color:#205081}.elementor-social-icon-codepen{background-color:#000}.elementor-social-icon-delicious{background-color:#39f}.elementor-social-icon-deviantart{background-color:#05cc47}.elementor-social-icon-digg{background-color:#005be2}.elementor-social-icon-dribbble{background-color:#ea4c89}.elementor-social-icon-elementor{background-color:#d30c5c}.elementor-social-icon-envelope{background-color:#ea4335}.elementor-social-icon-facebook,.elementor-social-icon-facebook-f{background-color:#3b5998}.elementor-social-icon-flickr{background-color:#0063dc}.elementor-social-icon-foursquare{background-color:#2d5be3}.elementor-social-icon-free-code-camp,.elementor-social-icon-freecodecamp{background-color:#006400}.elementor-social-icon-github{background-color:#333}.elementor-social-icon-gitlab{background-color:#e24329}.elementor-social-icon-globe{background-color:#69727d}.elementor-social-icon-google-plus,.elementor-social-icon-google-plus-g{background-color:#dd4b39}.elementor-social-icon-houzz{background-color:#7ac142}.elementor-social-icon-instagram{background-color:#262626}.elementor-social-icon-jsfiddle{background-color:#487aa2}.elementor-social-icon-link{background-color:#818a91}.elementor-social-icon-linkedin,.elementor-social-icon-linkedin-in{background-color:#0077b5}.elementor-social-icon-medium{background-color:#00ab6b}.elementor-social-icon-meetup{background-color:#ec1c40}.elementor-social-icon-mixcloud{background-color:#273a4b}.elementor-social-icon-odnoklassniki{background-color:#f4731c}.elementor-social-icon-pinterest{background-color:#bd081c}.elementor-social-icon-product-hunt{background-color:#da552f}.elementor-social-icon-reddit{background-color:#ff4500}.elementor-social-icon-rss{background-color:#f26522}.elementor-social-icon-shopping-cart{background-color:#4caf50}.elementor-social-icon-skype{background-color:#00aff0}.elementor-social-icon-slideshare{background-color:#0077b5}.elementor-social-icon-snapchat{background-color:#fffc00}.elementor-social-icon-soundcloud{background-color:#f80}.elementor-social-icon-spotify{background-color:#2ebd59}.elementor-social-icon-stack-overflow{background-color:#fe7a15}.elementor-social-icon-steam{background-color:#00adee}.elementor-social-icon-stumbleupon{background-color:#eb4924}.elementor-social-icon-telegram{background-color:#2ca5e0}.elementor-social-icon-threads{background-color:#000}.elementor-social-icon-thumb-tack{background-color:#1aa1d8}.elementor-social-icon-tripadvisor{background-color:#589442}.elementor-social-icon-tumblr{background-color:#35465c}.elementor-social-icon-twitch{background-color:#6441a5}.elementor-social-icon-twitter{background-color:#1da1f2}.elementor-social-icon-viber{background-color:#665cac}.elementor-social-icon-vimeo{background-color:#1ab7ea}.elementor-social-icon-vk{background-color:#45668e}.elementor-social-icon-weibo{background-color:#dd2430}.elementor-social-icon-weixin{background-color:#31a918}.elementor-social-icon-whatsapp{background-color:#25d366}.elementor-social-icon-wordpress{background-color:#21759b}.elementor-social-icon-x-twitter{background-color:#000}.elementor-social-icon-xing{background-color:#026466}.elementor-social-icon-yelp{background-color:#af0606}.elementor-social-icon-youtube{background-color:#cd201f}.elementor-social-icon-500px{background-color:#0099e5}.elementor-shape-rounded .elementor-icon.elementor-social-icon{border-radius:10%}.elementor-shape-circle .elementor-icon.elementor-social-icon{border-radius:50%}<\/style>\t\t<div class=\"elementor-social-icons-wrapper elementor-grid\">\n\t\t\t\t\t\t\t<span class=\"elementor-grid-item\">\n\t\t\t\t\t<a class=\"elementor-icon elementor-social-icon elementor-social-icon-facebook-f elementor-repeater-item-3f1b7ac\" href=\"https:\/\/www.facebook.com\/szentimregyor?locale=hu_HU\" target=\"_blank\">\n\t\t\t\t\t\t<span class=\"elementor-screen-only\">Facebook-f<\/span>\n\t\t\t\t\t\t<i class=\"fab fa-facebook-f\"><\/i>\t\t\t\t\t<\/a>\n\t\t\t\t<\/span>\n\t\t\t\t\t\t\t<span class=\"elementor-grid-item\">\n\t\t\t\t\t<a class=\"elementor-icon elementor-social-icon elementor-social-icon-youtube-square elementor-repeater-item-4e6a400\" href=\"https:\/\/www.youtube.com\/@szentimregyor\" target=\"_blank\">\n\t\t\t\t\t\t<span class=\"elementor-screen-only\">Youtube-square<\/span>\n\t\t\t\t\t\t<i class=\"fab fa-youtube-square\"><\/i>\t\t\t\t\t<\/a>\n\t\t\t\t<\/span>\n\t\t\t\t\t\t\t<span class=\"elementor-grid-item\">\n\t\t\t\t\t<a class=\"elementor-icon elementor-social-icon elementor-social-icon-flickr elementor-repeater-item-2b48c2f\" href=\"https:\/\/www.flickr.com\/photos\/99929046@N06\/\" target=\"_blank\">\n\t\t\t\t\t\t<span class=\"elementor-screen-only\">Flickr<\/span>\n\t\t\t\t\t\t<i class=\"fab fa-flickr\"><\/i>\t\t\t\t\t<\/a>\n\t\t\t\t<\/span>\n\t\t\t\t\t<\/div>\n\t\t\t\t<\/div>\n\t\t\t\t<\/div>\n\t\t\t\t<\/div>\n\t\t<div class=\"elementor-element elementor-element-4a14599c e-con-full e-flex e-con e-child\" data-id=\"4a14599c\" data-element_type=\"container\">\n\t\t\t\t<div class=\"elementor-element elementor-element-62571404 elementor-widget elementor-widget-heading\" data-id=\"62571404\" data-element_type=\"widget\" data-widget_type=\"heading.default\">\n\t\t\t\t<div class=\"elementor-widget-container\">\n\t\t\t<h6 class=\"elementor-heading-title elementor-size-default\">Men\u00fc<\/h6>\t\t<\/div>\n\t\t\t\t<\/div>\n\t\t\t\t<div class=\"elementor-element elementor-element-66b12007 elementor-nav-menu--dropdown-none elementor-nav-menu__align-start elementor-widget elementor-widget-nav-menu\" data-id=\"66b12007\" data-element_type=\"widget\" data-settings=\"{&quot;layout&quot;:&quot;vertical&quot;,&quot;submenu_icon&quot;:{&quot;value&quot;:&quot;&lt;i class=\\&quot;fas fa-caret-down\\&quot;&gt;&lt;\\\/i&gt;&quot;,&quot;library&quot;:&quot;fa-solid&quot;}}\" data-widget_type=\"nav-menu.default\">\n\t\t\t\t<div class=\"elementor-widget-container\">\n\t\t\t\t\t\t<nav class=\"elementor-nav-menu--main elementor-nav-menu__container elementor-nav-menu--layout-vertical e--pointer-none\">\n\t\t\t\t<ul id=\"menu-1-66b12007\" class=\"elementor-nav-menu sm-vertical\"><li class=\"menu-item menu-item-type-custom menu-item-object-custom menu-item-has-children menu-item-7864\"><a href=\"#\" class=\"elementor-item elementor-item-anchor\">Templomunk<\/a>\n<ul class=\"sub-menu elementor-nav-menu--dropdown\">\n\t<li class=\"menu-item menu-item-type-post_type menu-item-object-page menu-item-748\"><a href=\"https:\/\/www.szentimregyor.hu\/new\/templomunk-tortenete\/\" class=\"elementor-sub-item\">Templomunk t\u00f6rt\u00e9nete<\/a><\/li>\n\t<li class=\"menu-item menu-item-type-post_type menu-item-object-page menu-item-749\"><a href=\"https:\/\/www.szentimregyor.hu\/new\/templomunk-muveszeti-ertekei\/\" class=\"elementor-sub-item\">Templomunk m\u0171v\u00e9szeti \u00e9rt\u00e9kei<\/a><\/li>\n\t<li class=\"menu-item menu-item-type-post_type menu-item-object-page menu-item-2854\"><a href=\"https:\/\/www.szentimregyor.hu\/new\/vedoszentunk-szent-imre\/\" class=\"elementor-sub-item\">V\u00e9d\u0151szent\u00fcnk, Szent Imre<\/a><\/li>\n\t<li class=\"menu-item menu-item-type-post_type menu-item-object-page menu-item-3708\"><a href=\"https:\/\/www.szentimregyor.hu\/new\/templomunk\/boldog-apor-vilmos-templomszentelo-beszede\/\" class=\"elementor-sub-item\">Templomszentel\u0151 besz\u00e9d<\/a><\/li>\n\t<li class=\"menu-item menu-item-type-post_type menu-item-object-page menu-item-29511\"><a href=\"https:\/\/www.szentimregyor.hu\/new\/altemplom-urnakert\/\" class=\"elementor-sub-item\">Altemplom, Urnakert<\/a><\/li>\n<\/ul>\n<\/li>\n<li class=\"menu-item menu-item-type-custom menu-item-object-custom menu-item-has-children menu-item-7863\"><a href=\"#\" class=\"elementor-item elementor-item-anchor\">H\u00edrek, Napt\u00e1r<\/a>\n<ul class=\"sub-menu elementor-nav-menu--dropdown\">\n\t<li class=\"menu-item menu-item-type-post_type menu-item-object-page menu-item-7862\"><a href=\"https:\/\/www.szentimregyor.hu\/new\/naptar\/\" class=\"elementor-sub-item\">Napt\u00e1r<\/a><\/li>\n\t<li class=\"menu-item menu-item-type-post_type menu-item-object-page menu-item-6263\"><a href=\"https:\/\/www.szentimregyor.hu\/new\/hirdetesek\/\" class=\"elementor-sub-item\">Heti hirdet\u00e9sek<\/a><\/li>\n\t<li class=\"menu-item menu-item-type-post_type menu-item-object-page menu-item-6262\"><a href=\"https:\/\/www.szentimregyor.hu\/new\/hirfolyam\/\" class=\"elementor-sub-item\">H\u00edrfolyam<\/a><\/li>\n<\/ul>\n<\/li>\n<li class=\"menu-item menu-item-type-post_type menu-item-object-page menu-item-121\"><a href=\"https:\/\/www.szentimregyor.hu\/new\/miserend\/\" class=\"elementor-item\">Miserend<\/a><\/li>\n<li class=\"menu-item menu-item-type-post_type menu-item-object-page menu-item-has-children menu-item-130\"><a href=\"https:\/\/www.szentimregyor.hu\/new\/kapcsolat\/\" class=\"elementor-item\">Kapcsolat<\/a>\n<ul class=\"sub-menu elementor-nav-menu--dropdown\">\n\t<li class=\"menu-item menu-item-type-post_type menu-item-object-page menu-item-14288\"><a href=\"https:\/\/www.szentimregyor.hu\/new\/kapcsolat\/iroda\/\" class=\"elementor-sub-item\">Iroda<\/a><\/li>\n\t<li class=\"menu-item menu-item-type-post_type menu-item-object-page menu-item-6301\"><a href=\"https:\/\/www.szentimregyor.hu\/new\/kapcsolat\/hirlevel\/\" class=\"elementor-sub-item\">H\u00edrlev\u00e9l<\/a><\/li>\n\t<li class=\"menu-item menu-item-type-post_type menu-item-object-page menu-item-5988\"><a href=\"https:\/\/www.szentimregyor.hu\/new\/gyori-szent-imre-alapitvany\/\" class=\"elementor-sub-item\">Gy\u0151ri Szent Imre Alap\u00edtv\u00e1ny<\/a><\/li>\n<\/ul>\n<\/li>\n<li class=\"menu-item menu-item-type-post_type menu-item-object-page menu-item-has-children menu-item-139\"><a href=\"https:\/\/www.szentimregyor.hu\/new\/galeria\/\" class=\"elementor-item\">Gal\u00e9ria<\/a>\n<ul class=\"sub-menu elementor-nav-menu--dropdown\">\n\t<li class=\"menu-item menu-item-type-post_type menu-item-object-page menu-item-27314\"><a href=\"https:\/\/www.szentimregyor.hu\/new\/galeria\/galeria-2026\/\" class=\"elementor-sub-item\">2026<\/a><\/li>\n\t<li class=\"menu-item menu-item-type-post_type menu-item-object-page menu-item-21719\"><a href=\"https:\/\/www.szentimregyor.hu\/new\/galeria\/galeria-2025\/\" class=\"elementor-sub-item\">2025<\/a><\/li>\n\t<li class=\"menu-item menu-item-type-post_type menu-item-object-page menu-item-10943\"><a href=\"https:\/\/www.szentimregyor.hu\/new\/galeria\/galeria-2024\/\" class=\"elementor-sub-item\">2024<\/a><\/li>\n\t<li class=\"menu-item menu-item-type-post_type menu-item-object-page menu-item-3734\"><a href=\"https:\/\/www.szentimregyor.hu\/new\/galeria\/galeria-2023\/\" class=\"elementor-sub-item\">2023<\/a><\/li>\n\t<li class=\"menu-item menu-item-type-post_type menu-item-object-page menu-item-6591\"><a href=\"https:\/\/www.szentimregyor.hu\/new\/galeria\/galeria-2022\/\" class=\"elementor-sub-item\">2022<\/a><\/li>\n\t<li class=\"menu-item menu-item-type-post_type menu-item-object-page menu-item-8384\"><a href=\"https:\/\/www.szentimregyor.hu\/new\/galeria\/galeria-2021\/\" class=\"elementor-sub-item\">2021<\/a><\/li>\n\t<li class=\"menu-item menu-item-type-post_type menu-item-object-page menu-item-10837\"><a href=\"https:\/\/www.szentimregyor.hu\/new\/galeria\/galeria-2020\/\" class=\"elementor-sub-item\">2020<\/a><\/li>\n\t<li class=\"menu-item menu-item-type-post_type menu-item-object-page menu-item-11155\"><a href=\"https:\/\/www.szentimregyor.hu\/new\/galeria\/galeria-2019\/\" class=\"elementor-sub-item\">2019<\/a><\/li>\n\t<li class=\"menu-item menu-item-type-post_type menu-item-object-page menu-item-16174\"><a href=\"https:\/\/www.szentimregyor.hu\/new\/galeria\/galeria-2018\/\" class=\"elementor-sub-item\">2018<\/a><\/li>\n\t<li class=\"menu-item menu-item-type-post_type menu-item-object-page menu-item-22065\"><a href=\"https:\/\/www.szentimregyor.hu\/new\/galeria\/galeria-2017\/\" class=\"elementor-sub-item\">2017<\/a><\/li>\n\t<li class=\"menu-item menu-item-type-post_type menu-item-object-page menu-item-26413\"><a href=\"https:\/\/www.szentimregyor.hu\/new\/galeria\/galeria-2016\/\" class=\"elementor-sub-item\">2016<\/a><\/li>\n\t<li class=\"menu-item menu-item-type-post_type menu-item-object-page menu-item-7957\"><a href=\"https:\/\/www.szentimregyor.hu\/new\/galeria\/orgona-galeria\/\" class=\"elementor-sub-item\">Orgona<\/a><\/li>\n<\/ul>\n<\/li>\n<li class=\"menu-item menu-item-type-post_type menu-item-object-page menu-item-has-children menu-item-145\"><a href=\"https:\/\/www.szentimregyor.hu\/new\/egyhazkozseg\/\" class=\"elementor-item\">Egyh\u00e1zk\u00f6zs\u00e9g\u00fcnk<\/a>\n<ul class=\"sub-menu elementor-nav-menu--dropdown\">\n\t<li class=\"menu-item menu-item-type-post_type menu-item-object-page menu-item-6003\"><a href=\"https:\/\/www.szentimregyor.hu\/new\/egyhazkozseg\/lelkipasztorok\/\" class=\"elementor-sub-item\">Lelkip\u00e1sztorok<\/a><\/li>\n\t<li class=\"menu-item menu-item-type-post_type menu-item-object-page menu-item-28653\"><a href=\"https:\/\/www.szentimregyor.hu\/new\/egyhazkozseg\/plebaniai-tanacsado-testulet\/\" class=\"elementor-sub-item\">Pl\u00e9b\u00e1niai Tan\u00e1csad\u00f3 Test\u00fclet<\/a><\/li>\n\t<li class=\"menu-item menu-item-type-post_type menu-item-object-page menu-item-has-children menu-item-6044\"><a href=\"https:\/\/www.szentimregyor.hu\/new\/egyhazkozseg\/egyhazzene\/\" class=\"elementor-sub-item\">Egyh\u00e1zzene<\/a>\n\t<ul class=\"sub-menu elementor-nav-menu--dropdown\">\n\t\t<li class=\"menu-item menu-item-type-post_type menu-item-object-page menu-item-6371\"><a href=\"https:\/\/www.szentimregyor.hu\/new\/egyhazkozseg\/egyhazzene\/kantorok\/\" class=\"elementor-sub-item\">K\u00e1ntorok<\/a><\/li>\n\t\t<li class=\"menu-item menu-item-type-post_type menu-item-object-page menu-item-6372\"><a href=\"https:\/\/www.szentimregyor.hu\/new\/egyhazkozseg\/egyhazzene\/schola\/\" class=\"elementor-sub-item\">Schola Emericana<\/a><\/li>\n\t\t<li class=\"menu-item menu-item-type-post_type menu-item-object-page menu-item-6373\"><a href=\"https:\/\/www.szentimregyor.hu\/new\/egyhazkozseg\/egyhazzene\/orgona\/\" class=\"elementor-sub-item\">Orgona<\/a><\/li>\n\t<\/ul>\n<\/li>\n\t<li class=\"menu-item menu-item-type-post_type menu-item-object-page menu-item-6022\"><a href=\"https:\/\/www.szentimregyor.hu\/new\/egyhazkozseg\/lectio-divina\/\" class=\"elementor-sub-item\">Lectio Divina<\/a><\/li>\n\t<li class=\"menu-item menu-item-type-post_type menu-item-object-page menu-item-6033\"><a href=\"https:\/\/www.szentimregyor.hu\/new\/egyhazkozseg\/bibliakor\/\" class=\"elementor-sub-item\">Bibliak\u00f6r<\/a><\/li>\n\t<li class=\"menu-item menu-item-type-post_type menu-item-object-page menu-item-6068\"><a href=\"https:\/\/www.szentimregyor.hu\/new\/egyhazkozseg\/itt-az-ido\/\" class=\"elementor-sub-item\">Itt az id\u0151<\/a><\/li>\n<\/ul>\n<\/li>\n<\/ul>\t\t\t<\/nav>\n\t\t\t\t\t\t<nav class=\"elementor-nav-menu--dropdown elementor-nav-menu__container\" aria-hidden=\"true\">\n\t\t\t\t<ul id=\"menu-2-66b12007\" class=\"elementor-nav-menu sm-vertical\"><li class=\"menu-item menu-item-type-custom menu-item-object-custom menu-item-has-children menu-item-7864\"><a href=\"#\" class=\"elementor-item elementor-item-anchor\" tabindex=\"-1\">Templomunk<\/a>\n<ul class=\"sub-menu elementor-nav-menu--dropdown\">\n\t<li class=\"menu-item menu-item-type-post_type menu-item-object-page menu-item-748\"><a href=\"https:\/\/www.szentimregyor.hu\/new\/templomunk-tortenete\/\" class=\"elementor-sub-item\" tabindex=\"-1\">Templomunk t\u00f6rt\u00e9nete<\/a><\/li>\n\t<li class=\"menu-item menu-item-type-post_type menu-item-object-page menu-item-749\"><a href=\"https:\/\/www.szentimregyor.hu\/new\/templomunk-muveszeti-ertekei\/\" class=\"elementor-sub-item\" tabindex=\"-1\">Templomunk m\u0171v\u00e9szeti \u00e9rt\u00e9kei<\/a><\/li>\n\t<li class=\"menu-item menu-item-type-post_type menu-item-object-page menu-item-2854\"><a href=\"https:\/\/www.szentimregyor.hu\/new\/vedoszentunk-szent-imre\/\" class=\"elementor-sub-item\" tabindex=\"-1\">V\u00e9d\u0151szent\u00fcnk, Szent Imre<\/a><\/li>\n\t<li class=\"menu-item menu-item-type-post_type menu-item-object-page menu-item-3708\"><a href=\"https:\/\/www.szentimregyor.hu\/new\/templomunk\/boldog-apor-vilmos-templomszentelo-beszede\/\" class=\"elementor-sub-item\" tabindex=\"-1\">Templomszentel\u0151 besz\u00e9d<\/a><\/li>\n\t<li class=\"menu-item menu-item-type-post_type menu-item-object-page menu-item-29511\"><a href=\"https:\/\/www.szentimregyor.hu\/new\/altemplom-urnakert\/\" class=\"elementor-sub-item\" tabindex=\"-1\">Altemplom, Urnakert<\/a><\/li>\n<\/ul>\n<\/li>\n<li class=\"menu-item menu-item-type-custom menu-item-object-custom menu-item-has-children menu-item-7863\"><a href=\"#\" class=\"elementor-item elementor-item-anchor\" tabindex=\"-1\">H\u00edrek, Napt\u00e1r<\/a>\n<ul class=\"sub-menu elementor-nav-menu--dropdown\">\n\t<li class=\"menu-item menu-item-type-post_type menu-item-object-page menu-item-7862\"><a href=\"https:\/\/www.szentimregyor.hu\/new\/naptar\/\" class=\"elementor-sub-item\" tabindex=\"-1\">Napt\u00e1r<\/a><\/li>\n\t<li class=\"menu-item menu-item-type-post_type menu-item-object-page menu-item-6263\"><a href=\"https:\/\/www.szentimregyor.hu\/new\/hirdetesek\/\" class=\"elementor-sub-item\" tabindex=\"-1\">Heti hirdet\u00e9sek<\/a><\/li>\n\t<li class=\"menu-item menu-item-type-post_type menu-item-object-page menu-item-6262\"><a href=\"https:\/\/www.szentimregyor.hu\/new\/hirfolyam\/\" class=\"elementor-sub-item\" tabindex=\"-1\">H\u00edrfolyam<\/a><\/li>\n<\/ul>\n<\/li>\n<li class=\"menu-item menu-item-type-post_type menu-item-object-page menu-item-121\"><a href=\"https:\/\/www.szentimregyor.hu\/new\/miserend\/\" class=\"elementor-item\" tabindex=\"-1\">Miserend<\/a><\/li>\n<li class=\"menu-item menu-item-type-post_type menu-item-object-page menu-item-has-children menu-item-130\"><a href=\"https:\/\/www.szentimregyor.hu\/new\/kapcsolat\/\" class=\"elementor-item\" tabindex=\"-1\">Kapcsolat<\/a>\n<ul class=\"sub-menu elementor-nav-menu--dropdown\">\n\t<li class=\"menu-item menu-item-type-post_type menu-item-object-page menu-item-14288\"><a href=\"https:\/\/www.szentimregyor.hu\/new\/kapcsolat\/iroda\/\" class=\"elementor-sub-item\" tabindex=\"-1\">Iroda<\/a><\/li>\n\t<li class=\"menu-item menu-item-type-post_type menu-item-object-page menu-item-6301\"><a href=\"https:\/\/www.szentimregyor.hu\/new\/kapcsolat\/hirlevel\/\" class=\"elementor-sub-item\" tabindex=\"-1\">H\u00edrlev\u00e9l<\/a><\/li>\n\t<li class=\"menu-item menu-item-type-post_type menu-item-object-page menu-item-5988\"><a href=\"https:\/\/www.szentimregyor.hu\/new\/gyori-szent-imre-alapitvany\/\" class=\"elementor-sub-item\" tabindex=\"-1\">Gy\u0151ri Szent Imre Alap\u00edtv\u00e1ny<\/a><\/li>\n<\/ul>\n<\/li>\n<li class=\"menu-item menu-item-type-post_type menu-item-object-page menu-item-has-children menu-item-139\"><a href=\"https:\/\/www.szentimregyor.hu\/new\/galeria\/\" class=\"elementor-item\" tabindex=\"-1\">Gal\u00e9ria<\/a>\n<ul class=\"sub-menu elementor-nav-menu--dropdown\">\n\t<li class=\"menu-item menu-item-type-post_type menu-item-object-page menu-item-27314\"><a href=\"https:\/\/www.szentimregyor.hu\/new\/galeria\/galeria-2026\/\" class=\"elementor-sub-item\" tabindex=\"-1\">2026<\/a><\/li>\n\t<li class=\"menu-item menu-item-type-post_type menu-item-object-page menu-item-21719\"><a href=\"https:\/\/www.szentimregyor.hu\/new\/galeria\/galeria-2025\/\" class=\"elementor-sub-item\" tabindex=\"-1\">2025<\/a><\/li>\n\t<li class=\"menu-item menu-item-type-post_type menu-item-object-page menu-item-10943\"><a href=\"https:\/\/www.szentimregyor.hu\/new\/galeria\/galeria-2024\/\" class=\"elementor-sub-item\" tabindex=\"-1\">2024<\/a><\/li>\n\t<li class=\"menu-item menu-item-type-post_type menu-item-object-page menu-item-3734\"><a href=\"https:\/\/www.szentimregyor.hu\/new\/galeria\/galeria-2023\/\" class=\"elementor-sub-item\" tabindex=\"-1\">2023<\/a><\/li>\n\t<li class=\"menu-item menu-item-type-post_type menu-item-object-page menu-item-6591\"><a href=\"https:\/\/www.szentimregyor.hu\/new\/galeria\/galeria-2022\/\" class=\"elementor-sub-item\" tabindex=\"-1\">2022<\/a><\/li>\n\t<li class=\"menu-item menu-item-type-post_type menu-item-object-page menu-item-8384\"><a href=\"https:\/\/www.szentimregyor.hu\/new\/galeria\/galeria-2021\/\" class=\"elementor-sub-item\" tabindex=\"-1\">2021<\/a><\/li>\n\t<li class=\"menu-item menu-item-type-post_type menu-item-object-page menu-item-10837\"><a href=\"https:\/\/www.szentimregyor.hu\/new\/galeria\/galeria-2020\/\" class=\"elementor-sub-item\" tabindex=\"-1\">2020<\/a><\/li>\n\t<li class=\"menu-item menu-item-type-post_type menu-item-object-page menu-item-11155\"><a href=\"https:\/\/www.szentimregyor.hu\/new\/galeria\/galeria-2019\/\" class=\"elementor-sub-item\" tabindex=\"-1\">2019<\/a><\/li>\n\t<li class=\"menu-item menu-item-type-post_type menu-item-object-page menu-item-16174\"><a href=\"https:\/\/www.szentimregyor.hu\/new\/galeria\/galeria-2018\/\" class=\"elementor-sub-item\" tabindex=\"-1\">2018<\/a><\/li>\n\t<li class=\"menu-item menu-item-type-post_type menu-item-object-page menu-item-22065\"><a href=\"https:\/\/www.szentimregyor.hu\/new\/galeria\/galeria-2017\/\" class=\"elementor-sub-item\" tabindex=\"-1\">2017<\/a><\/li>\n\t<li class=\"menu-item menu-item-type-post_type menu-item-object-page menu-item-26413\"><a href=\"https:\/\/www.szentimregyor.hu\/new\/galeria\/galeria-2016\/\" class=\"elementor-sub-item\" tabindex=\"-1\">2016<\/a><\/li>\n\t<li class=\"menu-item menu-item-type-post_type menu-item-object-page menu-item-7957\"><a href=\"https:\/\/www.szentimregyor.hu\/new\/galeria\/orgona-galeria\/\" class=\"elementor-sub-item\" tabindex=\"-1\">Orgona<\/a><\/li>\n<\/ul>\n<\/li>\n<li class=\"menu-item menu-item-type-post_type menu-item-object-page menu-item-has-children menu-item-145\"><a href=\"https:\/\/www.szentimregyor.hu\/new\/egyhazkozseg\/\" class=\"elementor-item\" tabindex=\"-1\">Egyh\u00e1zk\u00f6zs\u00e9g\u00fcnk<\/a>\n<ul class=\"sub-menu elementor-nav-menu--dropdown\">\n\t<li class=\"menu-item menu-item-type-post_type menu-item-object-page menu-item-6003\"><a href=\"https:\/\/www.szentimregyor.hu\/new\/egyhazkozseg\/lelkipasztorok\/\" class=\"elementor-sub-item\" tabindex=\"-1\">Lelkip\u00e1sztorok<\/a><\/li>\n\t<li class=\"menu-item menu-item-type-post_type menu-item-object-page menu-item-28653\"><a href=\"https:\/\/www.szentimregyor.hu\/new\/egyhazkozseg\/plebaniai-tanacsado-testulet\/\" class=\"elementor-sub-item\" tabindex=\"-1\">Pl\u00e9b\u00e1niai Tan\u00e1csad\u00f3 Test\u00fclet<\/a><\/li>\n\t<li class=\"menu-item menu-item-type-post_type menu-item-object-page menu-item-has-children menu-item-6044\"><a href=\"https:\/\/www.szentimregyor.hu\/new\/egyhazkozseg\/egyhazzene\/\" class=\"elementor-sub-item\" tabindex=\"-1\">Egyh\u00e1zzene<\/a>\n\t<ul class=\"sub-menu elementor-nav-menu--dropdown\">\n\t\t<li class=\"menu-item menu-item-type-post_type menu-item-object-page menu-item-6371\"><a href=\"https:\/\/www.szentimregyor.hu\/new\/egyhazkozseg\/egyhazzene\/kantorok\/\" class=\"elementor-sub-item\" tabindex=\"-1\">K\u00e1ntorok<\/a><\/li>\n\t\t<li class=\"menu-item menu-item-type-post_type menu-item-object-page menu-item-6372\"><a href=\"https:\/\/www.szentimregyor.hu\/new\/egyhazkozseg\/egyhazzene\/schola\/\" class=\"elementor-sub-item\" tabindex=\"-1\">Schola Emericana<\/a><\/li>\n\t\t<li class=\"menu-item menu-item-type-post_type menu-item-object-page menu-item-6373\"><a href=\"https:\/\/www.szentimregyor.hu\/new\/egyhazkozseg\/egyhazzene\/orgona\/\" class=\"elementor-sub-item\" tabindex=\"-1\">Orgona<\/a><\/li>\n\t<\/ul>\n<\/li>\n\t<li class=\"menu-item menu-item-type-post_type menu-item-object-page menu-item-6022\"><a href=\"https:\/\/www.szentimregyor.hu\/new\/egyhazkozseg\/lectio-divina\/\" class=\"elementor-sub-item\" tabindex=\"-1\">Lectio Divina<\/a><\/li>\n\t<li class=\"menu-item menu-item-type-post_type menu-item-object-page menu-item-6033\"><a href=\"https:\/\/www.szentimregyor.hu\/new\/egyhazkozseg\/bibliakor\/\" class=\"elementor-sub-item\" tabindex=\"-1\">Bibliak\u00f6r<\/a><\/li>\n\t<li class=\"menu-item menu-item-type-post_type menu-item-object-page menu-item-6068\"><a href=\"https:\/\/www.szentimregyor.hu\/new\/egyhazkozseg\/itt-az-ido\/\" class=\"elementor-sub-item\" tabindex=\"-1\">Itt az id\u0151<\/a><\/li>\n<\/ul>\n<\/li>\n<\/ul>\t\t\t<\/nav>\n\t\t\t\t<\/div>\n\t\t\t\t<\/div>\n\t\t\t\t<\/div>\n\t\t<div class=\"elementor-element elementor-element-231625c6 e-con-full e-flex e-con e-child\" data-id=\"231625c6\" data-element_type=\"container\">\n\t\t\t\t<div class=\"elementor-element elementor-element-7599bc57 elementor-widget elementor-widget-heading\" data-id=\"7599bc57\" data-element_type=\"widget\" data-widget_type=\"heading.default\">\n\t\t\t\t<div class=\"elementor-widget-container\">\n\t\t\t<h6 class=\"elementor-heading-title elementor-size-default\"><a href=\"https:\/\/www.szentimregyor.hu\/new\/kapcsolat\/\">Kapcsolat<\/a><\/h6>\t\t<\/div>\n\t\t\t\t<\/div>\n\t\t\t\t<div class=\"elementor-element elementor-element-79ba7ff1 elementor-align-left elementor-icon-list--layout-traditional elementor-list-item-link-full_width elementor-widget elementor-widget-icon-list\" data-id=\"79ba7ff1\" data-element_type=\"widget\" data-widget_type=\"icon-list.default\">\n\t\t\t\t<div class=\"elementor-widget-container\">\n\t\t\t\t\t<ul class=\"elementor-icon-list-items\">\n\t\t\t\t\t\t\t<li class=\"elementor-icon-list-item\">\n\t\t\t\t\t\t\t\t\t\t\t<a href=\"mailto:contact@mysite.com\">\n\n\t\t\t\t\t\t\t\t\t\t\t<span class=\"elementor-icon-list-text\">gyoriszentimre.iroda@gmail.com<\/span>\n\t\t\t\t\t\t\t\t\t\t\t<\/a>\n\t\t\t\t\t\t\t\t\t<\/li>\n\t\t\t\t\t\t\t\t<li class=\"elementor-icon-list-item\">\n\t\t\t\t\t\t\t\t\t\t\t<a href=\"tel:123-456-7890\">\n\n\t\t\t\t\t\t\t\t\t\t\t<span class=\"elementor-icon-list-text\">+36 96 424 443<\/span>\n\t\t\t\t\t\t\t\t\t\t\t<\/a>\n\t\t\t\t\t\t\t\t\t<\/li>\n\t\t\t\t\t\t<\/ul>\n\t\t\t\t<\/div>\n\t\t\t\t<\/div>\n\t\t\t\t<\/div>\n\t\t<div class=\"elementor-element elementor-element-35d82440 e-con-full e-flex e-con e-child\" data-id=\"35d82440\" data-element_type=\"container\">\n\t\t\t\t<div class=\"elementor-element elementor-element-a4b8bef elementor-widget elementor-widget-google_maps\" data-id=\"a4b8bef\" data-element_type=\"widget\" data-widget_type=\"google_maps.default\">\n\t\t\t\t<div class=\"elementor-widget-container\">\n\t\t\t<style>\/*! elementor - v3.21.0 - 20-05-2024 *\/\n.elementor-widget-google_maps .elementor-widget-container{overflow:hidden}.elementor-widget-google_maps .elementor-custom-embed{line-height:0}.elementor-widget-google_maps iframe{height:300px}<\/style>\t\t<div class=\"elementor-custom-embed\">\n\t\t\t<iframe loading=\"lazy\"\n\t\t\t\t\tsrc=\"https:\/\/maps.google.com\/maps?q=gy%C5%91ri%20szent%20imre%20pl%C3%A9b%C3%A1nia&#038;t=m&#038;z=15&#038;output=embed&#038;iwloc=near\"\n\t\t\t\t\ttitle=\"gy\u0151ri szent imre pl\u00e9b\u00e1nia\"\n\t\t\t\t\taria-label=\"gy\u0151ri szent imre pl\u00e9b\u00e1nia\"\n\t\t\t><\/iframe>\n\t\t<\/div>\n\t\t\t\t<\/div>\n\t\t\t\t<\/div>\n\t\t\t\t<\/div>\n\t\t\t\t\t<\/div>\n\t\t\t\t<\/div>\n\t\t<div class=\"elementor-element elementor-element-37e83fd9 animated-slow e-flex e-con-boxed elementor-invisible e-con e-parent\" data-id=\"37e83fd9\" data-element_type=\"container\" data-settings=\"{&quot;background_background&quot;:&quot;gradient&quot;,&quot;animation&quot;:&quot;fadeIn&quot;}\">\n\t\t\t\t\t<div class=\"e-con-inner\">\n\t\t\t\t<div class=\"elementor-element elementor-element-6a49e18e elementor-widget elementor-widget-heading\" data-id=\"6a49e18e\" data-element_type=\"widget\" data-widget_type=\"heading.default\">\n\t\t\t\t<div class=\"elementor-widget-container\">\n\t\t\t<p class=\"elementor-heading-title elementor-size-default\"><a href=\"https:\/\/www.facebook.com\/people\/So%C3%B3s-G%C3%A1bor-webfejleszt%C5%91\/100091969894228\/\" target=\"_blank\">\u00a9 Szent Imre Pl\u00e9b\u00e1nia, Gy\u0151r<br>So\u00f3s G\u00e1bor webfejleszt\u0151<\/a><\/p>\t\t<\/div>\n\t\t\t\t<\/div>\n\t\t\t\t\t<\/div>\n\t\t\t\t<\/div>\n\t\t\t\t<\/div>\n\t\t","protected":false},"excerpt":{"rendered":"<p>+36 96 424 443 gyoriszentimre.iroda@gmail.com 9024 GY\u0150R, Szent Imre \u00fat 35. Szent Imre Pl\u00e9b\u00e1nia Gal\u00e9ria 2017. P\u00e1sztorj\u00e1t\u00e9k 2017. december 24.(Fot\u00f3: Vaday Tam\u00e1s) Szenteste d\u00e9lut\u00e1nj\u00e1n a hagyom\u00e1nyokhoz h\u00edven templomunk ministr\u00e1nsai mutatt\u00e1k be a p\u00e1sztorj\u00e1t\u00e9kot, amelynek forgat\u00f3k\u00f6nyv\u00e9t id\u00e9n is Pozsgai \u00c1gi n\u00e9ni \u00edrta \u00e9s \u0151 is rendezte az el\u0151ad\u00e1st. J\u00e9zus sz\u00fclet\u00e9s\u00e9nek t\u00f6rt\u00e9net\u00e9t ez\u00fattal is egy keretj\u00e1t\u00e9kba helyezve [&hellip;]<\/p>\n","protected":false},"author":1,"featured_media":0,"parent":134,"menu_order":0,"comment_status":"closed","ping_status":"closed","template":"elementor_canvas","meta":{"footnotes":""},"_links":{"self":[{"href":"https:\/\/www.szentimregyor.hu\/new\/wp-json\/wp\/v2\/pages\/21917"}],"collection":[{"href":"https:\/\/www.szentimregyor.hu\/new\/wp-json\/wp\/v2\/pages"}],"about":[{"href":"https:\/\/www.szentimregyor.hu\/new\/wp-json\/wp\/v2\/types\/page"}],"author":[{"embeddable":true,"href":"https:\/\/www.szentimregyor.hu\/new\/wp-json\/wp\/v2\/users\/1"}],"replies":[{"embeddable":true,"href":"https:\/\/www.szentimregyor.hu\/new\/wp-json\/wp\/v2\/comments?post=21917"}],"version-history":[{"count":82,"href":"https:\/\/www.szentimregyor.hu\/new\/wp-json\/wp\/v2\/pages\/21917\/revisions"}],"predecessor-version":[{"id":23511,"href":"https:\/\/www.szentimregyor.hu\/new\/wp-json\/wp\/v2\/pages\/21917\/revisions\/23511"}],"up":[{"embeddable":true,"href":"https:\/\/www.szentimregyor.hu\/new\/wp-json\/wp\/v2\/pages\/134"}],"wp:attachment":[{"href":"https:\/\/www.szentimregyor.hu\/new\/wp-json\/wp\/v2\/media?parent=21917"}],"curies":[{"name":"wp","href":"https:\/\/api.w.org\/{rel}","templated":true}]}}