{"id":15953,"date":"2024-06-24T16:18:35","date_gmt":"2024-06-24T14:18:35","guid":{"rendered":"https:\/\/www.szentimregyor.hu\/new\/?page_id=15953"},"modified":"2024-11-29T14:40:01","modified_gmt":"2024-11-29T13:40:01","slug":"galeria-2018","status":"publish","type":"page","link":"https:\/\/www.szentimregyor.hu\/new\/galeria\/galeria-2018\/","title":{"rendered":"Gal\u00e9ria 2018"},"content":{"rendered":"\t\t<div data-elementor-type=\"wp-page\" data-elementor-id=\"15953\" class=\"elementor elementor-15953\" data-elementor-post-type=\"page\">\n\t\t\t\t<div class=\"elementor-element elementor-element-6fb2766d e-con-full animated-slow e-flex elementor-invisible e-con e-parent\" data-id=\"6fb2766d\" data-element_type=\"container\" id=\"header_pop\" data-settings=\"{&quot;sticky&quot;:&quot;top&quot;,&quot;animation&quot;:&quot;fadeIn&quot;,&quot;sticky_on&quot;:[&quot;desktop&quot;,&quot;tablet&quot;,&quot;mobile&quot;],&quot;sticky_offset&quot;:0,&quot;sticky_effects_offset&quot;:0}\">\n\t\t<div class=\"elementor-element elementor-element-40ef5a0a e-flex e-con-boxed e-con e-child\" data-id=\"40ef5a0a\" data-element_type=\"container\" data-settings=\"{&quot;background_background&quot;:&quot;classic&quot;}\">\n\t\t\t\t\t<div class=\"e-con-inner\">\n\t\t<div class=\"elementor-element elementor-element-217384f8 elementor-hidden-mobile e-con-full e-flex e-con e-child\" data-id=\"217384f8\" data-element_type=\"container\">\n\t\t\t\t<div class=\"elementor-element elementor-element-3308aa elementor-icon-list--layout-inline elementor-align-left elementor-mobile-align-center elementor-list-item-link-full_width elementor-widget elementor-widget-icon-list\" data-id=\"3308aa\" data-element_type=\"widget\" data-widget_type=\"icon-list.default\">\n\t\t\t\t<div class=\"elementor-widget-container\">\n\t\t\t<link rel=\"stylesheet\" href=\"https:\/\/www.szentimregyor.hu\/new\/wp-content\/plugins\/elementor\/assets\/css\/widget-icon-list.min.css\">\t\t<ul class=\"elementor-icon-list-items elementor-inline-items\">\n\t\t\t\t\t\t\t<li class=\"elementor-icon-list-item elementor-inline-item\">\n\t\t\t\t\t\t\t\t\t\t\t<span class=\"elementor-icon-list-icon\">\n\t\t\t\t\t\t\t<i aria-hidden=\"true\" class=\"fas fa-phone\"><\/i>\t\t\t\t\t\t<\/span>\n\t\t\t\t\t\t\t\t\t\t<span class=\"elementor-icon-list-text\">+36 96 424 443<\/span>\n\t\t\t\t\t\t\t\t\t<\/li>\n\t\t\t\t\t\t\t\t<li class=\"elementor-icon-list-item elementor-inline-item\">\n\t\t\t\t\t\t\t\t\t\t\t<a href=\"http:\/\/gyoriszentimre.iroda@gmail.com\" target=\"_blank\">\n\n\t\t\t\t\t\t\t\t\t\t\t\t<span class=\"elementor-icon-list-icon\">\n\t\t\t\t\t\t\t<i aria-hidden=\"true\" class=\"fas fa-envelope\"><\/i>\t\t\t\t\t\t<\/span>\n\t\t\t\t\t\t\t\t\t\t<span class=\"elementor-icon-list-text\">gyoriszentimre.iroda@gmail.com<\/span>\n\t\t\t\t\t\t\t\t\t\t\t<\/a>\n\t\t\t\t\t\t\t\t\t<\/li>\n\t\t\t\t\t\t\t\t<li class=\"elementor-icon-list-item elementor-inline-item\">\n\t\t\t\t\t\t\t\t\t\t\t<span class=\"elementor-icon-list-icon\">\n\t\t\t\t\t\t\t<i aria-hidden=\"true\" class=\"fas fa-map-marker-alt\"><\/i>\t\t\t\t\t\t<\/span>\n\t\t\t\t\t\t\t\t\t\t<span class=\"elementor-icon-list-text\">9024 GY\u0150R, Szent Imre \u00fat 35.<\/span>\n\t\t\t\t\t\t\t\t\t<\/li>\n\t\t\t\t\t\t<\/ul>\n\t\t\t\t<\/div>\n\t\t\t\t<\/div>\n\t\t\t\t<\/div>\n\t\t<div class=\"elementor-element elementor-element-762efe29 e-con-full e-flex e-con e-child\" data-id=\"762efe29\" data-element_type=\"container\">\n\t\t\t\t<div class=\"elementor-element elementor-element-3f412b75 elementor-search-form--skin-full_screen elementor-widget elementor-widget-search-form\" data-id=\"3f412b75\" data-element_type=\"widget\" data-settings=\"{&quot;skin&quot;:&quot;full_screen&quot;}\" data-widget_type=\"search-form.default\">\n\t\t\t\t<div class=\"elementor-widget-container\">\n\t\t\t<link rel=\"stylesheet\" href=\"https:\/\/www.szentimregyor.hu\/new\/wp-content\/plugins\/elementor-pro\/assets\/css\/widget-theme-elements.min.css\">\t\t<search role=\"search\">\n\t\t\t<form class=\"elementor-search-form\" action=\"https:\/\/www.szentimregyor.hu\/new\" method=\"get\">\n\t\t\t\t\t\t\t\t\t\t\t\t<div class=\"elementor-search-form__toggle\" tabindex=\"0\" role=\"button\">\n\t\t\t\t\t<i aria-hidden=\"true\" class=\"fas fa-search\"><\/i>\t\t\t\t\t<span class=\"elementor-screen-only\">Search<\/span>\n\t\t\t\t<\/div>\n\t\t\t\t\t\t\t\t<div class=\"elementor-search-form__container\">\n\t\t\t\t\t<label class=\"elementor-screen-only\" for=\"elementor-search-form-3f412b75\">Search<\/label>\n\n\t\t\t\t\t\n\t\t\t\t\t<input id=\"elementor-search-form-3f412b75\" placeholder=\"\" class=\"elementor-search-form__input\" type=\"search\" name=\"s\" value=\"\">\n\t\t\t\t\t\n\t\t\t\t\t\n\t\t\t\t\t\t\t\t\t\t<div class=\"dialog-lightbox-close-button dialog-close-button\" role=\"button\" tabindex=\"0\">\n\t\t\t\t\t\t<i aria-hidden=\"true\" class=\"eicon-close\"><\/i>\t\t\t\t\t\t<span class=\"elementor-screen-only\">Close this search box.<\/span>\n\t\t\t\t\t<\/div>\n\t\t\t\t\t\t\t\t\t<\/div>\n\t\t\t<\/form>\n\t\t<\/search>\n\t\t\t\t<\/div>\n\t\t\t\t<\/div>\n\t\t\t\t<div class=\"elementor-element elementor-element-6c456d60 elementor-icon-list--layout-inline elementor-align-right elementor-mobile-align-left elementor-list-item-link-full_width elementor-widget elementor-widget-icon-list\" data-id=\"6c456d60\" data-element_type=\"widget\" data-widget_type=\"icon-list.default\">\n\t\t\t\t<div class=\"elementor-widget-container\">\n\t\t\t\t\t<ul class=\"elementor-icon-list-items elementor-inline-items\">\n\t\t\t\t\t\t\t<li class=\"elementor-icon-list-item elementor-inline-item\">\n\t\t\t\t\t\t\t\t\t\t\t<a href=\"https:\/\/www.facebook.com\/szentimregyor?locale=hu_HU\" target=\"_blank\">\n\n\t\t\t\t\t\t\t\t\t\t\t\t<span class=\"elementor-icon-list-icon\">\n\t\t\t\t\t\t\t<i aria-hidden=\"true\" class=\"fab fa-facebook-f\"><\/i>\t\t\t\t\t\t<\/span>\n\t\t\t\t\t\t\t\t\t\t<span class=\"elementor-icon-list-text\"><\/span>\n\t\t\t\t\t\t\t\t\t\t\t<\/a>\n\t\t\t\t\t\t\t\t\t<\/li>\n\t\t\t\t\t\t\t\t<li class=\"elementor-icon-list-item elementor-inline-item\">\n\t\t\t\t\t\t\t\t\t\t\t<a href=\"https:\/\/www.youtube.com\/@szentimregyor\" target=\"_blank\">\n\n\t\t\t\t\t\t\t\t\t\t\t\t<span class=\"elementor-icon-list-icon\">\n\t\t\t\t\t\t\t<i aria-hidden=\"true\" class=\"fab fa-youtube\"><\/i>\t\t\t\t\t\t<\/span>\n\t\t\t\t\t\t\t\t\t\t<span class=\"elementor-icon-list-text\"><\/span>\n\t\t\t\t\t\t\t\t\t\t\t<\/a>\n\t\t\t\t\t\t\t\t\t<\/li>\n\t\t\t\t\t\t\t\t<li class=\"elementor-icon-list-item elementor-inline-item\">\n\t\t\t\t\t\t\t\t\t\t\t<a href=\"https:\/\/www.flickr.com\/photos\/99929046@N06\/\" target=\"_blank\">\n\n\t\t\t\t\t\t\t\t\t\t\t\t<span class=\"elementor-icon-list-icon\">\n\t\t\t\t\t\t\t<i aria-hidden=\"true\" class=\"fab fa-flickr\"><\/i>\t\t\t\t\t\t<\/span>\n\t\t\t\t\t\t\t\t\t\t<span class=\"elementor-icon-list-text\"><\/span>\n\t\t\t\t\t\t\t\t\t\t\t<\/a>\n\t\t\t\t\t\t\t\t\t<\/li>\n\t\t\t\t\t\t<\/ul>\n\t\t\t\t<\/div>\n\t\t\t\t<\/div>\n\t\t\t\t<\/div>\n\t\t\t\t\t<\/div>\n\t\t\t\t<\/div>\n\t\t<div class=\"elementor-element elementor-element-752df648 e-flex e-con-boxed e-con e-child\" data-id=\"752df648\" data-element_type=\"container\" data-settings=\"{&quot;background_background&quot;:&quot;classic&quot;}\">\n\t\t\t\t\t<div class=\"e-con-inner\">\n\t\t\t\t<div class=\"elementor-element elementor-element-3ad598b7 elementor-hidden-mobile elementor-widget elementor-widget-spacer\" data-id=\"3ad598b7\" data-element_type=\"widget\" data-widget_type=\"spacer.default\">\n\t\t\t\t<div class=\"elementor-widget-container\">\n\t\t\t<style>\/*! elementor - v3.21.0 - 20-05-2024 *\/\n.elementor-column .elementor-spacer-inner{height:var(--spacer-size)}.e-con{--container-widget-width:100%}.e-con-inner>.elementor-widget-spacer,.e-con>.elementor-widget-spacer{width:var(--container-widget-width,var(--spacer-size));--align-self:var(--container-widget-align-self,initial);--flex-shrink:0}.e-con-inner>.elementor-widget-spacer>.elementor-widget-container,.e-con>.elementor-widget-spacer>.elementor-widget-container{height:100%;width:100%}.e-con-inner>.elementor-widget-spacer>.elementor-widget-container>.elementor-spacer,.e-con>.elementor-widget-spacer>.elementor-widget-container>.elementor-spacer{height:100%}.e-con-inner>.elementor-widget-spacer>.elementor-widget-container>.elementor-spacer>.elementor-spacer-inner,.e-con>.elementor-widget-spacer>.elementor-widget-container>.elementor-spacer>.elementor-spacer-inner{height:var(--container-widget-height,var(--spacer-size))}.e-con-inner>.elementor-widget-spacer.elementor-widget-empty,.e-con>.elementor-widget-spacer.elementor-widget-empty{position:relative;min-height:22px;min-width:22px}.e-con-inner>.elementor-widget-spacer.elementor-widget-empty .elementor-widget-empty-icon,.e-con>.elementor-widget-spacer.elementor-widget-empty .elementor-widget-empty-icon{position:absolute;top:0;bottom:0;left:0;right:0;margin:auto;padding:0;width:22px;height:22px}<\/style>\t\t<div class=\"elementor-spacer\">\n\t\t\t<div class=\"elementor-spacer-inner\"><\/div>\n\t\t<\/div>\n\t\t\t\t<\/div>\n\t\t\t\t<\/div>\n\t\t\t\t<div class=\"elementor-element elementor-element-186f0768 elementor-widget elementor-widget-heading\" data-id=\"186f0768\" data-element_type=\"widget\" data-settings=\"{&quot;_animation_mobile&quot;:&quot;none&quot;}\" data-widget_type=\"heading.default\">\n\t\t\t\t<div class=\"elementor-widget-container\">\n\t\t\t<style>\/*! elementor - v3.21.0 - 20-05-2024 *\/\n.elementor-heading-title{padding:0;margin:0;line-height:1}.elementor-widget-heading .elementor-heading-title[class*=elementor-size-]>a{color:inherit;font-size:inherit;line-height:inherit}.elementor-widget-heading .elementor-heading-title.elementor-size-small{font-size:15px}.elementor-widget-heading .elementor-heading-title.elementor-size-medium{font-size:19px}.elementor-widget-heading .elementor-heading-title.elementor-size-large{font-size:29px}.elementor-widget-heading .elementor-heading-title.elementor-size-xl{font-size:39px}.elementor-widget-heading .elementor-heading-title.elementor-size-xxl{font-size:59px}<\/style><h2 class=\"elementor-heading-title elementor-size-default\"><a href=\"https:\/\/www.szentimregyor.hu\/new\/\">Szent Imre Pl\u00e9b\u00e1nia<\/a><\/h2>\t\t<\/div>\n\t\t\t\t<\/div>\n\t\t\t\t<div class=\"elementor-element elementor-element-1dc7b927 elementor-nav-menu__align-center elementor-nav-menu--stretch elementor-nav-menu__text-align-center elementor-nav-menu--dropdown-tablet elementor-nav-menu--toggle elementor-nav-menu--burger elementor-widget elementor-widget-nav-menu\" data-id=\"1dc7b927\" data-element_type=\"widget\" data-settings=\"{&quot;full_width&quot;:&quot;stretch&quot;,&quot;layout&quot;:&quot;horizontal&quot;,&quot;submenu_icon&quot;:{&quot;value&quot;:&quot;&lt;i class=\\&quot;fas fa-caret-down\\&quot;&gt;&lt;\\\/i&gt;&quot;,&quot;library&quot;:&quot;fa-solid&quot;},&quot;toggle&quot;:&quot;burger&quot;}\" data-widget_type=\"nav-menu.default\">\n\t\t\t\t<div class=\"elementor-widget-container\">\n\t\t\t<link rel=\"stylesheet\" href=\"https:\/\/www.szentimregyor.hu\/new\/wp-content\/plugins\/elementor-pro\/assets\/css\/widget-nav-menu.min.css\">\t\t\t<nav class=\"elementor-nav-menu--main elementor-nav-menu__container elementor-nav-menu--layout-horizontal e--pointer-underline e--animation-fade\">\n\t\t\t\t<ul id=\"menu-1-1dc7b927\" class=\"elementor-nav-menu\"><li class=\"menu-item menu-item-type-custom menu-item-object-custom menu-item-has-children menu-item-7864\"><a href=\"#\" class=\"elementor-item elementor-item-anchor\">Templomunk<\/a>\n<ul class=\"sub-menu elementor-nav-menu--dropdown\">\n\t<li class=\"menu-item menu-item-type-post_type menu-item-object-page menu-item-748\"><a href=\"https:\/\/www.szentimregyor.hu\/new\/templomunk-tortenete\/\" class=\"elementor-sub-item\">Templomunk t\u00f6rt\u00e9nete<\/a><\/li>\n\t<li class=\"menu-item menu-item-type-post_type menu-item-object-page menu-item-749\"><a href=\"https:\/\/www.szentimregyor.hu\/new\/templomunk-muveszeti-ertekei\/\" class=\"elementor-sub-item\">Templomunk m\u0171v\u00e9szeti \u00e9rt\u00e9kei<\/a><\/li>\n\t<li class=\"menu-item menu-item-type-post_type menu-item-object-page menu-item-2854\"><a href=\"https:\/\/www.szentimregyor.hu\/new\/vedoszentunk-szent-imre\/\" class=\"elementor-sub-item\">V\u00e9d\u0151szent\u00fcnk, Szent Imre<\/a><\/li>\n\t<li class=\"menu-item menu-item-type-post_type menu-item-object-page menu-item-3708\"><a href=\"https:\/\/www.szentimregyor.hu\/new\/templomunk\/boldog-apor-vilmos-templomszentelo-beszede\/\" class=\"elementor-sub-item\">Templomszentel\u0151 besz\u00e9d<\/a><\/li>\n<\/ul>\n<\/li>\n<li class=\"menu-item menu-item-type-custom menu-item-object-custom menu-item-has-children menu-item-7863\"><a href=\"#\" class=\"elementor-item elementor-item-anchor\">H\u00edrek, Napt\u00e1r<\/a>\n<ul class=\"sub-menu elementor-nav-menu--dropdown\">\n\t<li class=\"menu-item menu-item-type-post_type menu-item-object-page menu-item-7862\"><a href=\"https:\/\/www.szentimregyor.hu\/new\/naptar\/\" class=\"elementor-sub-item\">Napt\u00e1r<\/a><\/li>\n\t<li class=\"menu-item menu-item-type-post_type menu-item-object-page menu-item-6263\"><a href=\"https:\/\/www.szentimregyor.hu\/new\/hirdetesek\/\" class=\"elementor-sub-item\">Heti hirdet\u00e9sek<\/a><\/li>\n\t<li class=\"menu-item menu-item-type-post_type menu-item-object-page menu-item-6262\"><a href=\"https:\/\/www.szentimregyor.hu\/new\/hirfolyam\/\" class=\"elementor-sub-item\">H\u00edrfolyam<\/a><\/li>\n<\/ul>\n<\/li>\n<li class=\"menu-item menu-item-type-post_type menu-item-object-page menu-item-121\"><a href=\"https:\/\/www.szentimregyor.hu\/new\/miserend\/\" class=\"elementor-item\">Miserend<\/a><\/li>\n<li class=\"menu-item menu-item-type-post_type menu-item-object-page menu-item-has-children menu-item-130\"><a href=\"https:\/\/www.szentimregyor.hu\/new\/kapcsolat\/\" class=\"elementor-item\">Kapcsolat<\/a>\n<ul class=\"sub-menu elementor-nav-menu--dropdown\">\n\t<li class=\"menu-item menu-item-type-post_type menu-item-object-page menu-item-14288\"><a href=\"https:\/\/www.szentimregyor.hu\/new\/kapcsolat\/iroda\/\" class=\"elementor-sub-item\">Iroda<\/a><\/li>\n\t<li class=\"menu-item menu-item-type-post_type menu-item-object-page menu-item-6301\"><a href=\"https:\/\/www.szentimregyor.hu\/new\/kapcsolat\/hirlevel\/\" class=\"elementor-sub-item\">H\u00edrlev\u00e9l<\/a><\/li>\n\t<li class=\"menu-item menu-item-type-post_type menu-item-object-page menu-item-5988\"><a href=\"https:\/\/www.szentimregyor.hu\/new\/gyori-szent-imre-alapitvany\/\" class=\"elementor-sub-item\">Gy\u0151ri Szent Imre Alap\u00edtv\u00e1ny<\/a><\/li>\n<\/ul>\n<\/li>\n<li class=\"menu-item menu-item-type-post_type menu-item-object-page menu-item-has-children menu-item-139\"><a href=\"https:\/\/www.szentimregyor.hu\/new\/galeria\/\" class=\"elementor-item\">Gal\u00e9ria<\/a>\n<ul class=\"sub-menu elementor-nav-menu--dropdown\">\n\t<li class=\"menu-item menu-item-type-post_type menu-item-object-page menu-item-27314\"><a href=\"https:\/\/www.szentimregyor.hu\/new\/galeria\/galeria-2026\/\" class=\"elementor-sub-item\">2026<\/a><\/li>\n\t<li class=\"menu-item menu-item-type-post_type menu-item-object-page menu-item-21719\"><a href=\"https:\/\/www.szentimregyor.hu\/new\/galeria\/galeria-2025\/\" class=\"elementor-sub-item\">2025<\/a><\/li>\n\t<li class=\"menu-item menu-item-type-post_type menu-item-object-page menu-item-10943\"><a href=\"https:\/\/www.szentimregyor.hu\/new\/galeria\/galeria-2024\/\" class=\"elementor-sub-item\">2024<\/a><\/li>\n\t<li class=\"menu-item menu-item-type-post_type menu-item-object-page menu-item-3734\"><a href=\"https:\/\/www.szentimregyor.hu\/new\/galeria\/galeria-2023\/\" class=\"elementor-sub-item\">2023<\/a><\/li>\n\t<li class=\"menu-item menu-item-type-post_type menu-item-object-page menu-item-6591\"><a href=\"https:\/\/www.szentimregyor.hu\/new\/galeria\/galeria-2022\/\" class=\"elementor-sub-item\">2022<\/a><\/li>\n\t<li class=\"menu-item menu-item-type-post_type menu-item-object-page menu-item-8384\"><a href=\"https:\/\/www.szentimregyor.hu\/new\/galeria\/galeria-2021\/\" class=\"elementor-sub-item\">2021<\/a><\/li>\n\t<li class=\"menu-item menu-item-type-post_type menu-item-object-page menu-item-10837\"><a href=\"https:\/\/www.szentimregyor.hu\/new\/galeria\/galeria-2020\/\" class=\"elementor-sub-item\">2020<\/a><\/li>\n\t<li class=\"menu-item menu-item-type-post_type menu-item-object-page menu-item-11155\"><a href=\"https:\/\/www.szentimregyor.hu\/new\/galeria\/galeria-2019\/\" class=\"elementor-sub-item\">2019<\/a><\/li>\n\t<li class=\"menu-item menu-item-type-post_type menu-item-object-page menu-item-16174\"><a href=\"https:\/\/www.szentimregyor.hu\/new\/galeria\/galeria-2018\/\" class=\"elementor-sub-item\">2018<\/a><\/li>\n\t<li class=\"menu-item menu-item-type-post_type menu-item-object-page menu-item-22065\"><a href=\"https:\/\/www.szentimregyor.hu\/new\/galeria\/galeria-2017\/\" class=\"elementor-sub-item\">2017<\/a><\/li>\n\t<li class=\"menu-item menu-item-type-post_type menu-item-object-page menu-item-26413\"><a href=\"https:\/\/www.szentimregyor.hu\/new\/galeria\/galeria-2016\/\" class=\"elementor-sub-item\">2016<\/a><\/li>\n\t<li class=\"menu-item menu-item-type-post_type menu-item-object-page menu-item-7957\"><a href=\"https:\/\/www.szentimregyor.hu\/new\/galeria\/orgona-galeria\/\" class=\"elementor-sub-item\">Orgona<\/a><\/li>\n<\/ul>\n<\/li>\n<li class=\"menu-item menu-item-type-post_type menu-item-object-page menu-item-has-children menu-item-145\"><a href=\"https:\/\/www.szentimregyor.hu\/new\/egyhazkozseg\/\" class=\"elementor-item\">Egyh\u00e1zk\u00f6zs\u00e9g\u00fcnk<\/a>\n<ul class=\"sub-menu elementor-nav-menu--dropdown\">\n\t<li class=\"menu-item menu-item-type-post_type menu-item-object-page menu-item-6003\"><a href=\"https:\/\/www.szentimregyor.hu\/new\/egyhazkozseg\/lelkipasztorok\/\" class=\"elementor-sub-item\">Lelkip\u00e1sztorok<\/a><\/li>\n\t<li class=\"menu-item menu-item-type-post_type menu-item-object-page menu-item-28653\"><a href=\"https:\/\/www.szentimregyor.hu\/new\/egyhazkozseg\/plebaniai-tanacsado-testulet\/\" class=\"elementor-sub-item\">Pl\u00e9b\u00e1niai Tan\u00e1csad\u00f3 Test\u00fclet<\/a><\/li>\n\t<li class=\"menu-item menu-item-type-post_type menu-item-object-page menu-item-has-children menu-item-6044\"><a href=\"https:\/\/www.szentimregyor.hu\/new\/egyhazkozseg\/egyhazzene\/\" class=\"elementor-sub-item\">Egyh\u00e1zzene<\/a>\n\t<ul class=\"sub-menu elementor-nav-menu--dropdown\">\n\t\t<li class=\"menu-item menu-item-type-post_type menu-item-object-page menu-item-6371\"><a href=\"https:\/\/www.szentimregyor.hu\/new\/egyhazkozseg\/egyhazzene\/kantorok\/\" class=\"elementor-sub-item\">K\u00e1ntorok<\/a><\/li>\n\t\t<li class=\"menu-item menu-item-type-post_type menu-item-object-page menu-item-6372\"><a href=\"https:\/\/www.szentimregyor.hu\/new\/egyhazkozseg\/egyhazzene\/schola\/\" class=\"elementor-sub-item\">Schola Emericana<\/a><\/li>\n\t\t<li class=\"menu-item menu-item-type-post_type menu-item-object-page menu-item-6373\"><a href=\"https:\/\/www.szentimregyor.hu\/new\/egyhazkozseg\/egyhazzene\/orgona\/\" class=\"elementor-sub-item\">Orgona<\/a><\/li>\n\t<\/ul>\n<\/li>\n\t<li class=\"menu-item menu-item-type-post_type menu-item-object-page menu-item-6022\"><a href=\"https:\/\/www.szentimregyor.hu\/new\/egyhazkozseg\/lectio-divina\/\" class=\"elementor-sub-item\">Lectio Divina<\/a><\/li>\n\t<li class=\"menu-item menu-item-type-post_type menu-item-object-page menu-item-6033\"><a href=\"https:\/\/www.szentimregyor.hu\/new\/egyhazkozseg\/bibliakor\/\" class=\"elementor-sub-item\">Bibliak\u00f6r<\/a><\/li>\n\t<li class=\"menu-item menu-item-type-post_type menu-item-object-page menu-item-6068\"><a href=\"https:\/\/www.szentimregyor.hu\/new\/egyhazkozseg\/itt-az-ido\/\" class=\"elementor-sub-item\">Itt az id\u0151<\/a><\/li>\n<\/ul>\n<\/li>\n<\/ul>\t\t\t<\/nav>\n\t\t\t\t\t<div class=\"elementor-menu-toggle\" role=\"button\" tabindex=\"0\" aria-label=\"Menu Toggle\" aria-expanded=\"false\">\n\t\t\t<i aria-hidden=\"true\" role=\"presentation\" class=\"elementor-menu-toggle__icon--open eicon-menu-bar\"><\/i><i aria-hidden=\"true\" role=\"presentation\" class=\"elementor-menu-toggle__icon--close eicon-close\"><\/i>\t\t\t<span class=\"elementor-screen-only\">Menu<\/span>\n\t\t<\/div>\n\t\t\t\t\t<nav class=\"elementor-nav-menu--dropdown elementor-nav-menu__container\" aria-hidden=\"true\">\n\t\t\t\t<ul id=\"menu-2-1dc7b927\" class=\"elementor-nav-menu\"><li class=\"menu-item menu-item-type-custom menu-item-object-custom menu-item-has-children menu-item-7864\"><a href=\"#\" class=\"elementor-item elementor-item-anchor\" tabindex=\"-1\">Templomunk<\/a>\n<ul class=\"sub-menu elementor-nav-menu--dropdown\">\n\t<li class=\"menu-item menu-item-type-post_type menu-item-object-page menu-item-748\"><a href=\"https:\/\/www.szentimregyor.hu\/new\/templomunk-tortenete\/\" class=\"elementor-sub-item\" tabindex=\"-1\">Templomunk t\u00f6rt\u00e9nete<\/a><\/li>\n\t<li class=\"menu-item menu-item-type-post_type menu-item-object-page menu-item-749\"><a href=\"https:\/\/www.szentimregyor.hu\/new\/templomunk-muveszeti-ertekei\/\" class=\"elementor-sub-item\" tabindex=\"-1\">Templomunk m\u0171v\u00e9szeti \u00e9rt\u00e9kei<\/a><\/li>\n\t<li class=\"menu-item menu-item-type-post_type menu-item-object-page menu-item-2854\"><a href=\"https:\/\/www.szentimregyor.hu\/new\/vedoszentunk-szent-imre\/\" class=\"elementor-sub-item\" tabindex=\"-1\">V\u00e9d\u0151szent\u00fcnk, Szent Imre<\/a><\/li>\n\t<li class=\"menu-item menu-item-type-post_type menu-item-object-page menu-item-3708\"><a href=\"https:\/\/www.szentimregyor.hu\/new\/templomunk\/boldog-apor-vilmos-templomszentelo-beszede\/\" class=\"elementor-sub-item\" tabindex=\"-1\">Templomszentel\u0151 besz\u00e9d<\/a><\/li>\n<\/ul>\n<\/li>\n<li class=\"menu-item menu-item-type-custom menu-item-object-custom menu-item-has-children menu-item-7863\"><a href=\"#\" class=\"elementor-item elementor-item-anchor\" tabindex=\"-1\">H\u00edrek, Napt\u00e1r<\/a>\n<ul class=\"sub-menu elementor-nav-menu--dropdown\">\n\t<li class=\"menu-item menu-item-type-post_type menu-item-object-page menu-item-7862\"><a href=\"https:\/\/www.szentimregyor.hu\/new\/naptar\/\" class=\"elementor-sub-item\" tabindex=\"-1\">Napt\u00e1r<\/a><\/li>\n\t<li class=\"menu-item menu-item-type-post_type menu-item-object-page menu-item-6263\"><a href=\"https:\/\/www.szentimregyor.hu\/new\/hirdetesek\/\" class=\"elementor-sub-item\" tabindex=\"-1\">Heti hirdet\u00e9sek<\/a><\/li>\n\t<li class=\"menu-item menu-item-type-post_type menu-item-object-page menu-item-6262\"><a href=\"https:\/\/www.szentimregyor.hu\/new\/hirfolyam\/\" class=\"elementor-sub-item\" tabindex=\"-1\">H\u00edrfolyam<\/a><\/li>\n<\/ul>\n<\/li>\n<li class=\"menu-item menu-item-type-post_type menu-item-object-page menu-item-121\"><a href=\"https:\/\/www.szentimregyor.hu\/new\/miserend\/\" class=\"elementor-item\" tabindex=\"-1\">Miserend<\/a><\/li>\n<li class=\"menu-item menu-item-type-post_type menu-item-object-page menu-item-has-children menu-item-130\"><a href=\"https:\/\/www.szentimregyor.hu\/new\/kapcsolat\/\" class=\"elementor-item\" tabindex=\"-1\">Kapcsolat<\/a>\n<ul class=\"sub-menu elementor-nav-menu--dropdown\">\n\t<li class=\"menu-item menu-item-type-post_type menu-item-object-page menu-item-14288\"><a href=\"https:\/\/www.szentimregyor.hu\/new\/kapcsolat\/iroda\/\" class=\"elementor-sub-item\" tabindex=\"-1\">Iroda<\/a><\/li>\n\t<li class=\"menu-item menu-item-type-post_type menu-item-object-page menu-item-6301\"><a href=\"https:\/\/www.szentimregyor.hu\/new\/kapcsolat\/hirlevel\/\" class=\"elementor-sub-item\" tabindex=\"-1\">H\u00edrlev\u00e9l<\/a><\/li>\n\t<li class=\"menu-item menu-item-type-post_type menu-item-object-page menu-item-5988\"><a href=\"https:\/\/www.szentimregyor.hu\/new\/gyori-szent-imre-alapitvany\/\" class=\"elementor-sub-item\" tabindex=\"-1\">Gy\u0151ri Szent Imre Alap\u00edtv\u00e1ny<\/a><\/li>\n<\/ul>\n<\/li>\n<li class=\"menu-item menu-item-type-post_type menu-item-object-page menu-item-has-children menu-item-139\"><a href=\"https:\/\/www.szentimregyor.hu\/new\/galeria\/\" class=\"elementor-item\" tabindex=\"-1\">Gal\u00e9ria<\/a>\n<ul class=\"sub-menu elementor-nav-menu--dropdown\">\n\t<li class=\"menu-item menu-item-type-post_type menu-item-object-page menu-item-27314\"><a href=\"https:\/\/www.szentimregyor.hu\/new\/galeria\/galeria-2026\/\" class=\"elementor-sub-item\" tabindex=\"-1\">2026<\/a><\/li>\n\t<li class=\"menu-item menu-item-type-post_type menu-item-object-page menu-item-21719\"><a href=\"https:\/\/www.szentimregyor.hu\/new\/galeria\/galeria-2025\/\" class=\"elementor-sub-item\" tabindex=\"-1\">2025<\/a><\/li>\n\t<li class=\"menu-item menu-item-type-post_type menu-item-object-page menu-item-10943\"><a href=\"https:\/\/www.szentimregyor.hu\/new\/galeria\/galeria-2024\/\" class=\"elementor-sub-item\" tabindex=\"-1\">2024<\/a><\/li>\n\t<li class=\"menu-item menu-item-type-post_type menu-item-object-page menu-item-3734\"><a href=\"https:\/\/www.szentimregyor.hu\/new\/galeria\/galeria-2023\/\" class=\"elementor-sub-item\" tabindex=\"-1\">2023<\/a><\/li>\n\t<li class=\"menu-item menu-item-type-post_type menu-item-object-page menu-item-6591\"><a href=\"https:\/\/www.szentimregyor.hu\/new\/galeria\/galeria-2022\/\" class=\"elementor-sub-item\" tabindex=\"-1\">2022<\/a><\/li>\n\t<li class=\"menu-item menu-item-type-post_type menu-item-object-page menu-item-8384\"><a href=\"https:\/\/www.szentimregyor.hu\/new\/galeria\/galeria-2021\/\" class=\"elementor-sub-item\" tabindex=\"-1\">2021<\/a><\/li>\n\t<li class=\"menu-item menu-item-type-post_type menu-item-object-page menu-item-10837\"><a href=\"https:\/\/www.szentimregyor.hu\/new\/galeria\/galeria-2020\/\" class=\"elementor-sub-item\" tabindex=\"-1\">2020<\/a><\/li>\n\t<li class=\"menu-item menu-item-type-post_type menu-item-object-page menu-item-11155\"><a href=\"https:\/\/www.szentimregyor.hu\/new\/galeria\/galeria-2019\/\" class=\"elementor-sub-item\" tabindex=\"-1\">2019<\/a><\/li>\n\t<li class=\"menu-item menu-item-type-post_type menu-item-object-page menu-item-16174\"><a href=\"https:\/\/www.szentimregyor.hu\/new\/galeria\/galeria-2018\/\" class=\"elementor-sub-item\" tabindex=\"-1\">2018<\/a><\/li>\n\t<li class=\"menu-item menu-item-type-post_type menu-item-object-page menu-item-22065\"><a href=\"https:\/\/www.szentimregyor.hu\/new\/galeria\/galeria-2017\/\" class=\"elementor-sub-item\" tabindex=\"-1\">2017<\/a><\/li>\n\t<li class=\"menu-item menu-item-type-post_type menu-item-object-page menu-item-26413\"><a href=\"https:\/\/www.szentimregyor.hu\/new\/galeria\/galeria-2016\/\" class=\"elementor-sub-item\" tabindex=\"-1\">2016<\/a><\/li>\n\t<li class=\"menu-item menu-item-type-post_type menu-item-object-page menu-item-7957\"><a href=\"https:\/\/www.szentimregyor.hu\/new\/galeria\/orgona-galeria\/\" class=\"elementor-sub-item\" tabindex=\"-1\">Orgona<\/a><\/li>\n<\/ul>\n<\/li>\n<li class=\"menu-item menu-item-type-post_type menu-item-object-page menu-item-has-children menu-item-145\"><a href=\"https:\/\/www.szentimregyor.hu\/new\/egyhazkozseg\/\" class=\"elementor-item\" tabindex=\"-1\">Egyh\u00e1zk\u00f6zs\u00e9g\u00fcnk<\/a>\n<ul class=\"sub-menu elementor-nav-menu--dropdown\">\n\t<li class=\"menu-item menu-item-type-post_type menu-item-object-page menu-item-6003\"><a href=\"https:\/\/www.szentimregyor.hu\/new\/egyhazkozseg\/lelkipasztorok\/\" class=\"elementor-sub-item\" tabindex=\"-1\">Lelkip\u00e1sztorok<\/a><\/li>\n\t<li class=\"menu-item menu-item-type-post_type menu-item-object-page menu-item-28653\"><a href=\"https:\/\/www.szentimregyor.hu\/new\/egyhazkozseg\/plebaniai-tanacsado-testulet\/\" class=\"elementor-sub-item\" tabindex=\"-1\">Pl\u00e9b\u00e1niai Tan\u00e1csad\u00f3 Test\u00fclet<\/a><\/li>\n\t<li class=\"menu-item menu-item-type-post_type menu-item-object-page menu-item-has-children menu-item-6044\"><a href=\"https:\/\/www.szentimregyor.hu\/new\/egyhazkozseg\/egyhazzene\/\" class=\"elementor-sub-item\" tabindex=\"-1\">Egyh\u00e1zzene<\/a>\n\t<ul class=\"sub-menu elementor-nav-menu--dropdown\">\n\t\t<li class=\"menu-item menu-item-type-post_type menu-item-object-page menu-item-6371\"><a href=\"https:\/\/www.szentimregyor.hu\/new\/egyhazkozseg\/egyhazzene\/kantorok\/\" class=\"elementor-sub-item\" tabindex=\"-1\">K\u00e1ntorok<\/a><\/li>\n\t\t<li class=\"menu-item menu-item-type-post_type menu-item-object-page menu-item-6372\"><a href=\"https:\/\/www.szentimregyor.hu\/new\/egyhazkozseg\/egyhazzene\/schola\/\" class=\"elementor-sub-item\" tabindex=\"-1\">Schola Emericana<\/a><\/li>\n\t\t<li class=\"menu-item menu-item-type-post_type menu-item-object-page menu-item-6373\"><a href=\"https:\/\/www.szentimregyor.hu\/new\/egyhazkozseg\/egyhazzene\/orgona\/\" class=\"elementor-sub-item\" tabindex=\"-1\">Orgona<\/a><\/li>\n\t<\/ul>\n<\/li>\n\t<li class=\"menu-item menu-item-type-post_type menu-item-object-page menu-item-6022\"><a href=\"https:\/\/www.szentimregyor.hu\/new\/egyhazkozseg\/lectio-divina\/\" class=\"elementor-sub-item\" tabindex=\"-1\">Lectio Divina<\/a><\/li>\n\t<li class=\"menu-item menu-item-type-post_type menu-item-object-page menu-item-6033\"><a href=\"https:\/\/www.szentimregyor.hu\/new\/egyhazkozseg\/bibliakor\/\" class=\"elementor-sub-item\" tabindex=\"-1\">Bibliak\u00f6r<\/a><\/li>\n\t<li class=\"menu-item menu-item-type-post_type menu-item-object-page menu-item-6068\"><a href=\"https:\/\/www.szentimregyor.hu\/new\/egyhazkozseg\/itt-az-ido\/\" class=\"elementor-sub-item\" tabindex=\"-1\">Itt az id\u0151<\/a><\/li>\n<\/ul>\n<\/li>\n<\/ul>\t\t\t<\/nav>\n\t\t\t\t<\/div>\n\t\t\t\t<\/div>\n\t\t\t\t\t<\/div>\n\t\t\t\t<\/div>\n\t\t\t\t<\/div>\n\t\t<div class=\"elementor-element elementor-element-1375fba9 e-flex e-con-boxed e-con e-parent\" data-id=\"1375fba9\" data-element_type=\"container\">\n\t\t\t\t\t<div class=\"e-con-inner\">\n\t\t\t\t<div class=\"elementor-element elementor-element-17222a1c elementor-widget elementor-widget-spacer\" data-id=\"17222a1c\" data-element_type=\"widget\" data-widget_type=\"spacer.default\">\n\t\t\t\t<div class=\"elementor-widget-container\">\n\t\t\t\t\t<div class=\"elementor-spacer\">\n\t\t\t<div class=\"elementor-spacer-inner\"><\/div>\n\t\t<\/div>\n\t\t\t\t<\/div>\n\t\t\t\t<\/div>\n\t\t\t\t\t<\/div>\n\t\t\t\t<\/div>\n\t\t<div class=\"elementor-element elementor-element-52fcfdd0 e-flex e-con-boxed e-con e-parent\" data-id=\"52fcfdd0\" data-element_type=\"container\">\n\t\t\t\t\t<div class=\"e-con-inner\">\n\t\t\t\t<div class=\"elementor-element elementor-element-5f79d170 elementor-invisible elementor-widget elementor-widget-heading\" data-id=\"5f79d170\" data-element_type=\"widget\" data-settings=\"{&quot;_animation&quot;:&quot;fadeInUp&quot;}\" data-widget_type=\"heading.default\">\n\t\t\t\t<div class=\"elementor-widget-container\">\n\t\t\t<h2 class=\"elementor-heading-title elementor-size-default\">Gal\u00e9ria 2018.<\/h2>\t\t<\/div>\n\t\t\t\t<\/div>\n\t\t\t\t\t<\/div>\n\t\t\t\t<\/div>\n\t\t<div class=\"elementor-element elementor-element-69a55f3e e-flex e-con-boxed e-con e-parent\" data-id=\"69a55f3e\" data-element_type=\"container\">\n\t\t\t\t\t<div class=\"e-con-inner\">\n\t\t\t\t<div class=\"elementor-element elementor-element-5665e76c elementor-widget elementor-widget-spacer\" data-id=\"5665e76c\" data-element_type=\"widget\" data-widget_type=\"spacer.default\">\n\t\t\t\t<div class=\"elementor-widget-container\">\n\t\t\t\t\t<div class=\"elementor-spacer\">\n\t\t\t<div class=\"elementor-spacer-inner\"><\/div>\n\t\t<\/div>\n\t\t\t\t<\/div>\n\t\t\t\t<\/div>\n\t\t\t\t\t<\/div>\n\t\t\t\t<\/div>\n\t\t<div class=\"elementor-element elementor-element-5402a9a7 e-flex e-con-boxed elementor-invisible e-con e-parent\" data-id=\"5402a9a7\" data-element_type=\"container\" data-settings=\"{&quot;animation&quot;:&quot;fadeInUp&quot;}\">\n\t\t\t\t\t<div class=\"e-con-inner\">\n\t\t\t\t<div class=\"elementor-element elementor-element-7fee255d elementor-position-top elementor-widget elementor-widget-image-box\" data-id=\"7fee255d\" data-element_type=\"widget\" data-widget_type=\"image-box.default\">\n\t\t\t\t<div class=\"elementor-widget-container\">\n\t\t\t<style>\/*! elementor - v3.21.0 - 20-05-2024 *\/\n.elementor-widget-image-box .elementor-image-box-content{width:100%}@media (min-width:768px){.elementor-widget-image-box.elementor-position-left .elementor-image-box-wrapper,.elementor-widget-image-box.elementor-position-right .elementor-image-box-wrapper{display:flex}.elementor-widget-image-box.elementor-position-right .elementor-image-box-wrapper{text-align:end;flex-direction:row-reverse}.elementor-widget-image-box.elementor-position-left .elementor-image-box-wrapper{text-align:start;flex-direction:row}.elementor-widget-image-box.elementor-position-top .elementor-image-box-img{margin:auto}.elementor-widget-image-box.elementor-vertical-align-top .elementor-image-box-wrapper{align-items:flex-start}.elementor-widget-image-box.elementor-vertical-align-middle .elementor-image-box-wrapper{align-items:center}.elementor-widget-image-box.elementor-vertical-align-bottom .elementor-image-box-wrapper{align-items:flex-end}}@media (max-width:767px){.elementor-widget-image-box .elementor-image-box-img{margin-left:auto!important;margin-right:auto!important;margin-bottom:15px}}.elementor-widget-image-box .elementor-image-box-img{display:inline-block}.elementor-widget-image-box .elementor-image-box-title a{color:inherit}.elementor-widget-image-box .elementor-image-box-wrapper{text-align:center}.elementor-widget-image-box .elementor-image-box-description{margin:0}<\/style><div class=\"elementor-image-box-wrapper\"><figure class=\"elementor-image-box-img\"><a href=\"https:\/\/www.szentimregyor.hu\/new\/galeria\/galeria-2018\/2018-pasztorjatek\/\" tabindex=\"-1\"><img fetchpriority=\"high\" decoding=\"async\" width=\"1800\" height=\"1200\" src=\"https:\/\/www.szentimregyor.hu\/new\/wp-content\/uploads\/2024\/11\/181224pasztorjatek084.jpg\" class=\"attachment-full size-full wp-image-21397\" alt=\"181224pasztorjatek084\" srcset=\"https:\/\/www.szentimregyor.hu\/new\/wp-content\/uploads\/2024\/11\/181224pasztorjatek084.jpg 1800w, https:\/\/www.szentimregyor.hu\/new\/wp-content\/uploads\/2024\/11\/181224pasztorjatek084-300x200.jpg 300w, https:\/\/www.szentimregyor.hu\/new\/wp-content\/uploads\/2024\/11\/181224pasztorjatek084-1024x683.jpg 1024w, https:\/\/www.szentimregyor.hu\/new\/wp-content\/uploads\/2024\/11\/181224pasztorjatek084-768x512.jpg 768w, https:\/\/www.szentimregyor.hu\/new\/wp-content\/uploads\/2024\/11\/181224pasztorjatek084-1536x1024.jpg 1536w\" sizes=\"(max-width: 1800px) 100vw, 1800px\" \/><\/a><\/figure><div class=\"elementor-image-box-content\"><h3 class=\"elementor-image-box-title\"><a href=\"https:\/\/www.szentimregyor.hu\/new\/galeria\/galeria-2018\/2018-pasztorjatek\/\"><i>P\u00e1sztorj\u00e1t\u00e9k<\/a><\/h3><p class=\"elementor-image-box-description\"><i>2018. december 24.<br>(Fot\u00f3: Vaday Tam\u00e1s)<\/i><\/p><\/div><\/div>\t\t<\/div>\n\t\t\t\t<\/div>\n\t\t\t\t<div class=\"elementor-element elementor-element-3182c2e7 elementor-widget elementor-widget-spacer\" data-id=\"3182c2e7\" data-element_type=\"widget\" data-widget_type=\"spacer.default\">\n\t\t\t\t<div class=\"elementor-widget-container\">\n\t\t\t\t\t<div class=\"elementor-spacer\">\n\t\t\t<div class=\"elementor-spacer-inner\"><\/div>\n\t\t<\/div>\n\t\t\t\t<\/div>\n\t\t\t\t<\/div>\n\t\t\t\t\t<\/div>\n\t\t\t\t<\/div>\n\t\t<div class=\"elementor-element elementor-element-3ee33aa e-flex e-con-boxed elementor-invisible e-con e-parent\" data-id=\"3ee33aa\" data-element_type=\"container\" data-settings=\"{&quot;animation&quot;:&quot;fadeInUp&quot;}\">\n\t\t\t\t\t<div class=\"e-con-inner\">\n\t\t\t\t<div class=\"elementor-element elementor-element-ce99e83 elementor-position-top elementor-widget elementor-widget-image-box\" data-id=\"ce99e83\" data-element_type=\"widget\" data-widget_type=\"image-box.default\">\n\t\t\t\t<div class=\"elementor-widget-container\">\n\t\t\t<div class=\"elementor-image-box-wrapper\"><figure class=\"elementor-image-box-img\"><a href=\"https:\/\/www.szentimregyor.hu\/new\/galeria\/galeria-2018\/2018-mikulas-a-szent-imre-templomban\/\" tabindex=\"-1\"><img decoding=\"async\" width=\"1800\" height=\"1200\" src=\"https:\/\/www.szentimregyor.hu\/new\/wp-content\/uploads\/2024\/11\/181208Mikulas047.jpg\" class=\"attachment-full size-full wp-image-21225\" alt=\"181208Mikulas047\" srcset=\"https:\/\/www.szentimregyor.hu\/new\/wp-content\/uploads\/2024\/11\/181208Mikulas047.jpg 1800w, https:\/\/www.szentimregyor.hu\/new\/wp-content\/uploads\/2024\/11\/181208Mikulas047-300x200.jpg 300w, https:\/\/www.szentimregyor.hu\/new\/wp-content\/uploads\/2024\/11\/181208Mikulas047-1024x683.jpg 1024w, https:\/\/www.szentimregyor.hu\/new\/wp-content\/uploads\/2024\/11\/181208Mikulas047-768x512.jpg 768w, https:\/\/www.szentimregyor.hu\/new\/wp-content\/uploads\/2024\/11\/181208Mikulas047-1536x1024.jpg 1536w\" sizes=\"(max-width: 1800px) 100vw, 1800px\" \/><\/a><\/figure><div class=\"elementor-image-box-content\"><h3 class=\"elementor-image-box-title\"><a href=\"https:\/\/www.szentimregyor.hu\/new\/galeria\/galeria-2018\/2018-mikulas-a-szent-imre-templomban\/\"><i>Mikul\u00e1s a Szent Imre templomban<\/a><\/h3><p class=\"elementor-image-box-description\"><i>2018. december 8.<br>(Fot\u00f3: Bogd\u00e1n R\u00e9ka)<\/i><\/p><\/div><\/div>\t\t<\/div>\n\t\t\t\t<\/div>\n\t\t\t\t<div class=\"elementor-element elementor-element-6a77bd3 elementor-widget elementor-widget-spacer\" data-id=\"6a77bd3\" data-element_type=\"widget\" data-widget_type=\"spacer.default\">\n\t\t\t\t<div class=\"elementor-widget-container\">\n\t\t\t\t\t<div class=\"elementor-spacer\">\n\t\t\t<div class=\"elementor-spacer-inner\"><\/div>\n\t\t<\/div>\n\t\t\t\t<\/div>\n\t\t\t\t<\/div>\n\t\t\t\t\t<\/div>\n\t\t\t\t<\/div>\n\t\t<div class=\"elementor-element elementor-element-362b09e e-flex e-con-boxed elementor-invisible e-con e-parent\" data-id=\"362b09e\" data-element_type=\"container\" data-settings=\"{&quot;animation&quot;:&quot;fadeInUp&quot;}\">\n\t\t\t\t\t<div class=\"e-con-inner\">\n\t\t\t\t<div class=\"elementor-element elementor-element-5b6827d elementor-position-top elementor-widget elementor-widget-image-box\" data-id=\"5b6827d\" data-element_type=\"widget\" data-widget_type=\"image-box.default\">\n\t\t\t\t<div class=\"elementor-widget-container\">\n\t\t\t<div class=\"elementor-image-box-wrapper\"><figure class=\"elementor-image-box-img\"><a href=\"https:\/\/www.szentimregyor.hu\/new\/galeria\/galeria-2018\/2018-xii-gyori-katolikus-ifjusagi-talalkozo\/\" tabindex=\"-1\"><img decoding=\"async\" width=\"1800\" height=\"1200\" src=\"https:\/\/www.szentimregyor.hu\/new\/wp-content\/uploads\/2024\/11\/181110Ifitali-VT039.jpg\" class=\"attachment-full size-full wp-image-21080\" alt=\"\" srcset=\"https:\/\/www.szentimregyor.hu\/new\/wp-content\/uploads\/2024\/11\/181110Ifitali-VT039.jpg 1800w, https:\/\/www.szentimregyor.hu\/new\/wp-content\/uploads\/2024\/11\/181110Ifitali-VT039-300x200.jpg 300w, https:\/\/www.szentimregyor.hu\/new\/wp-content\/uploads\/2024\/11\/181110Ifitali-VT039-1024x683.jpg 1024w, https:\/\/www.szentimregyor.hu\/new\/wp-content\/uploads\/2024\/11\/181110Ifitali-VT039-768x512.jpg 768w, https:\/\/www.szentimregyor.hu\/new\/wp-content\/uploads\/2024\/11\/181110Ifitali-VT039-1536x1024.jpg 1536w\" sizes=\"(max-width: 1800px) 100vw, 1800px\" \/><\/a><\/figure><div class=\"elementor-image-box-content\"><h3 class=\"elementor-image-box-title\"><a href=\"https:\/\/www.szentimregyor.hu\/new\/galeria\/galeria-2018\/2018-xii-gyori-katolikus-ifjusagi-talalkozo\/\"><i>XII. Gy\u0151ri Katolikus Ifj\u00fas\u00e1gi Tal\u00e1lkoz\u00f3<\/a><\/h3><p class=\"elementor-image-box-description\"><i>2018. november 10.<br>(Fot\u00f3: Harasztin\u00e9 B\u00e1rsonyosi \u00c1gnes, Szentm\u00e1rtoni-Bors\u00f3 Bence, Vaday Tam\u00e1s)<\/i><\/p><\/div><\/div>\t\t<\/div>\n\t\t\t\t<\/div>\n\t\t\t\t<div class=\"elementor-element elementor-element-06d96cd elementor-widget elementor-widget-spacer\" data-id=\"06d96cd\" data-element_type=\"widget\" data-widget_type=\"spacer.default\">\n\t\t\t\t<div class=\"elementor-widget-container\">\n\t\t\t\t\t<div class=\"elementor-spacer\">\n\t\t\t<div class=\"elementor-spacer-inner\"><\/div>\n\t\t<\/div>\n\t\t\t\t<\/div>\n\t\t\t\t<\/div>\n\t\t\t\t\t<\/div>\n\t\t\t\t<\/div>\n\t\t<div class=\"elementor-element elementor-element-a79d35f e-flex e-con-boxed elementor-invisible e-con e-parent\" data-id=\"a79d35f\" data-element_type=\"container\" data-settings=\"{&quot;animation&quot;:&quot;fadeInUp&quot;}\">\n\t\t\t\t\t<div class=\"e-con-inner\">\n\t\t\t\t<div class=\"elementor-element elementor-element-7eb3604 elementor-position-top elementor-widget elementor-widget-image-box\" data-id=\"7eb3604\" data-element_type=\"widget\" data-widget_type=\"image-box.default\">\n\t\t\t\t<div class=\"elementor-widget-container\">\n\t\t\t<div class=\"elementor-image-box-wrapper\"><figure class=\"elementor-image-box-img\"><a href=\"https:\/\/www.szentimregyor.hu\/new\/galeria\/galeria-2018\/2018-szent-imre-founnepe\/\" tabindex=\"-1\"><img loading=\"lazy\" decoding=\"async\" width=\"1594\" height=\"1200\" src=\"https:\/\/www.szentimregyor.hu\/new\/wp-content\/uploads\/2024\/11\/181105SzentImre008.jpg\" class=\"attachment-full size-full wp-image-20582\" alt=\"\" srcset=\"https:\/\/www.szentimregyor.hu\/new\/wp-content\/uploads\/2024\/11\/181105SzentImre008.jpg 1594w, https:\/\/www.szentimregyor.hu\/new\/wp-content\/uploads\/2024\/11\/181105SzentImre008-300x226.jpg 300w, https:\/\/www.szentimregyor.hu\/new\/wp-content\/uploads\/2024\/11\/181105SzentImre008-1024x771.jpg 1024w, https:\/\/www.szentimregyor.hu\/new\/wp-content\/uploads\/2024\/11\/181105SzentImre008-768x578.jpg 768w, https:\/\/www.szentimregyor.hu\/new\/wp-content\/uploads\/2024\/11\/181105SzentImre008-1536x1156.jpg 1536w\" sizes=\"(max-width: 1594px) 100vw, 1594px\" \/><\/a><\/figure><div class=\"elementor-image-box-content\"><h3 class=\"elementor-image-box-title\"><a href=\"https:\/\/www.szentimregyor.hu\/new\/galeria\/galeria-2018\/2018-szent-imre-founnepe\/\"><i>Szent Imre f\u0151\u00fcnnepe<\/a><\/h3><p class=\"elementor-image-box-description\"><i>2018. november 5.<br>(Fot\u00f3: Vaday Tam\u00e1s)<\/i><\/p><\/div><\/div>\t\t<\/div>\n\t\t\t\t<\/div>\n\t\t\t\t<div class=\"elementor-element elementor-element-67aa5d7 elementor-widget elementor-widget-spacer\" data-id=\"67aa5d7\" data-element_type=\"widget\" data-widget_type=\"spacer.default\">\n\t\t\t\t<div class=\"elementor-widget-container\">\n\t\t\t\t\t<div class=\"elementor-spacer\">\n\t\t\t<div class=\"elementor-spacer-inner\"><\/div>\n\t\t<\/div>\n\t\t\t\t<\/div>\n\t\t\t\t<\/div>\n\t\t\t\t\t<\/div>\n\t\t\t\t<\/div>\n\t\t<div class=\"elementor-element elementor-element-578c247 e-flex e-con-boxed elementor-invisible e-con e-parent\" data-id=\"578c247\" data-element_type=\"container\" data-settings=\"{&quot;animation&quot;:&quot;fadeInUp&quot;}\">\n\t\t\t\t\t<div class=\"e-con-inner\">\n\t\t\t\t<div class=\"elementor-element elementor-element-7014be6 elementor-position-top elementor-widget elementor-widget-image-box\" data-id=\"7014be6\" data-element_type=\"widget\" data-widget_type=\"image-box.default\">\n\t\t\t\t<div class=\"elementor-widget-container\">\n\t\t\t<div class=\"elementor-image-box-wrapper\"><figure class=\"elementor-image-box-img\"><a href=\"https:\/\/www.szentimregyor.hu\/new\/galeria\/galeria-2018\/2018-szent-istvan-kiraly\/\" tabindex=\"-1\"><img loading=\"lazy\" decoding=\"async\" width=\"1800\" height=\"1200\" src=\"https:\/\/www.szentimregyor.hu\/new\/wp-content\/uploads\/2024\/11\/180820SzentIstvan048.jpg\" class=\"attachment-full size-full wp-image-20535\" alt=\"\" srcset=\"https:\/\/www.szentimregyor.hu\/new\/wp-content\/uploads\/2024\/11\/180820SzentIstvan048.jpg 1800w, https:\/\/www.szentimregyor.hu\/new\/wp-content\/uploads\/2024\/11\/180820SzentIstvan048-300x200.jpg 300w, https:\/\/www.szentimregyor.hu\/new\/wp-content\/uploads\/2024\/11\/180820SzentIstvan048-1024x683.jpg 1024w, https:\/\/www.szentimregyor.hu\/new\/wp-content\/uploads\/2024\/11\/180820SzentIstvan048-768x512.jpg 768w, https:\/\/www.szentimregyor.hu\/new\/wp-content\/uploads\/2024\/11\/180820SzentIstvan048-1536x1024.jpg 1536w\" sizes=\"(max-width: 1800px) 100vw, 1800px\" \/><\/a><\/figure><div class=\"elementor-image-box-content\"><h3 class=\"elementor-image-box-title\"><a href=\"https:\/\/www.szentimregyor.hu\/new\/galeria\/galeria-2018\/2018-szent-istvan-kiraly\/\"><i>Szent Istv\u00e1n kir\u00e1ly<\/a><\/h3><p class=\"elementor-image-box-description\"><i>2018. augusztus 20.<br>(Fot\u00f3: Bogd\u00e1n R\u00e9ka)<\/i><\/p><\/div><\/div>\t\t<\/div>\n\t\t\t\t<\/div>\n\t\t\t\t<div class=\"elementor-element elementor-element-6968b09 elementor-widget elementor-widget-spacer\" data-id=\"6968b09\" data-element_type=\"widget\" data-widget_type=\"spacer.default\">\n\t\t\t\t<div class=\"elementor-widget-container\">\n\t\t\t\t\t<div class=\"elementor-spacer\">\n\t\t\t<div class=\"elementor-spacer-inner\"><\/div>\n\t\t<\/div>\n\t\t\t\t<\/div>\n\t\t\t\t<\/div>\n\t\t\t\t\t<\/div>\n\t\t\t\t<\/div>\n\t\t<div class=\"elementor-element elementor-element-4786ec7 e-flex e-con-boxed elementor-invisible e-con e-parent\" data-id=\"4786ec7\" data-element_type=\"container\" data-settings=\"{&quot;animation&quot;:&quot;fadeInUp&quot;}\">\n\t\t\t\t\t<div class=\"e-con-inner\">\n\t\t\t\t<div class=\"elementor-element elementor-element-b5bd863 elementor-position-top elementor-widget elementor-widget-image-box\" data-id=\"b5bd863\" data-element_type=\"widget\" data-widget_type=\"image-box.default\">\n\t\t\t\t<div class=\"elementor-widget-container\">\n\t\t\t<div class=\"elementor-image-box-wrapper\"><figure class=\"elementor-image-box-img\"><a href=\"https:\/\/www.szentimregyor.hu\/new\/galeria\/galeria-2018\/2018-balazs-tamas-atya-ezustmiseje\/\" tabindex=\"-1\"><img loading=\"lazy\" decoding=\"async\" width=\"1800\" height=\"1200\" src=\"https:\/\/www.szentimregyor.hu\/new\/wp-content\/uploads\/2024\/10\/180617BalazsTamas-ezustmise092.jpg\" class=\"attachment-full size-full wp-image-20245\" alt=\"180617BalazsTamas-ezustmise092\" srcset=\"https:\/\/www.szentimregyor.hu\/new\/wp-content\/uploads\/2024\/10\/180617BalazsTamas-ezustmise092.jpg 1800w, https:\/\/www.szentimregyor.hu\/new\/wp-content\/uploads\/2024\/10\/180617BalazsTamas-ezustmise092-300x200.jpg 300w, https:\/\/www.szentimregyor.hu\/new\/wp-content\/uploads\/2024\/10\/180617BalazsTamas-ezustmise092-1024x683.jpg 1024w, https:\/\/www.szentimregyor.hu\/new\/wp-content\/uploads\/2024\/10\/180617BalazsTamas-ezustmise092-768x512.jpg 768w, https:\/\/www.szentimregyor.hu\/new\/wp-content\/uploads\/2024\/10\/180617BalazsTamas-ezustmise092-1536x1024.jpg 1536w\" sizes=\"(max-width: 1800px) 100vw, 1800px\" \/><\/a><\/figure><div class=\"elementor-image-box-content\"><h3 class=\"elementor-image-box-title\"><a href=\"https:\/\/www.szentimregyor.hu\/new\/galeria\/galeria-2018\/2018-balazs-tamas-atya-ezustmiseje\/\"><i>Dr. Bal\u00e1zs Tam\u00e1s atya ez\u00fcstmis\u00e9je<\/a><\/h3><p class=\"elementor-image-box-description\"><i>2018. j\u00fanius 17.<br>(Fot\u00f3: Vaday Tam\u00e1s)<\/i><\/p><\/div><\/div>\t\t<\/div>\n\t\t\t\t<\/div>\n\t\t\t\t<div class=\"elementor-element elementor-element-62d2a92 elementor-widget elementor-widget-spacer\" data-id=\"62d2a92\" data-element_type=\"widget\" data-widget_type=\"spacer.default\">\n\t\t\t\t<div class=\"elementor-widget-container\">\n\t\t\t\t\t<div class=\"elementor-spacer\">\n\t\t\t<div class=\"elementor-spacer-inner\"><\/div>\n\t\t<\/div>\n\t\t\t\t<\/div>\n\t\t\t\t<\/div>\n\t\t\t\t\t<\/div>\n\t\t\t\t<\/div>\n\t\t<div class=\"elementor-element elementor-element-4056b25 e-flex e-con-boxed elementor-invisible e-con e-parent\" data-id=\"4056b25\" data-element_type=\"container\" data-settings=\"{&quot;animation&quot;:&quot;fadeInUp&quot;}\">\n\t\t\t\t\t<div class=\"e-con-inner\">\n\t\t\t\t<div class=\"elementor-element elementor-element-5235648 elementor-position-top elementor-widget elementor-widget-image-box\" data-id=\"5235648\" data-element_type=\"widget\" data-widget_type=\"image-box.default\">\n\t\t\t\t<div class=\"elementor-widget-container\">\n\t\t\t<div class=\"elementor-image-box-wrapper\"><figure class=\"elementor-image-box-img\"><a href=\"https:\/\/www.szentimregyor.hu\/new\/galeria\/galeria-2018\/2018-ezust-evfolyamtalalkozo\/\" tabindex=\"-1\"><img loading=\"lazy\" decoding=\"async\" width=\"1800\" height=\"1200\" src=\"https:\/\/www.szentimregyor.hu\/new\/wp-content\/uploads\/2024\/10\/180611ezusttalalkozo072.jpg\" class=\"attachment-full size-full wp-image-20145\" alt=\"180611ezusttalalkozo072\" srcset=\"https:\/\/www.szentimregyor.hu\/new\/wp-content\/uploads\/2024\/10\/180611ezusttalalkozo072.jpg 1800w, https:\/\/www.szentimregyor.hu\/new\/wp-content\/uploads\/2024\/10\/180611ezusttalalkozo072-300x200.jpg 300w, https:\/\/www.szentimregyor.hu\/new\/wp-content\/uploads\/2024\/10\/180611ezusttalalkozo072-1024x683.jpg 1024w, https:\/\/www.szentimregyor.hu\/new\/wp-content\/uploads\/2024\/10\/180611ezusttalalkozo072-768x512.jpg 768w, https:\/\/www.szentimregyor.hu\/new\/wp-content\/uploads\/2024\/10\/180611ezusttalalkozo072-1536x1024.jpg 1536w\" sizes=\"(max-width: 1800px) 100vw, 1800px\" \/><\/a><\/figure><div class=\"elementor-image-box-content\"><h3 class=\"elementor-image-box-title\"><a href=\"https:\/\/www.szentimregyor.hu\/new\/galeria\/galeria-2018\/2018-ezust-evfolyamtalalkozo\/\"><i>Ez\u00fcst \u00e9vfolyamtal\u00e1lkoz\u00f3<\/a><\/h3><p class=\"elementor-image-box-description\"><i>2018. j\u00fanius 11.<br>(Fot\u00f3: Vaday Tam\u00e1s)<\/i><\/p><\/div><\/div>\t\t<\/div>\n\t\t\t\t<\/div>\n\t\t\t\t<div class=\"elementor-element elementor-element-68ef00f elementor-widget elementor-widget-spacer\" data-id=\"68ef00f\" data-element_type=\"widget\" data-widget_type=\"spacer.default\">\n\t\t\t\t<div class=\"elementor-widget-container\">\n\t\t\t\t\t<div class=\"elementor-spacer\">\n\t\t\t<div class=\"elementor-spacer-inner\"><\/div>\n\t\t<\/div>\n\t\t\t\t<\/div>\n\t\t\t\t<\/div>\n\t\t\t\t\t<\/div>\n\t\t\t\t<\/div>\n\t\t<div class=\"elementor-element elementor-element-f891f8e e-flex e-con-boxed elementor-invisible e-con e-parent\" data-id=\"f891f8e\" data-element_type=\"container\" data-settings=\"{&quot;animation&quot;:&quot;fadeInUp&quot;}\">\n\t\t\t\t\t<div class=\"e-con-inner\">\n\t\t\t\t<div class=\"elementor-element elementor-element-80cefef elementor-position-top elementor-widget elementor-widget-image-box\" data-id=\"80cefef\" data-element_type=\"widget\" data-widget_type=\"image-box.default\">\n\t\t\t\t<div class=\"elementor-widget-container\">\n\t\t\t<div class=\"elementor-image-box-wrapper\"><figure class=\"elementor-image-box-img\"><a href=\"https:\/\/www.szentimregyor.hu\/new\/galeria\/galeria-2018\/2018-balatonalmadi-zarandoklat\/\" tabindex=\"-1\"><img loading=\"lazy\" decoding=\"async\" width=\"1536\" height=\"1024\" src=\"https:\/\/www.szentimregyor.hu\/new\/wp-content\/uploads\/2024\/09\/180610Balatonalmadi038.jpg\" class=\"attachment-full size-full wp-image-19295\" alt=\"180610Balatonalmadi038\" srcset=\"https:\/\/www.szentimregyor.hu\/new\/wp-content\/uploads\/2024\/09\/180610Balatonalmadi038.jpg 1536w, https:\/\/www.szentimregyor.hu\/new\/wp-content\/uploads\/2024\/09\/180610Balatonalmadi038-300x200.jpg 300w, https:\/\/www.szentimregyor.hu\/new\/wp-content\/uploads\/2024\/09\/180610Balatonalmadi038-1024x683.jpg 1024w, https:\/\/www.szentimregyor.hu\/new\/wp-content\/uploads\/2024\/09\/180610Balatonalmadi038-768x512.jpg 768w\" sizes=\"(max-width: 1536px) 100vw, 1536px\" \/><\/a><\/figure><div class=\"elementor-image-box-content\"><h3 class=\"elementor-image-box-title\"><a href=\"https:\/\/www.szentimregyor.hu\/new\/galeria\/galeria-2018\/2018-balatonalmadi-zarandoklat\/\"><i>Balatonalm\u00e1di zar\u00e1ndoklat<\/a><\/h3><p class=\"elementor-image-box-description\"><i>2018. j\u00fanius 10.<br>(Fot\u00f3: Bogd\u00e1n R\u00e9ka)<\/i><\/p><\/div><\/div>\t\t<\/div>\n\t\t\t\t<\/div>\n\t\t\t\t<div class=\"elementor-element elementor-element-8aa1d3e elementor-widget elementor-widget-spacer\" data-id=\"8aa1d3e\" data-element_type=\"widget\" data-widget_type=\"spacer.default\">\n\t\t\t\t<div class=\"elementor-widget-container\">\n\t\t\t\t\t<div class=\"elementor-spacer\">\n\t\t\t<div class=\"elementor-spacer-inner\"><\/div>\n\t\t<\/div>\n\t\t\t\t<\/div>\n\t\t\t\t<\/div>\n\t\t\t\t\t<\/div>\n\t\t\t\t<\/div>\n\t\t<div class=\"elementor-element elementor-element-89b68cd e-flex e-con-boxed elementor-invisible e-con e-parent\" data-id=\"89b68cd\" data-element_type=\"container\" data-settings=\"{&quot;animation&quot;:&quot;fadeInUp&quot;}\">\n\t\t\t\t\t<div class=\"e-con-inner\">\n\t\t\t\t<div class=\"elementor-element elementor-element-3f9283a elementor-position-top elementor-widget elementor-widget-image-box\" data-id=\"3f9283a\" data-element_type=\"widget\" data-widget_type=\"image-box.default\">\n\t\t\t\t<div class=\"elementor-widget-container\">\n\t\t\t<div class=\"elementor-image-box-wrapper\"><figure class=\"elementor-image-box-img\"><a href=\"https:\/\/www.szentimregyor.hu\/new\/galeria\/galeria-2018\/2018-ereklyek-bucsuztatasa\/\" tabindex=\"-1\"><img loading=\"lazy\" decoding=\"async\" width=\"1800\" height=\"1200\" src=\"https:\/\/www.szentimregyor.hu\/new\/wp-content\/uploads\/2024\/08\/180610EreklyekBucsuztatasa018.jpg\" class=\"attachment-full size-full wp-image-19166\" alt=\"\" srcset=\"https:\/\/www.szentimregyor.hu\/new\/wp-content\/uploads\/2024\/08\/180610EreklyekBucsuztatasa018.jpg 1800w, https:\/\/www.szentimregyor.hu\/new\/wp-content\/uploads\/2024\/08\/180610EreklyekBucsuztatasa018-300x200.jpg 300w, https:\/\/www.szentimregyor.hu\/new\/wp-content\/uploads\/2024\/08\/180610EreklyekBucsuztatasa018-1024x683.jpg 1024w, https:\/\/www.szentimregyor.hu\/new\/wp-content\/uploads\/2024\/08\/180610EreklyekBucsuztatasa018-768x512.jpg 768w, https:\/\/www.szentimregyor.hu\/new\/wp-content\/uploads\/2024\/08\/180610EreklyekBucsuztatasa018-1536x1024.jpg 1536w\" sizes=\"(max-width: 1800px) 100vw, 1800px\" \/><\/a><\/figure><div class=\"elementor-image-box-content\"><h3 class=\"elementor-image-box-title\"><a href=\"https:\/\/www.szentimregyor.hu\/new\/galeria\/galeria-2018\/2018-ereklyek-bucsuztatasa\/\"><i>Erekly\u00e9k b\u00facs\u00faztat\u00e1sa<\/a><\/h3><p class=\"elementor-image-box-description\"><i>2018. j\u00fanius 10.<br>(Fot\u00f3: Bogd\u00e1n R\u00e9ka, Vaday Tam\u00e1s)<\/i><\/p><\/div><\/div>\t\t<\/div>\n\t\t\t\t<\/div>\n\t\t\t\t<div class=\"elementor-element elementor-element-6f8f2bb elementor-widget elementor-widget-spacer\" data-id=\"6f8f2bb\" data-element_type=\"widget\" data-widget_type=\"spacer.default\">\n\t\t\t\t<div class=\"elementor-widget-container\">\n\t\t\t\t\t<div class=\"elementor-spacer\">\n\t\t\t<div class=\"elementor-spacer-inner\"><\/div>\n\t\t<\/div>\n\t\t\t\t<\/div>\n\t\t\t\t<\/div>\n\t\t\t\t\t<\/div>\n\t\t\t\t<\/div>\n\t\t<div class=\"elementor-element elementor-element-da4ab80 e-flex e-con-boxed elementor-invisible e-con e-parent\" data-id=\"da4ab80\" data-element_type=\"container\" data-settings=\"{&quot;animation&quot;:&quot;fadeInUp&quot;}\">\n\t\t\t\t\t<div class=\"e-con-inner\">\n\t\t\t\t<div class=\"elementor-element elementor-element-7cc52fb elementor-position-top elementor-widget elementor-widget-image-box\" data-id=\"7cc52fb\" data-element_type=\"widget\" data-widget_type=\"image-box.default\">\n\t\t\t\t<div class=\"elementor-widget-container\">\n\t\t\t<div class=\"elementor-image-box-wrapper\"><figure class=\"elementor-image-box-img\"><a href=\"https:\/\/www.szentimregyor.hu\/new\/galeria\/galeria-2018\/2018-arus-kovacs-gabor-atya-szentmiseje\/\" tabindex=\"-1\"><img loading=\"lazy\" decoding=\"async\" width=\"1536\" height=\"1024\" src=\"https:\/\/www.szentimregyor.hu\/new\/wp-content\/uploads\/2024\/08\/180610Arus-KovacsGabor057.jpg\" class=\"attachment-full size-full wp-image-19125\" alt=\"\" srcset=\"https:\/\/www.szentimregyor.hu\/new\/wp-content\/uploads\/2024\/08\/180610Arus-KovacsGabor057.jpg 1536w, https:\/\/www.szentimregyor.hu\/new\/wp-content\/uploads\/2024\/08\/180610Arus-KovacsGabor057-300x200.jpg 300w, https:\/\/www.szentimregyor.hu\/new\/wp-content\/uploads\/2024\/08\/180610Arus-KovacsGabor057-1024x683.jpg 1024w, https:\/\/www.szentimregyor.hu\/new\/wp-content\/uploads\/2024\/08\/180610Arus-KovacsGabor057-768x512.jpg 768w\" sizes=\"(max-width: 1536px) 100vw, 1536px\" \/><\/a><\/figure><div class=\"elementor-image-box-content\"><h3 class=\"elementor-image-box-title\"><a href=\"https:\/\/www.szentimregyor.hu\/new\/galeria\/galeria-2018\/2018-arus-kovacs-gabor-atya-szentmiseje\/\"><i>\u00c1rus Kov\u00e1cs G\u00e1bor atya szentmis\u00e9je<\/a><\/h3><p class=\"elementor-image-box-description\"><i>2018. j\u00fanius 10.<br>(Fot\u00f3: Bogd\u00e1n R\u00e9ka, Vaday Tam\u00e1s)<\/i><\/p><\/div><\/div>\t\t<\/div>\n\t\t\t\t<\/div>\n\t\t\t\t<div class=\"elementor-element elementor-element-a99a821 elementor-widget elementor-widget-spacer\" data-id=\"a99a821\" data-element_type=\"widget\" data-widget_type=\"spacer.default\">\n\t\t\t\t<div class=\"elementor-widget-container\">\n\t\t\t\t\t<div class=\"elementor-spacer\">\n\t\t\t<div class=\"elementor-spacer-inner\"><\/div>\n\t\t<\/div>\n\t\t\t\t<\/div>\n\t\t\t\t<\/div>\n\t\t\t\t\t<\/div>\n\t\t\t\t<\/div>\n\t\t<div class=\"elementor-element elementor-element-943f1c9 e-flex e-con-boxed elementor-invisible e-con e-parent\" data-id=\"943f1c9\" data-element_type=\"container\" data-settings=\"{&quot;animation&quot;:&quot;fadeInUp&quot;}\">\n\t\t\t\t\t<div class=\"e-con-inner\">\n\t\t\t\t<div class=\"elementor-element elementor-element-a222e0d elementor-position-top elementor-widget elementor-widget-image-box\" data-id=\"a222e0d\" data-element_type=\"widget\" data-widget_type=\"image-box.default\">\n\t\t\t\t<div class=\"elementor-widget-container\">\n\t\t\t<div class=\"elementor-image-box-wrapper\"><figure class=\"elementor-image-box-img\"><a href=\"https:\/\/www.szentimregyor.hu\/new\/galeria\/galeria-2018\/2018-butsy-lajos-atya-szentmiseje\/\" tabindex=\"-1\"><img loading=\"lazy\" decoding=\"async\" width=\"1536\" height=\"1024\" src=\"https:\/\/www.szentimregyor.hu\/new\/wp-content\/uploads\/2024\/08\/180609ButsyLajos026.jpg\" class=\"attachment-full size-full wp-image-19008\" alt=\"\" srcset=\"https:\/\/www.szentimregyor.hu\/new\/wp-content\/uploads\/2024\/08\/180609ButsyLajos026.jpg 1536w, https:\/\/www.szentimregyor.hu\/new\/wp-content\/uploads\/2024\/08\/180609ButsyLajos026-300x200.jpg 300w, https:\/\/www.szentimregyor.hu\/new\/wp-content\/uploads\/2024\/08\/180609ButsyLajos026-1024x683.jpg 1024w, https:\/\/www.szentimregyor.hu\/new\/wp-content\/uploads\/2024\/08\/180609ButsyLajos026-768x512.jpg 768w\" sizes=\"(max-width: 1536px) 100vw, 1536px\" \/><\/a><\/figure><div class=\"elementor-image-box-content\"><h3 class=\"elementor-image-box-title\"><a href=\"https:\/\/www.szentimregyor.hu\/new\/galeria\/galeria-2018\/2018-butsy-lajos-atya-szentmiseje\/\"><i>Butsy Lajos atya szentmis\u00e9je<\/a><\/h3><p class=\"elementor-image-box-description\"><i>2018. j\u00fanius 9.<br>(Fot\u00f3: Bogd\u00e1n R\u00e9ka, Vaday Tam\u00e1s)<\/i><\/p><\/div><\/div>\t\t<\/div>\n\t\t\t\t<\/div>\n\t\t\t\t<div class=\"elementor-element elementor-element-8e9df77 elementor-widget elementor-widget-spacer\" data-id=\"8e9df77\" data-element_type=\"widget\" data-widget_type=\"spacer.default\">\n\t\t\t\t<div class=\"elementor-widget-container\">\n\t\t\t\t\t<div class=\"elementor-spacer\">\n\t\t\t<div class=\"elementor-spacer-inner\"><\/div>\n\t\t<\/div>\n\t\t\t\t<\/div>\n\t\t\t\t<\/div>\n\t\t\t\t\t<\/div>\n\t\t\t\t<\/div>\n\t\t<div class=\"elementor-element elementor-element-1b418c3 e-flex e-con-boxed elementor-invisible e-con e-parent\" data-id=\"1b418c3\" data-element_type=\"container\" data-settings=\"{&quot;animation&quot;:&quot;fadeInUp&quot;}\">\n\t\t\t\t\t<div class=\"e-con-inner\">\n\t\t\t\t<div class=\"elementor-element elementor-element-41559e2 elementor-position-top elementor-widget elementor-widget-image-box\" data-id=\"41559e2\" data-element_type=\"widget\" data-widget_type=\"image-box.default\">\n\t\t\t\t<div class=\"elementor-widget-container\">\n\t\t\t<div class=\"elementor-image-box-wrapper\"><figure class=\"elementor-image-box-img\"><a href=\"https:\/\/www.szentimregyor.hu\/new\/galeria\/galeria-2018\/2018-mogyorosi-mark-anyos-bences-atya-szentmiseje\/\" tabindex=\"-1\"><img loading=\"lazy\" decoding=\"async\" width=\"1800\" height=\"1200\" src=\"https:\/\/www.szentimregyor.hu\/new\/wp-content\/uploads\/2024\/08\/180608MogyorosiAnyos015.jpg\" class=\"attachment-full size-full wp-image-18948\" alt=\"\" srcset=\"https:\/\/www.szentimregyor.hu\/new\/wp-content\/uploads\/2024\/08\/180608MogyorosiAnyos015.jpg 1800w, https:\/\/www.szentimregyor.hu\/new\/wp-content\/uploads\/2024\/08\/180608MogyorosiAnyos015-300x200.jpg 300w, https:\/\/www.szentimregyor.hu\/new\/wp-content\/uploads\/2024\/08\/180608MogyorosiAnyos015-1024x683.jpg 1024w, https:\/\/www.szentimregyor.hu\/new\/wp-content\/uploads\/2024\/08\/180608MogyorosiAnyos015-768x512.jpg 768w, https:\/\/www.szentimregyor.hu\/new\/wp-content\/uploads\/2024\/08\/180608MogyorosiAnyos015-1536x1024.jpg 1536w\" sizes=\"(max-width: 1800px) 100vw, 1800px\" \/><\/a><\/figure><div class=\"elementor-image-box-content\"><h3 class=\"elementor-image-box-title\"><a href=\"https:\/\/www.szentimregyor.hu\/new\/galeria\/galeria-2018\/2018-mogyorosi-mark-anyos-bences-atya-szentmiseje\/\"><i>Mogyor\u00f3si M\u00e1rk \u00c1nyos OSB atya szentmis\u00e9je<\/a><\/h3><p class=\"elementor-image-box-description\"><i>2018. j\u00fanius 8.<br>(Fot\u00f3: Vaday Tam\u00e1s)<\/i><\/p><\/div><\/div>\t\t<\/div>\n\t\t\t\t<\/div>\n\t\t\t\t<div class=\"elementor-element elementor-element-b7e713d elementor-widget elementor-widget-spacer\" data-id=\"b7e713d\" data-element_type=\"widget\" data-widget_type=\"spacer.default\">\n\t\t\t\t<div class=\"elementor-widget-container\">\n\t\t\t\t\t<div class=\"elementor-spacer\">\n\t\t\t<div class=\"elementor-spacer-inner\"><\/div>\n\t\t<\/div>\n\t\t\t\t<\/div>\n\t\t\t\t<\/div>\n\t\t\t\t\t<\/div>\n\t\t\t\t<\/div>\n\t\t<div class=\"elementor-element elementor-element-ea26be9 e-flex e-con-boxed elementor-invisible e-con e-parent\" data-id=\"ea26be9\" data-element_type=\"container\" data-settings=\"{&quot;animation&quot;:&quot;fadeInUp&quot;}\">\n\t\t\t\t\t<div class=\"e-con-inner\">\n\t\t\t\t<div class=\"elementor-element elementor-element-0dd2817 elementor-position-top elementor-widget elementor-widget-image-box\" data-id=\"0dd2817\" data-element_type=\"widget\" data-widget_type=\"image-box.default\">\n\t\t\t\t<div class=\"elementor-widget-container\">\n\t\t\t<div class=\"elementor-image-box-wrapper\"><figure class=\"elementor-image-box-img\"><a href=\"https:\/\/www.szentimregyor.hu\/new\/galeria\/galeria-2018\/2018-nemeth-istvan-atya-szentmiseje\/\" tabindex=\"-1\"><img loading=\"lazy\" decoding=\"async\" width=\"1536\" height=\"1024\" src=\"https:\/\/www.szentimregyor.hu\/new\/wp-content\/uploads\/2024\/08\/180607NemethIstvan046.jpg\" class=\"attachment-full size-full wp-image-18881\" alt=\"\" srcset=\"https:\/\/www.szentimregyor.hu\/new\/wp-content\/uploads\/2024\/08\/180607NemethIstvan046.jpg 1536w, https:\/\/www.szentimregyor.hu\/new\/wp-content\/uploads\/2024\/08\/180607NemethIstvan046-300x200.jpg 300w, https:\/\/www.szentimregyor.hu\/new\/wp-content\/uploads\/2024\/08\/180607NemethIstvan046-1024x683.jpg 1024w, https:\/\/www.szentimregyor.hu\/new\/wp-content\/uploads\/2024\/08\/180607NemethIstvan046-768x512.jpg 768w\" sizes=\"(max-width: 1536px) 100vw, 1536px\" \/><\/a><\/figure><div class=\"elementor-image-box-content\"><h3 class=\"elementor-image-box-title\"><a href=\"https:\/\/www.szentimregyor.hu\/new\/galeria\/galeria-2018\/2018-nemeth-istvan-atya-szentmiseje\/\"><i>N\u00e9meth Istv\u00e1n atya szentmis\u00e9je<\/a><\/h3><p class=\"elementor-image-box-description\"><i>2018. j\u00fanius 7.<br>(Fot\u00f3: Bogd\u00e1n R\u00e9ka, Vaday Tam\u00e1s)<\/i><\/p><\/div><\/div>\t\t<\/div>\n\t\t\t\t<\/div>\n\t\t\t\t<div class=\"elementor-element elementor-element-3e41a7b elementor-widget elementor-widget-spacer\" data-id=\"3e41a7b\" data-element_type=\"widget\" data-widget_type=\"spacer.default\">\n\t\t\t\t<div class=\"elementor-widget-container\">\n\t\t\t\t\t<div class=\"elementor-spacer\">\n\t\t\t<div class=\"elementor-spacer-inner\"><\/div>\n\t\t<\/div>\n\t\t\t\t<\/div>\n\t\t\t\t<\/div>\n\t\t\t\t\t<\/div>\n\t\t\t\t<\/div>\n\t\t<div class=\"elementor-element elementor-element-c7284bf e-flex e-con-boxed elementor-invisible e-con e-parent\" data-id=\"c7284bf\" data-element_type=\"container\" data-settings=\"{&quot;animation&quot;:&quot;fadeInUp&quot;}\">\n\t\t\t\t\t<div class=\"e-con-inner\">\n\t\t\t\t<div class=\"elementor-element elementor-element-c0d5ff4 elementor-position-top elementor-widget elementor-widget-image-box\" data-id=\"c0d5ff4\" data-element_type=\"widget\" data-widget_type=\"image-box.default\">\n\t\t\t\t<div class=\"elementor-widget-container\">\n\t\t\t<div class=\"elementor-image-box-wrapper\"><figure class=\"elementor-image-box-img\"><a href=\"https:\/\/www.szentimregyor.hu\/new\/galeria\/galeria-2018\/2018-bellovics-gabor-sj-atya-szentmiseje\/\" tabindex=\"-1\"><img loading=\"lazy\" decoding=\"async\" width=\"1800\" height=\"1200\" src=\"https:\/\/www.szentimregyor.hu\/new\/wp-content\/uploads\/2024\/08\/180606BellovicsGabor015.jpg\" class=\"attachment-full size-full wp-image-18802\" alt=\"\" srcset=\"https:\/\/www.szentimregyor.hu\/new\/wp-content\/uploads\/2024\/08\/180606BellovicsGabor015.jpg 1800w, https:\/\/www.szentimregyor.hu\/new\/wp-content\/uploads\/2024\/08\/180606BellovicsGabor015-300x200.jpg 300w, https:\/\/www.szentimregyor.hu\/new\/wp-content\/uploads\/2024\/08\/180606BellovicsGabor015-1024x683.jpg 1024w, https:\/\/www.szentimregyor.hu\/new\/wp-content\/uploads\/2024\/08\/180606BellovicsGabor015-768x512.jpg 768w, https:\/\/www.szentimregyor.hu\/new\/wp-content\/uploads\/2024\/08\/180606BellovicsGabor015-1536x1024.jpg 1536w\" sizes=\"(max-width: 1800px) 100vw, 1800px\" \/><\/a><\/figure><div class=\"elementor-image-box-content\"><h3 class=\"elementor-image-box-title\"><a href=\"https:\/\/www.szentimregyor.hu\/new\/galeria\/galeria-2018\/2018-bellovics-gabor-sj-atya-szentmiseje\/\"><i>Bellovics G\u00e1bor SJ atya szentmis\u00e9je<\/a><\/h3><p class=\"elementor-image-box-description\"><i>2018. j\u00fanius 6.<br>(Fot\u00f3: Vaday Tam\u00e1s)<\/i><\/p><\/div><\/div>\t\t<\/div>\n\t\t\t\t<\/div>\n\t\t\t\t<div class=\"elementor-element elementor-element-da536bb elementor-widget elementor-widget-spacer\" data-id=\"da536bb\" data-element_type=\"widget\" data-widget_type=\"spacer.default\">\n\t\t\t\t<div class=\"elementor-widget-container\">\n\t\t\t\t\t<div class=\"elementor-spacer\">\n\t\t\t<div class=\"elementor-spacer-inner\"><\/div>\n\t\t<\/div>\n\t\t\t\t<\/div>\n\t\t\t\t<\/div>\n\t\t\t\t\t<\/div>\n\t\t\t\t<\/div>\n\t\t<div class=\"elementor-element elementor-element-85fb44f e-flex e-con-boxed elementor-invisible e-con e-parent\" data-id=\"85fb44f\" data-element_type=\"container\" data-settings=\"{&quot;animation&quot;:&quot;fadeInUp&quot;}\">\n\t\t\t\t\t<div class=\"e-con-inner\">\n\t\t\t\t<div class=\"elementor-element elementor-element-24eaee3 elementor-position-top elementor-widget elementor-widget-image-box\" data-id=\"24eaee3\" data-element_type=\"widget\" data-widget_type=\"image-box.default\">\n\t\t\t\t<div class=\"elementor-widget-container\">\n\t\t\t<div class=\"elementor-image-box-wrapper\"><figure class=\"elementor-image-box-img\"><a href=\"https:\/\/www.szentimregyor.hu\/new\/galeria\/galeria-2018\/2018-szalai-gabor-atya-szentmiseje\/\" tabindex=\"-1\"><img loading=\"lazy\" decoding=\"async\" width=\"1800\" height=\"1200\" src=\"https:\/\/www.szentimregyor.hu\/new\/wp-content\/uploads\/2024\/08\/180605SzalaiGabor032.jpg\" class=\"attachment-full size-full wp-image-18776\" alt=\"180605SzalaiG\u00e1bor032\" srcset=\"https:\/\/www.szentimregyor.hu\/new\/wp-content\/uploads\/2024\/08\/180605SzalaiGabor032.jpg 1800w, https:\/\/www.szentimregyor.hu\/new\/wp-content\/uploads\/2024\/08\/180605SzalaiGabor032-300x200.jpg 300w, https:\/\/www.szentimregyor.hu\/new\/wp-content\/uploads\/2024\/08\/180605SzalaiGabor032-1024x683.jpg 1024w, https:\/\/www.szentimregyor.hu\/new\/wp-content\/uploads\/2024\/08\/180605SzalaiGabor032-768x512.jpg 768w, https:\/\/www.szentimregyor.hu\/new\/wp-content\/uploads\/2024\/08\/180605SzalaiGabor032-1536x1024.jpg 1536w\" sizes=\"(max-width: 1800px) 100vw, 1800px\" \/><\/a><\/figure><div class=\"elementor-image-box-content\"><h3 class=\"elementor-image-box-title\"><a href=\"https:\/\/www.szentimregyor.hu\/new\/galeria\/galeria-2018\/2018-szalai-gabor-atya-szentmiseje\/\"><i>Szalai G\u00e1bor atya szentmis\u00e9je<\/a><\/h3><p class=\"elementor-image-box-description\"><i>2018. j\u00fanius 5.<br>(Fot\u00f3: Vaday Tam\u00e1s)<\/i><\/p><\/div><\/div>\t\t<\/div>\n\t\t\t\t<\/div>\n\t\t\t\t<div class=\"elementor-element elementor-element-9e8df27 elementor-widget elementor-widget-spacer\" data-id=\"9e8df27\" data-element_type=\"widget\" data-widget_type=\"spacer.default\">\n\t\t\t\t<div class=\"elementor-widget-container\">\n\t\t\t\t\t<div class=\"elementor-spacer\">\n\t\t\t<div class=\"elementor-spacer-inner\"><\/div>\n\t\t<\/div>\n\t\t\t\t<\/div>\n\t\t\t\t<\/div>\n\t\t\t\t\t<\/div>\n\t\t\t\t<\/div>\n\t\t<div class=\"elementor-element elementor-element-bcd2d6b e-flex e-con-boxed elementor-invisible e-con e-parent\" data-id=\"bcd2d6b\" data-element_type=\"container\" data-settings=\"{&quot;animation&quot;:&quot;fadeInUp&quot;}\">\n\t\t\t\t\t<div class=\"e-con-inner\">\n\t\t\t\t<div class=\"elementor-element elementor-element-f30edc8 elementor-position-top elementor-widget elementor-widget-image-box\" data-id=\"f30edc8\" data-element_type=\"widget\" data-widget_type=\"image-box.default\">\n\t\t\t\t<div class=\"elementor-widget-container\">\n\t\t\t<div class=\"elementor-image-box-wrapper\"><figure class=\"elementor-image-box-img\"><a href=\"https:\/\/www.szentimregyor.hu\/new\/galeria\/galeria-2018\/2018-tenger-szilard-atya-szentmiseje\/\" tabindex=\"-1\"><img loading=\"lazy\" decoding=\"async\" width=\"1800\" height=\"1200\" src=\"https:\/\/www.szentimregyor.hu\/new\/wp-content\/uploads\/2024\/08\/180604TengerSzilard017.jpg\" class=\"attachment-full size-full wp-image-18681\" alt=\"\" srcset=\"https:\/\/www.szentimregyor.hu\/new\/wp-content\/uploads\/2024\/08\/180604TengerSzilard017.jpg 1800w, https:\/\/www.szentimregyor.hu\/new\/wp-content\/uploads\/2024\/08\/180604TengerSzilard017-300x200.jpg 300w, https:\/\/www.szentimregyor.hu\/new\/wp-content\/uploads\/2024\/08\/180604TengerSzilard017-1024x683.jpg 1024w, https:\/\/www.szentimregyor.hu\/new\/wp-content\/uploads\/2024\/08\/180604TengerSzilard017-768x512.jpg 768w, https:\/\/www.szentimregyor.hu\/new\/wp-content\/uploads\/2024\/08\/180604TengerSzilard017-1536x1024.jpg 1536w\" sizes=\"(max-width: 1800px) 100vw, 1800px\" \/><\/a><\/figure><div class=\"elementor-image-box-content\"><h3 class=\"elementor-image-box-title\"><a href=\"https:\/\/www.szentimregyor.hu\/new\/galeria\/galeria-2018\/2018-tenger-szilard-atya-szentmiseje\/\"><i>Tenger Szil\u00e1rd atya szentmis\u00e9je<\/a><\/h3><p class=\"elementor-image-box-description\"><i>2018. j\u00fanius 4.<br>(Fot\u00f3: Vaday Tam\u00e1s)<\/i><\/p><\/div><\/div>\t\t<\/div>\n\t\t\t\t<\/div>\n\t\t\t\t<div class=\"elementor-element elementor-element-87ea359 elementor-widget elementor-widget-spacer\" data-id=\"87ea359\" data-element_type=\"widget\" data-widget_type=\"spacer.default\">\n\t\t\t\t<div class=\"elementor-widget-container\">\n\t\t\t\t\t<div class=\"elementor-spacer\">\n\t\t\t<div class=\"elementor-spacer-inner\"><\/div>\n\t\t<\/div>\n\t\t\t\t<\/div>\n\t\t\t\t<\/div>\n\t\t\t\t\t<\/div>\n\t\t\t\t<\/div>\n\t\t<div class=\"elementor-element elementor-element-7ac7722 e-flex e-con-boxed elementor-invisible e-con e-parent\" data-id=\"7ac7722\" data-element_type=\"container\" data-settings=\"{&quot;animation&quot;:&quot;fadeInUp&quot;}\">\n\t\t\t\t\t<div class=\"e-con-inner\">\n\t\t\t\t<div class=\"elementor-element elementor-element-6105eb4 elementor-position-top elementor-widget elementor-widget-image-box\" data-id=\"6105eb4\" data-element_type=\"widget\" data-widget_type=\"image-box.default\">\n\t\t\t\t<div class=\"elementor-widget-container\">\n\t\t\t<div class=\"elementor-image-box-wrapper\"><figure class=\"elementor-image-box-img\"><a href=\"https:\/\/www.szentimregyor.hu\/new\/galeria\/galeria-2018\/2018-templomszenteles-75-evforduloja\/\" tabindex=\"-1\"><img loading=\"lazy\" decoding=\"async\" width=\"1536\" height=\"1024\" src=\"https:\/\/www.szentimregyor.hu\/new\/wp-content\/uploads\/2024\/08\/180603templomszenteles235.jpg\" class=\"attachment-full size-full wp-image-18651\" alt=\"180603templomszenteles235\" srcset=\"https:\/\/www.szentimregyor.hu\/new\/wp-content\/uploads\/2024\/08\/180603templomszenteles235.jpg 1536w, https:\/\/www.szentimregyor.hu\/new\/wp-content\/uploads\/2024\/08\/180603templomszenteles235-300x200.jpg 300w, https:\/\/www.szentimregyor.hu\/new\/wp-content\/uploads\/2024\/08\/180603templomszenteles235-1024x683.jpg 1024w, https:\/\/www.szentimregyor.hu\/new\/wp-content\/uploads\/2024\/08\/180603templomszenteles235-768x512.jpg 768w\" sizes=\"(max-width: 1536px) 100vw, 1536px\" \/><\/a><\/figure><div class=\"elementor-image-box-content\"><h3 class=\"elementor-image-box-title\"><a href=\"https:\/\/www.szentimregyor.hu\/new\/galeria\/galeria-2018\/2018-templomszenteles-75-evforduloja\/\"><i>Templomszentel\u00e9s 75. \u00e9vfordul\u00f3ja<\/a><\/h3><p class=\"elementor-image-box-description\"><i>2018. j\u00fanius 3.<br>(Fot\u00f3: Bogd\u00e1n R\u00e9ka, Vaday Tam\u00e1s)<\/i><\/p><\/div><\/div>\t\t<\/div>\n\t\t\t\t<\/div>\n\t\t\t\t<div class=\"elementor-element elementor-element-4277f4b elementor-widget elementor-widget-spacer\" data-id=\"4277f4b\" data-element_type=\"widget\" data-widget_type=\"spacer.default\">\n\t\t\t\t<div class=\"elementor-widget-container\">\n\t\t\t\t\t<div class=\"elementor-spacer\">\n\t\t\t<div class=\"elementor-spacer-inner\"><\/div>\n\t\t<\/div>\n\t\t\t\t<\/div>\n\t\t\t\t<\/div>\n\t\t\t\t\t<\/div>\n\t\t\t\t<\/div>\n\t\t<div class=\"elementor-element elementor-element-dec305b e-flex e-con-boxed elementor-invisible e-con e-parent\" data-id=\"dec305b\" data-element_type=\"container\" data-settings=\"{&quot;animation&quot;:&quot;fadeInUp&quot;}\">\n\t\t\t\t\t<div class=\"e-con-inner\">\n\t\t\t\t<div class=\"elementor-element elementor-element-83b881a elementor-position-top elementor-widget elementor-widget-image-box\" data-id=\"83b881a\" data-element_type=\"widget\" data-widget_type=\"image-box.default\">\n\t\t\t\t<div class=\"elementor-widget-container\">\n\t\t\t<div class=\"elementor-image-box-wrapper\"><figure class=\"elementor-image-box-img\"><a href=\"https:\/\/www.szentimregyor.hu\/new\/galeria\/galeria-2018\/2018-templomszenteles-vigiliaja\/\" tabindex=\"-1\"><img loading=\"lazy\" decoding=\"async\" width=\"1536\" height=\"1024\" src=\"https:\/\/www.szentimregyor.hu\/new\/wp-content\/uploads\/2024\/08\/180602SzentelesVigilia040.jpg\" class=\"attachment-full size-full wp-image-18348\" alt=\"\" srcset=\"https:\/\/www.szentimregyor.hu\/new\/wp-content\/uploads\/2024\/08\/180602SzentelesVigilia040.jpg 1536w, https:\/\/www.szentimregyor.hu\/new\/wp-content\/uploads\/2024\/08\/180602SzentelesVigilia040-300x200.jpg 300w, https:\/\/www.szentimregyor.hu\/new\/wp-content\/uploads\/2024\/08\/180602SzentelesVigilia040-1024x683.jpg 1024w, https:\/\/www.szentimregyor.hu\/new\/wp-content\/uploads\/2024\/08\/180602SzentelesVigilia040-768x512.jpg 768w\" sizes=\"(max-width: 1536px) 100vw, 1536px\" \/><\/a><\/figure><div class=\"elementor-image-box-content\"><h3 class=\"elementor-image-box-title\"><a href=\"https:\/\/www.szentimregyor.hu\/new\/galeria\/galeria-2018\/2018-templomszenteles-vigiliaja\/\"><i>Templomszentel\u00e9s vig\u00edli\u00e1ja<\/a><\/h3><p class=\"elementor-image-box-description\"><i>2018. j\u00fanius 2.<br>(Fot\u00f3: Bogd\u00e1n R\u00e9ka, Vaday Tam\u00e1s)<\/i><\/p><\/div><\/div>\t\t<\/div>\n\t\t\t\t<\/div>\n\t\t\t\t<div class=\"elementor-element elementor-element-5fb6be0 elementor-widget elementor-widget-spacer\" data-id=\"5fb6be0\" data-element_type=\"widget\" data-widget_type=\"spacer.default\">\n\t\t\t\t<div class=\"elementor-widget-container\">\n\t\t\t\t\t<div class=\"elementor-spacer\">\n\t\t\t<div class=\"elementor-spacer-inner\"><\/div>\n\t\t<\/div>\n\t\t\t\t<\/div>\n\t\t\t\t<\/div>\n\t\t\t\t\t<\/div>\n\t\t\t\t<\/div>\n\t\t<div class=\"elementor-element elementor-element-0e9de38 e-flex e-con-boxed elementor-invisible e-con e-parent\" data-id=\"0e9de38\" data-element_type=\"container\" data-settings=\"{&quot;animation&quot;:&quot;fadeInUp&quot;}\">\n\t\t\t\t\t<div class=\"e-con-inner\">\n\t\t\t\t<div class=\"elementor-element elementor-element-2357e80 elementor-position-top elementor-widget elementor-widget-image-box\" data-id=\"2357e80\" data-element_type=\"widget\" data-widget_type=\"image-box.default\">\n\t\t\t\t<div class=\"elementor-widget-container\">\n\t\t\t<div class=\"elementor-image-box-wrapper\"><figure class=\"elementor-image-box-img\"><a href=\"https:\/\/www.szentimregyor.hu\/new\/galeria\/galeria-2018\/2018-rado-tamas-atya-szentmiseje\/\" tabindex=\"-1\"><img loading=\"lazy\" decoding=\"async\" width=\"1800\" height=\"1200\" src=\"https:\/\/www.szentimregyor.hu\/new\/wp-content\/uploads\/2024\/08\/180601RadoTamas017.jpg\" class=\"attachment-full size-full wp-image-18266\" alt=\"\" srcset=\"https:\/\/www.szentimregyor.hu\/new\/wp-content\/uploads\/2024\/08\/180601RadoTamas017.jpg 1800w, https:\/\/www.szentimregyor.hu\/new\/wp-content\/uploads\/2024\/08\/180601RadoTamas017-300x200.jpg 300w, https:\/\/www.szentimregyor.hu\/new\/wp-content\/uploads\/2024\/08\/180601RadoTamas017-1024x683.jpg 1024w, https:\/\/www.szentimregyor.hu\/new\/wp-content\/uploads\/2024\/08\/180601RadoTamas017-768x512.jpg 768w, https:\/\/www.szentimregyor.hu\/new\/wp-content\/uploads\/2024\/08\/180601RadoTamas017-1536x1024.jpg 1536w\" sizes=\"(max-width: 1800px) 100vw, 1800px\" \/><\/a><\/figure><div class=\"elementor-image-box-content\"><h3 class=\"elementor-image-box-title\"><a href=\"https:\/\/www.szentimregyor.hu\/new\/galeria\/galeria-2018\/2018-rado-tamas-atya-szentmiseje\/\"><i>Rad\u00f3 Tam\u00e1s atya szentmis\u00e9je<\/a><\/h3><p class=\"elementor-image-box-description\"><i>2018. j\u00fanius 1.<br>(Fot\u00f3: Vaday Tam\u00e1s)<\/i><\/p><\/div><\/div>\t\t<\/div>\n\t\t\t\t<\/div>\n\t\t\t\t<div class=\"elementor-element elementor-element-ba8de12 elementor-widget elementor-widget-spacer\" data-id=\"ba8de12\" data-element_type=\"widget\" data-widget_type=\"spacer.default\">\n\t\t\t\t<div class=\"elementor-widget-container\">\n\t\t\t\t\t<div class=\"elementor-spacer\">\n\t\t\t<div class=\"elementor-spacer-inner\"><\/div>\n\t\t<\/div>\n\t\t\t\t<\/div>\n\t\t\t\t<\/div>\n\t\t\t\t\t<\/div>\n\t\t\t\t<\/div>\n\t\t<div class=\"elementor-element elementor-element-5c9d0bb e-flex e-con-boxed elementor-invisible e-con e-parent\" data-id=\"5c9d0bb\" data-element_type=\"container\" data-settings=\"{&quot;animation&quot;:&quot;fadeInUp&quot;}\">\n\t\t\t\t\t<div class=\"e-con-inner\">\n\t\t\t\t<div class=\"elementor-element elementor-element-c280dd7 elementor-position-top elementor-widget elementor-widget-image-box\" data-id=\"c280dd7\" data-element_type=\"widget\" data-widget_type=\"image-box.default\">\n\t\t\t\t<div class=\"elementor-widget-container\">\n\t\t\t<div class=\"elementor-image-box-wrapper\"><figure class=\"elementor-image-box-img\"><a href=\"https:\/\/www.szentimregyor.hu\/new\/galeria\/galeria-2018\/2018-barko-gabor-agoston-osb-szentmiseje\/\" tabindex=\"-1\"><img loading=\"lazy\" decoding=\"async\" width=\"1799\" height=\"1200\" src=\"https:\/\/www.szentimregyor.hu\/new\/wp-content\/uploads\/2024\/08\/180531BarkoAgoston011.jpg\" class=\"attachment-full size-full wp-image-18215\" alt=\"180531Bark\u00f3\u00c1goston011\" srcset=\"https:\/\/www.szentimregyor.hu\/new\/wp-content\/uploads\/2024\/08\/180531BarkoAgoston011.jpg 1799w, https:\/\/www.szentimregyor.hu\/new\/wp-content\/uploads\/2024\/08\/180531BarkoAgoston011-300x200.jpg 300w, https:\/\/www.szentimregyor.hu\/new\/wp-content\/uploads\/2024\/08\/180531BarkoAgoston011-1024x683.jpg 1024w, https:\/\/www.szentimregyor.hu\/new\/wp-content\/uploads\/2024\/08\/180531BarkoAgoston011-768x512.jpg 768w, https:\/\/www.szentimregyor.hu\/new\/wp-content\/uploads\/2024\/08\/180531BarkoAgoston011-1536x1025.jpg 1536w\" sizes=\"(max-width: 1799px) 100vw, 1799px\" \/><\/a><\/figure><div class=\"elementor-image-box-content\"><h3 class=\"elementor-image-box-title\"><a href=\"https:\/\/www.szentimregyor.hu\/new\/galeria\/galeria-2018\/2018-barko-gabor-agoston-osb-szentmiseje\/\"><i>Bark\u00f3 G\u00e1bor \u00c1goston OSB szentmis\u00e9je<\/a><\/h3><p class=\"elementor-image-box-description\"><i>2018. m\u00e1jus 31.<br>(Fot\u00f3: Vaday Tam\u00e1s)<\/i><\/p><\/div><\/div>\t\t<\/div>\n\t\t\t\t<\/div>\n\t\t\t\t<div class=\"elementor-element elementor-element-c1eaf4b elementor-widget elementor-widget-spacer\" data-id=\"c1eaf4b\" data-element_type=\"widget\" data-widget_type=\"spacer.default\">\n\t\t\t\t<div class=\"elementor-widget-container\">\n\t\t\t\t\t<div class=\"elementor-spacer\">\n\t\t\t<div class=\"elementor-spacer-inner\"><\/div>\n\t\t<\/div>\n\t\t\t\t<\/div>\n\t\t\t\t<\/div>\n\t\t\t\t\t<\/div>\n\t\t\t\t<\/div>\n\t\t<div class=\"elementor-element elementor-element-399e85a e-flex e-con-boxed elementor-invisible e-con e-parent\" data-id=\"399e85a\" data-element_type=\"container\" data-settings=\"{&quot;animation&quot;:&quot;fadeInUp&quot;}\">\n\t\t\t\t\t<div class=\"e-con-inner\">\n\t\t\t\t<div class=\"elementor-element elementor-element-8b0c19f elementor-position-top elementor-widget elementor-widget-image-box\" data-id=\"8b0c19f\" data-element_type=\"widget\" data-widget_type=\"image-box.default\">\n\t\t\t\t<div class=\"elementor-widget-container\">\n\t\t\t<div class=\"elementor-image-box-wrapper\"><figure class=\"elementor-image-box-img\"><a href=\"https:\/\/www.szentimregyor.hu\/new\/galeria\/galeria-2018\/2018-smudla-tamas-atya-szentmiseje\/\" tabindex=\"-1\"><img loading=\"lazy\" decoding=\"async\" width=\"1800\" height=\"1200\" src=\"https:\/\/www.szentimregyor.hu\/new\/wp-content\/uploads\/2024\/08\/180530SmudlaTamas017.jpg\" class=\"attachment-full size-full wp-image-18177\" alt=\"\" srcset=\"https:\/\/www.szentimregyor.hu\/new\/wp-content\/uploads\/2024\/08\/180530SmudlaTamas017.jpg 1800w, https:\/\/www.szentimregyor.hu\/new\/wp-content\/uploads\/2024\/08\/180530SmudlaTamas017-300x200.jpg 300w, https:\/\/www.szentimregyor.hu\/new\/wp-content\/uploads\/2024\/08\/180530SmudlaTamas017-1024x683.jpg 1024w, https:\/\/www.szentimregyor.hu\/new\/wp-content\/uploads\/2024\/08\/180530SmudlaTamas017-768x512.jpg 768w, https:\/\/www.szentimregyor.hu\/new\/wp-content\/uploads\/2024\/08\/180530SmudlaTamas017-1536x1024.jpg 1536w\" sizes=\"(max-width: 1800px) 100vw, 1800px\" \/><\/a><\/figure><div class=\"elementor-image-box-content\"><h3 class=\"elementor-image-box-title\"><a href=\"https:\/\/www.szentimregyor.hu\/new\/galeria\/galeria-2018\/2018-smudla-tamas-atya-szentmiseje\/\"><i>Smudla Tam\u00e1s atya szentmis\u00e9je<\/a><\/h3><p class=\"elementor-image-box-description\"><i>2018. m\u00e1jus 30.<br>(Fot\u00f3: Vaday Tam\u00e1s)<\/i><\/p><\/div><\/div>\t\t<\/div>\n\t\t\t\t<\/div>\n\t\t\t\t<div class=\"elementor-element elementor-element-a425762 elementor-widget elementor-widget-spacer\" data-id=\"a425762\" data-element_type=\"widget\" data-widget_type=\"spacer.default\">\n\t\t\t\t<div class=\"elementor-widget-container\">\n\t\t\t\t\t<div class=\"elementor-spacer\">\n\t\t\t<div class=\"elementor-spacer-inner\"><\/div>\n\t\t<\/div>\n\t\t\t\t<\/div>\n\t\t\t\t<\/div>\n\t\t\t\t\t<\/div>\n\t\t\t\t<\/div>\n\t\t<div class=\"elementor-element elementor-element-1db6823 e-flex e-con-boxed elementor-invisible e-con e-parent\" data-id=\"1db6823\" data-element_type=\"container\" data-settings=\"{&quot;animation&quot;:&quot;fadeInUp&quot;}\">\n\t\t\t\t\t<div class=\"e-con-inner\">\n\t\t\t\t<div class=\"elementor-element elementor-element-85cbfec elementor-position-top elementor-widget elementor-widget-image-box\" data-id=\"85cbfec\" data-element_type=\"widget\" data-widget_type=\"image-box.default\">\n\t\t\t\t<div class=\"elementor-widget-container\">\n\t\t\t<div class=\"elementor-image-box-wrapper\"><figure class=\"elementor-image-box-img\"><a href=\"https:\/\/www.szentimregyor.hu\/new\/galeria\/galeria-2018\/2018-galla-gabor-atya-szentmiseje\/\" tabindex=\"-1\"><img loading=\"lazy\" decoding=\"async\" width=\"1800\" height=\"1200\" src=\"https:\/\/www.szentimregyor.hu\/new\/wp-content\/uploads\/2024\/08\/180529GallaGabor005.jpg\" class=\"attachment-full size-full wp-image-18118\" alt=\"180529GallaG\u00e1bor005\" srcset=\"https:\/\/www.szentimregyor.hu\/new\/wp-content\/uploads\/2024\/08\/180529GallaGabor005.jpg 1800w, https:\/\/www.szentimregyor.hu\/new\/wp-content\/uploads\/2024\/08\/180529GallaGabor005-300x200.jpg 300w, https:\/\/www.szentimregyor.hu\/new\/wp-content\/uploads\/2024\/08\/180529GallaGabor005-1024x683.jpg 1024w, https:\/\/www.szentimregyor.hu\/new\/wp-content\/uploads\/2024\/08\/180529GallaGabor005-768x512.jpg 768w, https:\/\/www.szentimregyor.hu\/new\/wp-content\/uploads\/2024\/08\/180529GallaGabor005-1536x1024.jpg 1536w\" sizes=\"(max-width: 1800px) 100vw, 1800px\" \/><\/a><\/figure><div class=\"elementor-image-box-content\"><h3 class=\"elementor-image-box-title\"><a href=\"https:\/\/www.szentimregyor.hu\/new\/galeria\/galeria-2018\/2018-galla-gabor-atya-szentmiseje\/\"><i>Galla G\u00e1bor atya szentmis\u00e9je<\/a><\/h3><p class=\"elementor-image-box-description\"><i>2018. m\u00e1jus 29.<br>(Fot\u00f3: Vaday Tam\u00e1s)<\/i><\/p><\/div><\/div>\t\t<\/div>\n\t\t\t\t<\/div>\n\t\t\t\t<div class=\"elementor-element elementor-element-605b23f elementor-widget elementor-widget-spacer\" data-id=\"605b23f\" data-element_type=\"widget\" data-widget_type=\"spacer.default\">\n\t\t\t\t<div class=\"elementor-widget-container\">\n\t\t\t\t\t<div class=\"elementor-spacer\">\n\t\t\t<div class=\"elementor-spacer-inner\"><\/div>\n\t\t<\/div>\n\t\t\t\t<\/div>\n\t\t\t\t<\/div>\n\t\t\t\t\t<\/div>\n\t\t\t\t<\/div>\n\t\t<div class=\"elementor-element elementor-element-b8e2752 e-flex e-con-boxed elementor-invisible e-con e-parent\" data-id=\"b8e2752\" data-element_type=\"container\" data-settings=\"{&quot;animation&quot;:&quot;fadeInUp&quot;}\">\n\t\t\t\t\t<div class=\"e-con-inner\">\n\t\t\t\t<div class=\"elementor-element elementor-element-441e3ad elementor-position-top elementor-widget elementor-widget-image-box\" data-id=\"441e3ad\" data-element_type=\"widget\" data-widget_type=\"image-box.default\">\n\t\t\t\t<div class=\"elementor-widget-container\">\n\t\t\t<div class=\"elementor-image-box-wrapper\"><figure class=\"elementor-image-box-img\"><a href=\"https:\/\/www.szentimregyor.hu\/new\/galeria\/galeria-2018\/2018-fuchs-tibor-atya-szentmiseje\/\" tabindex=\"-1\"><img loading=\"lazy\" decoding=\"async\" width=\"1800\" height=\"1200\" src=\"https:\/\/www.szentimregyor.hu\/new\/wp-content\/uploads\/2024\/08\/180528FuchsTibor021.jpg\" class=\"attachment-full size-full wp-image-18100\" alt=\"180528FuchsTibor021\" srcset=\"https:\/\/www.szentimregyor.hu\/new\/wp-content\/uploads\/2024\/08\/180528FuchsTibor021.jpg 1800w, https:\/\/www.szentimregyor.hu\/new\/wp-content\/uploads\/2024\/08\/180528FuchsTibor021-300x200.jpg 300w, https:\/\/www.szentimregyor.hu\/new\/wp-content\/uploads\/2024\/08\/180528FuchsTibor021-1024x683.jpg 1024w, https:\/\/www.szentimregyor.hu\/new\/wp-content\/uploads\/2024\/08\/180528FuchsTibor021-768x512.jpg 768w, https:\/\/www.szentimregyor.hu\/new\/wp-content\/uploads\/2024\/08\/180528FuchsTibor021-1536x1024.jpg 1536w\" sizes=\"(max-width: 1800px) 100vw, 1800px\" \/><\/a><\/figure><div class=\"elementor-image-box-content\"><h3 class=\"elementor-image-box-title\"><a href=\"https:\/\/www.szentimregyor.hu\/new\/galeria\/galeria-2018\/2018-fuchs-tibor-atya-szentmiseje\/\"><i>Fuchs Tibor atya szentmis\u00e9je<\/a><\/h3><p class=\"elementor-image-box-description\"><i>2018. m\u00e1jus 28.<br>(Fot\u00f3: Vaday Tam\u00e1s)<\/i><\/p><\/div><\/div>\t\t<\/div>\n\t\t\t\t<\/div>\n\t\t\t\t<div class=\"elementor-element elementor-element-5d8bfb4 elementor-widget elementor-widget-spacer\" data-id=\"5d8bfb4\" data-element_type=\"widget\" data-widget_type=\"spacer.default\">\n\t\t\t\t<div class=\"elementor-widget-container\">\n\t\t\t\t\t<div class=\"elementor-spacer\">\n\t\t\t<div class=\"elementor-spacer-inner\"><\/div>\n\t\t<\/div>\n\t\t\t\t<\/div>\n\t\t\t\t<\/div>\n\t\t\t\t\t<\/div>\n\t\t\t\t<\/div>\n\t\t<div class=\"elementor-element elementor-element-467a795 e-flex e-con-boxed elementor-invisible e-con e-parent\" data-id=\"467a795\" data-element_type=\"container\" data-settings=\"{&quot;animation&quot;:&quot;fadeInUp&quot;}\">\n\t\t\t\t\t<div class=\"e-con-inner\">\n\t\t\t\t<div class=\"elementor-element elementor-element-03517f7 elementor-position-top elementor-widget elementor-widget-image-box\" data-id=\"03517f7\" data-element_type=\"widget\" data-widget_type=\"image-box.default\">\n\t\t\t\t<div class=\"elementor-widget-container\">\n\t\t\t<div class=\"elementor-image-box-wrapper\"><figure class=\"elementor-image-box-img\"><a href=\"https:\/\/www.szentimregyor.hu\/new\/galeria\/galeria-2018\/2018-ministransok-beoltozese\/\" tabindex=\"-1\"><img loading=\"lazy\" decoding=\"async\" width=\"1800\" height=\"1200\" src=\"https:\/\/www.szentimregyor.hu\/new\/wp-content\/uploads\/2024\/08\/180527ministrarns-beoltozes254.jpg\" class=\"attachment-full size-full wp-image-18055\" alt=\"180527ministrarns-beoltozes254\" srcset=\"https:\/\/www.szentimregyor.hu\/new\/wp-content\/uploads\/2024\/08\/180527ministrarns-beoltozes254.jpg 1800w, https:\/\/www.szentimregyor.hu\/new\/wp-content\/uploads\/2024\/08\/180527ministrarns-beoltozes254-300x200.jpg 300w, https:\/\/www.szentimregyor.hu\/new\/wp-content\/uploads\/2024\/08\/180527ministrarns-beoltozes254-1024x683.jpg 1024w, https:\/\/www.szentimregyor.hu\/new\/wp-content\/uploads\/2024\/08\/180527ministrarns-beoltozes254-768x512.jpg 768w, https:\/\/www.szentimregyor.hu\/new\/wp-content\/uploads\/2024\/08\/180527ministrarns-beoltozes254-1536x1024.jpg 1536w\" sizes=\"(max-width: 1800px) 100vw, 1800px\" \/><\/a><\/figure><div class=\"elementor-image-box-content\"><h3 class=\"elementor-image-box-title\"><a href=\"https:\/\/www.szentimregyor.hu\/new\/galeria\/galeria-2018\/2018-ministransok-beoltozese\/\"><i>Ministr\u00e1nsok be\u00f6lt\u00f6z\u00e9se<\/a><\/h3><p class=\"elementor-image-box-description\"><i>2018. m\u00e1jus 27.<br>(Fot\u00f3: Vaday Tam\u00e1s)<\/i><\/p><\/div><\/div>\t\t<\/div>\n\t\t\t\t<\/div>\n\t\t\t\t<div class=\"elementor-element elementor-element-8ef32b9 elementor-widget elementor-widget-spacer\" data-id=\"8ef32b9\" data-element_type=\"widget\" data-widget_type=\"spacer.default\">\n\t\t\t\t<div class=\"elementor-widget-container\">\n\t\t\t\t\t<div class=\"elementor-spacer\">\n\t\t\t<div class=\"elementor-spacer-inner\"><\/div>\n\t\t<\/div>\n\t\t\t\t<\/div>\n\t\t\t\t<\/div>\n\t\t\t\t\t<\/div>\n\t\t\t\t<\/div>\n\t\t<div class=\"elementor-element elementor-element-02bd01f e-flex e-con-boxed elementor-invisible e-con e-parent\" data-id=\"02bd01f\" data-element_type=\"container\" data-settings=\"{&quot;animation&quot;:&quot;fadeInUp&quot;}\">\n\t\t\t\t\t<div class=\"e-con-inner\">\n\t\t\t\t<div class=\"elementor-element elementor-element-a292474 elementor-position-top elementor-widget elementor-widget-image-box\" data-id=\"a292474\" data-element_type=\"widget\" data-widget_type=\"image-box.default\">\n\t\t\t\t<div class=\"elementor-widget-container\">\n\t\t\t<div class=\"elementor-image-box-wrapper\"><figure class=\"elementor-image-box-img\"><a href=\"https:\/\/www.szentimregyor.hu\/new\/galeria\/galeria-2018\/2018-ereklyek-fogadasa-szabo-janos-atya-ezustmiseje\/\" tabindex=\"-1\"><img loading=\"lazy\" decoding=\"async\" width=\"1800\" height=\"1200\" src=\"https:\/\/www.szentimregyor.hu\/new\/wp-content\/uploads\/2024\/08\/180525ereklyek-erkezese025.jpg\" class=\"attachment-full size-full wp-image-17552\" alt=\"\" srcset=\"https:\/\/www.szentimregyor.hu\/new\/wp-content\/uploads\/2024\/08\/180525ereklyek-erkezese025.jpg 1800w, https:\/\/www.szentimregyor.hu\/new\/wp-content\/uploads\/2024\/08\/180525ereklyek-erkezese025-300x200.jpg 300w, https:\/\/www.szentimregyor.hu\/new\/wp-content\/uploads\/2024\/08\/180525ereklyek-erkezese025-1024x683.jpg 1024w, https:\/\/www.szentimregyor.hu\/new\/wp-content\/uploads\/2024\/08\/180525ereklyek-erkezese025-768x512.jpg 768w, https:\/\/www.szentimregyor.hu\/new\/wp-content\/uploads\/2024\/08\/180525ereklyek-erkezese025-1536x1024.jpg 1536w\" sizes=\"(max-width: 1800px) 100vw, 1800px\" \/><\/a><\/figure><div class=\"elementor-image-box-content\"><h3 class=\"elementor-image-box-title\"><a href=\"https:\/\/www.szentimregyor.hu\/new\/galeria\/galeria-2018\/2018-ereklyek-fogadasa-szabo-janos-atya-ezustmiseje\/\"><i>Erekly\u00e9k fogad\u00e1sa, Szab\u00f3 J\u00e1nos atya ez\u00fcstmis\u00e9je<\/a><\/h3><p class=\"elementor-image-box-description\"><i>2018. m\u00e1jus 25.<br>(Fot\u00f3: Bogd\u00e1n R\u00e9ka, Vaday Tam\u00e1s)<\/i><\/p><\/div><\/div>\t\t<\/div>\n\t\t\t\t<\/div>\n\t\t\t\t<div class=\"elementor-element elementor-element-1a7be37 elementor-widget elementor-widget-spacer\" data-id=\"1a7be37\" data-element_type=\"widget\" data-widget_type=\"spacer.default\">\n\t\t\t\t<div class=\"elementor-widget-container\">\n\t\t\t\t\t<div class=\"elementor-spacer\">\n\t\t\t<div class=\"elementor-spacer-inner\"><\/div>\n\t\t<\/div>\n\t\t\t\t<\/div>\n\t\t\t\t<\/div>\n\t\t\t\t\t<\/div>\n\t\t\t\t<\/div>\n\t\t<div class=\"elementor-element elementor-element-164e211 e-flex e-con-boxed elementor-invisible e-con e-parent\" data-id=\"164e211\" data-element_type=\"container\" data-settings=\"{&quot;animation&quot;:&quot;fadeInUp&quot;}\">\n\t\t\t\t\t<div class=\"e-con-inner\">\n\t\t\t\t<div class=\"elementor-element elementor-element-b61b020 elementor-position-top elementor-widget elementor-widget-image-box\" data-id=\"b61b020\" data-element_type=\"widget\" data-widget_type=\"image-box.default\">\n\t\t\t\t<div class=\"elementor-widget-container\">\n\t\t\t<div class=\"elementor-image-box-wrapper\"><figure class=\"elementor-image-box-img\"><a href=\"https:\/\/www.szentimregyor.hu\/new\/galeria\/galeria-2018\/2018-boldog-apor-vilmos-unnepe\/\" tabindex=\"-1\"><img loading=\"lazy\" decoding=\"async\" width=\"1800\" height=\"1200\" src=\"https:\/\/www.szentimregyor.hu\/new\/wp-content\/uploads\/2024\/08\/180523apor029.jpg\" class=\"attachment-full size-full wp-image-17514\" alt=\"180523apor029\" srcset=\"https:\/\/www.szentimregyor.hu\/new\/wp-content\/uploads\/2024\/08\/180523apor029.jpg 1800w, https:\/\/www.szentimregyor.hu\/new\/wp-content\/uploads\/2024\/08\/180523apor029-300x200.jpg 300w, https:\/\/www.szentimregyor.hu\/new\/wp-content\/uploads\/2024\/08\/180523apor029-1024x683.jpg 1024w, https:\/\/www.szentimregyor.hu\/new\/wp-content\/uploads\/2024\/08\/180523apor029-768x512.jpg 768w, https:\/\/www.szentimregyor.hu\/new\/wp-content\/uploads\/2024\/08\/180523apor029-1536x1024.jpg 1536w\" sizes=\"(max-width: 1800px) 100vw, 1800px\" \/><\/a><\/figure><div class=\"elementor-image-box-content\"><h3 class=\"elementor-image-box-title\"><a href=\"https:\/\/www.szentimregyor.hu\/new\/galeria\/galeria-2018\/2018-boldog-apor-vilmos-unnepe\/\"><i>Boldog Apor Vilmos \u00fcnnepe<\/a><\/h3><p class=\"elementor-image-box-description\"><i>2018. m\u00e1jus 23.<br>(Fot\u00f3: Vaday Tam\u00e1s)<\/i><\/p><\/div><\/div>\t\t<\/div>\n\t\t\t\t<\/div>\n\t\t\t\t<div class=\"elementor-element elementor-element-7d721fb elementor-widget elementor-widget-spacer\" data-id=\"7d721fb\" data-element_type=\"widget\" data-widget_type=\"spacer.default\">\n\t\t\t\t<div class=\"elementor-widget-container\">\n\t\t\t\t\t<div class=\"elementor-spacer\">\n\t\t\t<div class=\"elementor-spacer-inner\"><\/div>\n\t\t<\/div>\n\t\t\t\t<\/div>\n\t\t\t\t<\/div>\n\t\t\t\t\t<\/div>\n\t\t\t\t<\/div>\n\t\t<div class=\"elementor-element elementor-element-6abaf05 e-flex e-con-boxed elementor-invisible e-con e-parent\" data-id=\"6abaf05\" data-element_type=\"container\" data-settings=\"{&quot;animation&quot;:&quot;fadeInUp&quot;}\">\n\t\t\t\t\t<div class=\"e-con-inner\">\n\t\t\t\t<div class=\"elementor-element elementor-element-091059e elementor-position-top elementor-widget elementor-widget-image-box\" data-id=\"091059e\" data-element_type=\"widget\" data-widget_type=\"image-box.default\">\n\t\t\t\t<div class=\"elementor-widget-container\">\n\t\t\t<div class=\"elementor-image-box-wrapper\"><figure class=\"elementor-image-box-img\"><a href=\"https:\/\/www.szentimregyor.hu\/new\/galeria\/galeria-2018\/2018-gitaros-mise\/\" tabindex=\"-1\"><img loading=\"lazy\" decoding=\"async\" width=\"1800\" height=\"1200\" src=\"https:\/\/www.szentimregyor.hu\/new\/wp-content\/uploads\/2024\/08\/180521gitaros005.jpg\" class=\"attachment-full size-full wp-image-17447\" alt=\"180521gitaros005\" srcset=\"https:\/\/www.szentimregyor.hu\/new\/wp-content\/uploads\/2024\/08\/180521gitaros005.jpg 1800w, https:\/\/www.szentimregyor.hu\/new\/wp-content\/uploads\/2024\/08\/180521gitaros005-300x200.jpg 300w, https:\/\/www.szentimregyor.hu\/new\/wp-content\/uploads\/2024\/08\/180521gitaros005-1024x683.jpg 1024w, https:\/\/www.szentimregyor.hu\/new\/wp-content\/uploads\/2024\/08\/180521gitaros005-768x512.jpg 768w, https:\/\/www.szentimregyor.hu\/new\/wp-content\/uploads\/2024\/08\/180521gitaros005-1536x1024.jpg 1536w\" sizes=\"(max-width: 1800px) 100vw, 1800px\" \/><\/a><\/figure><div class=\"elementor-image-box-content\"><h3 class=\"elementor-image-box-title\"><a href=\"https:\/\/www.szentimregyor.hu\/new\/galeria\/galeria-2018\/2018-gitaros-mise\/\"><i>Git\u00e1ros mise<\/a><\/h3><p class=\"elementor-image-box-description\"><i>2018. m\u00e1jus 21.<br>(Fot\u00f3: Vaday Tam\u00e1s)<\/i><\/p><\/div><\/div>\t\t<\/div>\n\t\t\t\t<\/div>\n\t\t\t\t<div class=\"elementor-element elementor-element-5deffc7 elementor-widget elementor-widget-spacer\" data-id=\"5deffc7\" data-element_type=\"widget\" data-widget_type=\"spacer.default\">\n\t\t\t\t<div class=\"elementor-widget-container\">\n\t\t\t\t\t<div class=\"elementor-spacer\">\n\t\t\t<div class=\"elementor-spacer-inner\"><\/div>\n\t\t<\/div>\n\t\t\t\t<\/div>\n\t\t\t\t<\/div>\n\t\t\t\t\t<\/div>\n\t\t\t\t<\/div>\n\t\t<div class=\"elementor-element elementor-element-946e7b4 e-flex e-con-boxed elementor-invisible e-con e-parent\" data-id=\"946e7b4\" data-element_type=\"container\" data-settings=\"{&quot;animation&quot;:&quot;fadeInUp&quot;}\">\n\t\t\t\t\t<div class=\"e-con-inner\">\n\t\t\t\t<div class=\"elementor-element elementor-element-f890bf0 elementor-position-top elementor-widget elementor-widget-image-box\" data-id=\"f890bf0\" data-element_type=\"widget\" data-widget_type=\"image-box.default\">\n\t\t\t\t<div class=\"elementor-widget-container\">\n\t\t\t<div class=\"elementor-image-box-wrapper\"><figure class=\"elementor-image-box-img\"><a href=\"https:\/\/www.szentimregyor.hu\/new\/galeria\/galeria-2018\/2018-bermalas-majus-19\/\" tabindex=\"-1\"><img loading=\"lazy\" decoding=\"async\" width=\"1800\" height=\"1200\" src=\"https:\/\/www.szentimregyor.hu\/new\/wp-content\/uploads\/2024\/07\/180519bermalas036.jpg\" class=\"attachment-full size-full wp-image-16909\" alt=\"180519bermalas036\" srcset=\"https:\/\/www.szentimregyor.hu\/new\/wp-content\/uploads\/2024\/07\/180519bermalas036.jpg 1800w, https:\/\/www.szentimregyor.hu\/new\/wp-content\/uploads\/2024\/07\/180519bermalas036-300x200.jpg 300w, https:\/\/www.szentimregyor.hu\/new\/wp-content\/uploads\/2024\/07\/180519bermalas036-1024x683.jpg 1024w, https:\/\/www.szentimregyor.hu\/new\/wp-content\/uploads\/2024\/07\/180519bermalas036-768x512.jpg 768w, https:\/\/www.szentimregyor.hu\/new\/wp-content\/uploads\/2024\/07\/180519bermalas036-1536x1024.jpg 1536w\" sizes=\"(max-width: 1800px) 100vw, 1800px\" \/><\/a><\/figure><div class=\"elementor-image-box-content\"><h3 class=\"elementor-image-box-title\"><a href=\"https:\/\/www.szentimregyor.hu\/new\/galeria\/galeria-2018\/2018-bermalas-majus-19\/\"><i>B\u00e9rm\u00e1l\u00e1s<\/i><\/a><\/h3><p class=\"elementor-image-box-description\"><i>2018. m\u00e1jus 19.<br>(Fot\u00f3: Vaday Tam\u00e1s)<\/i><\/p><\/div><\/div>\t\t<\/div>\n\t\t\t\t<\/div>\n\t\t\t\t<div class=\"elementor-element elementor-element-b655e5b elementor-widget elementor-widget-spacer\" data-id=\"b655e5b\" data-element_type=\"widget\" data-widget_type=\"spacer.default\">\n\t\t\t\t<div class=\"elementor-widget-container\">\n\t\t\t\t\t<div class=\"elementor-spacer\">\n\t\t\t<div class=\"elementor-spacer-inner\"><\/div>\n\t\t<\/div>\n\t\t\t\t<\/div>\n\t\t\t\t<\/div>\n\t\t\t\t\t<\/div>\n\t\t\t\t<\/div>\n\t\t<div class=\"elementor-element elementor-element-c6149f6 e-flex e-con-boxed elementor-invisible e-con e-parent\" data-id=\"c6149f6\" data-element_type=\"container\" data-settings=\"{&quot;animation&quot;:&quot;fadeInUp&quot;}\">\n\t\t\t\t\t<div class=\"e-con-inner\">\n\t\t\t\t<div class=\"elementor-element elementor-element-6610f9d elementor-position-top elementor-widget elementor-widget-image-box\" data-id=\"6610f9d\" data-element_type=\"widget\" data-widget_type=\"image-box.default\">\n\t\t\t\t<div class=\"elementor-widget-container\">\n\t\t\t<div class=\"elementor-image-box-wrapper\"><figure class=\"elementor-image-box-img\"><a href=\"https:\/\/www.szentimregyor.hu\/new\/galeria\/galeria-2018\/2018-elsoaldozas-aprilis-22\/\" tabindex=\"-1\"><img loading=\"lazy\" decoding=\"async\" width=\"1800\" height=\"1200\" src=\"https:\/\/www.szentimregyor.hu\/new\/wp-content\/uploads\/2024\/07\/180422elsoaldozas078.jpg\" class=\"attachment-full size-full wp-image-16694\" alt=\"180422elsoaldozas078\" srcset=\"https:\/\/www.szentimregyor.hu\/new\/wp-content\/uploads\/2024\/07\/180422elsoaldozas078.jpg 1800w, https:\/\/www.szentimregyor.hu\/new\/wp-content\/uploads\/2024\/07\/180422elsoaldozas078-300x200.jpg 300w, https:\/\/www.szentimregyor.hu\/new\/wp-content\/uploads\/2024\/07\/180422elsoaldozas078-1024x683.jpg 1024w, https:\/\/www.szentimregyor.hu\/new\/wp-content\/uploads\/2024\/07\/180422elsoaldozas078-768x512.jpg 768w, https:\/\/www.szentimregyor.hu\/new\/wp-content\/uploads\/2024\/07\/180422elsoaldozas078-1536x1024.jpg 1536w\" sizes=\"(max-width: 1800px) 100vw, 1800px\" \/><\/a><\/figure><div class=\"elementor-image-box-content\"><h3 class=\"elementor-image-box-title\"><a href=\"https:\/\/www.szentimregyor.hu\/new\/galeria\/galeria-2018\/2018-elsoaldozas-aprilis-22\/\"><i>Els\u0151\u00e1ldoz\u00e1s<\/i><\/a><\/h3><p class=\"elementor-image-box-description\"><i>2018. \u00e1prilis 22.<br>(Fot\u00f3: Vaday Tam\u00e1s)<\/i><\/p><\/div><\/div>\t\t<\/div>\n\t\t\t\t<\/div>\n\t\t\t\t<div class=\"elementor-element elementor-element-a37afe0 elementor-widget elementor-widget-spacer\" data-id=\"a37afe0\" data-element_type=\"widget\" data-widget_type=\"spacer.default\">\n\t\t\t\t<div class=\"elementor-widget-container\">\n\t\t\t\t\t<div class=\"elementor-spacer\">\n\t\t\t<div class=\"elementor-spacer-inner\"><\/div>\n\t\t<\/div>\n\t\t\t\t<\/div>\n\t\t\t\t<\/div>\n\t\t\t\t\t<\/div>\n\t\t\t\t<\/div>\n\t\t<div class=\"elementor-element elementor-element-43e51c0 e-flex e-con-boxed elementor-invisible e-con e-parent\" data-id=\"43e51c0\" data-element_type=\"container\" data-settings=\"{&quot;animation&quot;:&quot;fadeInUp&quot;}\">\n\t\t\t\t\t<div class=\"e-con-inner\">\n\t\t\t\t<div class=\"elementor-element elementor-element-18efa41 elementor-position-top elementor-widget elementor-widget-image-box\" data-id=\"18efa41\" data-element_type=\"widget\" data-widget_type=\"image-box.default\">\n\t\t\t\t<div class=\"elementor-widget-container\">\n\t\t\t<div class=\"elementor-image-box-wrapper\"><figure class=\"elementor-image-box-img\"><a href=\"https:\/\/www.szentimregyor.hu\/new\/galeria\/galeria-2018\/2018-elsoaldozas-aprilis-15\/\" tabindex=\"-1\"><img loading=\"lazy\" decoding=\"async\" width=\"1800\" height=\"1200\" src=\"https:\/\/www.szentimregyor.hu\/new\/wp-content\/uploads\/2024\/07\/180415elsoaldozas076.jpg\" class=\"attachment-full size-full wp-image-16600\" alt=\"180415elsoaldozas076\" srcset=\"https:\/\/www.szentimregyor.hu\/new\/wp-content\/uploads\/2024\/07\/180415elsoaldozas076.jpg 1800w, https:\/\/www.szentimregyor.hu\/new\/wp-content\/uploads\/2024\/07\/180415elsoaldozas076-300x200.jpg 300w, https:\/\/www.szentimregyor.hu\/new\/wp-content\/uploads\/2024\/07\/180415elsoaldozas076-1024x683.jpg 1024w, https:\/\/www.szentimregyor.hu\/new\/wp-content\/uploads\/2024\/07\/180415elsoaldozas076-768x512.jpg 768w, https:\/\/www.szentimregyor.hu\/new\/wp-content\/uploads\/2024\/07\/180415elsoaldozas076-1536x1024.jpg 1536w\" sizes=\"(max-width: 1800px) 100vw, 1800px\" \/><\/a><\/figure><div class=\"elementor-image-box-content\"><h3 class=\"elementor-image-box-title\"><a href=\"https:\/\/www.szentimregyor.hu\/new\/galeria\/galeria-2018\/2018-elsoaldozas-aprilis-15\/\"><i>Els\u0151\u00e1ldoz\u00e1s<\/i><\/a><\/h3><p class=\"elementor-image-box-description\"><i>2018. \u00e1prilis 15.<br>(Fot\u00f3: Vaday Tam\u00e1s)<\/i><\/p><\/div><\/div>\t\t<\/div>\n\t\t\t\t<\/div>\n\t\t\t\t<div class=\"elementor-element elementor-element-8d10eda elementor-widget elementor-widget-spacer\" data-id=\"8d10eda\" data-element_type=\"widget\" data-widget_type=\"spacer.default\">\n\t\t\t\t<div class=\"elementor-widget-container\">\n\t\t\t\t\t<div class=\"elementor-spacer\">\n\t\t\t<div class=\"elementor-spacer-inner\"><\/div>\n\t\t<\/div>\n\t\t\t\t<\/div>\n\t\t\t\t<\/div>\n\t\t\t\t\t<\/div>\n\t\t\t\t<\/div>\n\t\t<div class=\"elementor-element elementor-element-3a4d703 e-flex e-con-boxed elementor-invisible e-con e-parent\" data-id=\"3a4d703\" data-element_type=\"container\" data-settings=\"{&quot;animation&quot;:&quot;fadeInUp&quot;}\">\n\t\t\t\t\t<div class=\"e-con-inner\">\n\t\t\t\t<div class=\"elementor-element elementor-element-c3fa6aa elementor-position-top elementor-widget elementor-widget-image-box\" data-id=\"c3fa6aa\" data-element_type=\"widget\" data-widget_type=\"image-box.default\">\n\t\t\t\t<div class=\"elementor-widget-container\">\n\t\t\t<div class=\"elementor-image-box-wrapper\"><figure class=\"elementor-image-box-img\"><a href=\"https:\/\/www.szentimregyor.hu\/new\/galeria\/galeria-2018\/2018-husvet-vigiliaja\/\" tabindex=\"-1\"><img loading=\"lazy\" decoding=\"async\" width=\"1800\" height=\"1200\" src=\"https:\/\/www.szentimregyor.hu\/new\/wp-content\/uploads\/2024\/07\/180331vigilia009.jpg\" class=\"attachment-full size-full wp-image-16349\" alt=\"\" srcset=\"https:\/\/www.szentimregyor.hu\/new\/wp-content\/uploads\/2024\/07\/180331vigilia009.jpg 1800w, https:\/\/www.szentimregyor.hu\/new\/wp-content\/uploads\/2024\/07\/180331vigilia009-300x200.jpg 300w, https:\/\/www.szentimregyor.hu\/new\/wp-content\/uploads\/2024\/07\/180331vigilia009-1024x683.jpg 1024w, https:\/\/www.szentimregyor.hu\/new\/wp-content\/uploads\/2024\/07\/180331vigilia009-768x512.jpg 768w, https:\/\/www.szentimregyor.hu\/new\/wp-content\/uploads\/2024\/07\/180331vigilia009-1536x1024.jpg 1536w\" sizes=\"(max-width: 1800px) 100vw, 1800px\" \/><\/a><\/figure><div class=\"elementor-image-box-content\"><h3 class=\"elementor-image-box-title\"><a href=\"https:\/\/www.szentimregyor.hu\/new\/galeria\/galeria-2018\/2018-husvet-vigiliaja\/\"><i>H\u00fasv\u00e9t vig\u00edli\u00e1ja<\/a><\/h3><p class=\"elementor-image-box-description\"><i>2018. m\u00e1rcius 31.<br>(Fot\u00f3: Vaday Tam\u00e1s, Vid\u00e9ki Zolt\u00e1n)<\/i><\/p><\/div><\/div>\t\t<\/div>\n\t\t\t\t<\/div>\n\t\t\t\t<div class=\"elementor-element elementor-element-9996f6c elementor-widget elementor-widget-spacer\" data-id=\"9996f6c\" data-element_type=\"widget\" data-widget_type=\"spacer.default\">\n\t\t\t\t<div class=\"elementor-widget-container\">\n\t\t\t\t\t<div class=\"elementor-spacer\">\n\t\t\t<div class=\"elementor-spacer-inner\"><\/div>\n\t\t<\/div>\n\t\t\t\t<\/div>\n\t\t\t\t<\/div>\n\t\t\t\t\t<\/div>\n\t\t\t\t<\/div>\n\t\t<div class=\"elementor-element elementor-element-8215f01 e-flex e-con-boxed elementor-invisible e-con e-parent\" data-id=\"8215f01\" data-element_type=\"container\" data-settings=\"{&quot;animation&quot;:&quot;fadeInUp&quot;}\">\n\t\t\t\t\t<div class=\"e-con-inner\">\n\t\t\t\t<div class=\"elementor-element elementor-element-b7541d7 elementor-position-top elementor-widget elementor-widget-image-box\" data-id=\"b7541d7\" data-element_type=\"widget\" data-widget_type=\"image-box.default\">\n\t\t\t\t<div class=\"elementor-widget-container\">\n\t\t\t<div class=\"elementor-image-box-wrapper\"><figure class=\"elementor-image-box-img\"><a href=\"https:\/\/www.szentimregyor.hu\/new\/galeria\/galeria-2018\/2018-nagypentek\/\" tabindex=\"-1\"><img loading=\"lazy\" decoding=\"async\" width=\"1800\" height=\"1200\" src=\"https:\/\/www.szentimregyor.hu\/new\/wp-content\/uploads\/2024\/07\/180330nagypentek002-1.jpg\" class=\"attachment-full size-full wp-image-16334\" alt=\"180330nagypentek002\" srcset=\"https:\/\/www.szentimregyor.hu\/new\/wp-content\/uploads\/2024\/07\/180330nagypentek002-1.jpg 1800w, https:\/\/www.szentimregyor.hu\/new\/wp-content\/uploads\/2024\/07\/180330nagypentek002-1-300x200.jpg 300w, https:\/\/www.szentimregyor.hu\/new\/wp-content\/uploads\/2024\/07\/180330nagypentek002-1-1024x683.jpg 1024w, https:\/\/www.szentimregyor.hu\/new\/wp-content\/uploads\/2024\/07\/180330nagypentek002-1-768x512.jpg 768w, https:\/\/www.szentimregyor.hu\/new\/wp-content\/uploads\/2024\/07\/180330nagypentek002-1-1536x1024.jpg 1536w\" sizes=\"(max-width: 1800px) 100vw, 1800px\" \/><\/a><\/figure><div class=\"elementor-image-box-content\"><h3 class=\"elementor-image-box-title\"><a href=\"https:\/\/www.szentimregyor.hu\/new\/galeria\/galeria-2018\/2018-nagypentek\/\"><i>Nagyp\u00e9ntek<\/a><\/h3><p class=\"elementor-image-box-description\"><i>2018. m\u00e1rcius 30.<br>(Fot\u00f3: Vaday Katalin \u00e9s Vaday Tam\u00e1s)<\/i><\/p><\/div><\/div>\t\t<\/div>\n\t\t\t\t<\/div>\n\t\t\t\t<div class=\"elementor-element elementor-element-5b8a9ad elementor-widget elementor-widget-spacer\" data-id=\"5b8a9ad\" data-element_type=\"widget\" data-widget_type=\"spacer.default\">\n\t\t\t\t<div class=\"elementor-widget-container\">\n\t\t\t\t\t<div class=\"elementor-spacer\">\n\t\t\t<div class=\"elementor-spacer-inner\"><\/div>\n\t\t<\/div>\n\t\t\t\t<\/div>\n\t\t\t\t<\/div>\n\t\t\t\t\t<\/div>\n\t\t\t\t<\/div>\n\t\t<div class=\"elementor-element elementor-element-b383c2f e-flex e-con-boxed elementor-invisible e-con e-parent\" data-id=\"b383c2f\" data-element_type=\"container\" data-settings=\"{&quot;animation&quot;:&quot;fadeInUp&quot;}\">\n\t\t\t\t\t<div class=\"e-con-inner\">\n\t\t\t\t<div class=\"elementor-element elementor-element-82a1f91 elementor-position-top elementor-widget elementor-widget-image-box\" data-id=\"82a1f91\" data-element_type=\"widget\" data-widget_type=\"image-box.default\">\n\t\t\t\t<div class=\"elementor-widget-container\">\n\t\t\t<div class=\"elementor-image-box-wrapper\"><figure class=\"elementor-image-box-img\"><a href=\"https:\/\/www.szentimregyor.hu\/new\/galeria\/galeria-2018\/2018-nagycsutortok\/\" tabindex=\"-1\"><img loading=\"lazy\" decoding=\"async\" width=\"1800\" height=\"1200\" src=\"https:\/\/www.szentimregyor.hu\/new\/wp-content\/uploads\/2024\/06\/180329nagycsutortok002.jpg\" class=\"attachment-full size-full wp-image-16102\" alt=\"180329nagycsutortok002\" srcset=\"https:\/\/www.szentimregyor.hu\/new\/wp-content\/uploads\/2024\/06\/180329nagycsutortok002.jpg 1800w, https:\/\/www.szentimregyor.hu\/new\/wp-content\/uploads\/2024\/06\/180329nagycsutortok002-300x200.jpg 300w, https:\/\/www.szentimregyor.hu\/new\/wp-content\/uploads\/2024\/06\/180329nagycsutortok002-1024x683.jpg 1024w, https:\/\/www.szentimregyor.hu\/new\/wp-content\/uploads\/2024\/06\/180329nagycsutortok002-768x512.jpg 768w, https:\/\/www.szentimregyor.hu\/new\/wp-content\/uploads\/2024\/06\/180329nagycsutortok002-1536x1024.jpg 1536w\" sizes=\"(max-width: 1800px) 100vw, 1800px\" \/><\/a><\/figure><div class=\"elementor-image-box-content\"><h3 class=\"elementor-image-box-title\"><a href=\"https:\/\/www.szentimregyor.hu\/new\/galeria\/galeria-2018\/2018-nagycsutortok\/\"><i>Nagycs\u00fct\u00f6rt\u00f6k<\/a><\/h3><p class=\"elementor-image-box-description\"><i>2018. m\u00e1rcius 29.<br>(Fot\u00f3: Vaday Tam\u00e1s)<\/i><\/p><\/div><\/div>\t\t<\/div>\n\t\t\t\t<\/div>\n\t\t\t\t<div class=\"elementor-element elementor-element-f88ef79 elementor-widget elementor-widget-spacer\" data-id=\"f88ef79\" data-element_type=\"widget\" data-widget_type=\"spacer.default\">\n\t\t\t\t<div class=\"elementor-widget-container\">\n\t\t\t\t\t<div class=\"elementor-spacer\">\n\t\t\t<div class=\"elementor-spacer-inner\"><\/div>\n\t\t<\/div>\n\t\t\t\t<\/div>\n\t\t\t\t<\/div>\n\t\t\t\t\t<\/div>\n\t\t\t\t<\/div>\n\t\t<div class=\"elementor-element elementor-element-152d64aa e-flex e-con-boxed elementor-invisible e-con e-parent\" data-id=\"152d64aa\" data-element_type=\"container\" data-settings=\"{&quot;animation&quot;:&quot;fadeInUp&quot;}\">\n\t\t\t\t\t<div class=\"e-con-inner\">\n\t\t\t\t<div class=\"elementor-element elementor-element-d6bf7b9 elementor-position-top elementor-widget elementor-widget-image-box\" data-id=\"d6bf7b9\" data-element_type=\"widget\" data-widget_type=\"image-box.default\">\n\t\t\t\t<div class=\"elementor-widget-container\">\n\t\t\t<div class=\"elementor-image-box-wrapper\"><figure class=\"elementor-image-box-img\"><a href=\"https:\/\/www.szentimregyor.hu\/new\/galeria\/galeria-2018\/2018-viragvasarnap\/\" tabindex=\"-1\"><img loading=\"lazy\" decoding=\"async\" width=\"1800\" height=\"1200\" src=\"https:\/\/www.szentimregyor.hu\/new\/wp-content\/uploads\/2024\/06\/180325viragvasarnap007.jpg\" class=\"attachment-full size-full wp-image-16043\" alt=\"180325viragvasarnap007\" srcset=\"https:\/\/www.szentimregyor.hu\/new\/wp-content\/uploads\/2024\/06\/180325viragvasarnap007.jpg 1800w, https:\/\/www.szentimregyor.hu\/new\/wp-content\/uploads\/2024\/06\/180325viragvasarnap007-300x200.jpg 300w, https:\/\/www.szentimregyor.hu\/new\/wp-content\/uploads\/2024\/06\/180325viragvasarnap007-1024x683.jpg 1024w, https:\/\/www.szentimregyor.hu\/new\/wp-content\/uploads\/2024\/06\/180325viragvasarnap007-768x512.jpg 768w, https:\/\/www.szentimregyor.hu\/new\/wp-content\/uploads\/2024\/06\/180325viragvasarnap007-1536x1024.jpg 1536w\" sizes=\"(max-width: 1800px) 100vw, 1800px\" \/><\/a><\/figure><div class=\"elementor-image-box-content\"><h3 class=\"elementor-image-box-title\"><a href=\"https:\/\/www.szentimregyor.hu\/new\/galeria\/galeria-2018\/2018-viragvasarnap\/\"><i>Vir\u00e1gvas\u00e1rnap<\/a><\/h3><p class=\"elementor-image-box-description\"><i>2018. m\u00e1rcius 25.<br>(Fot\u00f3: Vaday Tam\u00e1s)<\/i><\/p><\/div><\/div>\t\t<\/div>\n\t\t\t\t<\/div>\n\t\t\t\t<div class=\"elementor-element elementor-element-a7db13b elementor-widget elementor-widget-spacer\" data-id=\"a7db13b\" data-element_type=\"widget\" data-widget_type=\"spacer.default\">\n\t\t\t\t<div class=\"elementor-widget-container\">\n\t\t\t\t\t<div class=\"elementor-spacer\">\n\t\t\t<div class=\"elementor-spacer-inner\"><\/div>\n\t\t<\/div>\n\t\t\t\t<\/div>\n\t\t\t\t<\/div>\n\t\t\t\t\t<\/div>\n\t\t\t\t<\/div>\n\t\t<div class=\"elementor-element elementor-element-42b0fb3c e-flex e-con-boxed elementor-invisible e-con e-parent\" data-id=\"42b0fb3c\" data-element_type=\"container\" data-settings=\"{&quot;animation&quot;:&quot;fadeInUp&quot;}\">\n\t\t\t\t\t<div class=\"e-con-inner\">\n\t\t\t\t<div class=\"elementor-element elementor-element-4adb951a elementor-position-top elementor-widget elementor-widget-image-box\" data-id=\"4adb951a\" data-element_type=\"widget\" data-widget_type=\"image-box.default\">\n\t\t\t\t<div class=\"elementor-widget-container\">\n\t\t\t<div class=\"elementor-image-box-wrapper\"><figure class=\"elementor-image-box-img\"><a href=\"https:\/\/www.szentimregyor.hu\/new\/galeria\/galeria-2018\/2018-zarandoklat-a-szekesegyhazba\/\" tabindex=\"-1\"><img loading=\"lazy\" decoding=\"async\" width=\"1800\" height=\"1200\" src=\"https:\/\/www.szentimregyor.hu\/new\/wp-content\/uploads\/2024\/06\/180302zarandoklat052.jpg\" class=\"attachment-full size-full wp-image-16012\" alt=\"180302zarandoklat052\" srcset=\"https:\/\/www.szentimregyor.hu\/new\/wp-content\/uploads\/2024\/06\/180302zarandoklat052.jpg 1800w, https:\/\/www.szentimregyor.hu\/new\/wp-content\/uploads\/2024\/06\/180302zarandoklat052-300x200.jpg 300w, https:\/\/www.szentimregyor.hu\/new\/wp-content\/uploads\/2024\/06\/180302zarandoklat052-1024x683.jpg 1024w, https:\/\/www.szentimregyor.hu\/new\/wp-content\/uploads\/2024\/06\/180302zarandoklat052-768x512.jpg 768w, https:\/\/www.szentimregyor.hu\/new\/wp-content\/uploads\/2024\/06\/180302zarandoklat052-1536x1024.jpg 1536w\" sizes=\"(max-width: 1800px) 100vw, 1800px\" \/><\/a><\/figure><div class=\"elementor-image-box-content\"><h3 class=\"elementor-image-box-title\"><a href=\"https:\/\/www.szentimregyor.hu\/new\/galeria\/galeria-2018\/2018-zarandoklat-a-szekesegyhazba\/\"><i>Zar\u00e1ndoklat a Sz\u00e9kesegyh\u00e1zba<\/a><\/h3><p class=\"elementor-image-box-description\"><i>2018. m\u00e1rcius 2.<br>(Fot\u00f3: N\u00e9meth P\u00e9ter)<\/i><\/p><\/div><\/div>\t\t<\/div>\n\t\t\t\t<\/div>\n\t\t\t\t<div class=\"elementor-element elementor-element-7748e5c6 elementor-widget elementor-widget-spacer\" data-id=\"7748e5c6\" data-element_type=\"widget\" data-widget_type=\"spacer.default\">\n\t\t\t\t<div class=\"elementor-widget-container\">\n\t\t\t\t\t<div class=\"elementor-spacer\">\n\t\t\t<div class=\"elementor-spacer-inner\"><\/div>\n\t\t<\/div>\n\t\t\t\t<\/div>\n\t\t\t\t<\/div>\n\t\t\t\t\t<\/div>\n\t\t\t\t<\/div>\n\t\t<div class=\"elementor-element elementor-element-2c9cce42 e-flex e-con-boxed e-con e-parent\" data-id=\"2c9cce42\" data-element_type=\"container\">\n\t\t\t\t\t<div class=\"e-con-inner\">\n\t\t\t\t<div class=\"elementor-element elementor-element-1d5e3f61 elementor-align-center elementor-invisible elementor-widget elementor-widget-button\" data-id=\"1d5e3f61\" data-element_type=\"widget\" data-settings=\"{&quot;_animation&quot;:&quot;fadeInUp&quot;}\" data-widget_type=\"button.default\">\n\t\t\t\t<div class=\"elementor-widget-container\">\n\t\t\t\t\t<div class=\"elementor-button-wrapper\">\n\t\t\t<a class=\"elementor-button elementor-button-link elementor-size-sm elementor-animation-grow\" href=\"https:\/\/www.szentimregyor.hu\/new\/galeria\/\">\n\t\t\t\t\t\t<span class=\"elementor-button-content-wrapper\">\n\t\t\t\t\t\t<span class=\"elementor-button-icon elementor-align-icon-left\">\n\t\t\t\t<i aria-hidden=\"true\" class=\"fas fa-backward\"><\/i>\t\t\t<\/span>\n\t\t\t\t\t\t\t\t\t<span class=\"elementor-button-text\">Gal\u00e9ria<\/span>\n\t\t\t\t\t<\/span>\n\t\t\t\t\t<\/a>\n\t\t<\/div>\n\t\t\t\t<\/div>\n\t\t\t\t<\/div>\n\t\t\t\t\t<\/div>\n\t\t\t\t<\/div>\n\t\t<div class=\"elementor-element elementor-element-6eb532df e-flex e-con-boxed e-con e-parent\" data-id=\"6eb532df\" data-element_type=\"container\">\n\t\t\t\t\t<div class=\"e-con-inner\">\n\t\t\t\t<div class=\"elementor-element elementor-element-4222d173 elementor-widget elementor-widget-spacer\" data-id=\"4222d173\" data-element_type=\"widget\" data-widget_type=\"spacer.default\">\n\t\t\t\t<div class=\"elementor-widget-container\">\n\t\t\t\t\t<div class=\"elementor-spacer\">\n\t\t\t<div class=\"elementor-spacer-inner\"><\/div>\n\t\t<\/div>\n\t\t\t\t<\/div>\n\t\t\t\t<\/div>\n\t\t\t\t\t<\/div>\n\t\t\t\t<\/div>\n\t\t<div class=\"elementor-element elementor-element-593d0027 animated-slow e-flex e-con-boxed elementor-invisible e-con e-parent\" data-id=\"593d0027\" data-element_type=\"container\" data-settings=\"{&quot;background_background&quot;:&quot;gradient&quot;,&quot;animation&quot;:&quot;fadeIn&quot;}\">\n\t\t\t\t\t<div class=\"e-con-inner\">\n\t\t<div class=\"elementor-element elementor-element-6b559f5c e-con-full e-flex e-con e-child\" data-id=\"6b559f5c\" data-element_type=\"container\">\n\t\t\t\t<div class=\"elementor-element elementor-element-a0e1c97 elementor-widget__width-initial elementor-position-top elementor-widget elementor-widget-image-box\" data-id=\"a0e1c97\" data-element_type=\"widget\" data-widget_type=\"image-box.default\">\n\t\t\t\t<div class=\"elementor-widget-container\">\n\t\t\t<div class=\"elementor-image-box-wrapper\"><figure class=\"elementor-image-box-img\"><img loading=\"lazy\" decoding=\"async\" width=\"299\" height=\"240\" src=\"https:\/\/www.szentimregyor.hu\/new\/wp-content\/uploads\/2023\/10\/imre_honlap.png\" class=\"attachment-full size-full wp-image-47\" alt=\"\" \/><\/figure><\/div>\t\t<\/div>\n\t\t\t\t<\/div>\n\t\t\t\t<div class=\"elementor-element elementor-element-3fc199ec e-grid-align-left e-grid-align-tablet-left e-grid-align-mobile-center elementor-shape-rounded elementor-grid-0 elementor-widget elementor-widget-social-icons\" data-id=\"3fc199ec\" data-element_type=\"widget\" data-widget_type=\"social-icons.default\">\n\t\t\t\t<div class=\"elementor-widget-container\">\n\t\t\t<style>\/*! elementor - v3.21.0 - 20-05-2024 *\/\n.elementor-widget-social-icons.elementor-grid-0 .elementor-widget-container,.elementor-widget-social-icons.elementor-grid-mobile-0 .elementor-widget-container,.elementor-widget-social-icons.elementor-grid-tablet-0 .elementor-widget-container{line-height:1;font-size:0}.elementor-widget-social-icons:not(.elementor-grid-0):not(.elementor-grid-tablet-0):not(.elementor-grid-mobile-0) .elementor-grid{display:inline-grid}.elementor-widget-social-icons .elementor-grid{grid-column-gap:var(--grid-column-gap,5px);grid-row-gap:var(--grid-row-gap,5px);grid-template-columns:var(--grid-template-columns);justify-content:var(--justify-content,center);justify-items:var(--justify-content,center)}.elementor-icon.elementor-social-icon{font-size:var(--icon-size,25px);line-height:var(--icon-size,25px);width:calc(var(--icon-size, 25px) + 2 * var(--icon-padding, .5em));height:calc(var(--icon-size, 25px) + 2 * var(--icon-padding, .5em))}.elementor-social-icon{--e-social-icon-icon-color:#fff;display:inline-flex;background-color:#69727d;align-items:center;justify-content:center;text-align:center;cursor:pointer}.elementor-social-icon i{color:var(--e-social-icon-icon-color)}.elementor-social-icon svg{fill:var(--e-social-icon-icon-color)}.elementor-social-icon:last-child{margin:0}.elementor-social-icon:hover{opacity:.9;color:#fff}.elementor-social-icon-android{background-color:#a4c639}.elementor-social-icon-apple{background-color:#999}.elementor-social-icon-behance{background-color:#1769ff}.elementor-social-icon-bitbucket{background-color:#205081}.elementor-social-icon-codepen{background-color:#000}.elementor-social-icon-delicious{background-color:#39f}.elementor-social-icon-deviantart{background-color:#05cc47}.elementor-social-icon-digg{background-color:#005be2}.elementor-social-icon-dribbble{background-color:#ea4c89}.elementor-social-icon-elementor{background-color:#d30c5c}.elementor-social-icon-envelope{background-color:#ea4335}.elementor-social-icon-facebook,.elementor-social-icon-facebook-f{background-color:#3b5998}.elementor-social-icon-flickr{background-color:#0063dc}.elementor-social-icon-foursquare{background-color:#2d5be3}.elementor-social-icon-free-code-camp,.elementor-social-icon-freecodecamp{background-color:#006400}.elementor-social-icon-github{background-color:#333}.elementor-social-icon-gitlab{background-color:#e24329}.elementor-social-icon-globe{background-color:#69727d}.elementor-social-icon-google-plus,.elementor-social-icon-google-plus-g{background-color:#dd4b39}.elementor-social-icon-houzz{background-color:#7ac142}.elementor-social-icon-instagram{background-color:#262626}.elementor-social-icon-jsfiddle{background-color:#487aa2}.elementor-social-icon-link{background-color:#818a91}.elementor-social-icon-linkedin,.elementor-social-icon-linkedin-in{background-color:#0077b5}.elementor-social-icon-medium{background-color:#00ab6b}.elementor-social-icon-meetup{background-color:#ec1c40}.elementor-social-icon-mixcloud{background-color:#273a4b}.elementor-social-icon-odnoklassniki{background-color:#f4731c}.elementor-social-icon-pinterest{background-color:#bd081c}.elementor-social-icon-product-hunt{background-color:#da552f}.elementor-social-icon-reddit{background-color:#ff4500}.elementor-social-icon-rss{background-color:#f26522}.elementor-social-icon-shopping-cart{background-color:#4caf50}.elementor-social-icon-skype{background-color:#00aff0}.elementor-social-icon-slideshare{background-color:#0077b5}.elementor-social-icon-snapchat{background-color:#fffc00}.elementor-social-icon-soundcloud{background-color:#f80}.elementor-social-icon-spotify{background-color:#2ebd59}.elementor-social-icon-stack-overflow{background-color:#fe7a15}.elementor-social-icon-steam{background-color:#00adee}.elementor-social-icon-stumbleupon{background-color:#eb4924}.elementor-social-icon-telegram{background-color:#2ca5e0}.elementor-social-icon-threads{background-color:#000}.elementor-social-icon-thumb-tack{background-color:#1aa1d8}.elementor-social-icon-tripadvisor{background-color:#589442}.elementor-social-icon-tumblr{background-color:#35465c}.elementor-social-icon-twitch{background-color:#6441a5}.elementor-social-icon-twitter{background-color:#1da1f2}.elementor-social-icon-viber{background-color:#665cac}.elementor-social-icon-vimeo{background-color:#1ab7ea}.elementor-social-icon-vk{background-color:#45668e}.elementor-social-icon-weibo{background-color:#dd2430}.elementor-social-icon-weixin{background-color:#31a918}.elementor-social-icon-whatsapp{background-color:#25d366}.elementor-social-icon-wordpress{background-color:#21759b}.elementor-social-icon-x-twitter{background-color:#000}.elementor-social-icon-xing{background-color:#026466}.elementor-social-icon-yelp{background-color:#af0606}.elementor-social-icon-youtube{background-color:#cd201f}.elementor-social-icon-500px{background-color:#0099e5}.elementor-shape-rounded .elementor-icon.elementor-social-icon{border-radius:10%}.elementor-shape-circle .elementor-icon.elementor-social-icon{border-radius:50%}<\/style>\t\t<div class=\"elementor-social-icons-wrapper elementor-grid\">\n\t\t\t\t\t\t\t<span class=\"elementor-grid-item\">\n\t\t\t\t\t<a class=\"elementor-icon elementor-social-icon elementor-social-icon-facebook-f elementor-repeater-item-3f1b7ac\" href=\"https:\/\/www.facebook.com\/szentimregyor?locale=hu_HU\" target=\"_blank\">\n\t\t\t\t\t\t<span class=\"elementor-screen-only\">Facebook-f<\/span>\n\t\t\t\t\t\t<i class=\"fab fa-facebook-f\"><\/i>\t\t\t\t\t<\/a>\n\t\t\t\t<\/span>\n\t\t\t\t\t\t\t<span class=\"elementor-grid-item\">\n\t\t\t\t\t<a class=\"elementor-icon elementor-social-icon elementor-social-icon-youtube-square elementor-repeater-item-4e6a400\" href=\"https:\/\/www.youtube.com\/@szentimregyor\" target=\"_blank\">\n\t\t\t\t\t\t<span class=\"elementor-screen-only\">Youtube-square<\/span>\n\t\t\t\t\t\t<i class=\"fab fa-youtube-square\"><\/i>\t\t\t\t\t<\/a>\n\t\t\t\t<\/span>\n\t\t\t\t\t\t\t<span class=\"elementor-grid-item\">\n\t\t\t\t\t<a class=\"elementor-icon elementor-social-icon elementor-social-icon-flickr elementor-repeater-item-2b48c2f\" href=\"https:\/\/www.flickr.com\/photos\/99929046@N06\/\" target=\"_blank\">\n\t\t\t\t\t\t<span class=\"elementor-screen-only\">Flickr<\/span>\n\t\t\t\t\t\t<i class=\"fab fa-flickr\"><\/i>\t\t\t\t\t<\/a>\n\t\t\t\t<\/span>\n\t\t\t\t\t<\/div>\n\t\t\t\t<\/div>\n\t\t\t\t<\/div>\n\t\t\t\t<\/div>\n\t\t<div class=\"elementor-element elementor-element-5d408090 e-con-full e-flex e-con e-child\" data-id=\"5d408090\" data-element_type=\"container\">\n\t\t\t\t<div class=\"elementor-element elementor-element-3c4fb45f elementor-widget elementor-widget-heading\" data-id=\"3c4fb45f\" data-element_type=\"widget\" data-widget_type=\"heading.default\">\n\t\t\t\t<div class=\"elementor-widget-container\">\n\t\t\t<h6 class=\"elementor-heading-title elementor-size-default\">Men\u00fc<\/h6>\t\t<\/div>\n\t\t\t\t<\/div>\n\t\t\t\t<div class=\"elementor-element elementor-element-5ab14c19 elementor-nav-menu--dropdown-none elementor-nav-menu__align-start elementor-widget elementor-widget-nav-menu\" data-id=\"5ab14c19\" data-element_type=\"widget\" data-settings=\"{&quot;layout&quot;:&quot;vertical&quot;,&quot;submenu_icon&quot;:{&quot;value&quot;:&quot;&lt;i class=\\&quot;fas fa-caret-down\\&quot;&gt;&lt;\\\/i&gt;&quot;,&quot;library&quot;:&quot;fa-solid&quot;}}\" data-widget_type=\"nav-menu.default\">\n\t\t\t\t<div class=\"elementor-widget-container\">\n\t\t\t\t\t\t<nav class=\"elementor-nav-menu--main elementor-nav-menu__container elementor-nav-menu--layout-vertical e--pointer-none\">\n\t\t\t\t<ul id=\"menu-1-5ab14c19\" class=\"elementor-nav-menu sm-vertical\"><li class=\"menu-item menu-item-type-custom menu-item-object-custom menu-item-has-children menu-item-7864\"><a href=\"#\" class=\"elementor-item elementor-item-anchor\">Templomunk<\/a>\n<ul class=\"sub-menu elementor-nav-menu--dropdown\">\n\t<li class=\"menu-item menu-item-type-post_type menu-item-object-page menu-item-748\"><a href=\"https:\/\/www.szentimregyor.hu\/new\/templomunk-tortenete\/\" class=\"elementor-sub-item\">Templomunk t\u00f6rt\u00e9nete<\/a><\/li>\n\t<li class=\"menu-item menu-item-type-post_type menu-item-object-page menu-item-749\"><a href=\"https:\/\/www.szentimregyor.hu\/new\/templomunk-muveszeti-ertekei\/\" class=\"elementor-sub-item\">Templomunk m\u0171v\u00e9szeti \u00e9rt\u00e9kei<\/a><\/li>\n\t<li class=\"menu-item menu-item-type-post_type menu-item-object-page menu-item-2854\"><a href=\"https:\/\/www.szentimregyor.hu\/new\/vedoszentunk-szent-imre\/\" class=\"elementor-sub-item\">V\u00e9d\u0151szent\u00fcnk, Szent Imre<\/a><\/li>\n\t<li class=\"menu-item menu-item-type-post_type menu-item-object-page menu-item-3708\"><a href=\"https:\/\/www.szentimregyor.hu\/new\/templomunk\/boldog-apor-vilmos-templomszentelo-beszede\/\" class=\"elementor-sub-item\">Templomszentel\u0151 besz\u00e9d<\/a><\/li>\n<\/ul>\n<\/li>\n<li class=\"menu-item menu-item-type-custom menu-item-object-custom menu-item-has-children menu-item-7863\"><a href=\"#\" class=\"elementor-item elementor-item-anchor\">H\u00edrek, Napt\u00e1r<\/a>\n<ul class=\"sub-menu elementor-nav-menu--dropdown\">\n\t<li class=\"menu-item menu-item-type-post_type menu-item-object-page menu-item-7862\"><a href=\"https:\/\/www.szentimregyor.hu\/new\/naptar\/\" class=\"elementor-sub-item\">Napt\u00e1r<\/a><\/li>\n\t<li class=\"menu-item menu-item-type-post_type menu-item-object-page menu-item-6263\"><a href=\"https:\/\/www.szentimregyor.hu\/new\/hirdetesek\/\" class=\"elementor-sub-item\">Heti hirdet\u00e9sek<\/a><\/li>\n\t<li class=\"menu-item menu-item-type-post_type menu-item-object-page menu-item-6262\"><a href=\"https:\/\/www.szentimregyor.hu\/new\/hirfolyam\/\" class=\"elementor-sub-item\">H\u00edrfolyam<\/a><\/li>\n<\/ul>\n<\/li>\n<li class=\"menu-item menu-item-type-post_type menu-item-object-page menu-item-121\"><a href=\"https:\/\/www.szentimregyor.hu\/new\/miserend\/\" class=\"elementor-item\">Miserend<\/a><\/li>\n<li class=\"menu-item menu-item-type-post_type menu-item-object-page menu-item-has-children menu-item-130\"><a href=\"https:\/\/www.szentimregyor.hu\/new\/kapcsolat\/\" class=\"elementor-item\">Kapcsolat<\/a>\n<ul class=\"sub-menu elementor-nav-menu--dropdown\">\n\t<li class=\"menu-item menu-item-type-post_type menu-item-object-page menu-item-14288\"><a href=\"https:\/\/www.szentimregyor.hu\/new\/kapcsolat\/iroda\/\" class=\"elementor-sub-item\">Iroda<\/a><\/li>\n\t<li class=\"menu-item menu-item-type-post_type menu-item-object-page menu-item-6301\"><a href=\"https:\/\/www.szentimregyor.hu\/new\/kapcsolat\/hirlevel\/\" class=\"elementor-sub-item\">H\u00edrlev\u00e9l<\/a><\/li>\n\t<li class=\"menu-item menu-item-type-post_type menu-item-object-page menu-item-5988\"><a href=\"https:\/\/www.szentimregyor.hu\/new\/gyori-szent-imre-alapitvany\/\" class=\"elementor-sub-item\">Gy\u0151ri Szent Imre Alap\u00edtv\u00e1ny<\/a><\/li>\n<\/ul>\n<\/li>\n<li class=\"menu-item menu-item-type-post_type menu-item-object-page menu-item-has-children menu-item-139\"><a href=\"https:\/\/www.szentimregyor.hu\/new\/galeria\/\" class=\"elementor-item\">Gal\u00e9ria<\/a>\n<ul class=\"sub-menu elementor-nav-menu--dropdown\">\n\t<li class=\"menu-item menu-item-type-post_type menu-item-object-page menu-item-27314\"><a href=\"https:\/\/www.szentimregyor.hu\/new\/galeria\/galeria-2026\/\" class=\"elementor-sub-item\">2026<\/a><\/li>\n\t<li class=\"menu-item menu-item-type-post_type menu-item-object-page menu-item-21719\"><a href=\"https:\/\/www.szentimregyor.hu\/new\/galeria\/galeria-2025\/\" class=\"elementor-sub-item\">2025<\/a><\/li>\n\t<li class=\"menu-item menu-item-type-post_type menu-item-object-page menu-item-10943\"><a href=\"https:\/\/www.szentimregyor.hu\/new\/galeria\/galeria-2024\/\" class=\"elementor-sub-item\">2024<\/a><\/li>\n\t<li class=\"menu-item menu-item-type-post_type menu-item-object-page menu-item-3734\"><a href=\"https:\/\/www.szentimregyor.hu\/new\/galeria\/galeria-2023\/\" class=\"elementor-sub-item\">2023<\/a><\/li>\n\t<li class=\"menu-item menu-item-type-post_type menu-item-object-page menu-item-6591\"><a href=\"https:\/\/www.szentimregyor.hu\/new\/galeria\/galeria-2022\/\" class=\"elementor-sub-item\">2022<\/a><\/li>\n\t<li class=\"menu-item menu-item-type-post_type menu-item-object-page menu-item-8384\"><a href=\"https:\/\/www.szentimregyor.hu\/new\/galeria\/galeria-2021\/\" class=\"elementor-sub-item\">2021<\/a><\/li>\n\t<li class=\"menu-item menu-item-type-post_type menu-item-object-page menu-item-10837\"><a href=\"https:\/\/www.szentimregyor.hu\/new\/galeria\/galeria-2020\/\" class=\"elementor-sub-item\">2020<\/a><\/li>\n\t<li class=\"menu-item menu-item-type-post_type menu-item-object-page menu-item-11155\"><a href=\"https:\/\/www.szentimregyor.hu\/new\/galeria\/galeria-2019\/\" class=\"elementor-sub-item\">2019<\/a><\/li>\n\t<li class=\"menu-item menu-item-type-post_type menu-item-object-page menu-item-16174\"><a href=\"https:\/\/www.szentimregyor.hu\/new\/galeria\/galeria-2018\/\" class=\"elementor-sub-item\">2018<\/a><\/li>\n\t<li class=\"menu-item menu-item-type-post_type menu-item-object-page menu-item-22065\"><a href=\"https:\/\/www.szentimregyor.hu\/new\/galeria\/galeria-2017\/\" class=\"elementor-sub-item\">2017<\/a><\/li>\n\t<li class=\"menu-item menu-item-type-post_type menu-item-object-page menu-item-26413\"><a href=\"https:\/\/www.szentimregyor.hu\/new\/galeria\/galeria-2016\/\" class=\"elementor-sub-item\">2016<\/a><\/li>\n\t<li class=\"menu-item menu-item-type-post_type menu-item-object-page menu-item-7957\"><a href=\"https:\/\/www.szentimregyor.hu\/new\/galeria\/orgona-galeria\/\" class=\"elementor-sub-item\">Orgona<\/a><\/li>\n<\/ul>\n<\/li>\n<li class=\"menu-item menu-item-type-post_type menu-item-object-page menu-item-has-children menu-item-145\"><a href=\"https:\/\/www.szentimregyor.hu\/new\/egyhazkozseg\/\" class=\"elementor-item\">Egyh\u00e1zk\u00f6zs\u00e9g\u00fcnk<\/a>\n<ul class=\"sub-menu elementor-nav-menu--dropdown\">\n\t<li class=\"menu-item menu-item-type-post_type menu-item-object-page menu-item-6003\"><a href=\"https:\/\/www.szentimregyor.hu\/new\/egyhazkozseg\/lelkipasztorok\/\" class=\"elementor-sub-item\">Lelkip\u00e1sztorok<\/a><\/li>\n\t<li class=\"menu-item menu-item-type-post_type menu-item-object-page menu-item-28653\"><a href=\"https:\/\/www.szentimregyor.hu\/new\/egyhazkozseg\/plebaniai-tanacsado-testulet\/\" class=\"elementor-sub-item\">Pl\u00e9b\u00e1niai Tan\u00e1csad\u00f3 Test\u00fclet<\/a><\/li>\n\t<li class=\"menu-item menu-item-type-post_type menu-item-object-page menu-item-has-children menu-item-6044\"><a href=\"https:\/\/www.szentimregyor.hu\/new\/egyhazkozseg\/egyhazzene\/\" class=\"elementor-sub-item\">Egyh\u00e1zzene<\/a>\n\t<ul class=\"sub-menu elementor-nav-menu--dropdown\">\n\t\t<li class=\"menu-item menu-item-type-post_type menu-item-object-page menu-item-6371\"><a href=\"https:\/\/www.szentimregyor.hu\/new\/egyhazkozseg\/egyhazzene\/kantorok\/\" class=\"elementor-sub-item\">K\u00e1ntorok<\/a><\/li>\n\t\t<li class=\"menu-item menu-item-type-post_type menu-item-object-page menu-item-6372\"><a href=\"https:\/\/www.szentimregyor.hu\/new\/egyhazkozseg\/egyhazzene\/schola\/\" class=\"elementor-sub-item\">Schola Emericana<\/a><\/li>\n\t\t<li class=\"menu-item menu-item-type-post_type menu-item-object-page menu-item-6373\"><a href=\"https:\/\/www.szentimregyor.hu\/new\/egyhazkozseg\/egyhazzene\/orgona\/\" class=\"elementor-sub-item\">Orgona<\/a><\/li>\n\t<\/ul>\n<\/li>\n\t<li class=\"menu-item menu-item-type-post_type menu-item-object-page menu-item-6022\"><a href=\"https:\/\/www.szentimregyor.hu\/new\/egyhazkozseg\/lectio-divina\/\" class=\"elementor-sub-item\">Lectio Divina<\/a><\/li>\n\t<li class=\"menu-item menu-item-type-post_type menu-item-object-page menu-item-6033\"><a href=\"https:\/\/www.szentimregyor.hu\/new\/egyhazkozseg\/bibliakor\/\" class=\"elementor-sub-item\">Bibliak\u00f6r<\/a><\/li>\n\t<li class=\"menu-item menu-item-type-post_type menu-item-object-page menu-item-6068\"><a href=\"https:\/\/www.szentimregyor.hu\/new\/egyhazkozseg\/itt-az-ido\/\" class=\"elementor-sub-item\">Itt az id\u0151<\/a><\/li>\n<\/ul>\n<\/li>\n<\/ul>\t\t\t<\/nav>\n\t\t\t\t\t\t<nav class=\"elementor-nav-menu--dropdown elementor-nav-menu__container\" aria-hidden=\"true\">\n\t\t\t\t<ul id=\"menu-2-5ab14c19\" class=\"elementor-nav-menu sm-vertical\"><li class=\"menu-item menu-item-type-custom menu-item-object-custom menu-item-has-children menu-item-7864\"><a href=\"#\" class=\"elementor-item elementor-item-anchor\" tabindex=\"-1\">Templomunk<\/a>\n<ul class=\"sub-menu elementor-nav-menu--dropdown\">\n\t<li class=\"menu-item menu-item-type-post_type menu-item-object-page menu-item-748\"><a href=\"https:\/\/www.szentimregyor.hu\/new\/templomunk-tortenete\/\" class=\"elementor-sub-item\" tabindex=\"-1\">Templomunk t\u00f6rt\u00e9nete<\/a><\/li>\n\t<li class=\"menu-item menu-item-type-post_type menu-item-object-page menu-item-749\"><a href=\"https:\/\/www.szentimregyor.hu\/new\/templomunk-muveszeti-ertekei\/\" class=\"elementor-sub-item\" tabindex=\"-1\">Templomunk m\u0171v\u00e9szeti \u00e9rt\u00e9kei<\/a><\/li>\n\t<li class=\"menu-item menu-item-type-post_type menu-item-object-page menu-item-2854\"><a href=\"https:\/\/www.szentimregyor.hu\/new\/vedoszentunk-szent-imre\/\" class=\"elementor-sub-item\" tabindex=\"-1\">V\u00e9d\u0151szent\u00fcnk, Szent Imre<\/a><\/li>\n\t<li class=\"menu-item menu-item-type-post_type menu-item-object-page menu-item-3708\"><a href=\"https:\/\/www.szentimregyor.hu\/new\/templomunk\/boldog-apor-vilmos-templomszentelo-beszede\/\" class=\"elementor-sub-item\" tabindex=\"-1\">Templomszentel\u0151 besz\u00e9d<\/a><\/li>\n<\/ul>\n<\/li>\n<li class=\"menu-item menu-item-type-custom menu-item-object-custom menu-item-has-children menu-item-7863\"><a href=\"#\" class=\"elementor-item elementor-item-anchor\" tabindex=\"-1\">H\u00edrek, Napt\u00e1r<\/a>\n<ul class=\"sub-menu elementor-nav-menu--dropdown\">\n\t<li class=\"menu-item menu-item-type-post_type menu-item-object-page menu-item-7862\"><a href=\"https:\/\/www.szentimregyor.hu\/new\/naptar\/\" class=\"elementor-sub-item\" tabindex=\"-1\">Napt\u00e1r<\/a><\/li>\n\t<li class=\"menu-item menu-item-type-post_type menu-item-object-page menu-item-6263\"><a href=\"https:\/\/www.szentimregyor.hu\/new\/hirdetesek\/\" class=\"elementor-sub-item\" tabindex=\"-1\">Heti hirdet\u00e9sek<\/a><\/li>\n\t<li class=\"menu-item menu-item-type-post_type menu-item-object-page menu-item-6262\"><a href=\"https:\/\/www.szentimregyor.hu\/new\/hirfolyam\/\" class=\"elementor-sub-item\" tabindex=\"-1\">H\u00edrfolyam<\/a><\/li>\n<\/ul>\n<\/li>\n<li class=\"menu-item menu-item-type-post_type menu-item-object-page menu-item-121\"><a href=\"https:\/\/www.szentimregyor.hu\/new\/miserend\/\" class=\"elementor-item\" tabindex=\"-1\">Miserend<\/a><\/li>\n<li class=\"menu-item menu-item-type-post_type menu-item-object-page menu-item-has-children menu-item-130\"><a href=\"https:\/\/www.szentimregyor.hu\/new\/kapcsolat\/\" class=\"elementor-item\" tabindex=\"-1\">Kapcsolat<\/a>\n<ul class=\"sub-menu elementor-nav-menu--dropdown\">\n\t<li class=\"menu-item menu-item-type-post_type menu-item-object-page menu-item-14288\"><a href=\"https:\/\/www.szentimregyor.hu\/new\/kapcsolat\/iroda\/\" class=\"elementor-sub-item\" tabindex=\"-1\">Iroda<\/a><\/li>\n\t<li class=\"menu-item menu-item-type-post_type menu-item-object-page menu-item-6301\"><a href=\"https:\/\/www.szentimregyor.hu\/new\/kapcsolat\/hirlevel\/\" class=\"elementor-sub-item\" tabindex=\"-1\">H\u00edrlev\u00e9l<\/a><\/li>\n\t<li class=\"menu-item menu-item-type-post_type menu-item-object-page menu-item-5988\"><a href=\"https:\/\/www.szentimregyor.hu\/new\/gyori-szent-imre-alapitvany\/\" class=\"elementor-sub-item\" tabindex=\"-1\">Gy\u0151ri Szent Imre Alap\u00edtv\u00e1ny<\/a><\/li>\n<\/ul>\n<\/li>\n<li class=\"menu-item menu-item-type-post_type menu-item-object-page menu-item-has-children menu-item-139\"><a href=\"https:\/\/www.szentimregyor.hu\/new\/galeria\/\" class=\"elementor-item\" tabindex=\"-1\">Gal\u00e9ria<\/a>\n<ul class=\"sub-menu elementor-nav-menu--dropdown\">\n\t<li class=\"menu-item menu-item-type-post_type menu-item-object-page menu-item-27314\"><a href=\"https:\/\/www.szentimregyor.hu\/new\/galeria\/galeria-2026\/\" class=\"elementor-sub-item\" tabindex=\"-1\">2026<\/a><\/li>\n\t<li class=\"menu-item menu-item-type-post_type menu-item-object-page menu-item-21719\"><a href=\"https:\/\/www.szentimregyor.hu\/new\/galeria\/galeria-2025\/\" class=\"elementor-sub-item\" tabindex=\"-1\">2025<\/a><\/li>\n\t<li class=\"menu-item menu-item-type-post_type menu-item-object-page menu-item-10943\"><a href=\"https:\/\/www.szentimregyor.hu\/new\/galeria\/galeria-2024\/\" class=\"elementor-sub-item\" tabindex=\"-1\">2024<\/a><\/li>\n\t<li class=\"menu-item menu-item-type-post_type menu-item-object-page menu-item-3734\"><a href=\"https:\/\/www.szentimregyor.hu\/new\/galeria\/galeria-2023\/\" class=\"elementor-sub-item\" tabindex=\"-1\">2023<\/a><\/li>\n\t<li class=\"menu-item menu-item-type-post_type menu-item-object-page menu-item-6591\"><a href=\"https:\/\/www.szentimregyor.hu\/new\/galeria\/galeria-2022\/\" class=\"elementor-sub-item\" tabindex=\"-1\">2022<\/a><\/li>\n\t<li class=\"menu-item menu-item-type-post_type menu-item-object-page menu-item-8384\"><a href=\"https:\/\/www.szentimregyor.hu\/new\/galeria\/galeria-2021\/\" class=\"elementor-sub-item\" tabindex=\"-1\">2021<\/a><\/li>\n\t<li class=\"menu-item menu-item-type-post_type menu-item-object-page menu-item-10837\"><a href=\"https:\/\/www.szentimregyor.hu\/new\/galeria\/galeria-2020\/\" class=\"elementor-sub-item\" tabindex=\"-1\">2020<\/a><\/li>\n\t<li class=\"menu-item menu-item-type-post_type menu-item-object-page menu-item-11155\"><a href=\"https:\/\/www.szentimregyor.hu\/new\/galeria\/galeria-2019\/\" class=\"elementor-sub-item\" tabindex=\"-1\">2019<\/a><\/li>\n\t<li class=\"menu-item menu-item-type-post_type menu-item-object-page menu-item-16174\"><a href=\"https:\/\/www.szentimregyor.hu\/new\/galeria\/galeria-2018\/\" class=\"elementor-sub-item\" tabindex=\"-1\">2018<\/a><\/li>\n\t<li class=\"menu-item menu-item-type-post_type menu-item-object-page menu-item-22065\"><a href=\"https:\/\/www.szentimregyor.hu\/new\/galeria\/galeria-2017\/\" class=\"elementor-sub-item\" tabindex=\"-1\">2017<\/a><\/li>\n\t<li class=\"menu-item menu-item-type-post_type menu-item-object-page menu-item-26413\"><a href=\"https:\/\/www.szentimregyor.hu\/new\/galeria\/galeria-2016\/\" class=\"elementor-sub-item\" tabindex=\"-1\">2016<\/a><\/li>\n\t<li class=\"menu-item menu-item-type-post_type menu-item-object-page menu-item-7957\"><a href=\"https:\/\/www.szentimregyor.hu\/new\/galeria\/orgona-galeria\/\" class=\"elementor-sub-item\" tabindex=\"-1\">Orgona<\/a><\/li>\n<\/ul>\n<\/li>\n<li class=\"menu-item menu-item-type-post_type menu-item-object-page menu-item-has-children menu-item-145\"><a href=\"https:\/\/www.szentimregyor.hu\/new\/egyhazkozseg\/\" class=\"elementor-item\" tabindex=\"-1\">Egyh\u00e1zk\u00f6zs\u00e9g\u00fcnk<\/a>\n<ul class=\"sub-menu elementor-nav-menu--dropdown\">\n\t<li class=\"menu-item menu-item-type-post_type menu-item-object-page menu-item-6003\"><a href=\"https:\/\/www.szentimregyor.hu\/new\/egyhazkozseg\/lelkipasztorok\/\" class=\"elementor-sub-item\" tabindex=\"-1\">Lelkip\u00e1sztorok<\/a><\/li>\n\t<li class=\"menu-item menu-item-type-post_type menu-item-object-page menu-item-28653\"><a href=\"https:\/\/www.szentimregyor.hu\/new\/egyhazkozseg\/plebaniai-tanacsado-testulet\/\" class=\"elementor-sub-item\" tabindex=\"-1\">Pl\u00e9b\u00e1niai Tan\u00e1csad\u00f3 Test\u00fclet<\/a><\/li>\n\t<li class=\"menu-item menu-item-type-post_type menu-item-object-page menu-item-has-children menu-item-6044\"><a href=\"https:\/\/www.szentimregyor.hu\/new\/egyhazkozseg\/egyhazzene\/\" class=\"elementor-sub-item\" tabindex=\"-1\">Egyh\u00e1zzene<\/a>\n\t<ul class=\"sub-menu elementor-nav-menu--dropdown\">\n\t\t<li class=\"menu-item menu-item-type-post_type menu-item-object-page menu-item-6371\"><a href=\"https:\/\/www.szentimregyor.hu\/new\/egyhazkozseg\/egyhazzene\/kantorok\/\" class=\"elementor-sub-item\" tabindex=\"-1\">K\u00e1ntorok<\/a><\/li>\n\t\t<li class=\"menu-item menu-item-type-post_type menu-item-object-page menu-item-6372\"><a href=\"https:\/\/www.szentimregyor.hu\/new\/egyhazkozseg\/egyhazzene\/schola\/\" class=\"elementor-sub-item\" tabindex=\"-1\">Schola Emericana<\/a><\/li>\n\t\t<li class=\"menu-item menu-item-type-post_type menu-item-object-page menu-item-6373\"><a href=\"https:\/\/www.szentimregyor.hu\/new\/egyhazkozseg\/egyhazzene\/orgona\/\" class=\"elementor-sub-item\" tabindex=\"-1\">Orgona<\/a><\/li>\n\t<\/ul>\n<\/li>\n\t<li class=\"menu-item menu-item-type-post_type menu-item-object-page menu-item-6022\"><a href=\"https:\/\/www.szentimregyor.hu\/new\/egyhazkozseg\/lectio-divina\/\" class=\"elementor-sub-item\" tabindex=\"-1\">Lectio Divina<\/a><\/li>\n\t<li class=\"menu-item menu-item-type-post_type menu-item-object-page menu-item-6033\"><a href=\"https:\/\/www.szentimregyor.hu\/new\/egyhazkozseg\/bibliakor\/\" class=\"elementor-sub-item\" tabindex=\"-1\">Bibliak\u00f6r<\/a><\/li>\n\t<li class=\"menu-item menu-item-type-post_type menu-item-object-page menu-item-6068\"><a href=\"https:\/\/www.szentimregyor.hu\/new\/egyhazkozseg\/itt-az-ido\/\" class=\"elementor-sub-item\" tabindex=\"-1\">Itt az id\u0151<\/a><\/li>\n<\/ul>\n<\/li>\n<\/ul>\t\t\t<\/nav>\n\t\t\t\t<\/div>\n\t\t\t\t<\/div>\n\t\t\t\t<\/div>\n\t\t<div class=\"elementor-element elementor-element-70ba03dd e-con-full e-flex e-con e-child\" data-id=\"70ba03dd\" data-element_type=\"container\">\n\t\t\t\t<div class=\"elementor-element elementor-element-2b4be8e8 elementor-widget elementor-widget-heading\" data-id=\"2b4be8e8\" data-element_type=\"widget\" data-widget_type=\"heading.default\">\n\t\t\t\t<div class=\"elementor-widget-container\">\n\t\t\t<h6 class=\"elementor-heading-title elementor-size-default\"><a href=\"https:\/\/www.szentimregyor.hu\/new\/kapcsolat\/\">Kapcsolat<\/a><\/h6>\t\t<\/div>\n\t\t\t\t<\/div>\n\t\t\t\t<div class=\"elementor-element elementor-element-3c621a1c elementor-align-left elementor-icon-list--layout-traditional elementor-list-item-link-full_width elementor-widget elementor-widget-icon-list\" data-id=\"3c621a1c\" data-element_type=\"widget\" data-widget_type=\"icon-list.default\">\n\t\t\t\t<div class=\"elementor-widget-container\">\n\t\t\t\t\t<ul class=\"elementor-icon-list-items\">\n\t\t\t\t\t\t\t<li class=\"elementor-icon-list-item\">\n\t\t\t\t\t\t\t\t\t\t\t<a href=\"mailto:contact@mysite.com\">\n\n\t\t\t\t\t\t\t\t\t\t\t<span class=\"elementor-icon-list-text\">gyoriszentimre.iroda@gmail.com<\/span>\n\t\t\t\t\t\t\t\t\t\t\t<\/a>\n\t\t\t\t\t\t\t\t\t<\/li>\n\t\t\t\t\t\t\t\t<li class=\"elementor-icon-list-item\">\n\t\t\t\t\t\t\t\t\t\t\t<a href=\"tel:123-456-7890\">\n\n\t\t\t\t\t\t\t\t\t\t\t<span class=\"elementor-icon-list-text\">+36 96 424 443<\/span>\n\t\t\t\t\t\t\t\t\t\t\t<\/a>\n\t\t\t\t\t\t\t\t\t<\/li>\n\t\t\t\t\t\t<\/ul>\n\t\t\t\t<\/div>\n\t\t\t\t<\/div>\n\t\t\t\t<\/div>\n\t\t<div class=\"elementor-element elementor-element-259230a9 e-con-full e-flex e-con e-child\" data-id=\"259230a9\" data-element_type=\"container\">\n\t\t\t\t<div class=\"elementor-element elementor-element-6b1cf81f elementor-widget elementor-widget-google_maps\" data-id=\"6b1cf81f\" data-element_type=\"widget\" data-widget_type=\"google_maps.default\">\n\t\t\t\t<div class=\"elementor-widget-container\">\n\t\t\t<style>\/*! elementor - v3.21.0 - 20-05-2024 *\/\n.elementor-widget-google_maps .elementor-widget-container{overflow:hidden}.elementor-widget-google_maps .elementor-custom-embed{line-height:0}.elementor-widget-google_maps iframe{height:300px}<\/style>\t\t<div class=\"elementor-custom-embed\">\n\t\t\t<iframe loading=\"lazy\"\n\t\t\t\t\tsrc=\"https:\/\/maps.google.com\/maps?q=gy%C5%91ri%20szent%20imre%20pl%C3%A9b%C3%A1nia&#038;t=m&#038;z=15&#038;output=embed&#038;iwloc=near\"\n\t\t\t\t\ttitle=\"gy\u0151ri szent imre pl\u00e9b\u00e1nia\"\n\t\t\t\t\taria-label=\"gy\u0151ri szent imre pl\u00e9b\u00e1nia\"\n\t\t\t><\/iframe>\n\t\t<\/div>\n\t\t\t\t<\/div>\n\t\t\t\t<\/div>\n\t\t\t\t<\/div>\n\t\t\t\t\t<\/div>\n\t\t\t\t<\/div>\n\t\t<div class=\"elementor-element elementor-element-caa20aa animated-slow e-flex e-con-boxed elementor-invisible e-con e-parent\" data-id=\"caa20aa\" data-element_type=\"container\" data-settings=\"{&quot;background_background&quot;:&quot;gradient&quot;,&quot;animation&quot;:&quot;fadeIn&quot;}\">\n\t\t\t\t\t<div class=\"e-con-inner\">\n\t\t\t\t<div class=\"elementor-element elementor-element-64206026 elementor-widget elementor-widget-heading\" data-id=\"64206026\" data-element_type=\"widget\" data-widget_type=\"heading.default\">\n\t\t\t\t<div class=\"elementor-widget-container\">\n\t\t\t<p class=\"elementor-heading-title elementor-size-default\"><a href=\"https:\/\/www.facebook.com\/people\/So%C3%B3s-G%C3%A1bor-webfejleszt%C5%91\/100091969894228\/\" target=\"_blank\">\u00a9 Szent Imre Pl\u00e9b\u00e1nia, Gy\u0151r<br>So\u00f3s G\u00e1bor webfejleszt\u0151<\/a><\/p>\t\t<\/div>\n\t\t\t\t<\/div>\n\t\t\t\t\t<\/div>\n\t\t\t\t<\/div>\n\t\t\t\t<\/div>\n\t\t","protected":false},"excerpt":{"rendered":"<p>+36 96 424 443 gyoriszentimre.iroda@gmail.com 9024 GY\u0150R, Szent Imre \u00fat 35. Szent Imre Pl\u00e9b\u00e1nia Gal\u00e9ria 2018. P\u00e1sztorj\u00e1t\u00e9k 2018. december 24.(Fot\u00f3: Vaday Tam\u00e1s) Mikul\u00e1s a Szent Imre templomban 2018. december 8.(Fot\u00f3: Bogd\u00e1n R\u00e9ka) XII. Gy\u0151ri Katolikus Ifj\u00fas\u00e1gi Tal\u00e1lkoz\u00f3 2018. november 10.(Fot\u00f3: Harasztin\u00e9 B\u00e1rsonyosi \u00c1gnes, Szentm\u00e1rtoni-Bors\u00f3 Bence, Vaday Tam\u00e1s) Szent Imre f\u0151\u00fcnnepe 2018. november 5.(Fot\u00f3: Vaday Tam\u00e1s) [&hellip;]<\/p>\n","protected":false},"author":1,"featured_media":0,"parent":134,"menu_order":0,"comment_status":"closed","ping_status":"closed","template":"elementor_canvas","meta":{"footnotes":""},"_links":{"self":[{"href":"https:\/\/www.szentimregyor.hu\/new\/wp-json\/wp\/v2\/pages\/15953"}],"collection":[{"href":"https:\/\/www.szentimregyor.hu\/new\/wp-json\/wp\/v2\/pages"}],"about":[{"href":"https:\/\/www.szentimregyor.hu\/new\/wp-json\/wp\/v2\/types\/page"}],"author":[{"embeddable":true,"href":"https:\/\/www.szentimregyor.hu\/new\/wp-json\/wp\/v2\/users\/1"}],"replies":[{"embeddable":true,"href":"https:\/\/www.szentimregyor.hu\/new\/wp-json\/wp\/v2\/comments?post=15953"}],"version-history":[{"count":136,"href":"https:\/\/www.szentimregyor.hu\/new\/wp-json\/wp\/v2\/pages\/15953\/revisions"}],"predecessor-version":[{"id":21422,"href":"https:\/\/www.szentimregyor.hu\/new\/wp-json\/wp\/v2\/pages\/15953\/revisions\/21422"}],"up":[{"embeddable":true,"href":"https:\/\/www.szentimregyor.hu\/new\/wp-json\/wp\/v2\/pages\/134"}],"wp:attachment":[{"href":"https:\/\/www.szentimregyor.hu\/new\/wp-json\/wp\/v2\/media?parent=15953"}],"curies":[{"name":"wp","href":"https:\/\/api.w.org\/{rel}","templated":true}]}}