{"id":11085,"date":"2024-02-10T21:04:58","date_gmt":"2024-02-10T20:04:58","guid":{"rendered":"https:\/\/www.szentimregyor.hu\/new\/?page_id=11085"},"modified":"2026-01-13T15:53:30","modified_gmt":"2026-01-13T14:53:30","slug":"galeria-2019","status":"publish","type":"page","link":"https:\/\/www.szentimregyor.hu\/new\/galeria\/galeria-2019\/","title":{"rendered":"Gal\u00e9ria 2019"},"content":{"rendered":"\t\t<div data-elementor-type=\"wp-page\" data-elementor-id=\"11085\" class=\"elementor elementor-11085\" data-elementor-post-type=\"page\">\n\t\t\t\t<div class=\"elementor-element elementor-element-58353533 e-con-full animated-slow e-flex elementor-invisible e-con e-parent\" data-id=\"58353533\" data-element_type=\"container\" id=\"header_pop\" data-settings=\"{&quot;sticky&quot;:&quot;top&quot;,&quot;animation&quot;:&quot;fadeIn&quot;,&quot;sticky_on&quot;:[&quot;desktop&quot;,&quot;tablet&quot;,&quot;mobile&quot;],&quot;sticky_offset&quot;:0,&quot;sticky_effects_offset&quot;:0}\">\n\t\t<div class=\"elementor-element elementor-element-2110bce8 e-flex e-con-boxed e-con e-child\" data-id=\"2110bce8\" data-element_type=\"container\" data-settings=\"{&quot;background_background&quot;:&quot;classic&quot;}\">\n\t\t\t\t\t<div class=\"e-con-inner\">\n\t\t<div class=\"elementor-element elementor-element-1abda834 elementor-hidden-mobile e-con-full e-flex e-con e-child\" data-id=\"1abda834\" data-element_type=\"container\">\n\t\t\t\t<div class=\"elementor-element elementor-element-c9ced22 elementor-icon-list--layout-inline elementor-align-left elementor-mobile-align-center elementor-list-item-link-full_width elementor-widget elementor-widget-icon-list\" data-id=\"c9ced22\" data-element_type=\"widget\" data-widget_type=\"icon-list.default\">\n\t\t\t\t<div class=\"elementor-widget-container\">\n\t\t\t<link rel=\"stylesheet\" href=\"https:\/\/www.szentimregyor.hu\/new\/wp-content\/plugins\/elementor\/assets\/css\/widget-icon-list.min.css\">\t\t<ul class=\"elementor-icon-list-items elementor-inline-items\">\n\t\t\t\t\t\t\t<li class=\"elementor-icon-list-item elementor-inline-item\">\n\t\t\t\t\t\t\t\t\t\t\t<span class=\"elementor-icon-list-icon\">\n\t\t\t\t\t\t\t<i aria-hidden=\"true\" class=\"fas fa-phone\"><\/i>\t\t\t\t\t\t<\/span>\n\t\t\t\t\t\t\t\t\t\t<span class=\"elementor-icon-list-text\">+36 96 424 443<\/span>\n\t\t\t\t\t\t\t\t\t<\/li>\n\t\t\t\t\t\t\t\t<li class=\"elementor-icon-list-item elementor-inline-item\">\n\t\t\t\t\t\t\t\t\t\t\t<a href=\"http:\/\/gyoriszentimre.iroda@gmail.com\" target=\"_blank\">\n\n\t\t\t\t\t\t\t\t\t\t\t\t<span class=\"elementor-icon-list-icon\">\n\t\t\t\t\t\t\t<i aria-hidden=\"true\" class=\"fas fa-envelope\"><\/i>\t\t\t\t\t\t<\/span>\n\t\t\t\t\t\t\t\t\t\t<span class=\"elementor-icon-list-text\">gyoriszentimre.iroda@gmail.com<\/span>\n\t\t\t\t\t\t\t\t\t\t\t<\/a>\n\t\t\t\t\t\t\t\t\t<\/li>\n\t\t\t\t\t\t\t\t<li class=\"elementor-icon-list-item elementor-inline-item\">\n\t\t\t\t\t\t\t\t\t\t\t<span class=\"elementor-icon-list-icon\">\n\t\t\t\t\t\t\t<i aria-hidden=\"true\" class=\"fas fa-map-marker-alt\"><\/i>\t\t\t\t\t\t<\/span>\n\t\t\t\t\t\t\t\t\t\t<span class=\"elementor-icon-list-text\">9024 GY\u0150R, Szent Imre \u00fat 35.<\/span>\n\t\t\t\t\t\t\t\t\t<\/li>\n\t\t\t\t\t\t<\/ul>\n\t\t\t\t<\/div>\n\t\t\t\t<\/div>\n\t\t\t\t<\/div>\n\t\t<div class=\"elementor-element elementor-element-1382f2ca e-con-full e-flex e-con e-child\" data-id=\"1382f2ca\" data-element_type=\"container\">\n\t\t\t\t<div class=\"elementor-element elementor-element-4bda939e elementor-search-form--skin-full_screen elementor-widget elementor-widget-search-form\" data-id=\"4bda939e\" data-element_type=\"widget\" data-settings=\"{&quot;skin&quot;:&quot;full_screen&quot;}\" data-widget_type=\"search-form.default\">\n\t\t\t\t<div class=\"elementor-widget-container\">\n\t\t\t<link rel=\"stylesheet\" href=\"https:\/\/www.szentimregyor.hu\/new\/wp-content\/plugins\/elementor-pro\/assets\/css\/widget-theme-elements.min.css\">\t\t<search role=\"search\">\n\t\t\t<form class=\"elementor-search-form\" action=\"https:\/\/www.szentimregyor.hu\/new\" method=\"get\">\n\t\t\t\t\t\t\t\t\t\t\t\t<div class=\"elementor-search-form__toggle\" tabindex=\"0\" role=\"button\">\n\t\t\t\t\t<i aria-hidden=\"true\" class=\"fas fa-search\"><\/i>\t\t\t\t\t<span class=\"elementor-screen-only\">Search<\/span>\n\t\t\t\t<\/div>\n\t\t\t\t\t\t\t\t<div class=\"elementor-search-form__container\">\n\t\t\t\t\t<label class=\"elementor-screen-only\" for=\"elementor-search-form-4bda939e\">Search<\/label>\n\n\t\t\t\t\t\n\t\t\t\t\t<input id=\"elementor-search-form-4bda939e\" placeholder=\"\" class=\"elementor-search-form__input\" type=\"search\" name=\"s\" value=\"\">\n\t\t\t\t\t\n\t\t\t\t\t\n\t\t\t\t\t\t\t\t\t\t<div class=\"dialog-lightbox-close-button dialog-close-button\" role=\"button\" tabindex=\"0\">\n\t\t\t\t\t\t<i aria-hidden=\"true\" class=\"eicon-close\"><\/i>\t\t\t\t\t\t<span class=\"elementor-screen-only\">Close this search box.<\/span>\n\t\t\t\t\t<\/div>\n\t\t\t\t\t\t\t\t\t<\/div>\n\t\t\t<\/form>\n\t\t<\/search>\n\t\t\t\t<\/div>\n\t\t\t\t<\/div>\n\t\t\t\t<div class=\"elementor-element elementor-element-516387a3 elementor-icon-list--layout-inline elementor-align-right elementor-mobile-align-left elementor-list-item-link-full_width elementor-widget elementor-widget-icon-list\" data-id=\"516387a3\" data-element_type=\"widget\" data-widget_type=\"icon-list.default\">\n\t\t\t\t<div class=\"elementor-widget-container\">\n\t\t\t\t\t<ul class=\"elementor-icon-list-items elementor-inline-items\">\n\t\t\t\t\t\t\t<li class=\"elementor-icon-list-item elementor-inline-item\">\n\t\t\t\t\t\t\t\t\t\t\t<a href=\"https:\/\/www.facebook.com\/szentimregyor?locale=hu_HU\" target=\"_blank\">\n\n\t\t\t\t\t\t\t\t\t\t\t\t<span class=\"elementor-icon-list-icon\">\n\t\t\t\t\t\t\t<i aria-hidden=\"true\" class=\"fab fa-facebook-f\"><\/i>\t\t\t\t\t\t<\/span>\n\t\t\t\t\t\t\t\t\t\t<span class=\"elementor-icon-list-text\"><\/span>\n\t\t\t\t\t\t\t\t\t\t\t<\/a>\n\t\t\t\t\t\t\t\t\t<\/li>\n\t\t\t\t\t\t\t\t<li class=\"elementor-icon-list-item elementor-inline-item\">\n\t\t\t\t\t\t\t\t\t\t\t<a href=\"https:\/\/www.youtube.com\/@szentimregyor\" target=\"_blank\">\n\n\t\t\t\t\t\t\t\t\t\t\t\t<span class=\"elementor-icon-list-icon\">\n\t\t\t\t\t\t\t<i aria-hidden=\"true\" class=\"fab fa-youtube\"><\/i>\t\t\t\t\t\t<\/span>\n\t\t\t\t\t\t\t\t\t\t<span class=\"elementor-icon-list-text\"><\/span>\n\t\t\t\t\t\t\t\t\t\t\t<\/a>\n\t\t\t\t\t\t\t\t\t<\/li>\n\t\t\t\t\t\t\t\t<li class=\"elementor-icon-list-item elementor-inline-item\">\n\t\t\t\t\t\t\t\t\t\t\t<a href=\"https:\/\/www.flickr.com\/photos\/99929046@N06\/\" target=\"_blank\">\n\n\t\t\t\t\t\t\t\t\t\t\t\t<span class=\"elementor-icon-list-icon\">\n\t\t\t\t\t\t\t<i aria-hidden=\"true\" class=\"fab fa-flickr\"><\/i>\t\t\t\t\t\t<\/span>\n\t\t\t\t\t\t\t\t\t\t<span class=\"elementor-icon-list-text\"><\/span>\n\t\t\t\t\t\t\t\t\t\t\t<\/a>\n\t\t\t\t\t\t\t\t\t<\/li>\n\t\t\t\t\t\t<\/ul>\n\t\t\t\t<\/div>\n\t\t\t\t<\/div>\n\t\t\t\t<\/div>\n\t\t\t\t\t<\/div>\n\t\t\t\t<\/div>\n\t\t<div class=\"elementor-element elementor-element-434ba489 e-flex e-con-boxed e-con e-child\" data-id=\"434ba489\" data-element_type=\"container\" data-settings=\"{&quot;background_background&quot;:&quot;classic&quot;}\">\n\t\t\t\t\t<div class=\"e-con-inner\">\n\t\t\t\t<div class=\"elementor-element elementor-element-2856ef72 elementor-hidden-mobile elementor-widget elementor-widget-spacer\" data-id=\"2856ef72\" data-element_type=\"widget\" data-widget_type=\"spacer.default\">\n\t\t\t\t<div class=\"elementor-widget-container\">\n\t\t\t<style>\/*! elementor - v3.21.0 - 20-05-2024 *\/\n.elementor-column .elementor-spacer-inner{height:var(--spacer-size)}.e-con{--container-widget-width:100%}.e-con-inner>.elementor-widget-spacer,.e-con>.elementor-widget-spacer{width:var(--container-widget-width,var(--spacer-size));--align-self:var(--container-widget-align-self,initial);--flex-shrink:0}.e-con-inner>.elementor-widget-spacer>.elementor-widget-container,.e-con>.elementor-widget-spacer>.elementor-widget-container{height:100%;width:100%}.e-con-inner>.elementor-widget-spacer>.elementor-widget-container>.elementor-spacer,.e-con>.elementor-widget-spacer>.elementor-widget-container>.elementor-spacer{height:100%}.e-con-inner>.elementor-widget-spacer>.elementor-widget-container>.elementor-spacer>.elementor-spacer-inner,.e-con>.elementor-widget-spacer>.elementor-widget-container>.elementor-spacer>.elementor-spacer-inner{height:var(--container-widget-height,var(--spacer-size))}.e-con-inner>.elementor-widget-spacer.elementor-widget-empty,.e-con>.elementor-widget-spacer.elementor-widget-empty{position:relative;min-height:22px;min-width:22px}.e-con-inner>.elementor-widget-spacer.elementor-widget-empty .elementor-widget-empty-icon,.e-con>.elementor-widget-spacer.elementor-widget-empty .elementor-widget-empty-icon{position:absolute;top:0;bottom:0;left:0;right:0;margin:auto;padding:0;width:22px;height:22px}<\/style>\t\t<div class=\"elementor-spacer\">\n\t\t\t<div class=\"elementor-spacer-inner\"><\/div>\n\t\t<\/div>\n\t\t\t\t<\/div>\n\t\t\t\t<\/div>\n\t\t\t\t<div class=\"elementor-element elementor-element-4f4428a1 elementor-widget elementor-widget-heading\" data-id=\"4f4428a1\" data-element_type=\"widget\" data-settings=\"{&quot;_animation_mobile&quot;:&quot;none&quot;}\" data-widget_type=\"heading.default\">\n\t\t\t\t<div class=\"elementor-widget-container\">\n\t\t\t<style>\/*! elementor - v3.21.0 - 20-05-2024 *\/\n.elementor-heading-title{padding:0;margin:0;line-height:1}.elementor-widget-heading .elementor-heading-title[class*=elementor-size-]>a{color:inherit;font-size:inherit;line-height:inherit}.elementor-widget-heading .elementor-heading-title.elementor-size-small{font-size:15px}.elementor-widget-heading .elementor-heading-title.elementor-size-medium{font-size:19px}.elementor-widget-heading .elementor-heading-title.elementor-size-large{font-size:29px}.elementor-widget-heading .elementor-heading-title.elementor-size-xl{font-size:39px}.elementor-widget-heading .elementor-heading-title.elementor-size-xxl{font-size:59px}<\/style><h2 class=\"elementor-heading-title elementor-size-default\"><a href=\"https:\/\/www.szentimregyor.hu\/new\/\">Szent Imre Pl\u00e9b\u00e1nia<\/a><\/h2>\t\t<\/div>\n\t\t\t\t<\/div>\n\t\t\t\t<div class=\"elementor-element elementor-element-43143f69 elementor-nav-menu__align-center elementor-nav-menu--stretch elementor-nav-menu__text-align-center elementor-nav-menu--dropdown-tablet elementor-nav-menu--toggle elementor-nav-menu--burger elementor-widget elementor-widget-nav-menu\" data-id=\"43143f69\" data-element_type=\"widget\" data-settings=\"{&quot;full_width&quot;:&quot;stretch&quot;,&quot;layout&quot;:&quot;horizontal&quot;,&quot;submenu_icon&quot;:{&quot;value&quot;:&quot;&lt;i class=\\&quot;fas fa-caret-down\\&quot;&gt;&lt;\\\/i&gt;&quot;,&quot;library&quot;:&quot;fa-solid&quot;},&quot;toggle&quot;:&quot;burger&quot;}\" data-widget_type=\"nav-menu.default\">\n\t\t\t\t<div class=\"elementor-widget-container\">\n\t\t\t<link rel=\"stylesheet\" href=\"https:\/\/www.szentimregyor.hu\/new\/wp-content\/plugins\/elementor-pro\/assets\/css\/widget-nav-menu.min.css\">\t\t\t<nav class=\"elementor-nav-menu--main elementor-nav-menu__container elementor-nav-menu--layout-horizontal e--pointer-underline e--animation-fade\">\n\t\t\t\t<ul id=\"menu-1-43143f69\" class=\"elementor-nav-menu\"><li class=\"menu-item menu-item-type-custom menu-item-object-custom menu-item-has-children menu-item-7864\"><a href=\"#\" class=\"elementor-item elementor-item-anchor\">Templomunk<\/a>\n<ul class=\"sub-menu elementor-nav-menu--dropdown\">\n\t<li class=\"menu-item menu-item-type-post_type menu-item-object-page menu-item-748\"><a href=\"https:\/\/www.szentimregyor.hu\/new\/templomunk-tortenete\/\" class=\"elementor-sub-item\">Templomunk t\u00f6rt\u00e9nete<\/a><\/li>\n\t<li class=\"menu-item menu-item-type-post_type menu-item-object-page menu-item-749\"><a href=\"https:\/\/www.szentimregyor.hu\/new\/templomunk-muveszeti-ertekei\/\" class=\"elementor-sub-item\">Templomunk m\u0171v\u00e9szeti \u00e9rt\u00e9kei<\/a><\/li>\n\t<li class=\"menu-item menu-item-type-post_type menu-item-object-page menu-item-2854\"><a href=\"https:\/\/www.szentimregyor.hu\/new\/vedoszentunk-szent-imre\/\" class=\"elementor-sub-item\">V\u00e9d\u0151szent\u00fcnk, Szent Imre<\/a><\/li>\n\t<li class=\"menu-item menu-item-type-post_type menu-item-object-page menu-item-3708\"><a href=\"https:\/\/www.szentimregyor.hu\/new\/templomunk\/boldog-apor-vilmos-templomszentelo-beszede\/\" class=\"elementor-sub-item\">Templomszentel\u0151 besz\u00e9d<\/a><\/li>\n<\/ul>\n<\/li>\n<li class=\"menu-item menu-item-type-custom menu-item-object-custom menu-item-has-children menu-item-7863\"><a href=\"#\" class=\"elementor-item elementor-item-anchor\">H\u00edrek, Napt\u00e1r<\/a>\n<ul class=\"sub-menu elementor-nav-menu--dropdown\">\n\t<li class=\"menu-item menu-item-type-post_type menu-item-object-page menu-item-7862\"><a href=\"https:\/\/www.szentimregyor.hu\/new\/naptar\/\" class=\"elementor-sub-item\">Napt\u00e1r<\/a><\/li>\n\t<li class=\"menu-item menu-item-type-post_type menu-item-object-page menu-item-6263\"><a href=\"https:\/\/www.szentimregyor.hu\/new\/hirdetesek\/\" class=\"elementor-sub-item\">Heti hirdet\u00e9sek<\/a><\/li>\n\t<li class=\"menu-item menu-item-type-post_type menu-item-object-page menu-item-6262\"><a href=\"https:\/\/www.szentimregyor.hu\/new\/hirfolyam\/\" class=\"elementor-sub-item\">H\u00edrfolyam<\/a><\/li>\n<\/ul>\n<\/li>\n<li class=\"menu-item menu-item-type-post_type menu-item-object-page menu-item-121\"><a href=\"https:\/\/www.szentimregyor.hu\/new\/miserend\/\" class=\"elementor-item\">Miserend<\/a><\/li>\n<li class=\"menu-item menu-item-type-post_type menu-item-object-page menu-item-has-children menu-item-130\"><a href=\"https:\/\/www.szentimregyor.hu\/new\/kapcsolat\/\" class=\"elementor-item\">Kapcsolat<\/a>\n<ul class=\"sub-menu elementor-nav-menu--dropdown\">\n\t<li class=\"menu-item menu-item-type-post_type menu-item-object-page menu-item-14288\"><a href=\"https:\/\/www.szentimregyor.hu\/new\/kapcsolat\/iroda\/\" class=\"elementor-sub-item\">Iroda<\/a><\/li>\n\t<li class=\"menu-item menu-item-type-post_type menu-item-object-page menu-item-6301\"><a href=\"https:\/\/www.szentimregyor.hu\/new\/kapcsolat\/hirlevel\/\" class=\"elementor-sub-item\">H\u00edrlev\u00e9l<\/a><\/li>\n\t<li class=\"menu-item menu-item-type-post_type menu-item-object-page menu-item-5988\"><a href=\"https:\/\/www.szentimregyor.hu\/new\/gyori-szent-imre-alapitvany\/\" class=\"elementor-sub-item\">Gy\u0151ri Szent Imre Alap\u00edtv\u00e1ny<\/a><\/li>\n<\/ul>\n<\/li>\n<li class=\"menu-item menu-item-type-post_type menu-item-object-page menu-item-has-children menu-item-139\"><a href=\"https:\/\/www.szentimregyor.hu\/new\/galeria\/\" class=\"elementor-item\">Gal\u00e9ria<\/a>\n<ul class=\"sub-menu elementor-nav-menu--dropdown\">\n\t<li class=\"menu-item menu-item-type-post_type menu-item-object-page menu-item-27314\"><a href=\"https:\/\/www.szentimregyor.hu\/new\/galeria\/galeria-2026\/\" class=\"elementor-sub-item\">2026<\/a><\/li>\n\t<li class=\"menu-item menu-item-type-post_type menu-item-object-page menu-item-21719\"><a href=\"https:\/\/www.szentimregyor.hu\/new\/galeria\/galeria-2025\/\" class=\"elementor-sub-item\">2025<\/a><\/li>\n\t<li class=\"menu-item menu-item-type-post_type menu-item-object-page menu-item-10943\"><a href=\"https:\/\/www.szentimregyor.hu\/new\/galeria\/galeria-2024\/\" class=\"elementor-sub-item\">2024<\/a><\/li>\n\t<li class=\"menu-item menu-item-type-post_type menu-item-object-page menu-item-3734\"><a href=\"https:\/\/www.szentimregyor.hu\/new\/galeria\/galeria-2023\/\" class=\"elementor-sub-item\">2023<\/a><\/li>\n\t<li class=\"menu-item menu-item-type-post_type menu-item-object-page menu-item-6591\"><a href=\"https:\/\/www.szentimregyor.hu\/new\/galeria\/galeria-2022\/\" class=\"elementor-sub-item\">2022<\/a><\/li>\n\t<li class=\"menu-item menu-item-type-post_type menu-item-object-page menu-item-8384\"><a href=\"https:\/\/www.szentimregyor.hu\/new\/galeria\/galeria-2021\/\" class=\"elementor-sub-item\">2021<\/a><\/li>\n\t<li class=\"menu-item menu-item-type-post_type menu-item-object-page menu-item-10837\"><a href=\"https:\/\/www.szentimregyor.hu\/new\/galeria\/galeria-2020\/\" class=\"elementor-sub-item\">2020<\/a><\/li>\n\t<li class=\"menu-item menu-item-type-post_type menu-item-object-page menu-item-11155\"><a href=\"https:\/\/www.szentimregyor.hu\/new\/galeria\/galeria-2019\/\" class=\"elementor-sub-item\">2019<\/a><\/li>\n\t<li class=\"menu-item menu-item-type-post_type menu-item-object-page menu-item-16174\"><a href=\"https:\/\/www.szentimregyor.hu\/new\/galeria\/galeria-2018\/\" class=\"elementor-sub-item\">2018<\/a><\/li>\n\t<li class=\"menu-item menu-item-type-post_type menu-item-object-page menu-item-22065\"><a href=\"https:\/\/www.szentimregyor.hu\/new\/galeria\/galeria-2017\/\" class=\"elementor-sub-item\">2017<\/a><\/li>\n\t<li class=\"menu-item menu-item-type-post_type menu-item-object-page menu-item-26413\"><a href=\"https:\/\/www.szentimregyor.hu\/new\/galeria\/galeria-2016\/\" class=\"elementor-sub-item\">2016<\/a><\/li>\n\t<li class=\"menu-item menu-item-type-post_type menu-item-object-page menu-item-7957\"><a href=\"https:\/\/www.szentimregyor.hu\/new\/galeria\/orgona-galeria\/\" class=\"elementor-sub-item\">Orgona<\/a><\/li>\n<\/ul>\n<\/li>\n<li class=\"menu-item menu-item-type-post_type menu-item-object-page menu-item-has-children menu-item-145\"><a href=\"https:\/\/www.szentimregyor.hu\/new\/egyhazkozseg\/\" class=\"elementor-item\">Egyh\u00e1zk\u00f6zs\u00e9g\u00fcnk<\/a>\n<ul class=\"sub-menu elementor-nav-menu--dropdown\">\n\t<li class=\"menu-item menu-item-type-post_type menu-item-object-page menu-item-6003\"><a href=\"https:\/\/www.szentimregyor.hu\/new\/egyhazkozseg\/lelkipasztorok\/\" class=\"elementor-sub-item\">Lelkip\u00e1sztorok<\/a><\/li>\n\t<li class=\"menu-item menu-item-type-post_type menu-item-object-page menu-item-28653\"><a href=\"https:\/\/www.szentimregyor.hu\/new\/egyhazkozseg\/plebaniai-tanacsado-testulet\/\" class=\"elementor-sub-item\">Pl\u00e9b\u00e1niai Tan\u00e1csad\u00f3 Test\u00fclet<\/a><\/li>\n\t<li class=\"menu-item menu-item-type-post_type menu-item-object-page menu-item-has-children menu-item-6044\"><a href=\"https:\/\/www.szentimregyor.hu\/new\/egyhazkozseg\/egyhazzene\/\" class=\"elementor-sub-item\">Egyh\u00e1zzene<\/a>\n\t<ul class=\"sub-menu elementor-nav-menu--dropdown\">\n\t\t<li class=\"menu-item menu-item-type-post_type menu-item-object-page menu-item-6371\"><a href=\"https:\/\/www.szentimregyor.hu\/new\/egyhazkozseg\/egyhazzene\/kantorok\/\" class=\"elementor-sub-item\">K\u00e1ntorok<\/a><\/li>\n\t\t<li class=\"menu-item menu-item-type-post_type menu-item-object-page menu-item-6372\"><a href=\"https:\/\/www.szentimregyor.hu\/new\/egyhazkozseg\/egyhazzene\/schola\/\" class=\"elementor-sub-item\">Schola Emericana<\/a><\/li>\n\t\t<li class=\"menu-item menu-item-type-post_type menu-item-object-page menu-item-6373\"><a href=\"https:\/\/www.szentimregyor.hu\/new\/egyhazkozseg\/egyhazzene\/orgona\/\" class=\"elementor-sub-item\">Orgona<\/a><\/li>\n\t<\/ul>\n<\/li>\n\t<li class=\"menu-item menu-item-type-post_type menu-item-object-page menu-item-6022\"><a href=\"https:\/\/www.szentimregyor.hu\/new\/egyhazkozseg\/lectio-divina\/\" class=\"elementor-sub-item\">Lectio Divina<\/a><\/li>\n\t<li class=\"menu-item menu-item-type-post_type menu-item-object-page menu-item-6033\"><a href=\"https:\/\/www.szentimregyor.hu\/new\/egyhazkozseg\/bibliakor\/\" class=\"elementor-sub-item\">Bibliak\u00f6r<\/a><\/li>\n\t<li class=\"menu-item menu-item-type-post_type menu-item-object-page menu-item-6068\"><a href=\"https:\/\/www.szentimregyor.hu\/new\/egyhazkozseg\/itt-az-ido\/\" class=\"elementor-sub-item\">Itt az id\u0151<\/a><\/li>\n<\/ul>\n<\/li>\n<\/ul>\t\t\t<\/nav>\n\t\t\t\t\t<div class=\"elementor-menu-toggle\" role=\"button\" tabindex=\"0\" aria-label=\"Menu Toggle\" aria-expanded=\"false\">\n\t\t\t<i aria-hidden=\"true\" role=\"presentation\" class=\"elementor-menu-toggle__icon--open eicon-menu-bar\"><\/i><i aria-hidden=\"true\" role=\"presentation\" class=\"elementor-menu-toggle__icon--close eicon-close\"><\/i>\t\t\t<span class=\"elementor-screen-only\">Menu<\/span>\n\t\t<\/div>\n\t\t\t\t\t<nav class=\"elementor-nav-menu--dropdown elementor-nav-menu__container\" aria-hidden=\"true\">\n\t\t\t\t<ul id=\"menu-2-43143f69\" class=\"elementor-nav-menu\"><li class=\"menu-item menu-item-type-custom menu-item-object-custom menu-item-has-children menu-item-7864\"><a href=\"#\" class=\"elementor-item elementor-item-anchor\" tabindex=\"-1\">Templomunk<\/a>\n<ul class=\"sub-menu elementor-nav-menu--dropdown\">\n\t<li class=\"menu-item menu-item-type-post_type menu-item-object-page menu-item-748\"><a href=\"https:\/\/www.szentimregyor.hu\/new\/templomunk-tortenete\/\" class=\"elementor-sub-item\" tabindex=\"-1\">Templomunk t\u00f6rt\u00e9nete<\/a><\/li>\n\t<li class=\"menu-item menu-item-type-post_type menu-item-object-page menu-item-749\"><a href=\"https:\/\/www.szentimregyor.hu\/new\/templomunk-muveszeti-ertekei\/\" class=\"elementor-sub-item\" tabindex=\"-1\">Templomunk m\u0171v\u00e9szeti \u00e9rt\u00e9kei<\/a><\/li>\n\t<li class=\"menu-item menu-item-type-post_type menu-item-object-page menu-item-2854\"><a href=\"https:\/\/www.szentimregyor.hu\/new\/vedoszentunk-szent-imre\/\" class=\"elementor-sub-item\" tabindex=\"-1\">V\u00e9d\u0151szent\u00fcnk, Szent Imre<\/a><\/li>\n\t<li class=\"menu-item menu-item-type-post_type menu-item-object-page menu-item-3708\"><a href=\"https:\/\/www.szentimregyor.hu\/new\/templomunk\/boldog-apor-vilmos-templomszentelo-beszede\/\" class=\"elementor-sub-item\" tabindex=\"-1\">Templomszentel\u0151 besz\u00e9d<\/a><\/li>\n<\/ul>\n<\/li>\n<li class=\"menu-item menu-item-type-custom menu-item-object-custom menu-item-has-children menu-item-7863\"><a href=\"#\" class=\"elementor-item elementor-item-anchor\" tabindex=\"-1\">H\u00edrek, Napt\u00e1r<\/a>\n<ul class=\"sub-menu elementor-nav-menu--dropdown\">\n\t<li class=\"menu-item menu-item-type-post_type menu-item-object-page menu-item-7862\"><a href=\"https:\/\/www.szentimregyor.hu\/new\/naptar\/\" class=\"elementor-sub-item\" tabindex=\"-1\">Napt\u00e1r<\/a><\/li>\n\t<li class=\"menu-item menu-item-type-post_type menu-item-object-page menu-item-6263\"><a href=\"https:\/\/www.szentimregyor.hu\/new\/hirdetesek\/\" class=\"elementor-sub-item\" tabindex=\"-1\">Heti hirdet\u00e9sek<\/a><\/li>\n\t<li class=\"menu-item menu-item-type-post_type menu-item-object-page menu-item-6262\"><a href=\"https:\/\/www.szentimregyor.hu\/new\/hirfolyam\/\" class=\"elementor-sub-item\" tabindex=\"-1\">H\u00edrfolyam<\/a><\/li>\n<\/ul>\n<\/li>\n<li class=\"menu-item menu-item-type-post_type menu-item-object-page menu-item-121\"><a href=\"https:\/\/www.szentimregyor.hu\/new\/miserend\/\" class=\"elementor-item\" tabindex=\"-1\">Miserend<\/a><\/li>\n<li class=\"menu-item menu-item-type-post_type menu-item-object-page menu-item-has-children menu-item-130\"><a href=\"https:\/\/www.szentimregyor.hu\/new\/kapcsolat\/\" class=\"elementor-item\" tabindex=\"-1\">Kapcsolat<\/a>\n<ul class=\"sub-menu elementor-nav-menu--dropdown\">\n\t<li class=\"menu-item menu-item-type-post_type menu-item-object-page menu-item-14288\"><a href=\"https:\/\/www.szentimregyor.hu\/new\/kapcsolat\/iroda\/\" class=\"elementor-sub-item\" tabindex=\"-1\">Iroda<\/a><\/li>\n\t<li class=\"menu-item menu-item-type-post_type menu-item-object-page menu-item-6301\"><a href=\"https:\/\/www.szentimregyor.hu\/new\/kapcsolat\/hirlevel\/\" class=\"elementor-sub-item\" tabindex=\"-1\">H\u00edrlev\u00e9l<\/a><\/li>\n\t<li class=\"menu-item menu-item-type-post_type menu-item-object-page menu-item-5988\"><a href=\"https:\/\/www.szentimregyor.hu\/new\/gyori-szent-imre-alapitvany\/\" class=\"elementor-sub-item\" tabindex=\"-1\">Gy\u0151ri Szent Imre Alap\u00edtv\u00e1ny<\/a><\/li>\n<\/ul>\n<\/li>\n<li class=\"menu-item menu-item-type-post_type menu-item-object-page menu-item-has-children menu-item-139\"><a href=\"https:\/\/www.szentimregyor.hu\/new\/galeria\/\" class=\"elementor-item\" tabindex=\"-1\">Gal\u00e9ria<\/a>\n<ul class=\"sub-menu elementor-nav-menu--dropdown\">\n\t<li class=\"menu-item menu-item-type-post_type menu-item-object-page menu-item-27314\"><a href=\"https:\/\/www.szentimregyor.hu\/new\/galeria\/galeria-2026\/\" class=\"elementor-sub-item\" tabindex=\"-1\">2026<\/a><\/li>\n\t<li class=\"menu-item menu-item-type-post_type menu-item-object-page menu-item-21719\"><a href=\"https:\/\/www.szentimregyor.hu\/new\/galeria\/galeria-2025\/\" class=\"elementor-sub-item\" tabindex=\"-1\">2025<\/a><\/li>\n\t<li class=\"menu-item menu-item-type-post_type menu-item-object-page menu-item-10943\"><a href=\"https:\/\/www.szentimregyor.hu\/new\/galeria\/galeria-2024\/\" class=\"elementor-sub-item\" tabindex=\"-1\">2024<\/a><\/li>\n\t<li class=\"menu-item menu-item-type-post_type menu-item-object-page menu-item-3734\"><a href=\"https:\/\/www.szentimregyor.hu\/new\/galeria\/galeria-2023\/\" class=\"elementor-sub-item\" tabindex=\"-1\">2023<\/a><\/li>\n\t<li class=\"menu-item menu-item-type-post_type menu-item-object-page menu-item-6591\"><a href=\"https:\/\/www.szentimregyor.hu\/new\/galeria\/galeria-2022\/\" class=\"elementor-sub-item\" tabindex=\"-1\">2022<\/a><\/li>\n\t<li class=\"menu-item menu-item-type-post_type menu-item-object-page menu-item-8384\"><a href=\"https:\/\/www.szentimregyor.hu\/new\/galeria\/galeria-2021\/\" class=\"elementor-sub-item\" tabindex=\"-1\">2021<\/a><\/li>\n\t<li class=\"menu-item menu-item-type-post_type menu-item-object-page menu-item-10837\"><a href=\"https:\/\/www.szentimregyor.hu\/new\/galeria\/galeria-2020\/\" class=\"elementor-sub-item\" tabindex=\"-1\">2020<\/a><\/li>\n\t<li class=\"menu-item menu-item-type-post_type menu-item-object-page menu-item-11155\"><a href=\"https:\/\/www.szentimregyor.hu\/new\/galeria\/galeria-2019\/\" class=\"elementor-sub-item\" tabindex=\"-1\">2019<\/a><\/li>\n\t<li class=\"menu-item menu-item-type-post_type menu-item-object-page menu-item-16174\"><a href=\"https:\/\/www.szentimregyor.hu\/new\/galeria\/galeria-2018\/\" class=\"elementor-sub-item\" tabindex=\"-1\">2018<\/a><\/li>\n\t<li class=\"menu-item menu-item-type-post_type menu-item-object-page menu-item-22065\"><a href=\"https:\/\/www.szentimregyor.hu\/new\/galeria\/galeria-2017\/\" class=\"elementor-sub-item\" tabindex=\"-1\">2017<\/a><\/li>\n\t<li class=\"menu-item menu-item-type-post_type menu-item-object-page menu-item-26413\"><a href=\"https:\/\/www.szentimregyor.hu\/new\/galeria\/galeria-2016\/\" class=\"elementor-sub-item\" tabindex=\"-1\">2016<\/a><\/li>\n\t<li class=\"menu-item menu-item-type-post_type menu-item-object-page menu-item-7957\"><a href=\"https:\/\/www.szentimregyor.hu\/new\/galeria\/orgona-galeria\/\" class=\"elementor-sub-item\" tabindex=\"-1\">Orgona<\/a><\/li>\n<\/ul>\n<\/li>\n<li class=\"menu-item menu-item-type-post_type menu-item-object-page menu-item-has-children menu-item-145\"><a href=\"https:\/\/www.szentimregyor.hu\/new\/egyhazkozseg\/\" class=\"elementor-item\" tabindex=\"-1\">Egyh\u00e1zk\u00f6zs\u00e9g\u00fcnk<\/a>\n<ul class=\"sub-menu elementor-nav-menu--dropdown\">\n\t<li class=\"menu-item menu-item-type-post_type menu-item-object-page menu-item-6003\"><a href=\"https:\/\/www.szentimregyor.hu\/new\/egyhazkozseg\/lelkipasztorok\/\" class=\"elementor-sub-item\" tabindex=\"-1\">Lelkip\u00e1sztorok<\/a><\/li>\n\t<li class=\"menu-item menu-item-type-post_type menu-item-object-page menu-item-28653\"><a href=\"https:\/\/www.szentimregyor.hu\/new\/egyhazkozseg\/plebaniai-tanacsado-testulet\/\" class=\"elementor-sub-item\" tabindex=\"-1\">Pl\u00e9b\u00e1niai Tan\u00e1csad\u00f3 Test\u00fclet<\/a><\/li>\n\t<li class=\"menu-item menu-item-type-post_type menu-item-object-page menu-item-has-children menu-item-6044\"><a href=\"https:\/\/www.szentimregyor.hu\/new\/egyhazkozseg\/egyhazzene\/\" class=\"elementor-sub-item\" tabindex=\"-1\">Egyh\u00e1zzene<\/a>\n\t<ul class=\"sub-menu elementor-nav-menu--dropdown\">\n\t\t<li class=\"menu-item menu-item-type-post_type menu-item-object-page menu-item-6371\"><a href=\"https:\/\/www.szentimregyor.hu\/new\/egyhazkozseg\/egyhazzene\/kantorok\/\" class=\"elementor-sub-item\" tabindex=\"-1\">K\u00e1ntorok<\/a><\/li>\n\t\t<li class=\"menu-item menu-item-type-post_type menu-item-object-page menu-item-6372\"><a href=\"https:\/\/www.szentimregyor.hu\/new\/egyhazkozseg\/egyhazzene\/schola\/\" class=\"elementor-sub-item\" tabindex=\"-1\">Schola Emericana<\/a><\/li>\n\t\t<li class=\"menu-item menu-item-type-post_type menu-item-object-page menu-item-6373\"><a href=\"https:\/\/www.szentimregyor.hu\/new\/egyhazkozseg\/egyhazzene\/orgona\/\" class=\"elementor-sub-item\" tabindex=\"-1\">Orgona<\/a><\/li>\n\t<\/ul>\n<\/li>\n\t<li class=\"menu-item menu-item-type-post_type menu-item-object-page menu-item-6022\"><a href=\"https:\/\/www.szentimregyor.hu\/new\/egyhazkozseg\/lectio-divina\/\" class=\"elementor-sub-item\" tabindex=\"-1\">Lectio Divina<\/a><\/li>\n\t<li class=\"menu-item menu-item-type-post_type menu-item-object-page menu-item-6033\"><a href=\"https:\/\/www.szentimregyor.hu\/new\/egyhazkozseg\/bibliakor\/\" class=\"elementor-sub-item\" tabindex=\"-1\">Bibliak\u00f6r<\/a><\/li>\n\t<li class=\"menu-item menu-item-type-post_type menu-item-object-page menu-item-6068\"><a href=\"https:\/\/www.szentimregyor.hu\/new\/egyhazkozseg\/itt-az-ido\/\" class=\"elementor-sub-item\" tabindex=\"-1\">Itt az id\u0151<\/a><\/li>\n<\/ul>\n<\/li>\n<\/ul>\t\t\t<\/nav>\n\t\t\t\t<\/div>\n\t\t\t\t<\/div>\n\t\t\t\t\t<\/div>\n\t\t\t\t<\/div>\n\t\t\t\t<\/div>\n\t\t<div class=\"elementor-element elementor-element-480e2377 e-flex e-con-boxed e-con e-parent\" data-id=\"480e2377\" data-element_type=\"container\">\n\t\t\t\t\t<div class=\"e-con-inner\">\n\t\t\t\t<div class=\"elementor-element elementor-element-6f2a5f2d elementor-widget elementor-widget-spacer\" data-id=\"6f2a5f2d\" data-element_type=\"widget\" data-widget_type=\"spacer.default\">\n\t\t\t\t<div class=\"elementor-widget-container\">\n\t\t\t\t\t<div class=\"elementor-spacer\">\n\t\t\t<div class=\"elementor-spacer-inner\"><\/div>\n\t\t<\/div>\n\t\t\t\t<\/div>\n\t\t\t\t<\/div>\n\t\t\t\t\t<\/div>\n\t\t\t\t<\/div>\n\t\t<div class=\"elementor-element elementor-element-17a41f4 e-flex e-con-boxed e-con e-parent\" data-id=\"17a41f4\" data-element_type=\"container\">\n\t\t\t\t\t<div class=\"e-con-inner\">\n\t\t\t\t<div class=\"elementor-element elementor-element-6ecf86ec elementor-invisible elementor-widget elementor-widget-heading\" data-id=\"6ecf86ec\" data-element_type=\"widget\" data-settings=\"{&quot;_animation&quot;:&quot;fadeInUp&quot;}\" data-widget_type=\"heading.default\">\n\t\t\t\t<div class=\"elementor-widget-container\">\n\t\t\t<h2 class=\"elementor-heading-title elementor-size-default\">Gal\u00e9ria 2019.<\/h2>\t\t<\/div>\n\t\t\t\t<\/div>\n\t\t\t\t\t<\/div>\n\t\t\t\t<\/div>\n\t\t<div class=\"elementor-element elementor-element-15949f5b e-flex e-con-boxed e-con e-parent\" data-id=\"15949f5b\" data-element_type=\"container\">\n\t\t\t\t\t<div class=\"e-con-inner\">\n\t\t\t\t<div class=\"elementor-element elementor-element-2b886b41 elementor-widget elementor-widget-spacer\" data-id=\"2b886b41\" data-element_type=\"widget\" data-widget_type=\"spacer.default\">\n\t\t\t\t<div class=\"elementor-widget-container\">\n\t\t\t\t\t<div class=\"elementor-spacer\">\n\t\t\t<div class=\"elementor-spacer-inner\"><\/div>\n\t\t<\/div>\n\t\t\t\t<\/div>\n\t\t\t\t<\/div>\n\t\t\t\t\t<\/div>\n\t\t\t\t<\/div>\n\t\t<div class=\"elementor-element elementor-element-4bbafa5 e-flex e-con-boxed elementor-invisible e-con e-parent\" data-id=\"4bbafa5\" data-element_type=\"container\" data-settings=\"{&quot;animation&quot;:&quot;fadeInUp&quot;}\">\n\t\t\t\t\t<div class=\"e-con-inner\">\n\t\t\t\t<div class=\"elementor-element elementor-element-3fa7a32 elementor-position-top elementor-widget elementor-widget-image-box\" data-id=\"3fa7a32\" data-element_type=\"widget\" data-widget_type=\"image-box.default\">\n\t\t\t\t<div class=\"elementor-widget-container\">\n\t\t\t<style>\/*! elementor - v3.21.0 - 20-05-2024 *\/\n.elementor-widget-image-box .elementor-image-box-content{width:100%}@media (min-width:768px){.elementor-widget-image-box.elementor-position-left .elementor-image-box-wrapper,.elementor-widget-image-box.elementor-position-right .elementor-image-box-wrapper{display:flex}.elementor-widget-image-box.elementor-position-right .elementor-image-box-wrapper{text-align:end;flex-direction:row-reverse}.elementor-widget-image-box.elementor-position-left .elementor-image-box-wrapper{text-align:start;flex-direction:row}.elementor-widget-image-box.elementor-position-top .elementor-image-box-img{margin:auto}.elementor-widget-image-box.elementor-vertical-align-top .elementor-image-box-wrapper{align-items:flex-start}.elementor-widget-image-box.elementor-vertical-align-middle .elementor-image-box-wrapper{align-items:center}.elementor-widget-image-box.elementor-vertical-align-bottom .elementor-image-box-wrapper{align-items:flex-end}}@media (max-width:767px){.elementor-widget-image-box .elementor-image-box-img{margin-left:auto!important;margin-right:auto!important;margin-bottom:15px}}.elementor-widget-image-box .elementor-image-box-img{display:inline-block}.elementor-widget-image-box .elementor-image-box-title a{color:inherit}.elementor-widget-image-box .elementor-image-box-wrapper{text-align:center}.elementor-widget-image-box .elementor-image-box-description{margin:0}<\/style><div class=\"elementor-image-box-wrapper\"><figure class=\"elementor-image-box-img\"><a href=\"https:\/\/www.szentimregyor.hu\/new\/galeria\/galeria-2019\/2019-pasztorjatek\/\" tabindex=\"-1\"><img fetchpriority=\"high\" decoding=\"async\" width=\"1800\" height=\"1200\" src=\"https:\/\/www.szentimregyor.hu\/new\/wp-content\/uploads\/2024\/04\/191224100.jpg\" class=\"attachment-full size-full wp-image-15061\" alt=\"\" srcset=\"https:\/\/www.szentimregyor.hu\/new\/wp-content\/uploads\/2024\/04\/191224100.jpg 1800w, https:\/\/www.szentimregyor.hu\/new\/wp-content\/uploads\/2024\/04\/191224100-300x200.jpg 300w, https:\/\/www.szentimregyor.hu\/new\/wp-content\/uploads\/2024\/04\/191224100-1024x683.jpg 1024w, https:\/\/www.szentimregyor.hu\/new\/wp-content\/uploads\/2024\/04\/191224100-768x512.jpg 768w, https:\/\/www.szentimregyor.hu\/new\/wp-content\/uploads\/2024\/04\/191224100-1536x1024.jpg 1536w\" sizes=\"(max-width: 1800px) 100vw, 1800px\" \/><\/a><\/figure><div class=\"elementor-image-box-content\"><h3 class=\"elementor-image-box-title\"><a href=\"https:\/\/www.szentimregyor.hu\/new\/galeria\/galeria-2019\/2019-pasztorjatek\/\">P\u00e1sztorj\u00e1t\u00e9k<\/a><\/h3><p class=\"elementor-image-box-description\"><i>2019. december 24.<br>(Fot\u00f3: Vaday Tam\u00e1s)<\/p><\/div><\/div>\t\t<\/div>\n\t\t\t\t<\/div>\n\t\t\t\t<div class=\"elementor-element elementor-element-e87eff3 elementor-widget elementor-widget-spacer\" data-id=\"e87eff3\" data-element_type=\"widget\" data-widget_type=\"spacer.default\">\n\t\t\t\t<div class=\"elementor-widget-container\">\n\t\t\t\t\t<div class=\"elementor-spacer\">\n\t\t\t<div class=\"elementor-spacer-inner\"><\/div>\n\t\t<\/div>\n\t\t\t\t<\/div>\n\t\t\t\t<\/div>\n\t\t\t\t\t<\/div>\n\t\t\t\t<\/div>\n\t\t<div class=\"elementor-element elementor-element-e411de8 e-flex e-con-boxed elementor-invisible e-con e-parent\" data-id=\"e411de8\" data-element_type=\"container\" data-settings=\"{&quot;animation&quot;:&quot;fadeInUp&quot;}\">\n\t\t\t\t\t<div class=\"e-con-inner\">\n\t\t\t\t<div class=\"elementor-element elementor-element-184da97 elementor-position-top elementor-widget elementor-widget-image-box\" data-id=\"184da97\" data-element_type=\"widget\" data-widget_type=\"image-box.default\">\n\t\t\t\t<div class=\"elementor-widget-container\">\n\t\t\t<div class=\"elementor-image-box-wrapper\"><figure class=\"elementor-image-box-img\"><a href=\"https:\/\/www.szentimregyor.hu\/new\/galeria\/galeria-2019\/2019-krisztus-kiraly-ministransbeoltozes\/\" tabindex=\"-1\"><img decoding=\"async\" width=\"1800\" height=\"1200\" src=\"https:\/\/www.szentimregyor.hu\/new\/wp-content\/uploads\/2024\/04\/191124148.jpg\" class=\"attachment-full size-full wp-image-14951\" alt=\"191124148\" srcset=\"https:\/\/www.szentimregyor.hu\/new\/wp-content\/uploads\/2024\/04\/191124148.jpg 1800w, https:\/\/www.szentimregyor.hu\/new\/wp-content\/uploads\/2024\/04\/191124148-300x200.jpg 300w, https:\/\/www.szentimregyor.hu\/new\/wp-content\/uploads\/2024\/04\/191124148-1024x683.jpg 1024w, https:\/\/www.szentimregyor.hu\/new\/wp-content\/uploads\/2024\/04\/191124148-768x512.jpg 768w, https:\/\/www.szentimregyor.hu\/new\/wp-content\/uploads\/2024\/04\/191124148-1536x1024.jpg 1536w\" sizes=\"(max-width: 1800px) 100vw, 1800px\" \/><\/a><\/figure><div class=\"elementor-image-box-content\"><h3 class=\"elementor-image-box-title\"><a href=\"https:\/\/www.szentimregyor.hu\/new\/galeria\/galeria-2019\/2019-krisztus-kiraly-ministransbeoltozes\/\">Krisztus Kir\u00e1ly, ministr\u00e1nsbe\u00f6lt\u00f6z\u00e9s<\/a><\/h3><p class=\"elementor-image-box-description\"><i>2019. november 24.<br>(Fot\u00f3: Vaday Katalin, Vaday Tam\u00e1s)<\/p><\/div><\/div>\t\t<\/div>\n\t\t\t\t<\/div>\n\t\t\t\t<div class=\"elementor-element elementor-element-97eac6d elementor-widget elementor-widget-spacer\" data-id=\"97eac6d\" data-element_type=\"widget\" data-widget_type=\"spacer.default\">\n\t\t\t\t<div class=\"elementor-widget-container\">\n\t\t\t\t\t<div class=\"elementor-spacer\">\n\t\t\t<div class=\"elementor-spacer-inner\"><\/div>\n\t\t<\/div>\n\t\t\t\t<\/div>\n\t\t\t\t<\/div>\n\t\t\t\t\t<\/div>\n\t\t\t\t<\/div>\n\t\t<div class=\"elementor-element elementor-element-9233490 e-flex e-con-boxed elementor-invisible e-con e-parent\" data-id=\"9233490\" data-element_type=\"container\" data-settings=\"{&quot;animation&quot;:&quot;fadeInUp&quot;}\">\n\t\t\t\t\t<div class=\"e-con-inner\">\n\t\t\t\t<div class=\"elementor-element elementor-element-69a5650 elementor-position-top elementor-widget elementor-widget-image-box\" data-id=\"69a5650\" data-element_type=\"widget\" data-widget_type=\"image-box.default\">\n\t\t\t\t<div class=\"elementor-widget-container\">\n\t\t\t<div class=\"elementor-image-box-wrapper\"><figure class=\"elementor-image-box-img\"><a href=\"https:\/\/www.szentimregyor.hu\/new\/galeria\/galeria-2019\/2019-xiii-gyori-katolikus-ifjusagi-talalkozo\/\" tabindex=\"-1\"><img decoding=\"async\" width=\"1800\" height=\"1200\" src=\"https:\/\/www.szentimregyor.hu\/new\/wp-content\/uploads\/2024\/04\/191109276.jpg\" class=\"attachment-full size-full wp-image-14778\" alt=\"191109276\" srcset=\"https:\/\/www.szentimregyor.hu\/new\/wp-content\/uploads\/2024\/04\/191109276.jpg 1800w, https:\/\/www.szentimregyor.hu\/new\/wp-content\/uploads\/2024\/04\/191109276-300x200.jpg 300w, https:\/\/www.szentimregyor.hu\/new\/wp-content\/uploads\/2024\/04\/191109276-1024x683.jpg 1024w, https:\/\/www.szentimregyor.hu\/new\/wp-content\/uploads\/2024\/04\/191109276-768x512.jpg 768w, https:\/\/www.szentimregyor.hu\/new\/wp-content\/uploads\/2024\/04\/191109276-1536x1024.jpg 1536w\" sizes=\"(max-width: 1800px) 100vw, 1800px\" \/><\/a><\/figure><div class=\"elementor-image-box-content\"><h3 class=\"elementor-image-box-title\"><a href=\"https:\/\/www.szentimregyor.hu\/new\/galeria\/galeria-2019\/2019-xiii-gyori-katolikus-ifjusagi-talalkozo\/\">XIII. Gy\u0151ri Katolikus Ifj\u00fas\u00e1gi Tal\u00e1lkoz\u00f3<\/a><\/h3><p class=\"elementor-image-box-description\"><i>2019. november 9.<br>(Fot\u00f3: Vaday Katalin, Vaday Tam\u00e1s)<\/p><\/div><\/div>\t\t<\/div>\n\t\t\t\t<\/div>\n\t\t\t\t<div class=\"elementor-element elementor-element-e217023 elementor-widget elementor-widget-spacer\" data-id=\"e217023\" data-element_type=\"widget\" data-widget_type=\"spacer.default\">\n\t\t\t\t<div class=\"elementor-widget-container\">\n\t\t\t\t\t<div class=\"elementor-spacer\">\n\t\t\t<div class=\"elementor-spacer-inner\"><\/div>\n\t\t<\/div>\n\t\t\t\t<\/div>\n\t\t\t\t<\/div>\n\t\t\t\t\t<\/div>\n\t\t\t\t<\/div>\n\t\t<div class=\"elementor-element elementor-element-6c9a950 e-flex e-con-boxed elementor-invisible e-con e-parent\" data-id=\"6c9a950\" data-element_type=\"container\" data-settings=\"{&quot;animation&quot;:&quot;fadeInUp&quot;}\">\n\t\t\t\t\t<div class=\"e-con-inner\">\n\t\t\t\t<div class=\"elementor-element elementor-element-3f0f6b5 elementor-position-top elementor-widget elementor-widget-image-box\" data-id=\"3f0f6b5\" data-element_type=\"widget\" data-widget_type=\"image-box.default\">\n\t\t\t\t<div class=\"elementor-widget-container\">\n\t\t\t<div class=\"elementor-image-box-wrapper\"><figure class=\"elementor-image-box-img\"><a href=\"https:\/\/www.szentimregyor.hu\/new\/galeria\/galeria-2019\/2019-szent-imre-founnepe\/\" tabindex=\"-1\"><img loading=\"lazy\" decoding=\"async\" width=\"1800\" height=\"1200\" src=\"https:\/\/www.szentimregyor.hu\/new\/wp-content\/uploads\/2024\/04\/191105012.jpg\" class=\"attachment-full size-full wp-image-14455\" alt=\"191105012\" srcset=\"https:\/\/www.szentimregyor.hu\/new\/wp-content\/uploads\/2024\/04\/191105012.jpg 1800w, https:\/\/www.szentimregyor.hu\/new\/wp-content\/uploads\/2024\/04\/191105012-300x200.jpg 300w, https:\/\/www.szentimregyor.hu\/new\/wp-content\/uploads\/2024\/04\/191105012-1024x683.jpg 1024w, https:\/\/www.szentimregyor.hu\/new\/wp-content\/uploads\/2024\/04\/191105012-768x512.jpg 768w, https:\/\/www.szentimregyor.hu\/new\/wp-content\/uploads\/2024\/04\/191105012-1536x1024.jpg 1536w\" sizes=\"(max-width: 1800px) 100vw, 1800px\" \/><\/a><\/figure><div class=\"elementor-image-box-content\"><h3 class=\"elementor-image-box-title\"><a href=\"https:\/\/www.szentimregyor.hu\/new\/galeria\/galeria-2019\/2019-szent-imre-founnepe\/\">Szent Imre f\u0151\u00fcnnepe<\/a><\/h3><p class=\"elementor-image-box-description\"><i>2019. november 5.<br>(Fot\u00f3: Vaday Tam\u00e1s)<\/p><\/div><\/div>\t\t<\/div>\n\t\t\t\t<\/div>\n\t\t\t\t<div class=\"elementor-element elementor-element-b74275c elementor-widget elementor-widget-spacer\" data-id=\"b74275c\" data-element_type=\"widget\" data-widget_type=\"spacer.default\">\n\t\t\t\t<div class=\"elementor-widget-container\">\n\t\t\t\t\t<div class=\"elementor-spacer\">\n\t\t\t<div class=\"elementor-spacer-inner\"><\/div>\n\t\t<\/div>\n\t\t\t\t<\/div>\n\t\t\t\t<\/div>\n\t\t\t\t\t<\/div>\n\t\t\t\t<\/div>\n\t\t<div class=\"elementor-element elementor-element-75f4929 e-flex e-con-boxed elementor-invisible e-con e-parent\" data-id=\"75f4929\" data-element_type=\"container\" data-settings=\"{&quot;animation&quot;:&quot;fadeInUp&quot;}\">\n\t\t\t\t\t<div class=\"e-con-inner\">\n\t\t\t\t<div class=\"elementor-element elementor-element-88abe3b elementor-position-top elementor-widget elementor-widget-image-box\" data-id=\"88abe3b\" data-element_type=\"widget\" data-widget_type=\"image-box.default\">\n\t\t\t\t<div class=\"elementor-widget-container\">\n\t\t\t<div class=\"elementor-image-box-wrapper\"><figure class=\"elementor-image-box-img\"><a href=\"https:\/\/www.szentimregyor.hu\/new\/galeria\/galeria-2019\/2019-szent-imre-vigiliaja\/\" tabindex=\"-1\"><img loading=\"lazy\" decoding=\"async\" width=\"1800\" height=\"1200\" src=\"https:\/\/www.szentimregyor.hu\/new\/wp-content\/uploads\/2024\/04\/191104036.jpg\" class=\"attachment-full size-full wp-image-14421\" alt=\"191104036\" srcset=\"https:\/\/www.szentimregyor.hu\/new\/wp-content\/uploads\/2024\/04\/191104036.jpg 1800w, https:\/\/www.szentimregyor.hu\/new\/wp-content\/uploads\/2024\/04\/191104036-300x200.jpg 300w, https:\/\/www.szentimregyor.hu\/new\/wp-content\/uploads\/2024\/04\/191104036-1024x683.jpg 1024w, https:\/\/www.szentimregyor.hu\/new\/wp-content\/uploads\/2024\/04\/191104036-768x512.jpg 768w, https:\/\/www.szentimregyor.hu\/new\/wp-content\/uploads\/2024\/04\/191104036-1536x1024.jpg 1536w\" sizes=\"(max-width: 1800px) 100vw, 1800px\" \/><\/a><\/figure><div class=\"elementor-image-box-content\"><h3 class=\"elementor-image-box-title\"><a href=\"https:\/\/www.szentimregyor.hu\/new\/galeria\/galeria-2019\/2019-szent-imre-vigiliaja\/\">Szent Imre vig\u00edli\u00e1ja<\/a><\/h3><p class=\"elementor-image-box-description\"><i>2019. november 4.<br>(Fot\u00f3: Bogd\u00e1n R\u00e9ka \u00e9s Vaday Tam\u00e1s)<\/p><\/div><\/div>\t\t<\/div>\n\t\t\t\t<\/div>\n\t\t\t\t<div class=\"elementor-element elementor-element-4784d77 elementor-widget elementor-widget-spacer\" data-id=\"4784d77\" data-element_type=\"widget\" data-widget_type=\"spacer.default\">\n\t\t\t\t<div class=\"elementor-widget-container\">\n\t\t\t\t\t<div class=\"elementor-spacer\">\n\t\t\t<div class=\"elementor-spacer-inner\"><\/div>\n\t\t<\/div>\n\t\t\t\t<\/div>\n\t\t\t\t<\/div>\n\t\t\t\t\t<\/div>\n\t\t\t\t<\/div>\n\t\t<div class=\"elementor-element elementor-element-7eacb6a e-flex e-con-boxed elementor-invisible e-con e-parent\" data-id=\"7eacb6a\" data-element_type=\"container\" data-settings=\"{&quot;animation&quot;:&quot;fadeInUp&quot;}\">\n\t\t\t\t\t<div class=\"e-con-inner\">\n\t\t\t\t<div class=\"elementor-element elementor-element-2c1e3de elementor-position-top elementor-widget elementor-widget-image-box\" data-id=\"2c1e3de\" data-element_type=\"widget\" data-widget_type=\"image-box.default\">\n\t\t\t\t<div class=\"elementor-widget-container\">\n\t\t\t<div class=\"elementor-image-box-wrapper\"><figure class=\"elementor-image-box-img\"><a href=\"https:\/\/www.szentimregyor.hu\/new\/galeria\/galeria-2019\/2019-allatok-megaldasa\/\" tabindex=\"-1\"><img loading=\"lazy\" decoding=\"async\" width=\"1800\" height=\"1200\" src=\"https:\/\/www.szentimregyor.hu\/new\/wp-content\/uploads\/2024\/04\/191006004.jpg\" class=\"attachment-full size-full wp-image-14295\" alt=\"191006004\" srcset=\"https:\/\/www.szentimregyor.hu\/new\/wp-content\/uploads\/2024\/04\/191006004.jpg 1800w, https:\/\/www.szentimregyor.hu\/new\/wp-content\/uploads\/2024\/04\/191006004-300x200.jpg 300w, https:\/\/www.szentimregyor.hu\/new\/wp-content\/uploads\/2024\/04\/191006004-1024x683.jpg 1024w, https:\/\/www.szentimregyor.hu\/new\/wp-content\/uploads\/2024\/04\/191006004-768x512.jpg 768w, https:\/\/www.szentimregyor.hu\/new\/wp-content\/uploads\/2024\/04\/191006004-1536x1024.jpg 1536w\" sizes=\"(max-width: 1800px) 100vw, 1800px\" \/><\/a><\/figure><div class=\"elementor-image-box-content\"><h3 class=\"elementor-image-box-title\"><a href=\"https:\/\/www.szentimregyor.hu\/new\/galeria\/galeria-2019\/2019-allatok-megaldasa\/\">\u00c1llatok meg\u00e1ld\u00e1sa<\/a><\/h3><p class=\"elementor-image-box-description\"><i>2019. okt\u00f3ber 6.<br>(Fot\u00f3: Bogd\u00e1n R\u00e9ka \u00e9s Vaday Tam\u00e1s)<\/p><\/div><\/div>\t\t<\/div>\n\t\t\t\t<\/div>\n\t\t\t\t<div class=\"elementor-element elementor-element-34c2f4c elementor-widget elementor-widget-spacer\" data-id=\"34c2f4c\" data-element_type=\"widget\" data-widget_type=\"spacer.default\">\n\t\t\t\t<div class=\"elementor-widget-container\">\n\t\t\t\t\t<div class=\"elementor-spacer\">\n\t\t\t<div class=\"elementor-spacer-inner\"><\/div>\n\t\t<\/div>\n\t\t\t\t<\/div>\n\t\t\t\t<\/div>\n\t\t\t\t\t<\/div>\n\t\t\t\t<\/div>\n\t\t<div class=\"elementor-element elementor-element-03b485c e-flex e-con-boxed elementor-invisible e-con e-parent\" data-id=\"03b485c\" data-element_type=\"container\" data-settings=\"{&quot;animation&quot;:&quot;fadeInUp&quot;}\">\n\t\t\t\t\t<div class=\"e-con-inner\">\n\t\t\t\t<div class=\"elementor-element elementor-element-39372c1 elementor-position-top elementor-widget elementor-widget-image-box\" data-id=\"39372c1\" data-element_type=\"widget\" data-widget_type=\"image-box.default\">\n\t\t\t\t<div class=\"elementor-widget-container\">\n\t\t\t<div class=\"elementor-image-box-wrapper\"><figure class=\"elementor-image-box-img\"><a href=\"https:\/\/www.szentimregyor.hu\/new\/galeria\/galeria-2019\/2019-rozsafuzerek-megaldasa\/\" tabindex=\"-1\"><img loading=\"lazy\" decoding=\"async\" width=\"1600\" height=\"1200\" src=\"https:\/\/www.szentimregyor.hu\/new\/wp-content\/uploads\/2024\/04\/191001002.jpg\" class=\"attachment-full size-full wp-image-14174\" alt=\"191001002\" srcset=\"https:\/\/www.szentimregyor.hu\/new\/wp-content\/uploads\/2024\/04\/191001002.jpg 1600w, https:\/\/www.szentimregyor.hu\/new\/wp-content\/uploads\/2024\/04\/191001002-300x225.jpg 300w, https:\/\/www.szentimregyor.hu\/new\/wp-content\/uploads\/2024\/04\/191001002-1024x768.jpg 1024w, https:\/\/www.szentimregyor.hu\/new\/wp-content\/uploads\/2024\/04\/191001002-768x576.jpg 768w, https:\/\/www.szentimregyor.hu\/new\/wp-content\/uploads\/2024\/04\/191001002-1536x1152.jpg 1536w\" sizes=\"(max-width: 1600px) 100vw, 1600px\" \/><\/a><\/figure><div class=\"elementor-image-box-content\"><h3 class=\"elementor-image-box-title\"><a href=\"https:\/\/www.szentimregyor.hu\/new\/galeria\/galeria-2019\/2019-rozsafuzerek-megaldasa\/\">R\u00f3zsaf\u00fcz\u00e9rek meg\u00e1ld\u00e1sa<\/a><\/h3><p class=\"elementor-image-box-description\"><i>2019. okt\u00f3ber 1.<br>(Fot\u00f3: Simon D\u00e1vid atya)<\/p><\/div><\/div>\t\t<\/div>\n\t\t\t\t<\/div>\n\t\t\t\t<div class=\"elementor-element elementor-element-7ffd808 elementor-widget elementor-widget-spacer\" data-id=\"7ffd808\" data-element_type=\"widget\" data-widget_type=\"spacer.default\">\n\t\t\t\t<div class=\"elementor-widget-container\">\n\t\t\t\t\t<div class=\"elementor-spacer\">\n\t\t\t<div class=\"elementor-spacer-inner\"><\/div>\n\t\t<\/div>\n\t\t\t\t<\/div>\n\t\t\t\t<\/div>\n\t\t\t\t\t<\/div>\n\t\t\t\t<\/div>\n\t\t<div class=\"elementor-element elementor-element-518ec81 e-flex e-con-boxed elementor-invisible e-con e-parent\" data-id=\"518ec81\" data-element_type=\"container\" data-settings=\"{&quot;animation&quot;:&quot;fadeInUp&quot;}\">\n\t\t\t\t\t<div class=\"e-con-inner\">\n\t\t\t\t<div class=\"elementor-element elementor-element-871b6b6 elementor-position-top elementor-widget elementor-widget-image-box\" data-id=\"871b6b6\" data-element_type=\"widget\" data-widget_type=\"image-box.default\">\n\t\t\t\t<div class=\"elementor-widget-container\">\n\t\t\t<div class=\"elementor-image-box-wrapper\"><figure class=\"elementor-image-box-img\"><a href=\"https:\/\/www.szentimregyor.hu\/new\/galeria\/galeria-2019\/2019-radios-misekozvetites\/\" tabindex=\"-1\"><img loading=\"lazy\" decoding=\"async\" width=\"1600\" height=\"1200\" src=\"https:\/\/www.szentimregyor.hu\/new\/wp-content\/uploads\/2024\/02\/190915021.jpg\" class=\"attachment-full size-full wp-image-13370\" alt=\"\" srcset=\"https:\/\/www.szentimregyor.hu\/new\/wp-content\/uploads\/2024\/02\/190915021.jpg 1600w, https:\/\/www.szentimregyor.hu\/new\/wp-content\/uploads\/2024\/02\/190915021-300x225.jpg 300w, https:\/\/www.szentimregyor.hu\/new\/wp-content\/uploads\/2024\/02\/190915021-1024x768.jpg 1024w, https:\/\/www.szentimregyor.hu\/new\/wp-content\/uploads\/2024\/02\/190915021-768x576.jpg 768w, https:\/\/www.szentimregyor.hu\/new\/wp-content\/uploads\/2024\/02\/190915021-1536x1152.jpg 1536w\" sizes=\"(max-width: 1600px) 100vw, 1600px\" \/><\/a><\/figure><div class=\"elementor-image-box-content\"><h3 class=\"elementor-image-box-title\"><a href=\"https:\/\/www.szentimregyor.hu\/new\/galeria\/galeria-2019\/2019-radios-misekozvetites\/\">R\u00e1di\u00f3s misek\u00f6zvet\u00edt\u00e9s<\/a><\/h3><p class=\"elementor-image-box-description\"><i>2019. szeptember 15.<br>(Fot\u00f3: Vaday Tam\u00e1s)<\/p><\/div><\/div>\t\t<\/div>\n\t\t\t\t<\/div>\n\t\t\t\t<div class=\"elementor-element elementor-element-9c805e9 elementor-widget elementor-widget-spacer\" data-id=\"9c805e9\" data-element_type=\"widget\" data-widget_type=\"spacer.default\">\n\t\t\t\t<div class=\"elementor-widget-container\">\n\t\t\t\t\t<div class=\"elementor-spacer\">\n\t\t\t<div class=\"elementor-spacer-inner\"><\/div>\n\t\t<\/div>\n\t\t\t\t<\/div>\n\t\t\t\t<\/div>\n\t\t\t\t\t<\/div>\n\t\t\t\t<\/div>\n\t\t<div class=\"elementor-element elementor-element-0fc46bb e-flex e-con-boxed elementor-invisible e-con e-parent\" data-id=\"0fc46bb\" data-element_type=\"container\" data-settings=\"{&quot;animation&quot;:&quot;fadeInUp&quot;}\">\n\t\t\t\t\t<div class=\"e-con-inner\">\n\t\t\t\t<div class=\"elementor-element elementor-element-22b3ea8 elementor-position-top elementor-widget elementor-widget-image-box\" data-id=\"22b3ea8\" data-element_type=\"widget\" data-widget_type=\"image-box.default\">\n\t\t\t\t<div class=\"elementor-widget-container\">\n\t\t\t<div class=\"elementor-image-box-wrapper\"><figure class=\"elementor-image-box-img\"><a href=\"https:\/\/www.szentimregyor.hu\/new\/galeria\/galeria-2019\/2019-szent-istvan-kiraly-founnepe\/\" tabindex=\"-1\"><img loading=\"lazy\" decoding=\"async\" width=\"1800\" height=\"1200\" src=\"https:\/\/www.szentimregyor.hu\/new\/wp-content\/uploads\/2024\/02\/190820001.jpg\" class=\"attachment-full size-full wp-image-13278\" alt=\"\" srcset=\"https:\/\/www.szentimregyor.hu\/new\/wp-content\/uploads\/2024\/02\/190820001.jpg 1800w, https:\/\/www.szentimregyor.hu\/new\/wp-content\/uploads\/2024\/02\/190820001-300x200.jpg 300w, https:\/\/www.szentimregyor.hu\/new\/wp-content\/uploads\/2024\/02\/190820001-1024x683.jpg 1024w, https:\/\/www.szentimregyor.hu\/new\/wp-content\/uploads\/2024\/02\/190820001-768x512.jpg 768w, https:\/\/www.szentimregyor.hu\/new\/wp-content\/uploads\/2024\/02\/190820001-1536x1024.jpg 1536w\" sizes=\"(max-width: 1800px) 100vw, 1800px\" \/><\/a><\/figure><div class=\"elementor-image-box-content\"><h3 class=\"elementor-image-box-title\"><a href=\"https:\/\/www.szentimregyor.hu\/new\/galeria\/galeria-2019\/2019-szent-istvan-kiraly-founnepe\/\">Szent Istv\u00e1n kir\u00e1ly f\u0151\u00fcnnepe<\/a><\/h3><p class=\"elementor-image-box-description\"><i>2019. augusztus 20.<br>(Fot\u00f3: Vaday Tam\u00e1s)<\/p><\/div><\/div>\t\t<\/div>\n\t\t\t\t<\/div>\n\t\t\t\t<div class=\"elementor-element elementor-element-4f70c2c elementor-widget elementor-widget-spacer\" data-id=\"4f70c2c\" data-element_type=\"widget\" data-widget_type=\"spacer.default\">\n\t\t\t\t<div class=\"elementor-widget-container\">\n\t\t\t\t\t<div class=\"elementor-spacer\">\n\t\t\t<div class=\"elementor-spacer-inner\"><\/div>\n\t\t<\/div>\n\t\t\t\t<\/div>\n\t\t\t\t<\/div>\n\t\t\t\t\t<\/div>\n\t\t\t\t<\/div>\n\t\t<div class=\"elementor-element elementor-element-2cb80bc e-flex e-con-boxed elementor-invisible e-con e-parent\" data-id=\"2cb80bc\" data-element_type=\"container\" data-settings=\"{&quot;animation&quot;:&quot;fadeInUp&quot;}\">\n\t\t\t\t\t<div class=\"e-con-inner\">\n\t\t\t\t<div class=\"elementor-element elementor-element-784fe4f elementor-position-top elementor-widget elementor-widget-image-box\" data-id=\"784fe4f\" data-element_type=\"widget\" data-widget_type=\"image-box.default\">\n\t\t\t\t<div class=\"elementor-widget-container\">\n\t\t\t<div class=\"elementor-image-box-wrapper\"><figure class=\"elementor-image-box-img\"><a href=\"https:\/\/www.szentimregyor.hu\/new\/galeria\/galeria-2019\/2019-hittantabor\/\" tabindex=\"-1\"><img loading=\"lazy\" decoding=\"async\" width=\"1800\" height=\"1200\" src=\"https:\/\/www.szentimregyor.hu\/new\/wp-content\/uploads\/2024\/02\/19tabor534.jpg\" class=\"attachment-full size-full wp-image-13201\" alt=\"\" srcset=\"https:\/\/www.szentimregyor.hu\/new\/wp-content\/uploads\/2024\/02\/19tabor534.jpg 1800w, https:\/\/www.szentimregyor.hu\/new\/wp-content\/uploads\/2024\/02\/19tabor534-300x200.jpg 300w, https:\/\/www.szentimregyor.hu\/new\/wp-content\/uploads\/2024\/02\/19tabor534-1024x683.jpg 1024w, https:\/\/www.szentimregyor.hu\/new\/wp-content\/uploads\/2024\/02\/19tabor534-768x512.jpg 768w, https:\/\/www.szentimregyor.hu\/new\/wp-content\/uploads\/2024\/02\/19tabor534-1536x1024.jpg 1536w\" sizes=\"(max-width: 1800px) 100vw, 1800px\" \/><\/a><\/figure><div class=\"elementor-image-box-content\"><h3 class=\"elementor-image-box-title\"><a href=\"https:\/\/www.szentimregyor.hu\/new\/galeria\/galeria-2019\/2019-hittantabor\/\">Hittant\u00e1bor 2019.<\/a><\/h3><p class=\"elementor-image-box-description\"><i>(Fot\u00f3: Benes Lili, Nagy Benedek \u00e9s Pozsgai \u00c1gnes)<\/i><\/p><\/div><\/div>\t\t<\/div>\n\t\t\t\t<\/div>\n\t\t\t\t<div class=\"elementor-element elementor-element-bc614bd elementor-widget elementor-widget-spacer\" data-id=\"bc614bd\" data-element_type=\"widget\" data-widget_type=\"spacer.default\">\n\t\t\t\t<div class=\"elementor-widget-container\">\n\t\t\t\t\t<div class=\"elementor-spacer\">\n\t\t\t<div class=\"elementor-spacer-inner\"><\/div>\n\t\t<\/div>\n\t\t\t\t<\/div>\n\t\t\t\t<\/div>\n\t\t\t\t\t<\/div>\n\t\t\t\t<\/div>\n\t\t<div class=\"elementor-element elementor-element-b6f3b78 e-flex e-con-boxed elementor-invisible e-con e-parent\" data-id=\"b6f3b78\" data-element_type=\"container\" data-settings=\"{&quot;animation&quot;:&quot;fadeInUp&quot;}\">\n\t\t\t\t\t<div class=\"e-con-inner\">\n\t\t\t\t<div class=\"elementor-element elementor-element-e5af9ac elementor-position-top elementor-widget elementor-widget-image-box\" data-id=\"e5af9ac\" data-element_type=\"widget\" data-widget_type=\"image-box.default\">\n\t\t\t\t<div class=\"elementor-widget-container\">\n\t\t\t<div class=\"elementor-image-box-wrapper\"><figure class=\"elementor-image-box-img\"><a href=\"https:\/\/www.szentimregyor.hu\/new\/galeria\/galeria-2019\/2019-varga-gabor-ujmiseje\/\" tabindex=\"-1\"><img loading=\"lazy\" decoding=\"async\" width=\"1800\" height=\"1200\" src=\"https:\/\/www.szentimregyor.hu\/new\/wp-content\/uploads\/2024\/02\/190720042.jpg\" class=\"attachment-full size-full wp-image-12631\" alt=\"\" srcset=\"https:\/\/www.szentimregyor.hu\/new\/wp-content\/uploads\/2024\/02\/190720042.jpg 1800w, https:\/\/www.szentimregyor.hu\/new\/wp-content\/uploads\/2024\/02\/190720042-300x200.jpg 300w, https:\/\/www.szentimregyor.hu\/new\/wp-content\/uploads\/2024\/02\/190720042-1024x683.jpg 1024w, https:\/\/www.szentimregyor.hu\/new\/wp-content\/uploads\/2024\/02\/190720042-768x512.jpg 768w, https:\/\/www.szentimregyor.hu\/new\/wp-content\/uploads\/2024\/02\/190720042-1536x1024.jpg 1536w\" sizes=\"(max-width: 1800px) 100vw, 1800px\" \/><\/a><\/figure><div class=\"elementor-image-box-content\"><h3 class=\"elementor-image-box-title\"><a href=\"https:\/\/www.szentimregyor.hu\/new\/galeria\/galeria-2019\/2019-varga-gabor-ujmiseje\/\">Varga G\u00e1bor \u00fajmis\u00e9je<\/a><\/h3><p class=\"elementor-image-box-description\"><i>2019. j\u00falius 20.<br>(Fot\u00f3: Vaday Tam\u00e1s)<\/i><\/p><\/div><\/div>\t\t<\/div>\n\t\t\t\t<\/div>\n\t\t\t\t<div class=\"elementor-element elementor-element-38f450d elementor-widget elementor-widget-spacer\" data-id=\"38f450d\" data-element_type=\"widget\" data-widget_type=\"spacer.default\">\n\t\t\t\t<div class=\"elementor-widget-container\">\n\t\t\t\t\t<div class=\"elementor-spacer\">\n\t\t\t<div class=\"elementor-spacer-inner\"><\/div>\n\t\t<\/div>\n\t\t\t\t<\/div>\n\t\t\t\t<\/div>\n\t\t\t\t\t<\/div>\n\t\t\t\t<\/div>\n\t\t<div class=\"elementor-element elementor-element-6613196 e-flex e-con-boxed elementor-invisible e-con e-parent\" data-id=\"6613196\" data-element_type=\"container\" data-settings=\"{&quot;animation&quot;:&quot;fadeInUp&quot;}\">\n\t\t\t\t\t<div class=\"e-con-inner\">\n\t\t\t\t<div class=\"elementor-element elementor-element-a97a0df elementor-position-top elementor-widget elementor-widget-image-box\" data-id=\"a97a0df\" data-element_type=\"widget\" data-widget_type=\"image-box.default\">\n\t\t\t\t<div class=\"elementor-widget-container\">\n\t\t\t<div class=\"elementor-image-box-wrapper\"><figure class=\"elementor-image-box-img\"><a href=\"https:\/\/www.szentimregyor.hu\/new\/galeria\/galeria-2019\/2019-250-eves-a-gyirmoti-szent-laszlo-templom\/\" tabindex=\"-1\"><img loading=\"lazy\" decoding=\"async\" width=\"1800\" height=\"1200\" src=\"https:\/\/www.szentimregyor.hu\/new\/wp-content\/uploads\/2024\/02\/190622118.jpg\" class=\"attachment-full size-full wp-image-12549\" alt=\"\" srcset=\"https:\/\/www.szentimregyor.hu\/new\/wp-content\/uploads\/2024\/02\/190622118.jpg 1800w, https:\/\/www.szentimregyor.hu\/new\/wp-content\/uploads\/2024\/02\/190622118-300x200.jpg 300w, https:\/\/www.szentimregyor.hu\/new\/wp-content\/uploads\/2024\/02\/190622118-1024x683.jpg 1024w, https:\/\/www.szentimregyor.hu\/new\/wp-content\/uploads\/2024\/02\/190622118-768x512.jpg 768w, https:\/\/www.szentimregyor.hu\/new\/wp-content\/uploads\/2024\/02\/190622118-1536x1024.jpg 1536w\" sizes=\"(max-width: 1800px) 100vw, 1800px\" \/><\/a><\/figure><div class=\"elementor-image-box-content\"><h3 class=\"elementor-image-box-title\"><a href=\"https:\/\/www.szentimregyor.hu\/new\/galeria\/galeria-2019\/2019-250-eves-a-gyirmoti-szent-laszlo-templom\/\">250 \u00e9ves a gyirm\u00f3ti Szent L\u00e1szl\u00f3 templom<\/a><\/h3><p class=\"elementor-image-box-description\"><i>2019. j\u00fanius 22.<br>(Fot\u00f3: Bogd\u00e1n R\u00e9ka, Vaday Tam\u00e1s)<\/i><\/p><\/div><\/div>\t\t<\/div>\n\t\t\t\t<\/div>\n\t\t\t\t<div class=\"elementor-element elementor-element-4b05f50 elementor-widget elementor-widget-spacer\" data-id=\"4b05f50\" data-element_type=\"widget\" data-widget_type=\"spacer.default\">\n\t\t\t\t<div class=\"elementor-widget-container\">\n\t\t\t\t\t<div class=\"elementor-spacer\">\n\t\t\t<div class=\"elementor-spacer-inner\"><\/div>\n\t\t<\/div>\n\t\t\t\t<\/div>\n\t\t\t\t<\/div>\n\t\t\t\t\t<\/div>\n\t\t\t\t<\/div>\n\t\t<div class=\"elementor-element elementor-element-01144ab e-flex e-con-boxed elementor-invisible e-con e-parent\" data-id=\"01144ab\" data-element_type=\"container\" data-settings=\"{&quot;animation&quot;:&quot;fadeInUp&quot;}\">\n\t\t\t\t\t<div class=\"e-con-inner\">\n\t\t\t\t<div class=\"elementor-element elementor-element-42fe679 elementor-position-top elementor-widget elementor-widget-image-box\" data-id=\"42fe679\" data-element_type=\"widget\" data-widget_type=\"image-box.default\">\n\t\t\t\t<div class=\"elementor-widget-container\">\n\t\t\t<div class=\"elementor-image-box-wrapper\"><figure class=\"elementor-image-box-img\"><a href=\"https:\/\/www.szentimregyor.hu\/new\/galeria\/galeria-2019\/2019-templomszentelesi-evfordulo\/\" tabindex=\"-1\"><img loading=\"lazy\" decoding=\"async\" width=\"1800\" height=\"1200\" src=\"https:\/\/www.szentimregyor.hu\/new\/wp-content\/uploads\/2024\/02\/190603044.jpg\" class=\"attachment-full size-full wp-image-12397\" alt=\"\" srcset=\"https:\/\/www.szentimregyor.hu\/new\/wp-content\/uploads\/2024\/02\/190603044.jpg 1800w, https:\/\/www.szentimregyor.hu\/new\/wp-content\/uploads\/2024\/02\/190603044-300x200.jpg 300w, https:\/\/www.szentimregyor.hu\/new\/wp-content\/uploads\/2024\/02\/190603044-1024x683.jpg 1024w, https:\/\/www.szentimregyor.hu\/new\/wp-content\/uploads\/2024\/02\/190603044-768x512.jpg 768w, https:\/\/www.szentimregyor.hu\/new\/wp-content\/uploads\/2024\/02\/190603044-1536x1024.jpg 1536w\" sizes=\"(max-width: 1800px) 100vw, 1800px\" \/><\/a><\/figure><div class=\"elementor-image-box-content\"><h3 class=\"elementor-image-box-title\"><a href=\"https:\/\/www.szentimregyor.hu\/new\/galeria\/galeria-2019\/2019-templomszentelesi-evfordulo\/\">Templomszentel\u00e9si \u00e9vfordul\u00f3<\/a><\/h3><p class=\"elementor-image-box-description\"><i>2019. j\u00fanius 3.<br>(Fot\u00f3: Vaday Tam\u00e1s)<\/i><\/p><\/div><\/div>\t\t<\/div>\n\t\t\t\t<\/div>\n\t\t\t\t<div class=\"elementor-element elementor-element-5e1e663 elementor-widget elementor-widget-spacer\" data-id=\"5e1e663\" data-element_type=\"widget\" data-widget_type=\"spacer.default\">\n\t\t\t\t<div class=\"elementor-widget-container\">\n\t\t\t\t\t<div class=\"elementor-spacer\">\n\t\t\t<div class=\"elementor-spacer-inner\"><\/div>\n\t\t<\/div>\n\t\t\t\t<\/div>\n\t\t\t\t<\/div>\n\t\t\t\t\t<\/div>\n\t\t\t\t<\/div>\n\t\t<div class=\"elementor-element elementor-element-a954a94 e-flex e-con-boxed elementor-invisible e-con e-parent\" data-id=\"a954a94\" data-element_type=\"container\" data-settings=\"{&quot;animation&quot;:&quot;fadeInUp&quot;}\">\n\t\t\t\t\t<div class=\"e-con-inner\">\n\t\t\t\t<div class=\"elementor-element elementor-element-d53c551 elementor-position-top elementor-widget elementor-widget-image-box\" data-id=\"d53c551\" data-element_type=\"widget\" data-widget_type=\"image-box.default\">\n\t\t\t\t<div class=\"elementor-widget-container\">\n\t\t\t<div class=\"elementor-image-box-wrapper\"><figure class=\"elementor-image-box-img\"><a href=\"https:\/\/www.szentimregyor.hu\/new\/galeria\/galeria-2019\/2019-elsoaldozas-majus-26\/\" tabindex=\"-1\"><img loading=\"lazy\" decoding=\"async\" width=\"1800\" height=\"1200\" src=\"https:\/\/www.szentimregyor.hu\/new\/wp-content\/uploads\/2024\/02\/190526085.jpg\" class=\"attachment-full size-full wp-image-12344\" alt=\"\" srcset=\"https:\/\/www.szentimregyor.hu\/new\/wp-content\/uploads\/2024\/02\/190526085.jpg 1800w, https:\/\/www.szentimregyor.hu\/new\/wp-content\/uploads\/2024\/02\/190526085-300x200.jpg 300w, https:\/\/www.szentimregyor.hu\/new\/wp-content\/uploads\/2024\/02\/190526085-1024x683.jpg 1024w, https:\/\/www.szentimregyor.hu\/new\/wp-content\/uploads\/2024\/02\/190526085-768x512.jpg 768w, https:\/\/www.szentimregyor.hu\/new\/wp-content\/uploads\/2024\/02\/190526085-1536x1024.jpg 1536w\" sizes=\"(max-width: 1800px) 100vw, 1800px\" \/><\/a><\/figure><div class=\"elementor-image-box-content\"><h3 class=\"elementor-image-box-title\"><a href=\"https:\/\/www.szentimregyor.hu\/new\/galeria\/galeria-2019\/2019-elsoaldozas-majus-26\/\">Els\u0151\u00e1ldoz\u00e1s, m\u00e1jus 26.<\/a><\/h3><p class=\"elementor-image-box-description\"><i>2019. m\u00e1jus 26.<br>(Fot\u00f3: Vaday Tam\u00e1s)<\/i><\/p><\/div><\/div>\t\t<\/div>\n\t\t\t\t<\/div>\n\t\t\t\t<div class=\"elementor-element elementor-element-29e7a2a elementor-widget elementor-widget-spacer\" data-id=\"29e7a2a\" data-element_type=\"widget\" data-widget_type=\"spacer.default\">\n\t\t\t\t<div class=\"elementor-widget-container\">\n\t\t\t\t\t<div class=\"elementor-spacer\">\n\t\t\t<div class=\"elementor-spacer-inner\"><\/div>\n\t\t<\/div>\n\t\t\t\t<\/div>\n\t\t\t\t<\/div>\n\t\t\t\t\t<\/div>\n\t\t\t\t<\/div>\n\t\t<div class=\"elementor-element elementor-element-9011c1c e-flex e-con-boxed elementor-invisible e-con e-parent\" data-id=\"9011c1c\" data-element_type=\"container\" data-settings=\"{&quot;animation&quot;:&quot;fadeInUp&quot;}\">\n\t\t\t\t\t<div class=\"e-con-inner\">\n\t\t\t\t<div class=\"elementor-element elementor-element-cac9a5a elementor-position-top elementor-widget elementor-widget-image-box\" data-id=\"cac9a5a\" data-element_type=\"widget\" data-widget_type=\"image-box.default\">\n\t\t\t\t<div class=\"elementor-widget-container\">\n\t\t\t<div class=\"elementor-image-box-wrapper\"><figure class=\"elementor-image-box-img\"><a href=\"https:\/\/www.szentimregyor.hu\/new\/galeria\/galeria-2019\/2019-misszios-kereszt-templomunkban\/\" tabindex=\"-1\"><img loading=\"lazy\" decoding=\"async\" width=\"1800\" height=\"1200\" src=\"https:\/\/www.szentimregyor.hu\/new\/wp-content\/uploads\/2024\/02\/190522082.jpg\" class=\"attachment-full size-full wp-image-12221\" alt=\"\" srcset=\"https:\/\/www.szentimregyor.hu\/new\/wp-content\/uploads\/2024\/02\/190522082.jpg 1800w, https:\/\/www.szentimregyor.hu\/new\/wp-content\/uploads\/2024\/02\/190522082-300x200.jpg 300w, https:\/\/www.szentimregyor.hu\/new\/wp-content\/uploads\/2024\/02\/190522082-1024x683.jpg 1024w, https:\/\/www.szentimregyor.hu\/new\/wp-content\/uploads\/2024\/02\/190522082-768x512.jpg 768w, https:\/\/www.szentimregyor.hu\/new\/wp-content\/uploads\/2024\/02\/190522082-1536x1024.jpg 1536w\" sizes=\"(max-width: 1800px) 100vw, 1800px\" \/><\/a><\/figure><div class=\"elementor-image-box-content\"><h3 class=\"elementor-image-box-title\"><a href=\"https:\/\/www.szentimregyor.hu\/new\/galeria\/galeria-2019\/2019-misszios-kereszt-templomunkban\/\">Misszi\u00f3s kereszt templomunkban<\/a><\/h3><p class=\"elementor-image-box-description\"><i>2019. m\u00e1jus 22-24.<br>(Fot\u00f3: Bogd\u00e1n R\u00e9ka, Tolnay Imre \u00e9s Vaday Tam\u00e1s)<\/i><\/p><\/div><\/div>\t\t<\/div>\n\t\t\t\t<\/div>\n\t\t\t\t<div class=\"elementor-element elementor-element-edd8676 elementor-widget elementor-widget-spacer\" data-id=\"edd8676\" data-element_type=\"widget\" data-widget_type=\"spacer.default\">\n\t\t\t\t<div class=\"elementor-widget-container\">\n\t\t\t\t\t<div class=\"elementor-spacer\">\n\t\t\t<div class=\"elementor-spacer-inner\"><\/div>\n\t\t<\/div>\n\t\t\t\t<\/div>\n\t\t\t\t<\/div>\n\t\t\t\t\t<\/div>\n\t\t\t\t<\/div>\n\t\t<div class=\"elementor-element elementor-element-f899b30 e-flex e-con-boxed elementor-invisible e-con e-parent\" data-id=\"f899b30\" data-element_type=\"container\" data-settings=\"{&quot;animation&quot;:&quot;fadeInUp&quot;}\">\n\t\t\t\t\t<div class=\"e-con-inner\">\n\t\t\t\t<div class=\"elementor-element elementor-element-5889a10 elementor-position-top elementor-widget elementor-widget-image-box\" data-id=\"5889a10\" data-element_type=\"widget\" data-widget_type=\"image-box.default\">\n\t\t\t\t<div class=\"elementor-widget-container\">\n\t\t\t<div class=\"elementor-image-box-wrapper\"><figure class=\"elementor-image-box-img\"><a href=\"https:\/\/www.szentimregyor.hu\/new\/galeria\/galeria-2019\/2019-elsoaldozas-majus-19\/\" tabindex=\"-1\"><img loading=\"lazy\" decoding=\"async\" width=\"1800\" height=\"1200\" src=\"https:\/\/www.szentimregyor.hu\/new\/wp-content\/uploads\/2024\/02\/190519088.jpg\" class=\"attachment-full size-full wp-image-12130\" alt=\"\" srcset=\"https:\/\/www.szentimregyor.hu\/new\/wp-content\/uploads\/2024\/02\/190519088.jpg 1800w, https:\/\/www.szentimregyor.hu\/new\/wp-content\/uploads\/2024\/02\/190519088-300x200.jpg 300w, https:\/\/www.szentimregyor.hu\/new\/wp-content\/uploads\/2024\/02\/190519088-1024x683.jpg 1024w, https:\/\/www.szentimregyor.hu\/new\/wp-content\/uploads\/2024\/02\/190519088-768x512.jpg 768w, https:\/\/www.szentimregyor.hu\/new\/wp-content\/uploads\/2024\/02\/190519088-1536x1024.jpg 1536w\" sizes=\"(max-width: 1800px) 100vw, 1800px\" \/><\/a><\/figure><div class=\"elementor-image-box-content\"><h3 class=\"elementor-image-box-title\"><a href=\"https:\/\/www.szentimregyor.hu\/new\/galeria\/galeria-2019\/2019-elsoaldozas-majus-19\/\">Els\u0151\u00e1ldoz\u00e1s, m\u00e1jus 19.<\/a><\/h3><p class=\"elementor-image-box-description\"><i>2019. m\u00e1jus 19.<br>(Fot\u00f3: Vaday Tam\u00e1s)<\/i><\/p><\/div><\/div>\t\t<\/div>\n\t\t\t\t<\/div>\n\t\t\t\t<div class=\"elementor-element elementor-element-416171c elementor-widget elementor-widget-spacer\" data-id=\"416171c\" data-element_type=\"widget\" data-widget_type=\"spacer.default\">\n\t\t\t\t<div class=\"elementor-widget-container\">\n\t\t\t\t\t<div class=\"elementor-spacer\">\n\t\t\t<div class=\"elementor-spacer-inner\"><\/div>\n\t\t<\/div>\n\t\t\t\t<\/div>\n\t\t\t\t<\/div>\n\t\t\t\t\t<\/div>\n\t\t\t\t<\/div>\n\t\t<div class=\"elementor-element elementor-element-15969ce e-flex e-con-boxed elementor-invisible e-con e-parent\" data-id=\"15969ce\" data-element_type=\"container\" data-settings=\"{&quot;animation&quot;:&quot;fadeInUp&quot;}\">\n\t\t\t\t\t<div class=\"e-con-inner\">\n\t\t\t\t<div class=\"elementor-element elementor-element-461257e elementor-position-top elementor-widget elementor-widget-image-box\" data-id=\"461257e\" data-element_type=\"widget\" data-widget_type=\"image-box.default\">\n\t\t\t\t<div class=\"elementor-widget-container\">\n\t\t\t<div class=\"elementor-image-box-wrapper\"><figure class=\"elementor-image-box-img\"><a href=\"https:\/\/www.szentimregyor.hu\/new\/galeria\/galeria-2019\/2019-elsoaldozas-majus-12\/\" tabindex=\"-1\"><img loading=\"lazy\" decoding=\"async\" width=\"1800\" height=\"1200\" src=\"https:\/\/www.szentimregyor.hu\/new\/wp-content\/uploads\/2024\/02\/190512089.jpg\" class=\"attachment-full size-full wp-image-12033\" alt=\"\" srcset=\"https:\/\/www.szentimregyor.hu\/new\/wp-content\/uploads\/2024\/02\/190512089.jpg 1800w, https:\/\/www.szentimregyor.hu\/new\/wp-content\/uploads\/2024\/02\/190512089-300x200.jpg 300w, https:\/\/www.szentimregyor.hu\/new\/wp-content\/uploads\/2024\/02\/190512089-1024x683.jpg 1024w, https:\/\/www.szentimregyor.hu\/new\/wp-content\/uploads\/2024\/02\/190512089-768x512.jpg 768w, https:\/\/www.szentimregyor.hu\/new\/wp-content\/uploads\/2024\/02\/190512089-1536x1024.jpg 1536w\" sizes=\"(max-width: 1800px) 100vw, 1800px\" \/><\/a><\/figure><div class=\"elementor-image-box-content\"><h3 class=\"elementor-image-box-title\"><a href=\"https:\/\/www.szentimregyor.hu\/new\/galeria\/galeria-2019\/2019-elsoaldozas-majus-12\/\">Els\u0151\u00e1ldoz\u00e1s, m\u00e1jus 12.<\/a><\/h3><p class=\"elementor-image-box-description\"><i>2019. m\u00e1jus 12.<br>(Fot\u00f3: Vaday Tam\u00e1s)<\/i><\/p><\/div><\/div>\t\t<\/div>\n\t\t\t\t<\/div>\n\t\t\t\t<div class=\"elementor-element elementor-element-54d3fe0 elementor-widget elementor-widget-spacer\" data-id=\"54d3fe0\" data-element_type=\"widget\" data-widget_type=\"spacer.default\">\n\t\t\t\t<div class=\"elementor-widget-container\">\n\t\t\t\t\t<div class=\"elementor-spacer\">\n\t\t\t<div class=\"elementor-spacer-inner\"><\/div>\n\t\t<\/div>\n\t\t\t\t<\/div>\n\t\t\t\t<\/div>\n\t\t\t\t\t<\/div>\n\t\t\t\t<\/div>\n\t\t<div class=\"elementor-element elementor-element-53ae653 e-flex e-con-boxed elementor-invisible e-con e-parent\" data-id=\"53ae653\" data-element_type=\"container\" data-settings=\"{&quot;animation&quot;:&quot;fadeInUp&quot;}\">\n\t\t\t\t\t<div class=\"e-con-inner\">\n\t\t\t\t<div class=\"elementor-element elementor-element-3792329 elementor-position-top elementor-widget elementor-widget-image-box\" data-id=\"3792329\" data-element_type=\"widget\" data-widget_type=\"image-box.default\">\n\t\t\t\t<div class=\"elementor-widget-container\">\n\t\t\t<div class=\"elementor-image-box-wrapper\"><figure class=\"elementor-image-box-img\"><a href=\"https:\/\/www.szentimregyor.hu\/new\/galeria\/galeria-2019\/2019-elsoaldozas-majus-5\/\" tabindex=\"-1\"><img loading=\"lazy\" decoding=\"async\" width=\"1800\" height=\"1200\" src=\"https:\/\/www.szentimregyor.hu\/new\/wp-content\/uploads\/2024\/02\/190505083.jpg\" class=\"attachment-full size-full wp-image-11920\" alt=\"\" srcset=\"https:\/\/www.szentimregyor.hu\/new\/wp-content\/uploads\/2024\/02\/190505083.jpg 1800w, https:\/\/www.szentimregyor.hu\/new\/wp-content\/uploads\/2024\/02\/190505083-300x200.jpg 300w, https:\/\/www.szentimregyor.hu\/new\/wp-content\/uploads\/2024\/02\/190505083-1024x683.jpg 1024w, https:\/\/www.szentimregyor.hu\/new\/wp-content\/uploads\/2024\/02\/190505083-768x512.jpg 768w, https:\/\/www.szentimregyor.hu\/new\/wp-content\/uploads\/2024\/02\/190505083-1536x1024.jpg 1536w\" sizes=\"(max-width: 1800px) 100vw, 1800px\" \/><\/a><\/figure><div class=\"elementor-image-box-content\"><h3 class=\"elementor-image-box-title\"><a href=\"https:\/\/www.szentimregyor.hu\/new\/galeria\/galeria-2019\/2019-elsoaldozas-majus-5\/\">Els\u0151\u00e1ldoz\u00e1s, m\u00e1jus 5.<\/a><\/h3><p class=\"elementor-image-box-description\"><i>2019. m\u00e1jus 5.<br>(Fot\u00f3: Pozsgai \u00c1gnes, Vaday Tam\u00e1s)<\/i><\/p><\/div><\/div>\t\t<\/div>\n\t\t\t\t<\/div>\n\t\t\t\t<div class=\"elementor-element elementor-element-0b5b18d elementor-widget elementor-widget-spacer\" data-id=\"0b5b18d\" data-element_type=\"widget\" data-widget_type=\"spacer.default\">\n\t\t\t\t<div class=\"elementor-widget-container\">\n\t\t\t\t\t<div class=\"elementor-spacer\">\n\t\t\t<div class=\"elementor-spacer-inner\"><\/div>\n\t\t<\/div>\n\t\t\t\t<\/div>\n\t\t\t\t<\/div>\n\t\t\t\t\t<\/div>\n\t\t\t\t<\/div>\n\t\t<div class=\"elementor-element elementor-element-fa5c70a e-flex e-con-boxed elementor-invisible e-con e-parent\" data-id=\"fa5c70a\" data-element_type=\"container\" data-settings=\"{&quot;animation&quot;:&quot;fadeInUp&quot;}\">\n\t\t\t\t\t<div class=\"e-con-inner\">\n\t\t\t\t<div class=\"elementor-element elementor-element-8bb4ea5 elementor-position-top elementor-widget elementor-widget-image-box\" data-id=\"8bb4ea5\" data-element_type=\"widget\" data-widget_type=\"image-box.default\">\n\t\t\t\t<div class=\"elementor-widget-container\">\n\t\t\t<div class=\"elementor-image-box-wrapper\"><figure class=\"elementor-image-box-img\"><a href=\"https:\/\/www.szentimregyor.hu\/new\/galeria\/galeria-2019\/2019-resurrexit\/\" tabindex=\"-1\"><img loading=\"lazy\" decoding=\"async\" width=\"1800\" height=\"1200\" src=\"https:\/\/www.szentimregyor.hu\/new\/wp-content\/uploads\/2024\/02\/190428004.jpg\" class=\"attachment-full size-full wp-image-11822\" alt=\"\" srcset=\"https:\/\/www.szentimregyor.hu\/new\/wp-content\/uploads\/2024\/02\/190428004.jpg 1800w, https:\/\/www.szentimregyor.hu\/new\/wp-content\/uploads\/2024\/02\/190428004-300x200.jpg 300w, https:\/\/www.szentimregyor.hu\/new\/wp-content\/uploads\/2024\/02\/190428004-1024x683.jpg 1024w, https:\/\/www.szentimregyor.hu\/new\/wp-content\/uploads\/2024\/02\/190428004-768x512.jpg 768w, https:\/\/www.szentimregyor.hu\/new\/wp-content\/uploads\/2024\/02\/190428004-1536x1024.jpg 1536w\" sizes=\"(max-width: 1800px) 100vw, 1800px\" \/><\/a><\/figure><div class=\"elementor-image-box-content\"><h3 class=\"elementor-image-box-title\"><a href=\"https:\/\/www.szentimregyor.hu\/new\/galeria\/galeria-2019\/2019-resurrexit\/\">Resurrexit<\/a><\/h3><p class=\"elementor-image-box-description\"><i>2019. \u00e1prilis 28.<br>(Fot\u00f3: Dob\u00f3 Bertalan)<\/i><\/p><\/div><\/div>\t\t<\/div>\n\t\t\t\t<\/div>\n\t\t\t\t<div class=\"elementor-element elementor-element-2ec474b elementor-widget elementor-widget-spacer\" data-id=\"2ec474b\" data-element_type=\"widget\" data-widget_type=\"spacer.default\">\n\t\t\t\t<div class=\"elementor-widget-container\">\n\t\t\t\t\t<div class=\"elementor-spacer\">\n\t\t\t<div class=\"elementor-spacer-inner\"><\/div>\n\t\t<\/div>\n\t\t\t\t<\/div>\n\t\t\t\t<\/div>\n\t\t\t\t\t<\/div>\n\t\t\t\t<\/div>\n\t\t<div class=\"elementor-element elementor-element-be5b551 e-flex e-con-boxed elementor-invisible e-con e-parent\" data-id=\"be5b551\" data-element_type=\"container\" data-settings=\"{&quot;animation&quot;:&quot;fadeInUp&quot;}\">\n\t\t\t\t\t<div class=\"e-con-inner\">\n\t\t\t\t<div class=\"elementor-element elementor-element-5847551 elementor-position-top elementor-widget elementor-widget-image-box\" data-id=\"5847551\" data-element_type=\"widget\" data-widget_type=\"image-box.default\">\n\t\t\t\t<div class=\"elementor-widget-container\">\n\t\t\t<div class=\"elementor-image-box-wrapper\"><figure class=\"elementor-image-box-img\"><a href=\"https:\/\/www.szentimregyor.hu\/new\/galeria\/galeria-2019\/2019-orgonaverseny\/\" tabindex=\"-1\"><img loading=\"lazy\" decoding=\"async\" width=\"1800\" height=\"1200\" src=\"https:\/\/www.szentimregyor.hu\/new\/wp-content\/uploads\/2024\/02\/190425032.jpg\" class=\"attachment-full size-full wp-image-11786\" alt=\"\" srcset=\"https:\/\/www.szentimregyor.hu\/new\/wp-content\/uploads\/2024\/02\/190425032.jpg 1800w, https:\/\/www.szentimregyor.hu\/new\/wp-content\/uploads\/2024\/02\/190425032-300x200.jpg 300w, https:\/\/www.szentimregyor.hu\/new\/wp-content\/uploads\/2024\/02\/190425032-1024x683.jpg 1024w, https:\/\/www.szentimregyor.hu\/new\/wp-content\/uploads\/2024\/02\/190425032-768x512.jpg 768w, https:\/\/www.szentimregyor.hu\/new\/wp-content\/uploads\/2024\/02\/190425032-1536x1024.jpg 1536w\" sizes=\"(max-width: 1800px) 100vw, 1800px\" \/><\/a><\/figure><div class=\"elementor-image-box-content\"><h3 class=\"elementor-image-box-title\"><a href=\"https:\/\/www.szentimregyor.hu\/new\/galeria\/galeria-2019\/2019-orgonaverseny\/\">XII. Orsz\u00e1gos Orgonaverseny<\/a><\/h3><p class=\"elementor-image-box-description\"><i>2019. \u00e1prilis 26.<br>(Fot\u00f3: Guly\u00e1s Kl\u00e1ra)<\/i><\/p><\/div><\/div>\t\t<\/div>\n\t\t\t\t<\/div>\n\t\t\t\t<div class=\"elementor-element elementor-element-6648db0 elementor-widget elementor-widget-spacer\" data-id=\"6648db0\" data-element_type=\"widget\" data-widget_type=\"spacer.default\">\n\t\t\t\t<div class=\"elementor-widget-container\">\n\t\t\t\t\t<div class=\"elementor-spacer\">\n\t\t\t<div class=\"elementor-spacer-inner\"><\/div>\n\t\t<\/div>\n\t\t\t\t<\/div>\n\t\t\t\t<\/div>\n\t\t\t\t\t<\/div>\n\t\t\t\t<\/div>\n\t\t<div class=\"elementor-element elementor-element-fc19c98 e-flex e-con-boxed elementor-invisible e-con e-parent\" data-id=\"fc19c98\" data-element_type=\"container\" data-settings=\"{&quot;animation&quot;:&quot;fadeInUp&quot;}\">\n\t\t\t\t\t<div class=\"e-con-inner\">\n\t\t\t\t<div class=\"elementor-element elementor-element-64e97a0 elementor-position-top elementor-widget elementor-widget-image-box\" data-id=\"64e97a0\" data-element_type=\"widget\" data-widget_type=\"image-box.default\">\n\t\t\t\t<div class=\"elementor-widget-container\">\n\t\t\t<div class=\"elementor-image-box-wrapper\"><figure class=\"elementor-image-box-img\"><a href=\"https:\/\/www.szentimregyor.hu\/new\/galeria\/galeria-2019\/2019-ostyasutes\/\" tabindex=\"-1\"><img loading=\"lazy\" decoding=\"async\" width=\"1600\" height=\"1200\" src=\"https:\/\/www.szentimregyor.hu\/new\/wp-content\/uploads\/2024\/02\/190423001.jpg\" class=\"attachment-full size-full wp-image-11729\" alt=\"\" srcset=\"https:\/\/www.szentimregyor.hu\/new\/wp-content\/uploads\/2024\/02\/190423001.jpg 1600w, https:\/\/www.szentimregyor.hu\/new\/wp-content\/uploads\/2024\/02\/190423001-300x225.jpg 300w, https:\/\/www.szentimregyor.hu\/new\/wp-content\/uploads\/2024\/02\/190423001-1024x768.jpg 1024w, https:\/\/www.szentimregyor.hu\/new\/wp-content\/uploads\/2024\/02\/190423001-768x576.jpg 768w, https:\/\/www.szentimregyor.hu\/new\/wp-content\/uploads\/2024\/02\/190423001-1536x1152.jpg 1536w\" sizes=\"(max-width: 1600px) 100vw, 1600px\" \/><\/a><\/figure><div class=\"elementor-image-box-content\"><h3 class=\"elementor-image-box-title\"><a href=\"https:\/\/www.szentimregyor.hu\/new\/galeria\/galeria-2019\/2019-ostyasutes\/\">Ostyas\u00fct\u00e9s<\/a><\/h3><p class=\"elementor-image-box-description\"><i>2019. \u00e1prilis 21.<br>(Fot\u00f3: Pozsgai \u00c1gnes)<\/i><\/p><\/div><\/div>\t\t<\/div>\n\t\t\t\t<\/div>\n\t\t\t\t<div class=\"elementor-element elementor-element-8375983 elementor-widget elementor-widget-spacer\" data-id=\"8375983\" data-element_type=\"widget\" data-widget_type=\"spacer.default\">\n\t\t\t\t<div class=\"elementor-widget-container\">\n\t\t\t\t\t<div class=\"elementor-spacer\">\n\t\t\t<div class=\"elementor-spacer-inner\"><\/div>\n\t\t<\/div>\n\t\t\t\t<\/div>\n\t\t\t\t<\/div>\n\t\t\t\t\t<\/div>\n\t\t\t\t<\/div>\n\t\t<div class=\"elementor-element elementor-element-3488508 e-flex e-con-boxed elementor-invisible e-con e-parent\" data-id=\"3488508\" data-element_type=\"container\" data-settings=\"{&quot;animation&quot;:&quot;fadeInUp&quot;}\">\n\t\t\t\t\t<div class=\"e-con-inner\">\n\t\t\t\t<div class=\"elementor-element elementor-element-bb43db6 elementor-position-top elementor-widget elementor-widget-image-box\" data-id=\"bb43db6\" data-element_type=\"widget\" data-widget_type=\"image-box.default\">\n\t\t\t\t<div class=\"elementor-widget-container\">\n\t\t\t<div class=\"elementor-image-box-wrapper\"><figure class=\"elementor-image-box-img\"><a href=\"https:\/\/www.szentimregyor.hu\/new\/galeria\/galeria-2019\/2019-husvetvasarnap\/\" tabindex=\"-1\"><img loading=\"lazy\" decoding=\"async\" width=\"1800\" height=\"1200\" src=\"https:\/\/www.szentimregyor.hu\/new\/wp-content\/uploads\/2024\/02\/190421003.jpg\" class=\"attachment-full size-full wp-image-11662\" alt=\"\" srcset=\"https:\/\/www.szentimregyor.hu\/new\/wp-content\/uploads\/2024\/02\/190421003.jpg 1800w, https:\/\/www.szentimregyor.hu\/new\/wp-content\/uploads\/2024\/02\/190421003-300x200.jpg 300w, https:\/\/www.szentimregyor.hu\/new\/wp-content\/uploads\/2024\/02\/190421003-1024x683.jpg 1024w, https:\/\/www.szentimregyor.hu\/new\/wp-content\/uploads\/2024\/02\/190421003-768x512.jpg 768w, https:\/\/www.szentimregyor.hu\/new\/wp-content\/uploads\/2024\/02\/190421003-1536x1024.jpg 1536w\" sizes=\"(max-width: 1800px) 100vw, 1800px\" \/><\/a><\/figure><div class=\"elementor-image-box-content\"><h3 class=\"elementor-image-box-title\"><a href=\"https:\/\/www.szentimregyor.hu\/new\/galeria\/galeria-2019\/2019-husvetvasarnap\/\">H\u00fasv\u00e9tvas\u00e1rnap<\/a><\/h3><p class=\"elementor-image-box-description\"><i>2019. \u00e1prilis 21.<br>(Fot\u00f3: Vaday Tam\u00e1s)<\/i><\/p><\/div><\/div>\t\t<\/div>\n\t\t\t\t<\/div>\n\t\t\t\t<div class=\"elementor-element elementor-element-48c9c38 elementor-widget elementor-widget-spacer\" data-id=\"48c9c38\" data-element_type=\"widget\" data-widget_type=\"spacer.default\">\n\t\t\t\t<div class=\"elementor-widget-container\">\n\t\t\t\t\t<div class=\"elementor-spacer\">\n\t\t\t<div class=\"elementor-spacer-inner\"><\/div>\n\t\t<\/div>\n\t\t\t\t<\/div>\n\t\t\t\t<\/div>\n\t\t\t\t\t<\/div>\n\t\t\t\t<\/div>\n\t\t<div class=\"elementor-element elementor-element-1c6d8be e-flex e-con-boxed elementor-invisible e-con e-parent\" data-id=\"1c6d8be\" data-element_type=\"container\" data-settings=\"{&quot;animation&quot;:&quot;fadeInUp&quot;}\">\n\t\t\t\t\t<div class=\"e-con-inner\">\n\t\t\t\t<div class=\"elementor-element elementor-element-27653b4 elementor-position-top elementor-widget elementor-widget-image-box\" data-id=\"27653b4\" data-element_type=\"widget\" data-widget_type=\"image-box.default\">\n\t\t\t\t<div class=\"elementor-widget-container\">\n\t\t\t<div class=\"elementor-image-box-wrapper\"><figure class=\"elementor-image-box-img\"><a href=\"https:\/\/www.szentimregyor.hu\/new\/galeria\/galeria-2019\/2019-husvet-vigiliaja\/\" tabindex=\"-1\"><img loading=\"lazy\" decoding=\"async\" width=\"1800\" height=\"1200\" src=\"https:\/\/www.szentimregyor.hu\/new\/wp-content\/uploads\/2024\/02\/190420016.jpg\" class=\"attachment-full size-full wp-image-11570\" alt=\"\" srcset=\"https:\/\/www.szentimregyor.hu\/new\/wp-content\/uploads\/2024\/02\/190420016.jpg 1800w, https:\/\/www.szentimregyor.hu\/new\/wp-content\/uploads\/2024\/02\/190420016-300x200.jpg 300w, https:\/\/www.szentimregyor.hu\/new\/wp-content\/uploads\/2024\/02\/190420016-1024x683.jpg 1024w, https:\/\/www.szentimregyor.hu\/new\/wp-content\/uploads\/2024\/02\/190420016-768x512.jpg 768w, https:\/\/www.szentimregyor.hu\/new\/wp-content\/uploads\/2024\/02\/190420016-1536x1024.jpg 1536w\" sizes=\"(max-width: 1800px) 100vw, 1800px\" \/><\/a><\/figure><div class=\"elementor-image-box-content\"><h3 class=\"elementor-image-box-title\"><a href=\"https:\/\/www.szentimregyor.hu\/new\/galeria\/galeria-2019\/2019-husvet-vigiliaja\/\">H\u00fasv\u00e9t vig\u00edli\u00e1ja<\/a><\/h3><p class=\"elementor-image-box-description\"><i>2019. \u00e1prilis 20.<br>(Fot\u00f3: Vaday Tam\u00e1s, Vid\u00e9ki Zolt\u00e1n)<\/i><\/p><\/div><\/div>\t\t<\/div>\n\t\t\t\t<\/div>\n\t\t\t\t<div class=\"elementor-element elementor-element-3ab4d60 elementor-widget elementor-widget-spacer\" data-id=\"3ab4d60\" data-element_type=\"widget\" data-widget_type=\"spacer.default\">\n\t\t\t\t<div class=\"elementor-widget-container\">\n\t\t\t\t\t<div class=\"elementor-spacer\">\n\t\t\t<div class=\"elementor-spacer-inner\"><\/div>\n\t\t<\/div>\n\t\t\t\t<\/div>\n\t\t\t\t<\/div>\n\t\t\t\t\t<\/div>\n\t\t\t\t<\/div>\n\t\t<div class=\"elementor-element elementor-element-f681ca8 e-flex e-con-boxed elementor-invisible e-con e-parent\" data-id=\"f681ca8\" data-element_type=\"container\" data-settings=\"{&quot;animation&quot;:&quot;fadeInUp&quot;}\">\n\t\t\t\t\t<div class=\"e-con-inner\">\n\t\t\t\t<div class=\"elementor-element elementor-element-7fa2a4a elementor-position-top elementor-widget elementor-widget-image-box\" data-id=\"7fa2a4a\" data-element_type=\"widget\" data-widget_type=\"image-box.default\">\n\t\t\t\t<div class=\"elementor-widget-container\">\n\t\t\t<div class=\"elementor-image-box-wrapper\"><figure class=\"elementor-image-box-img\"><a href=\"https:\/\/www.szentimregyor.hu\/new\/galeria\/galeria-2019\/2019-varosi-keresztut\/\" tabindex=\"-1\"><img loading=\"lazy\" decoding=\"async\" width=\"1800\" height=\"1200\" src=\"https:\/\/www.szentimregyor.hu\/new\/wp-content\/uploads\/2024\/02\/190419varosi-keresztut010.jpg\" class=\"attachment-full size-full wp-image-11464\" alt=\"\" srcset=\"https:\/\/www.szentimregyor.hu\/new\/wp-content\/uploads\/2024\/02\/190419varosi-keresztut010.jpg 1800w, https:\/\/www.szentimregyor.hu\/new\/wp-content\/uploads\/2024\/02\/190419varosi-keresztut010-300x200.jpg 300w, https:\/\/www.szentimregyor.hu\/new\/wp-content\/uploads\/2024\/02\/190419varosi-keresztut010-1024x683.jpg 1024w, https:\/\/www.szentimregyor.hu\/new\/wp-content\/uploads\/2024\/02\/190419varosi-keresztut010-768x512.jpg 768w, https:\/\/www.szentimregyor.hu\/new\/wp-content\/uploads\/2024\/02\/190419varosi-keresztut010-1536x1024.jpg 1536w\" sizes=\"(max-width: 1800px) 100vw, 1800px\" \/><\/a><\/figure><div class=\"elementor-image-box-content\"><h3 class=\"elementor-image-box-title\"><a href=\"https:\/\/www.szentimregyor.hu\/new\/galeria\/galeria-2019\/2019-varosi-keresztut\/\">V\u00e1rosi kereszt\u00fat<\/a><\/h3><p class=\"elementor-image-box-description\"><i>2019. \u00e1prilis 19.<br>(Fot\u00f3: Vaday Tam\u00e1s)<\/i><\/p><\/div><\/div>\t\t<\/div>\n\t\t\t\t<\/div>\n\t\t\t\t<div class=\"elementor-element elementor-element-5c40aba elementor-widget elementor-widget-spacer\" data-id=\"5c40aba\" data-element_type=\"widget\" data-widget_type=\"spacer.default\">\n\t\t\t\t<div class=\"elementor-widget-container\">\n\t\t\t\t\t<div class=\"elementor-spacer\">\n\t\t\t<div class=\"elementor-spacer-inner\"><\/div>\n\t\t<\/div>\n\t\t\t\t<\/div>\n\t\t\t\t<\/div>\n\t\t\t\t\t<\/div>\n\t\t\t\t<\/div>\n\t\t<div class=\"elementor-element elementor-element-2bc61c1 e-flex e-con-boxed elementor-invisible e-con e-parent\" data-id=\"2bc61c1\" data-element_type=\"container\" data-settings=\"{&quot;animation&quot;:&quot;fadeInUp&quot;}\">\n\t\t\t\t\t<div class=\"e-con-inner\">\n\t\t\t\t<div class=\"elementor-element elementor-element-01d0363 elementor-position-top elementor-widget elementor-widget-image-box\" data-id=\"01d0363\" data-element_type=\"widget\" data-widget_type=\"image-box.default\">\n\t\t\t\t<div class=\"elementor-widget-container\">\n\t\t\t<div class=\"elementor-image-box-wrapper\"><figure class=\"elementor-image-box-img\"><a href=\"https:\/\/www.szentimregyor.hu\/new\/galeria\/galeria-2019\/2019-nagypentek\/\" tabindex=\"-1\"><img loading=\"lazy\" decoding=\"async\" width=\"1800\" height=\"1200\" src=\"https:\/\/www.szentimregyor.hu\/new\/wp-content\/uploads\/2024\/02\/190419038.jpg\" class=\"attachment-full size-full wp-image-11443\" alt=\"\" srcset=\"https:\/\/www.szentimregyor.hu\/new\/wp-content\/uploads\/2024\/02\/190419038.jpg 1800w, https:\/\/www.szentimregyor.hu\/new\/wp-content\/uploads\/2024\/02\/190419038-300x200.jpg 300w, https:\/\/www.szentimregyor.hu\/new\/wp-content\/uploads\/2024\/02\/190419038-1024x683.jpg 1024w, https:\/\/www.szentimregyor.hu\/new\/wp-content\/uploads\/2024\/02\/190419038-768x512.jpg 768w, https:\/\/www.szentimregyor.hu\/new\/wp-content\/uploads\/2024\/02\/190419038-1536x1024.jpg 1536w\" sizes=\"(max-width: 1800px) 100vw, 1800px\" \/><\/a><\/figure><div class=\"elementor-image-box-content\"><h3 class=\"elementor-image-box-title\"><a href=\"https:\/\/www.szentimregyor.hu\/new\/galeria\/galeria-2019\/2019-nagypentek\/\">Nagyp\u00e9ntek<\/a><\/h3><p class=\"elementor-image-box-description\"><i>2019. \u00e1prilis 19.<br>(Fot\u00f3: Vaday Katalin, Vaday Tam\u00e1s)<\/i><\/p><\/div><\/div>\t\t<\/div>\n\t\t\t\t<\/div>\n\t\t\t\t<div class=\"elementor-element elementor-element-0ae75c4 elementor-widget elementor-widget-spacer\" data-id=\"0ae75c4\" data-element_type=\"widget\" data-widget_type=\"spacer.default\">\n\t\t\t\t<div class=\"elementor-widget-container\">\n\t\t\t\t\t<div class=\"elementor-spacer\">\n\t\t\t<div class=\"elementor-spacer-inner\"><\/div>\n\t\t<\/div>\n\t\t\t\t<\/div>\n\t\t\t\t<\/div>\n\t\t\t\t\t<\/div>\n\t\t\t\t<\/div>\n\t\t<div class=\"elementor-element elementor-element-61e6089 e-flex e-con-boxed elementor-invisible e-con e-parent\" data-id=\"61e6089\" data-element_type=\"container\" data-settings=\"{&quot;animation&quot;:&quot;fadeInUp&quot;}\">\n\t\t\t\t\t<div class=\"e-con-inner\">\n\t\t\t\t<div class=\"elementor-element elementor-element-8f25301 elementor-position-top elementor-widget elementor-widget-image-box\" data-id=\"8f25301\" data-element_type=\"widget\" data-widget_type=\"image-box.default\">\n\t\t\t\t<div class=\"elementor-widget-container\">\n\t\t\t<div class=\"elementor-image-box-wrapper\"><figure class=\"elementor-image-box-img\"><a href=\"https:\/\/www.szentimregyor.hu\/new\/galeria\/galeria-2019\/2019-nagycsutortok\/\" tabindex=\"-1\"><img loading=\"lazy\" decoding=\"async\" width=\"1800\" height=\"1200\" src=\"https:\/\/www.szentimregyor.hu\/new\/wp-content\/uploads\/2024\/02\/190418025.jpg\" class=\"attachment-full size-full wp-image-11370\" alt=\"\" srcset=\"https:\/\/www.szentimregyor.hu\/new\/wp-content\/uploads\/2024\/02\/190418025.jpg 1800w, https:\/\/www.szentimregyor.hu\/new\/wp-content\/uploads\/2024\/02\/190418025-300x200.jpg 300w, https:\/\/www.szentimregyor.hu\/new\/wp-content\/uploads\/2024\/02\/190418025-1024x683.jpg 1024w, https:\/\/www.szentimregyor.hu\/new\/wp-content\/uploads\/2024\/02\/190418025-768x512.jpg 768w, https:\/\/www.szentimregyor.hu\/new\/wp-content\/uploads\/2024\/02\/190418025-1536x1024.jpg 1536w\" sizes=\"(max-width: 1800px) 100vw, 1800px\" \/><\/a><\/figure><div class=\"elementor-image-box-content\"><h3 class=\"elementor-image-box-title\"><a href=\"https:\/\/www.szentimregyor.hu\/new\/galeria\/galeria-2019\/2019-nagycsutortok\/\">Nagycs\u00fct\u00f6rt\u00f6k<\/a><\/h3><p class=\"elementor-image-box-description\"><i>2019. \u00e1prilis 18.<br>(Fot\u00f3: Vaday Tam\u00e1s)<\/i><\/p><\/div><\/div>\t\t<\/div>\n\t\t\t\t<\/div>\n\t\t\t\t<div class=\"elementor-element elementor-element-eb4f660 elementor-widget elementor-widget-spacer\" data-id=\"eb4f660\" data-element_type=\"widget\" data-widget_type=\"spacer.default\">\n\t\t\t\t<div class=\"elementor-widget-container\">\n\t\t\t\t\t<div class=\"elementor-spacer\">\n\t\t\t<div class=\"elementor-spacer-inner\"><\/div>\n\t\t<\/div>\n\t\t\t\t<\/div>\n\t\t\t\t<\/div>\n\t\t\t\t\t<\/div>\n\t\t\t\t<\/div>\n\t\t<div class=\"elementor-element elementor-element-02901f3 e-flex e-con-boxed elementor-invisible e-con e-parent\" data-id=\"02901f3\" data-element_type=\"container\" data-settings=\"{&quot;animation&quot;:&quot;fadeInUp&quot;}\">\n\t\t\t\t\t<div class=\"e-con-inner\">\n\t\t\t\t<div class=\"elementor-element elementor-element-191e0cb elementor-position-top elementor-widget elementor-widget-image-box\" data-id=\"191e0cb\" data-element_type=\"widget\" data-widget_type=\"image-box.default\">\n\t\t\t\t<div class=\"elementor-widget-container\">\n\t\t\t<div class=\"elementor-image-box-wrapper\"><figure class=\"elementor-image-box-img\"><a href=\"https:\/\/www.szentimregyor.hu\/new\/galeria\/galeria-2019\/2019-viragvasarnap\/\" tabindex=\"-1\"><img loading=\"lazy\" decoding=\"async\" width=\"1800\" height=\"1200\" src=\"https:\/\/www.szentimregyor.hu\/new\/wp-content\/uploads\/2024\/02\/190414013.jpg\" class=\"attachment-full size-full wp-image-11320\" alt=\"\" srcset=\"https:\/\/www.szentimregyor.hu\/new\/wp-content\/uploads\/2024\/02\/190414013.jpg 1800w, https:\/\/www.szentimregyor.hu\/new\/wp-content\/uploads\/2024\/02\/190414013-300x200.jpg 300w, https:\/\/www.szentimregyor.hu\/new\/wp-content\/uploads\/2024\/02\/190414013-1024x683.jpg 1024w, https:\/\/www.szentimregyor.hu\/new\/wp-content\/uploads\/2024\/02\/190414013-768x512.jpg 768w, https:\/\/www.szentimregyor.hu\/new\/wp-content\/uploads\/2024\/02\/190414013-1536x1024.jpg 1536w\" sizes=\"(max-width: 1800px) 100vw, 1800px\" \/><\/a><\/figure><div class=\"elementor-image-box-content\"><h3 class=\"elementor-image-box-title\"><a href=\"https:\/\/www.szentimregyor.hu\/new\/galeria\/galeria-2019\/2019-viragvasarnap\/\">Vir\u00e1gvas\u00e1rnap<\/a><\/h3><p class=\"elementor-image-box-description\"><i>2019. \u00e1prilis 14.<br>(Fot\u00f3: Vaday Tam\u00e1s)<\/i><\/p><\/div><\/div>\t\t<\/div>\n\t\t\t\t<\/div>\n\t\t\t\t<div class=\"elementor-element elementor-element-d663cb9 elementor-widget elementor-widget-spacer\" data-id=\"d663cb9\" data-element_type=\"widget\" data-widget_type=\"spacer.default\">\n\t\t\t\t<div class=\"elementor-widget-container\">\n\t\t\t\t\t<div class=\"elementor-spacer\">\n\t\t\t<div class=\"elementor-spacer-inner\"><\/div>\n\t\t<\/div>\n\t\t\t\t<\/div>\n\t\t\t\t<\/div>\n\t\t\t\t\t<\/div>\n\t\t\t\t<\/div>\n\t\t<div class=\"elementor-element elementor-element-3af40a6d e-flex e-con-boxed e-con e-parent\" data-id=\"3af40a6d\" data-element_type=\"container\">\n\t\t\t\t\t<div class=\"e-con-inner\">\n\t\t\t\t<div class=\"elementor-element elementor-element-317fb5c7 elementor-align-center elementor-invisible elementor-widget elementor-widget-button\" data-id=\"317fb5c7\" data-element_type=\"widget\" data-settings=\"{&quot;_animation&quot;:&quot;fadeInUp&quot;}\" data-widget_type=\"button.default\">\n\t\t\t\t<div class=\"elementor-widget-container\">\n\t\t\t\t\t<div class=\"elementor-button-wrapper\">\n\t\t\t<a class=\"elementor-button elementor-button-link elementor-size-sm elementor-animation-grow\" href=\"https:\/\/www.szentimregyor.hu\/new\/galeria\/\">\n\t\t\t\t\t\t<span class=\"elementor-button-content-wrapper\">\n\t\t\t\t\t\t<span class=\"elementor-button-icon elementor-align-icon-left\">\n\t\t\t\t<i aria-hidden=\"true\" class=\"fas fa-backward\"><\/i>\t\t\t<\/span>\n\t\t\t\t\t\t\t\t\t<span class=\"elementor-button-text\">Gal\u00e9ria<\/span>\n\t\t\t\t\t<\/span>\n\t\t\t\t\t<\/a>\n\t\t<\/div>\n\t\t\t\t<\/div>\n\t\t\t\t<\/div>\n\t\t\t\t\t<\/div>\n\t\t\t\t<\/div>\n\t\t<div class=\"elementor-element elementor-element-64c6ff25 e-flex e-con-boxed e-con e-parent\" data-id=\"64c6ff25\" data-element_type=\"container\">\n\t\t\t\t\t<div class=\"e-con-inner\">\n\t\t\t\t<div class=\"elementor-element elementor-element-15ec2e0e elementor-widget elementor-widget-spacer\" data-id=\"15ec2e0e\" data-element_type=\"widget\" data-widget_type=\"spacer.default\">\n\t\t\t\t<div class=\"elementor-widget-container\">\n\t\t\t\t\t<div class=\"elementor-spacer\">\n\t\t\t<div class=\"elementor-spacer-inner\"><\/div>\n\t\t<\/div>\n\t\t\t\t<\/div>\n\t\t\t\t<\/div>\n\t\t\t\t\t<\/div>\n\t\t\t\t<\/div>\n\t\t<div class=\"elementor-element elementor-element-e764193 animated-slow e-flex e-con-boxed elementor-invisible e-con e-parent\" data-id=\"e764193\" data-element_type=\"container\" data-settings=\"{&quot;background_background&quot;:&quot;gradient&quot;,&quot;animation&quot;:&quot;fadeIn&quot;}\">\n\t\t\t\t\t<div class=\"e-con-inner\">\n\t\t<div class=\"elementor-element elementor-element-2c14f03e e-con-full e-flex e-con e-child\" data-id=\"2c14f03e\" data-element_type=\"container\">\n\t\t\t\t<div class=\"elementor-element elementor-element-7c79f9c4 elementor-widget__width-initial elementor-position-top elementor-widget elementor-widget-image-box\" data-id=\"7c79f9c4\" data-element_type=\"widget\" data-widget_type=\"image-box.default\">\n\t\t\t\t<div class=\"elementor-widget-container\">\n\t\t\t<div class=\"elementor-image-box-wrapper\"><figure class=\"elementor-image-box-img\"><img loading=\"lazy\" decoding=\"async\" width=\"299\" height=\"240\" src=\"https:\/\/www.szentimregyor.hu\/new\/wp-content\/uploads\/2023\/10\/imre_honlap.png\" class=\"attachment-full size-full wp-image-47\" alt=\"\" \/><\/figure><\/div>\t\t<\/div>\n\t\t\t\t<\/div>\n\t\t\t\t<div class=\"elementor-element elementor-element-6bec07d5 e-grid-align-left e-grid-align-tablet-left e-grid-align-mobile-center elementor-shape-rounded elementor-grid-0 elementor-widget elementor-widget-social-icons\" data-id=\"6bec07d5\" data-element_type=\"widget\" data-widget_type=\"social-icons.default\">\n\t\t\t\t<div class=\"elementor-widget-container\">\n\t\t\t<style>\/*! elementor - v3.21.0 - 20-05-2024 *\/\n.elementor-widget-social-icons.elementor-grid-0 .elementor-widget-container,.elementor-widget-social-icons.elementor-grid-mobile-0 .elementor-widget-container,.elementor-widget-social-icons.elementor-grid-tablet-0 .elementor-widget-container{line-height:1;font-size:0}.elementor-widget-social-icons:not(.elementor-grid-0):not(.elementor-grid-tablet-0):not(.elementor-grid-mobile-0) .elementor-grid{display:inline-grid}.elementor-widget-social-icons .elementor-grid{grid-column-gap:var(--grid-column-gap,5px);grid-row-gap:var(--grid-row-gap,5px);grid-template-columns:var(--grid-template-columns);justify-content:var(--justify-content,center);justify-items:var(--justify-content,center)}.elementor-icon.elementor-social-icon{font-size:var(--icon-size,25px);line-height:var(--icon-size,25px);width:calc(var(--icon-size, 25px) + 2 * var(--icon-padding, .5em));height:calc(var(--icon-size, 25px) + 2 * var(--icon-padding, .5em))}.elementor-social-icon{--e-social-icon-icon-color:#fff;display:inline-flex;background-color:#69727d;align-items:center;justify-content:center;text-align:center;cursor:pointer}.elementor-social-icon i{color:var(--e-social-icon-icon-color)}.elementor-social-icon svg{fill:var(--e-social-icon-icon-color)}.elementor-social-icon:last-child{margin:0}.elementor-social-icon:hover{opacity:.9;color:#fff}.elementor-social-icon-android{background-color:#a4c639}.elementor-social-icon-apple{background-color:#999}.elementor-social-icon-behance{background-color:#1769ff}.elementor-social-icon-bitbucket{background-color:#205081}.elementor-social-icon-codepen{background-color:#000}.elementor-social-icon-delicious{background-color:#39f}.elementor-social-icon-deviantart{background-color:#05cc47}.elementor-social-icon-digg{background-color:#005be2}.elementor-social-icon-dribbble{background-color:#ea4c89}.elementor-social-icon-elementor{background-color:#d30c5c}.elementor-social-icon-envelope{background-color:#ea4335}.elementor-social-icon-facebook,.elementor-social-icon-facebook-f{background-color:#3b5998}.elementor-social-icon-flickr{background-color:#0063dc}.elementor-social-icon-foursquare{background-color:#2d5be3}.elementor-social-icon-free-code-camp,.elementor-social-icon-freecodecamp{background-color:#006400}.elementor-social-icon-github{background-color:#333}.elementor-social-icon-gitlab{background-color:#e24329}.elementor-social-icon-globe{background-color:#69727d}.elementor-social-icon-google-plus,.elementor-social-icon-google-plus-g{background-color:#dd4b39}.elementor-social-icon-houzz{background-color:#7ac142}.elementor-social-icon-instagram{background-color:#262626}.elementor-social-icon-jsfiddle{background-color:#487aa2}.elementor-social-icon-link{background-color:#818a91}.elementor-social-icon-linkedin,.elementor-social-icon-linkedin-in{background-color:#0077b5}.elementor-social-icon-medium{background-color:#00ab6b}.elementor-social-icon-meetup{background-color:#ec1c40}.elementor-social-icon-mixcloud{background-color:#273a4b}.elementor-social-icon-odnoklassniki{background-color:#f4731c}.elementor-social-icon-pinterest{background-color:#bd081c}.elementor-social-icon-product-hunt{background-color:#da552f}.elementor-social-icon-reddit{background-color:#ff4500}.elementor-social-icon-rss{background-color:#f26522}.elementor-social-icon-shopping-cart{background-color:#4caf50}.elementor-social-icon-skype{background-color:#00aff0}.elementor-social-icon-slideshare{background-color:#0077b5}.elementor-social-icon-snapchat{background-color:#fffc00}.elementor-social-icon-soundcloud{background-color:#f80}.elementor-social-icon-spotify{background-color:#2ebd59}.elementor-social-icon-stack-overflow{background-color:#fe7a15}.elementor-social-icon-steam{background-color:#00adee}.elementor-social-icon-stumbleupon{background-color:#eb4924}.elementor-social-icon-telegram{background-color:#2ca5e0}.elementor-social-icon-threads{background-color:#000}.elementor-social-icon-thumb-tack{background-color:#1aa1d8}.elementor-social-icon-tripadvisor{background-color:#589442}.elementor-social-icon-tumblr{background-color:#35465c}.elementor-social-icon-twitch{background-color:#6441a5}.elementor-social-icon-twitter{background-color:#1da1f2}.elementor-social-icon-viber{background-color:#665cac}.elementor-social-icon-vimeo{background-color:#1ab7ea}.elementor-social-icon-vk{background-color:#45668e}.elementor-social-icon-weibo{background-color:#dd2430}.elementor-social-icon-weixin{background-color:#31a918}.elementor-social-icon-whatsapp{background-color:#25d366}.elementor-social-icon-wordpress{background-color:#21759b}.elementor-social-icon-x-twitter{background-color:#000}.elementor-social-icon-xing{background-color:#026466}.elementor-social-icon-yelp{background-color:#af0606}.elementor-social-icon-youtube{background-color:#cd201f}.elementor-social-icon-500px{background-color:#0099e5}.elementor-shape-rounded .elementor-icon.elementor-social-icon{border-radius:10%}.elementor-shape-circle .elementor-icon.elementor-social-icon{border-radius:50%}<\/style>\t\t<div class=\"elementor-social-icons-wrapper elementor-grid\">\n\t\t\t\t\t\t\t<span class=\"elementor-grid-item\">\n\t\t\t\t\t<a class=\"elementor-icon elementor-social-icon elementor-social-icon-facebook-f elementor-repeater-item-3f1b7ac\" href=\"https:\/\/www.facebook.com\/szentimregyor?locale=hu_HU\" target=\"_blank\">\n\t\t\t\t\t\t<span class=\"elementor-screen-only\">Facebook-f<\/span>\n\t\t\t\t\t\t<i class=\"fab fa-facebook-f\"><\/i>\t\t\t\t\t<\/a>\n\t\t\t\t<\/span>\n\t\t\t\t\t\t\t<span class=\"elementor-grid-item\">\n\t\t\t\t\t<a class=\"elementor-icon elementor-social-icon elementor-social-icon-youtube-square elementor-repeater-item-4e6a400\" href=\"https:\/\/www.youtube.com\/@szentimregyor\" target=\"_blank\">\n\t\t\t\t\t\t<span class=\"elementor-screen-only\">Youtube-square<\/span>\n\t\t\t\t\t\t<i class=\"fab fa-youtube-square\"><\/i>\t\t\t\t\t<\/a>\n\t\t\t\t<\/span>\n\t\t\t\t\t\t\t<span class=\"elementor-grid-item\">\n\t\t\t\t\t<a class=\"elementor-icon elementor-social-icon elementor-social-icon-flickr elementor-repeater-item-2b48c2f\" href=\"https:\/\/www.flickr.com\/photos\/99929046@N06\/\" target=\"_blank\">\n\t\t\t\t\t\t<span class=\"elementor-screen-only\">Flickr<\/span>\n\t\t\t\t\t\t<i class=\"fab fa-flickr\"><\/i>\t\t\t\t\t<\/a>\n\t\t\t\t<\/span>\n\t\t\t\t\t<\/div>\n\t\t\t\t<\/div>\n\t\t\t\t<\/div>\n\t\t\t\t<\/div>\n\t\t<div class=\"elementor-element elementor-element-6a505c20 e-con-full e-flex e-con e-child\" data-id=\"6a505c20\" data-element_type=\"container\">\n\t\t\t\t<div class=\"elementor-element elementor-element-4c822e77 elementor-widget elementor-widget-heading\" data-id=\"4c822e77\" data-element_type=\"widget\" data-widget_type=\"heading.default\">\n\t\t\t\t<div class=\"elementor-widget-container\">\n\t\t\t<h6 class=\"elementor-heading-title elementor-size-default\">Men\u00fc<\/h6>\t\t<\/div>\n\t\t\t\t<\/div>\n\t\t\t\t<div class=\"elementor-element elementor-element-12c51de8 elementor-nav-menu--dropdown-none elementor-nav-menu__align-start elementor-widget elementor-widget-nav-menu\" data-id=\"12c51de8\" data-element_type=\"widget\" data-settings=\"{&quot;layout&quot;:&quot;vertical&quot;,&quot;submenu_icon&quot;:{&quot;value&quot;:&quot;&lt;i class=\\&quot;fas fa-caret-down\\&quot;&gt;&lt;\\\/i&gt;&quot;,&quot;library&quot;:&quot;fa-solid&quot;}}\" data-widget_type=\"nav-menu.default\">\n\t\t\t\t<div class=\"elementor-widget-container\">\n\t\t\t\t\t\t<nav class=\"elementor-nav-menu--main elementor-nav-menu__container elementor-nav-menu--layout-vertical e--pointer-none\">\n\t\t\t\t<ul id=\"menu-1-12c51de8\" class=\"elementor-nav-menu sm-vertical\"><li class=\"menu-item menu-item-type-custom menu-item-object-custom menu-item-has-children menu-item-7864\"><a href=\"#\" class=\"elementor-item elementor-item-anchor\">Templomunk<\/a>\n<ul class=\"sub-menu elementor-nav-menu--dropdown\">\n\t<li class=\"menu-item menu-item-type-post_type menu-item-object-page menu-item-748\"><a href=\"https:\/\/www.szentimregyor.hu\/new\/templomunk-tortenete\/\" class=\"elementor-sub-item\">Templomunk t\u00f6rt\u00e9nete<\/a><\/li>\n\t<li class=\"menu-item menu-item-type-post_type menu-item-object-page menu-item-749\"><a href=\"https:\/\/www.szentimregyor.hu\/new\/templomunk-muveszeti-ertekei\/\" class=\"elementor-sub-item\">Templomunk m\u0171v\u00e9szeti \u00e9rt\u00e9kei<\/a><\/li>\n\t<li class=\"menu-item menu-item-type-post_type menu-item-object-page menu-item-2854\"><a href=\"https:\/\/www.szentimregyor.hu\/new\/vedoszentunk-szent-imre\/\" class=\"elementor-sub-item\">V\u00e9d\u0151szent\u00fcnk, Szent Imre<\/a><\/li>\n\t<li class=\"menu-item menu-item-type-post_type menu-item-object-page menu-item-3708\"><a href=\"https:\/\/www.szentimregyor.hu\/new\/templomunk\/boldog-apor-vilmos-templomszentelo-beszede\/\" class=\"elementor-sub-item\">Templomszentel\u0151 besz\u00e9d<\/a><\/li>\n<\/ul>\n<\/li>\n<li class=\"menu-item menu-item-type-custom menu-item-object-custom menu-item-has-children menu-item-7863\"><a href=\"#\" class=\"elementor-item elementor-item-anchor\">H\u00edrek, Napt\u00e1r<\/a>\n<ul class=\"sub-menu elementor-nav-menu--dropdown\">\n\t<li class=\"menu-item menu-item-type-post_type menu-item-object-page menu-item-7862\"><a href=\"https:\/\/www.szentimregyor.hu\/new\/naptar\/\" class=\"elementor-sub-item\">Napt\u00e1r<\/a><\/li>\n\t<li class=\"menu-item menu-item-type-post_type menu-item-object-page menu-item-6263\"><a href=\"https:\/\/www.szentimregyor.hu\/new\/hirdetesek\/\" class=\"elementor-sub-item\">Heti hirdet\u00e9sek<\/a><\/li>\n\t<li class=\"menu-item menu-item-type-post_type menu-item-object-page menu-item-6262\"><a href=\"https:\/\/www.szentimregyor.hu\/new\/hirfolyam\/\" class=\"elementor-sub-item\">H\u00edrfolyam<\/a><\/li>\n<\/ul>\n<\/li>\n<li class=\"menu-item menu-item-type-post_type menu-item-object-page menu-item-121\"><a href=\"https:\/\/www.szentimregyor.hu\/new\/miserend\/\" class=\"elementor-item\">Miserend<\/a><\/li>\n<li class=\"menu-item menu-item-type-post_type menu-item-object-page menu-item-has-children menu-item-130\"><a href=\"https:\/\/www.szentimregyor.hu\/new\/kapcsolat\/\" class=\"elementor-item\">Kapcsolat<\/a>\n<ul class=\"sub-menu elementor-nav-menu--dropdown\">\n\t<li class=\"menu-item menu-item-type-post_type menu-item-object-page menu-item-14288\"><a href=\"https:\/\/www.szentimregyor.hu\/new\/kapcsolat\/iroda\/\" class=\"elementor-sub-item\">Iroda<\/a><\/li>\n\t<li class=\"menu-item menu-item-type-post_type menu-item-object-page menu-item-6301\"><a href=\"https:\/\/www.szentimregyor.hu\/new\/kapcsolat\/hirlevel\/\" class=\"elementor-sub-item\">H\u00edrlev\u00e9l<\/a><\/li>\n\t<li class=\"menu-item menu-item-type-post_type menu-item-object-page menu-item-5988\"><a href=\"https:\/\/www.szentimregyor.hu\/new\/gyori-szent-imre-alapitvany\/\" class=\"elementor-sub-item\">Gy\u0151ri Szent Imre Alap\u00edtv\u00e1ny<\/a><\/li>\n<\/ul>\n<\/li>\n<li class=\"menu-item menu-item-type-post_type menu-item-object-page menu-item-has-children menu-item-139\"><a href=\"https:\/\/www.szentimregyor.hu\/new\/galeria\/\" class=\"elementor-item\">Gal\u00e9ria<\/a>\n<ul class=\"sub-menu elementor-nav-menu--dropdown\">\n\t<li class=\"menu-item menu-item-type-post_type menu-item-object-page menu-item-27314\"><a href=\"https:\/\/www.szentimregyor.hu\/new\/galeria\/galeria-2026\/\" class=\"elementor-sub-item\">2026<\/a><\/li>\n\t<li class=\"menu-item menu-item-type-post_type menu-item-object-page menu-item-21719\"><a href=\"https:\/\/www.szentimregyor.hu\/new\/galeria\/galeria-2025\/\" class=\"elementor-sub-item\">2025<\/a><\/li>\n\t<li class=\"menu-item menu-item-type-post_type menu-item-object-page menu-item-10943\"><a href=\"https:\/\/www.szentimregyor.hu\/new\/galeria\/galeria-2024\/\" class=\"elementor-sub-item\">2024<\/a><\/li>\n\t<li class=\"menu-item menu-item-type-post_type menu-item-object-page menu-item-3734\"><a href=\"https:\/\/www.szentimregyor.hu\/new\/galeria\/galeria-2023\/\" class=\"elementor-sub-item\">2023<\/a><\/li>\n\t<li class=\"menu-item menu-item-type-post_type menu-item-object-page menu-item-6591\"><a href=\"https:\/\/www.szentimregyor.hu\/new\/galeria\/galeria-2022\/\" class=\"elementor-sub-item\">2022<\/a><\/li>\n\t<li class=\"menu-item menu-item-type-post_type menu-item-object-page menu-item-8384\"><a href=\"https:\/\/www.szentimregyor.hu\/new\/galeria\/galeria-2021\/\" class=\"elementor-sub-item\">2021<\/a><\/li>\n\t<li class=\"menu-item menu-item-type-post_type menu-item-object-page menu-item-10837\"><a href=\"https:\/\/www.szentimregyor.hu\/new\/galeria\/galeria-2020\/\" class=\"elementor-sub-item\">2020<\/a><\/li>\n\t<li class=\"menu-item menu-item-type-post_type menu-item-object-page menu-item-11155\"><a href=\"https:\/\/www.szentimregyor.hu\/new\/galeria\/galeria-2019\/\" class=\"elementor-sub-item\">2019<\/a><\/li>\n\t<li class=\"menu-item menu-item-type-post_type menu-item-object-page menu-item-16174\"><a href=\"https:\/\/www.szentimregyor.hu\/new\/galeria\/galeria-2018\/\" class=\"elementor-sub-item\">2018<\/a><\/li>\n\t<li class=\"menu-item menu-item-type-post_type menu-item-object-page menu-item-22065\"><a href=\"https:\/\/www.szentimregyor.hu\/new\/galeria\/galeria-2017\/\" class=\"elementor-sub-item\">2017<\/a><\/li>\n\t<li class=\"menu-item menu-item-type-post_type menu-item-object-page menu-item-26413\"><a href=\"https:\/\/www.szentimregyor.hu\/new\/galeria\/galeria-2016\/\" class=\"elementor-sub-item\">2016<\/a><\/li>\n\t<li class=\"menu-item menu-item-type-post_type menu-item-object-page menu-item-7957\"><a href=\"https:\/\/www.szentimregyor.hu\/new\/galeria\/orgona-galeria\/\" class=\"elementor-sub-item\">Orgona<\/a><\/li>\n<\/ul>\n<\/li>\n<li class=\"menu-item menu-item-type-post_type menu-item-object-page menu-item-has-children menu-item-145\"><a href=\"https:\/\/www.szentimregyor.hu\/new\/egyhazkozseg\/\" class=\"elementor-item\">Egyh\u00e1zk\u00f6zs\u00e9g\u00fcnk<\/a>\n<ul class=\"sub-menu elementor-nav-menu--dropdown\">\n\t<li class=\"menu-item menu-item-type-post_type menu-item-object-page menu-item-6003\"><a href=\"https:\/\/www.szentimregyor.hu\/new\/egyhazkozseg\/lelkipasztorok\/\" class=\"elementor-sub-item\">Lelkip\u00e1sztorok<\/a><\/li>\n\t<li class=\"menu-item menu-item-type-post_type menu-item-object-page menu-item-28653\"><a href=\"https:\/\/www.szentimregyor.hu\/new\/egyhazkozseg\/plebaniai-tanacsado-testulet\/\" class=\"elementor-sub-item\">Pl\u00e9b\u00e1niai Tan\u00e1csad\u00f3 Test\u00fclet<\/a><\/li>\n\t<li class=\"menu-item menu-item-type-post_type menu-item-object-page menu-item-has-children menu-item-6044\"><a href=\"https:\/\/www.szentimregyor.hu\/new\/egyhazkozseg\/egyhazzene\/\" class=\"elementor-sub-item\">Egyh\u00e1zzene<\/a>\n\t<ul class=\"sub-menu elementor-nav-menu--dropdown\">\n\t\t<li class=\"menu-item menu-item-type-post_type menu-item-object-page menu-item-6371\"><a href=\"https:\/\/www.szentimregyor.hu\/new\/egyhazkozseg\/egyhazzene\/kantorok\/\" class=\"elementor-sub-item\">K\u00e1ntorok<\/a><\/li>\n\t\t<li class=\"menu-item menu-item-type-post_type menu-item-object-page menu-item-6372\"><a href=\"https:\/\/www.szentimregyor.hu\/new\/egyhazkozseg\/egyhazzene\/schola\/\" class=\"elementor-sub-item\">Schola Emericana<\/a><\/li>\n\t\t<li class=\"menu-item menu-item-type-post_type menu-item-object-page menu-item-6373\"><a href=\"https:\/\/www.szentimregyor.hu\/new\/egyhazkozseg\/egyhazzene\/orgona\/\" class=\"elementor-sub-item\">Orgona<\/a><\/li>\n\t<\/ul>\n<\/li>\n\t<li class=\"menu-item menu-item-type-post_type menu-item-object-page menu-item-6022\"><a href=\"https:\/\/www.szentimregyor.hu\/new\/egyhazkozseg\/lectio-divina\/\" class=\"elementor-sub-item\">Lectio Divina<\/a><\/li>\n\t<li class=\"menu-item menu-item-type-post_type menu-item-object-page menu-item-6033\"><a href=\"https:\/\/www.szentimregyor.hu\/new\/egyhazkozseg\/bibliakor\/\" class=\"elementor-sub-item\">Bibliak\u00f6r<\/a><\/li>\n\t<li class=\"menu-item menu-item-type-post_type menu-item-object-page menu-item-6068\"><a href=\"https:\/\/www.szentimregyor.hu\/new\/egyhazkozseg\/itt-az-ido\/\" class=\"elementor-sub-item\">Itt az id\u0151<\/a><\/li>\n<\/ul>\n<\/li>\n<\/ul>\t\t\t<\/nav>\n\t\t\t\t\t\t<nav class=\"elementor-nav-menu--dropdown elementor-nav-menu__container\" aria-hidden=\"true\">\n\t\t\t\t<ul id=\"menu-2-12c51de8\" class=\"elementor-nav-menu sm-vertical\"><li class=\"menu-item menu-item-type-custom menu-item-object-custom menu-item-has-children menu-item-7864\"><a href=\"#\" class=\"elementor-item elementor-item-anchor\" tabindex=\"-1\">Templomunk<\/a>\n<ul class=\"sub-menu elementor-nav-menu--dropdown\">\n\t<li class=\"menu-item menu-item-type-post_type menu-item-object-page menu-item-748\"><a href=\"https:\/\/www.szentimregyor.hu\/new\/templomunk-tortenete\/\" class=\"elementor-sub-item\" tabindex=\"-1\">Templomunk t\u00f6rt\u00e9nete<\/a><\/li>\n\t<li class=\"menu-item menu-item-type-post_type menu-item-object-page menu-item-749\"><a href=\"https:\/\/www.szentimregyor.hu\/new\/templomunk-muveszeti-ertekei\/\" class=\"elementor-sub-item\" tabindex=\"-1\">Templomunk m\u0171v\u00e9szeti \u00e9rt\u00e9kei<\/a><\/li>\n\t<li class=\"menu-item menu-item-type-post_type menu-item-object-page menu-item-2854\"><a href=\"https:\/\/www.szentimregyor.hu\/new\/vedoszentunk-szent-imre\/\" class=\"elementor-sub-item\" tabindex=\"-1\">V\u00e9d\u0151szent\u00fcnk, Szent Imre<\/a><\/li>\n\t<li class=\"menu-item menu-item-type-post_type menu-item-object-page menu-item-3708\"><a href=\"https:\/\/www.szentimregyor.hu\/new\/templomunk\/boldog-apor-vilmos-templomszentelo-beszede\/\" class=\"elementor-sub-item\" tabindex=\"-1\">Templomszentel\u0151 besz\u00e9d<\/a><\/li>\n<\/ul>\n<\/li>\n<li class=\"menu-item menu-item-type-custom menu-item-object-custom menu-item-has-children menu-item-7863\"><a href=\"#\" class=\"elementor-item elementor-item-anchor\" tabindex=\"-1\">H\u00edrek, Napt\u00e1r<\/a>\n<ul class=\"sub-menu elementor-nav-menu--dropdown\">\n\t<li class=\"menu-item menu-item-type-post_type menu-item-object-page menu-item-7862\"><a href=\"https:\/\/www.szentimregyor.hu\/new\/naptar\/\" class=\"elementor-sub-item\" tabindex=\"-1\">Napt\u00e1r<\/a><\/li>\n\t<li class=\"menu-item menu-item-type-post_type menu-item-object-page menu-item-6263\"><a href=\"https:\/\/www.szentimregyor.hu\/new\/hirdetesek\/\" class=\"elementor-sub-item\" tabindex=\"-1\">Heti hirdet\u00e9sek<\/a><\/li>\n\t<li class=\"menu-item menu-item-type-post_type menu-item-object-page menu-item-6262\"><a href=\"https:\/\/www.szentimregyor.hu\/new\/hirfolyam\/\" class=\"elementor-sub-item\" tabindex=\"-1\">H\u00edrfolyam<\/a><\/li>\n<\/ul>\n<\/li>\n<li class=\"menu-item menu-item-type-post_type menu-item-object-page menu-item-121\"><a href=\"https:\/\/www.szentimregyor.hu\/new\/miserend\/\" class=\"elementor-item\" tabindex=\"-1\">Miserend<\/a><\/li>\n<li class=\"menu-item menu-item-type-post_type menu-item-object-page menu-item-has-children menu-item-130\"><a href=\"https:\/\/www.szentimregyor.hu\/new\/kapcsolat\/\" class=\"elementor-item\" tabindex=\"-1\">Kapcsolat<\/a>\n<ul class=\"sub-menu elementor-nav-menu--dropdown\">\n\t<li class=\"menu-item menu-item-type-post_type menu-item-object-page menu-item-14288\"><a href=\"https:\/\/www.szentimregyor.hu\/new\/kapcsolat\/iroda\/\" class=\"elementor-sub-item\" tabindex=\"-1\">Iroda<\/a><\/li>\n\t<li class=\"menu-item menu-item-type-post_type menu-item-object-page menu-item-6301\"><a href=\"https:\/\/www.szentimregyor.hu\/new\/kapcsolat\/hirlevel\/\" class=\"elementor-sub-item\" tabindex=\"-1\">H\u00edrlev\u00e9l<\/a><\/li>\n\t<li class=\"menu-item menu-item-type-post_type menu-item-object-page menu-item-5988\"><a href=\"https:\/\/www.szentimregyor.hu\/new\/gyori-szent-imre-alapitvany\/\" class=\"elementor-sub-item\" tabindex=\"-1\">Gy\u0151ri Szent Imre Alap\u00edtv\u00e1ny<\/a><\/li>\n<\/ul>\n<\/li>\n<li class=\"menu-item menu-item-type-post_type menu-item-object-page menu-item-has-children menu-item-139\"><a href=\"https:\/\/www.szentimregyor.hu\/new\/galeria\/\" class=\"elementor-item\" tabindex=\"-1\">Gal\u00e9ria<\/a>\n<ul class=\"sub-menu elementor-nav-menu--dropdown\">\n\t<li class=\"menu-item menu-item-type-post_type menu-item-object-page menu-item-27314\"><a href=\"https:\/\/www.szentimregyor.hu\/new\/galeria\/galeria-2026\/\" class=\"elementor-sub-item\" tabindex=\"-1\">2026<\/a><\/li>\n\t<li class=\"menu-item menu-item-type-post_type menu-item-object-page menu-item-21719\"><a href=\"https:\/\/www.szentimregyor.hu\/new\/galeria\/galeria-2025\/\" class=\"elementor-sub-item\" tabindex=\"-1\">2025<\/a><\/li>\n\t<li class=\"menu-item menu-item-type-post_type menu-item-object-page menu-item-10943\"><a href=\"https:\/\/www.szentimregyor.hu\/new\/galeria\/galeria-2024\/\" class=\"elementor-sub-item\" tabindex=\"-1\">2024<\/a><\/li>\n\t<li class=\"menu-item menu-item-type-post_type menu-item-object-page menu-item-3734\"><a href=\"https:\/\/www.szentimregyor.hu\/new\/galeria\/galeria-2023\/\" class=\"elementor-sub-item\" tabindex=\"-1\">2023<\/a><\/li>\n\t<li class=\"menu-item menu-item-type-post_type menu-item-object-page menu-item-6591\"><a href=\"https:\/\/www.szentimregyor.hu\/new\/galeria\/galeria-2022\/\" class=\"elementor-sub-item\" tabindex=\"-1\">2022<\/a><\/li>\n\t<li class=\"menu-item menu-item-type-post_type menu-item-object-page menu-item-8384\"><a href=\"https:\/\/www.szentimregyor.hu\/new\/galeria\/galeria-2021\/\" class=\"elementor-sub-item\" tabindex=\"-1\">2021<\/a><\/li>\n\t<li class=\"menu-item menu-item-type-post_type menu-item-object-page menu-item-10837\"><a href=\"https:\/\/www.szentimregyor.hu\/new\/galeria\/galeria-2020\/\" class=\"elementor-sub-item\" tabindex=\"-1\">2020<\/a><\/li>\n\t<li class=\"menu-item menu-item-type-post_type menu-item-object-page menu-item-11155\"><a href=\"https:\/\/www.szentimregyor.hu\/new\/galeria\/galeria-2019\/\" class=\"elementor-sub-item\" tabindex=\"-1\">2019<\/a><\/li>\n\t<li class=\"menu-item menu-item-type-post_type menu-item-object-page menu-item-16174\"><a href=\"https:\/\/www.szentimregyor.hu\/new\/galeria\/galeria-2018\/\" class=\"elementor-sub-item\" tabindex=\"-1\">2018<\/a><\/li>\n\t<li class=\"menu-item menu-item-type-post_type menu-item-object-page menu-item-22065\"><a href=\"https:\/\/www.szentimregyor.hu\/new\/galeria\/galeria-2017\/\" class=\"elementor-sub-item\" tabindex=\"-1\">2017<\/a><\/li>\n\t<li class=\"menu-item menu-item-type-post_type menu-item-object-page menu-item-26413\"><a href=\"https:\/\/www.szentimregyor.hu\/new\/galeria\/galeria-2016\/\" class=\"elementor-sub-item\" tabindex=\"-1\">2016<\/a><\/li>\n\t<li class=\"menu-item menu-item-type-post_type menu-item-object-page menu-item-7957\"><a href=\"https:\/\/www.szentimregyor.hu\/new\/galeria\/orgona-galeria\/\" class=\"elementor-sub-item\" tabindex=\"-1\">Orgona<\/a><\/li>\n<\/ul>\n<\/li>\n<li class=\"menu-item menu-item-type-post_type menu-item-object-page menu-item-has-children menu-item-145\"><a href=\"https:\/\/www.szentimregyor.hu\/new\/egyhazkozseg\/\" class=\"elementor-item\" tabindex=\"-1\">Egyh\u00e1zk\u00f6zs\u00e9g\u00fcnk<\/a>\n<ul class=\"sub-menu elementor-nav-menu--dropdown\">\n\t<li class=\"menu-item menu-item-type-post_type menu-item-object-page menu-item-6003\"><a href=\"https:\/\/www.szentimregyor.hu\/new\/egyhazkozseg\/lelkipasztorok\/\" class=\"elementor-sub-item\" tabindex=\"-1\">Lelkip\u00e1sztorok<\/a><\/li>\n\t<li class=\"menu-item menu-item-type-post_type menu-item-object-page menu-item-28653\"><a href=\"https:\/\/www.szentimregyor.hu\/new\/egyhazkozseg\/plebaniai-tanacsado-testulet\/\" class=\"elementor-sub-item\" tabindex=\"-1\">Pl\u00e9b\u00e1niai Tan\u00e1csad\u00f3 Test\u00fclet<\/a><\/li>\n\t<li class=\"menu-item menu-item-type-post_type menu-item-object-page menu-item-has-children menu-item-6044\"><a href=\"https:\/\/www.szentimregyor.hu\/new\/egyhazkozseg\/egyhazzene\/\" class=\"elementor-sub-item\" tabindex=\"-1\">Egyh\u00e1zzene<\/a>\n\t<ul class=\"sub-menu elementor-nav-menu--dropdown\">\n\t\t<li class=\"menu-item menu-item-type-post_type menu-item-object-page menu-item-6371\"><a href=\"https:\/\/www.szentimregyor.hu\/new\/egyhazkozseg\/egyhazzene\/kantorok\/\" class=\"elementor-sub-item\" tabindex=\"-1\">K\u00e1ntorok<\/a><\/li>\n\t\t<li class=\"menu-item menu-item-type-post_type menu-item-object-page menu-item-6372\"><a href=\"https:\/\/www.szentimregyor.hu\/new\/egyhazkozseg\/egyhazzene\/schola\/\" class=\"elementor-sub-item\" tabindex=\"-1\">Schola Emericana<\/a><\/li>\n\t\t<li class=\"menu-item menu-item-type-post_type menu-item-object-page menu-item-6373\"><a href=\"https:\/\/www.szentimregyor.hu\/new\/egyhazkozseg\/egyhazzene\/orgona\/\" class=\"elementor-sub-item\" tabindex=\"-1\">Orgona<\/a><\/li>\n\t<\/ul>\n<\/li>\n\t<li class=\"menu-item menu-item-type-post_type menu-item-object-page menu-item-6022\"><a href=\"https:\/\/www.szentimregyor.hu\/new\/egyhazkozseg\/lectio-divina\/\" class=\"elementor-sub-item\" tabindex=\"-1\">Lectio Divina<\/a><\/li>\n\t<li class=\"menu-item menu-item-type-post_type menu-item-object-page menu-item-6033\"><a href=\"https:\/\/www.szentimregyor.hu\/new\/egyhazkozseg\/bibliakor\/\" class=\"elementor-sub-item\" tabindex=\"-1\">Bibliak\u00f6r<\/a><\/li>\n\t<li class=\"menu-item menu-item-type-post_type menu-item-object-page menu-item-6068\"><a href=\"https:\/\/www.szentimregyor.hu\/new\/egyhazkozseg\/itt-az-ido\/\" class=\"elementor-sub-item\" tabindex=\"-1\">Itt az id\u0151<\/a><\/li>\n<\/ul>\n<\/li>\n<\/ul>\t\t\t<\/nav>\n\t\t\t\t<\/div>\n\t\t\t\t<\/div>\n\t\t\t\t<\/div>\n\t\t<div class=\"elementor-element elementor-element-76d4d1f1 e-con-full e-flex e-con e-child\" data-id=\"76d4d1f1\" data-element_type=\"container\">\n\t\t\t\t<div class=\"elementor-element elementor-element-1a2f38e9 elementor-widget elementor-widget-heading\" data-id=\"1a2f38e9\" data-element_type=\"widget\" data-widget_type=\"heading.default\">\n\t\t\t\t<div class=\"elementor-widget-container\">\n\t\t\t<h6 class=\"elementor-heading-title elementor-size-default\"><a href=\"https:\/\/www.szentimregyor.hu\/new\/kapcsolat\/\">Kapcsolat<\/a><\/h6>\t\t<\/div>\n\t\t\t\t<\/div>\n\t\t\t\t<div class=\"elementor-element elementor-element-599cc47e elementor-align-left elementor-icon-list--layout-traditional elementor-list-item-link-full_width elementor-widget elementor-widget-icon-list\" data-id=\"599cc47e\" data-element_type=\"widget\" data-widget_type=\"icon-list.default\">\n\t\t\t\t<div class=\"elementor-widget-container\">\n\t\t\t\t\t<ul class=\"elementor-icon-list-items\">\n\t\t\t\t\t\t\t<li class=\"elementor-icon-list-item\">\n\t\t\t\t\t\t\t\t\t\t\t<a href=\"mailto:contact@mysite.com\">\n\n\t\t\t\t\t\t\t\t\t\t\t<span class=\"elementor-icon-list-text\">gyoriszentimre.iroda@gmail.com<\/span>\n\t\t\t\t\t\t\t\t\t\t\t<\/a>\n\t\t\t\t\t\t\t\t\t<\/li>\n\t\t\t\t\t\t\t\t<li class=\"elementor-icon-list-item\">\n\t\t\t\t\t\t\t\t\t\t\t<a href=\"tel:123-456-7890\">\n\n\t\t\t\t\t\t\t\t\t\t\t<span class=\"elementor-icon-list-text\">+36 96 424 443<\/span>\n\t\t\t\t\t\t\t\t\t\t\t<\/a>\n\t\t\t\t\t\t\t\t\t<\/li>\n\t\t\t\t\t\t<\/ul>\n\t\t\t\t<\/div>\n\t\t\t\t<\/div>\n\t\t\t\t<\/div>\n\t\t<div class=\"elementor-element elementor-element-4b91cd06 e-con-full e-flex e-con e-child\" data-id=\"4b91cd06\" data-element_type=\"container\">\n\t\t\t\t<div class=\"elementor-element elementor-element-5103cfb3 elementor-widget elementor-widget-google_maps\" data-id=\"5103cfb3\" data-element_type=\"widget\" data-widget_type=\"google_maps.default\">\n\t\t\t\t<div class=\"elementor-widget-container\">\n\t\t\t<style>\/*! elementor - v3.21.0 - 20-05-2024 *\/\n.elementor-widget-google_maps .elementor-widget-container{overflow:hidden}.elementor-widget-google_maps .elementor-custom-embed{line-height:0}.elementor-widget-google_maps iframe{height:300px}<\/style>\t\t<div class=\"elementor-custom-embed\">\n\t\t\t<iframe loading=\"lazy\"\n\t\t\t\t\tsrc=\"https:\/\/maps.google.com\/maps?q=gy%C5%91ri%20szent%20imre%20pl%C3%A9b%C3%A1nia&#038;t=m&#038;z=15&#038;output=embed&#038;iwloc=near\"\n\t\t\t\t\ttitle=\"gy\u0151ri szent imre pl\u00e9b\u00e1nia\"\n\t\t\t\t\taria-label=\"gy\u0151ri szent imre pl\u00e9b\u00e1nia\"\n\t\t\t><\/iframe>\n\t\t<\/div>\n\t\t\t\t<\/div>\n\t\t\t\t<\/div>\n\t\t\t\t<\/div>\n\t\t\t\t\t<\/div>\n\t\t\t\t<\/div>\n\t\t<div class=\"elementor-element elementor-element-2e02a361 animated-slow e-flex e-con-boxed elementor-invisible e-con e-parent\" data-id=\"2e02a361\" data-element_type=\"container\" data-settings=\"{&quot;background_background&quot;:&quot;gradient&quot;,&quot;animation&quot;:&quot;fadeIn&quot;}\">\n\t\t\t\t\t<div class=\"e-con-inner\">\n\t\t\t\t<div class=\"elementor-element elementor-element-292ce8c2 elementor-widget elementor-widget-heading\" data-id=\"292ce8c2\" data-element_type=\"widget\" data-widget_type=\"heading.default\">\n\t\t\t\t<div class=\"elementor-widget-container\">\n\t\t\t<p class=\"elementor-heading-title elementor-size-default\"><a href=\"https:\/\/www.facebook.com\/people\/So%C3%B3s-G%C3%A1bor-webfejleszt%C5%91\/100091969894228\/\" target=\"_blank\">\u00a9 Szent Imre Pl\u00e9b\u00e1nia, Gy\u0151r<br>So\u00f3s G\u00e1bor webfejleszt\u0151<\/a><\/p>\t\t<\/div>\n\t\t\t\t<\/div>\n\t\t\t\t\t<\/div>\n\t\t\t\t<\/div>\n\t\t\t\t<\/div>\n\t\t","protected":false},"excerpt":{"rendered":"<p>+36 96 424 443 gyoriszentimre.iroda@gmail.com 9024 GY\u0150R, Szent Imre \u00fat 35. Szent Imre Pl\u00e9b\u00e1nia Gal\u00e9ria 2019. P\u00e1sztorj\u00e1t\u00e9k 2019. december 24.(Fot\u00f3: Vaday Tam\u00e1s) Krisztus Kir\u00e1ly, ministr\u00e1nsbe\u00f6lt\u00f6z\u00e9s 2019. november 24.(Fot\u00f3: Vaday Katalin, Vaday Tam\u00e1s) XIII. Gy\u0151ri Katolikus Ifj\u00fas\u00e1gi Tal\u00e1lkoz\u00f3 2019. november 9.(Fot\u00f3: Vaday Katalin, Vaday Tam\u00e1s) Szent Imre f\u0151\u00fcnnepe 2019. november 5.(Fot\u00f3: Vaday Tam\u00e1s) Szent Imre vig\u00edli\u00e1ja [&hellip;]<\/p>\n","protected":false},"author":1,"featured_media":0,"parent":134,"menu_order":0,"comment_status":"closed","ping_status":"closed","template":"elementor_canvas","meta":{"footnotes":""},"_links":{"self":[{"href":"https:\/\/www.szentimregyor.hu\/new\/wp-json\/wp\/v2\/pages\/11085"}],"collection":[{"href":"https:\/\/www.szentimregyor.hu\/new\/wp-json\/wp\/v2\/pages"}],"about":[{"href":"https:\/\/www.szentimregyor.hu\/new\/wp-json\/wp\/v2\/types\/page"}],"author":[{"embeddable":true,"href":"https:\/\/www.szentimregyor.hu\/new\/wp-json\/wp\/v2\/users\/1"}],"replies":[{"embeddable":true,"href":"https:\/\/www.szentimregyor.hu\/new\/wp-json\/wp\/v2\/comments?post=11085"}],"version-history":[{"count":112,"href":"https:\/\/www.szentimregyor.hu\/new\/wp-json\/wp\/v2\/pages\/11085\/revisions"}],"predecessor-version":[{"id":27342,"href":"https:\/\/www.szentimregyor.hu\/new\/wp-json\/wp\/v2\/pages\/11085\/revisions\/27342"}],"up":[{"embeddable":true,"href":"https:\/\/www.szentimregyor.hu\/new\/wp-json\/wp\/v2\/pages\/134"}],"wp:attachment":[{"href":"https:\/\/www.szentimregyor.hu\/new\/wp-json\/wp\/v2\/media?parent=11085"}],"curies":[{"name":"wp","href":"https:\/\/api.w.org\/{rel}","templated":true}]}}